{"id":22408,"date":"2016-09-02T11:43:11","date_gmt":"2016-09-02T09:43:11","guid":{"rendered":"https:\/\/www.visitbratislava.com\/sk\/?post_type=event&#038;p=22408"},"modified":"2025-08-28T12:14:09","modified_gmt":"2025-08-28T10:14:09","slug":"golden-age-festival","status":"publish","type":"event","link":"https:\/\/www.visitbratislava.com\/sk\/podujatia\/golden-age-festival\/","title":{"rendered":"Golden Age Festival"},"content":{"rendered":"<p data-start=\"609\" data-end=\"704\"><strong data-start=\"609\" data-end=\"622\">\ud83d\udcc5 D\u00e1tum:<\/strong> 20. \u2013 21. september 2025<br data-start=\"647\" data-end=\"650\" \/><strong data-start=\"650\" data-end=\"664\">\ud83d\udccd Miesto:<\/strong> Slovensk\u00fd rozhlas &amp; Panta Rhei Aupark<\/p>\n<hr data-start=\"706\" data-end=\"709\" \/>\n<h2 data-start=\"711\" data-end=\"755\">\ud83e\udd41 Sobota 20. 9. 2025 \u2013 Koncertn\u00fd ve\u010der<\/h2>\n<p data-start=\"757\" data-end=\"1001\">Dva ve\u013ek\u00e9 koncerty prines\u00fa energiu, autentick\u00fa swingov\u00fa atmosf\u00e9ru a spojenie hudby s tancom. Na jednom p\u00f3diu sa stretn\u00fa dom\u00e1ci Fats Jazz Band s tane\u010dn\u00edkmi B-SWING a svetovo zn\u00e1my bigband Andreja Hermlina, nasledova\u0165 bude spolo\u010dn\u00e1 jam session.<\/p>\n<p data-start=\"1003\" data-end=\"1080\"><strong data-start=\"1003\" data-end=\"1014\">Miesto:<\/strong> Slovensk\u00fd rozhlas, Ve\u013ek\u00e9 koncertn\u00e9 \u0161t\u00fadio<br data-start=\"1056\" data-end=\"1059\" \/><strong data-start=\"1059\" data-end=\"1072\">Za\u010diatok:<\/strong> 19:00<\/p>\n<p data-start=\"1003\" data-end=\"1080\"><img loading=\"lazy\" width=\"1024\" height=\"682\" class=\"alignnone size-full wp-image-349861\" src=\"https:\/\/www.visitbratislava.com\/wp-content\/uploads\/2016\/09\/Adrej-Hermlin-and-his-Swing-Dance-Orchestra\u00a9UweHauth2.jpg\" alt=\"\" srcset=\"https:\/\/www.visitbratislava.com\/wp-content\/uploads\/2016\/09\/Adrej-Hermlin-and-his-Swing-Dance-Orchestra\u00a9UweHauth2.jpg 1024w, https:\/\/www.visitbratislava.com\/wp-content\/uploads\/2016\/09\/Adrej-Hermlin-and-his-Swing-Dance-Orchestra\u00a9UweHauth2-400x266.jpg 400w, https:\/\/www.visitbratislava.com\/wp-content\/uploads\/2016\/09\/Adrej-Hermlin-and-his-Swing-Dance-Orchestra\u00a9UweHauth2-800x533.jpg 800w, https:\/\/www.visitbratislava.com\/wp-content\/uploads\/2016\/09\/Adrej-Hermlin-and-his-Swing-Dance-Orchestra\u00a9UweHauth2-768x512.jpg 768w, https:\/\/www.visitbratislava.com\/wp-content\/uploads\/2016\/09\/Adrej-Hermlin-and-his-Swing-Dance-Orchestra\u00a9UweHauth2-200x133.jpg 200w\" sizes=\"(max-width: 1024px) 100vw, 1024px\" \/><\/p>\n<p data-start=\"1082\" data-end=\"1096\"><strong data-start=\"1082\" data-end=\"1094\">Program:<\/strong><\/p>\n<ul data-start=\"1097\" data-end=\"1482\">\n<li data-start=\"1097\" data-end=\"1276\">\n<p data-start=\"1099\" data-end=\"1186\"><strong data-start=\"1099\" data-end=\"1123\">19:00 FATS JAZZ BAND<\/strong><br data-start=\"1123\" data-end=\"1126\" \/>\ud83c\udfa5 <a class=\"decorated-link\" href=\"https:\/\/www.youtube.com\/watch?v=QFAOV2anM84&amp;utm_source=chatgpt.com\" target=\"_new\" rel=\"noopener\" data-start=\"1132\" data-end=\"1184\">video<\/a><\/p>\n<p>\u0161peci\u00e1lni tane\u010dn\u00ed hostia <strong data-start=\"1217\" data-end=\"1228\">B-SWING<\/strong><br data-start=\"1228\" data-end=\"1231\" \/>\ud83c\udfa5 <a class=\"decorated-link\" href=\"https:\/\/tinyurl.com\/2natt3df?utm_source=chatgpt.com\" target=\"_new\" rel=\"noopener\" data-start=\"1237\" data-end=\"1274\">video<\/a><\/li>\n<li data-start=\"1278\" data-end=\"1415\">\n<p data-start=\"1280\" data-end=\"1415\"><strong data-start=\"1280\" data-end=\"1334\">20:45 ANDREJ HERMLIN AND HIS SWING DANCE ORCHESTRA<\/strong><br data-start=\"1334\" data-end=\"1337\" \/>\ud83c\udfa5 <a class=\"decorated-link\" href=\"https:\/\/shorturl.at\/ixUcF?utm_source=chatgpt.com\" target=\"_new\" rel=\"noopener\" data-start=\"1343\" data-end=\"1379\">video 1<\/a> | <a class=\"decorated-link\" href=\"https:\/\/rb.gy\/rbjf6x?utm_source=chatgpt.com\" target=\"_new\" rel=\"noopener\" data-start=\"1382\" data-end=\"1413\">video 2<\/a><\/p>\n<\/li>\n<li data-start=\"1417\" data-end=\"1482\">\n<p data-start=\"1419\" data-end=\"1482\"><strong data-start=\"1419\" data-end=\"1432\">Na z\u00e1ver:<\/strong> improvizovan\u00e1 jam session v\u0161etk\u00fdch \u00fa\u010dinkuj\u00facich<\/p>\n<\/li>\n<\/ul>\n<p data-start=\"1484\" data-end=\"1672\"><strong data-start=\"1484\" data-end=\"1501\">\ud83c\udf9f Vstupenky:<\/strong> <a class=\"decorated-link\" href=\"https:\/\/www.ticketportal.sk\/event\/GOLDEN_AGE_FESTIVAL?idpartner=528&amp;utm_source=chatgpt.com\" target=\"_new\" rel=\"noopener\" data-start=\"1502\" data-end=\"1585\">Ticketportal<\/a><br data-start=\"1585\" data-end=\"1588\" \/><strong data-start=\"1588\" data-end=\"1610\">\ud83d\udcf2 Facebook event:<\/strong> <a class=\"decorated-link\" href=\"https:\/\/www.facebook.com\/events\/4078367765814375?utm_source=chatgpt.com\" target=\"_new\" rel=\"noopener\" data-start=\"1611\" data-end=\"1670\">pozrie\u0165<\/a><\/p>\n<p data-start=\"1484\" data-end=\"1672\"><img loading=\"lazy\" width=\"1800\" height=\"1200\" class=\"alignnone size-full wp-image-349849\" src=\"https:\/\/www.visitbratislava.com\/wp-content\/uploads\/2016\/09\/Adrej-Hermlin-and-his-Swing-Dance-Orchestra.jpg\" alt=\"\" srcset=\"https:\/\/www.visitbratislava.com\/wp-content\/uploads\/2016\/09\/Adrej-Hermlin-and-his-Swing-Dance-Orchestra.jpg 1800w, https:\/\/www.visitbratislava.com\/wp-content\/uploads\/2016\/09\/Adrej-Hermlin-and-his-Swing-Dance-Orchestra-400x267.jpg 400w, https:\/\/www.visitbratislava.com\/wp-content\/uploads\/2016\/09\/Adrej-Hermlin-and-his-Swing-Dance-Orchestra-800x533.jpg 800w, https:\/\/www.visitbratislava.com\/wp-content\/uploads\/2016\/09\/Adrej-Hermlin-and-his-Swing-Dance-Orchestra-768x512.jpg 768w, https:\/\/www.visitbratislava.com\/wp-content\/uploads\/2016\/09\/Adrej-Hermlin-and-his-Swing-Dance-Orchestra-1536x1024.jpg 1536w, https:\/\/www.visitbratislava.com\/wp-content\/uploads\/2016\/09\/Adrej-Hermlin-and-his-Swing-Dance-Orchestra-200x133.jpg 200w\" sizes=\"(max-width: 1800px) 100vw, 1800px\" \/><\/p>\n<hr data-start=\"1674\" data-end=\"1677\" \/>\n<h2 data-start=\"1679\" data-end=\"1717\">\ud83c\udfb6 Nede\u013ea 21. 9. 2025 \u2013 Predn\u00e1\u0161ka<\/h2>\n<p data-start=\"1719\" data-end=\"1937\">Festival prv\u00fdkr\u00e1t prinesie aj druh\u00fd de\u0148 so sprievodn\u00fdm programom. Muzikologi\u010dka Agata Schindler pribl\u00ed\u017ei pohnut\u00fd \u017eivot a tvorbu Karola Elberta \u2013 skladate\u013ea swingu, ktor\u00fd sa stal obe\u0165ou prenasledovania pre svoj p\u00f4vod.<\/p>\n<p data-start=\"1939\" data-end=\"2006\"><strong data-start=\"1939\" data-end=\"1950\">Miesto:<\/strong> Kn\u00edhkupectvo Panta Rhei, Aupark<br data-start=\"1982\" data-end=\"1985\" \/><strong data-start=\"1985\" data-end=\"1998\">Za\u010diatok:<\/strong> 18:00<\/p>\n<ul data-start=\"2008\" data-end=\"2123\">\n<li data-start=\"2008\" data-end=\"2053\">\n<p data-start=\"2010\" data-end=\"2053\">Predn\u00e1\u0161ka autorky knihy <em data-start=\"2034\" data-end=\"2051\">Mali\u010dk\u00e1 slzi\u010dka<\/em><\/p>\n<\/li>\n<li data-start=\"2054\" data-end=\"2123\">\n<p data-start=\"2056\" data-end=\"2123\">T\u00e9ma: <strong data-start=\"2062\" data-end=\"2121\">Karol Elbert \u2013 majster swingu a slovensk\u00fdch evergreenov<\/strong><\/p>\n<\/li>\n<\/ul>\n<p data-start=\"2125\" data-end=\"2229\"><strong data-start=\"2125\" data-end=\"2143\">\ud83c\udd93 Vstup vo\u013en\u00fd<\/strong><br data-start=\"2143\" data-end=\"2146\" \/><strong data-start=\"2146\" data-end=\"2168\">\ud83d\udcf2 Facebook event:<\/strong> <a class=\"decorated-link\" href=\"https:\/\/www.facebook.com\/events\/766718639456934?utm_source=chatgpt.com\" target=\"_new\" rel=\"noopener\" data-start=\"2169\" data-end=\"2227\">pozrie\u0165<\/a><\/p>\n<p data-start=\"2125\" data-end=\"2229\"><img loading=\"lazy\" width=\"2560\" height=\"1639\" class=\"alignnone size-full wp-image-349855\" src=\"https:\/\/www.visitbratislava.com\/wp-content\/uploads\/2016\/09\/FB_prispevok-scaled.jpg\" alt=\"\" srcset=\"https:\/\/www.visitbratislava.com\/wp-content\/uploads\/2016\/09\/FB_prispevok-scaled.jpg 2560w, https:\/\/www.visitbratislava.com\/wp-content\/uploads\/2016\/09\/FB_prispevok-400x256.jpg 400w, https:\/\/www.visitbratislava.com\/wp-content\/uploads\/2016\/09\/FB_prispevok-800x512.jpg 800w, https:\/\/www.visitbratislava.com\/wp-content\/uploads\/2016\/09\/FB_prispevok-768x492.jpg 768w, https:\/\/www.visitbratislava.com\/wp-content\/uploads\/2016\/09\/FB_prispevok-1536x984.jpg 1536w, https:\/\/www.visitbratislava.com\/wp-content\/uploads\/2016\/09\/FB_prispevok-2048x1312.jpg 2048w, https:\/\/www.visitbratislava.com\/wp-content\/uploads\/2016\/09\/FB_prispevok-200x128.jpg 200w\" sizes=\"(max-width: 2560px) 100vw, 2560px\" \/><\/p>\n<hr data-start=\"2231\" data-end=\"2234\" \/>\n<h2 data-start=\"2236\" data-end=\"2255\">\u2139\ufe0f O festivale<\/h2>\n<p data-start=\"2257\" data-end=\"2538\">Golden Age Festival je jedin\u00fdm festivalom autentick\u00e9ho tradi\u010dn\u00e9ho jazzu na Slovensku. V roku 2025 nesie podtitul <em data-start=\"2370\" data-end=\"2388\">Jazz pod \u00fatlakom<\/em> \u2013 pripom\u00edna spolo\u010densk\u00e9 s\u00favislosti 20. \u2013 50. rokov, kedy hudba pon\u00fakala \u00fanik pred \u0165a\u017eivou realitou, ale aj satirick\u00fa kritiku re\u017eimov a spolo\u010dnosti.<\/p>\n<p data-start=\"2540\" data-end=\"2565\">Na p\u00f3diu sa predstavia:<\/p>\n<ul data-start=\"2566\" data-end=\"2838\">\n<li data-start=\"2566\" data-end=\"2736\">\n<p data-start=\"2568\" data-end=\"2736\"><strong data-start=\"2568\" data-end=\"2616\">Andrej Hermlin And His Swing Dance Orchestra<\/strong> \u2013 svetovo uzn\u00e1van\u00fd bigband, ktor\u00fd po\u010das pand\u00e9mie z\u00edskal pozornos\u0165 m\u00e9di\u00ed ako <em data-start=\"2693\" data-end=\"2709\">New York Times<\/em>, <em data-start=\"2711\" data-end=\"2719\">Forbes<\/em> \u010di <em data-start=\"2723\" data-end=\"2733\">LA Times<\/em>.<\/p>\n<\/li>\n<li data-start=\"2737\" data-end=\"2838\">\n<p data-start=\"2739\" data-end=\"2838\"><strong data-start=\"2739\" data-end=\"2757\">FATS JAZZ BAND<\/strong> \u2013 hostite\u013esk\u00fd orchester s medzin\u00e1rodn\u00fdm renom\u00e9, zn\u00e1my aj z festivalu v Cannes.<\/p>\n<\/li>\n<\/ul>\n","protected":false},"excerpt":{"rendered":"<p>Festival autentick\u00e9ho tradi\u010dn\u00e9ho jazzu osl\u00e1vi v roku 2025 jubileum \u2013 u\u017e po desiaty raz sa Bratislava na chv\u00ed\u013eu prenesie o sto rokov sp\u00e4\u0165, do \u00e9ry hot-jazzu a swingu 20. \u2013 50. rokov. Hlavn\u00fd koncert sa uskuto\u010dn\u00ed v sobotu 20. septembra 2025 vo Ve\u013ekom koncertnom \u0161t\u00fadiu Slovensk\u00e9ho rozhlasu a festival prv\u00fdkr\u00e1t prinesie aj sprievodn\u00fd program v podobe nede\u013enej predn\u00e1\u0161ky.<\/p>\n","protected":false},"featured_media":349842,"template":"","acf":[],"event_date":{"start_date":1758326400,"end_date":1758412800},"_links":{"self":[{"href":"https:\/\/www.visitbratislava.com\/sk\/wp-json\/wp\/v2\/event\/22408"}],"collection":[{"href":"https:\/\/www.visitbratislava.com\/sk\/wp-json\/wp\/v2\/event"}],"about":[{"href":"https:\/\/www.visitbratislava.com\/sk\/wp-json\/wp\/v2\/types\/event"}],"version-history":[{"count":9,"href":"https:\/\/www.visitbratislava.com\/sk\/wp-json\/wp\/v2\/event\/22408\/revisions"}],"predecessor-version":[{"id":349867,"href":"https:\/\/www.visitbratislava.com\/sk\/wp-json\/wp\/v2\/event\/22408\/revisions\/349867"}],"wp:featuredmedia":[{"embeddable":true,"href":"https:\/\/www.visitbratislava.com\/sk\/wp-json\/wp\/v2\/media\/349842"}],"wp:attachment":[{"href":"https:\/\/www.visitbratislava.com\/sk\/wp-json\/wp\/v2\/media?parent=22408"}],"curies":[{"name":"wp","href":"https:\/\/api.w.org\/{rel}","templated":true}]}}