{"id":235775,"date":"2023-04-13T15:25:45","date_gmt":"2023-04-13T13:25:45","guid":{"rendered":"https:\/\/www.visitbratislava.com\/?post_type=event&#038;p=235775"},"modified":"2025-02-12T14:52:20","modified_gmt":"2025-02-12T13:52:20","slug":"dobry-trh-3","status":"publish","type":"event","link":"https:\/\/www.visitbratislava.com\/sk\/podujatia\/dobry-trh-3\/","title":{"rendered":"Dobr\u00fd trh"},"content":{"rendered":"<p>Dobr\u00fd trh\u00ae je podujatie, ktor\u00e9 od roku 2011 o\u017eivuje mestsk\u00fd verejn\u00fd priestor, podporuje malov\u00fdrobcov a produkty rozmanit\u00fdch kult\u00far. Pri pr\u00edprave programu Dobr\u00e9ho trhu z\u00e1le\u017e\u00ed na intenz\u00edvnej spolupr\u00e1ci s lok\u00e1lnou komunitou, susedmi, prev\u00e1dzkami a organiz\u00e1ciami v okol\u00ed, preto je ka\u017ed\u00fd trh \u0161pecifick\u00fd a prisp\u00f4soben\u00fd lokalite.<\/p>\n<p>Kult\u00farne in\u0161tit\u00faty, gal\u00e9rie \u010di kn\u00edhkupectv\u00e1 otvoria dvere a pripravia \u0161peci\u00e1lny program. Pri v\u00fdbere <a href=\"https:\/\/www.dobrytrh.sk\/predajcovia\" target=\"_blank\" rel=\"noopener\">predajcov<\/a> sa s\u00fastre\u010fuj\u00fa organiz\u00e1torky na r\u00f4znorodos\u0165, autenticitu, jedine\u010dnos\u0165, origin\u00e1lne produkty vyroben\u00e9 na Slovensku. Dobr\u00fd trh po sebe zanech\u00e1va skvel\u00fa n\u00e1ladu, hrdos\u0165 na svoje susedstvo a upratan\u00fd priestor.<\/p>\n<p><img loading=\"lazy\" class=\"alignnone wp-image-284347 size-large\" src=\"https:\/\/www.visitbratislava.com\/wp-content\/uploads\/2023\/04\/DT-tim-800x533.jpg\" alt=\"\" width=\"800\" height=\"533\" srcset=\"https:\/\/www.visitbratislava.com\/wp-content\/uploads\/2023\/04\/DT-tim-800x533.jpg 800w, https:\/\/www.visitbratislava.com\/wp-content\/uploads\/2023\/04\/DT-tim-400x267.jpg 400w, https:\/\/www.visitbratislava.com\/wp-content\/uploads\/2023\/04\/DT-tim-768x512.jpg 768w, https:\/\/www.visitbratislava.com\/wp-content\/uploads\/2023\/04\/DT-tim-200x133.jpg 200w, https:\/\/www.visitbratislava.com\/wp-content\/uploads\/2023\/04\/DT-tim.jpg 1200w\" sizes=\"(max-width: 800px) 100vw, 800px\" \/><\/p>\n<p>Podujatie je bez odpadu, pou\u017e\u00edvaj\u00fa sa len kompostovate\u013en\u00e9 riady, dobrovo\u013en\u00edci poctivo triedia odpad a organiz\u00e1torky sa sna\u017eia predch\u00e1dza\u0165 jeho vzniku.<\/p>\n<p>Na ka\u017edom Dobrom trhu n\u00e1jdete st\u00e1nok ob\u010dianskeho zdru\u017eenia Punkt. Dostanete tu v\u0161etky potrebn\u00e9 inform\u00e1cie o trhu. V st\u00e1nku maj\u00fa aj origin\u00e1lne dar\u010dekov\u00e9 predmety, ktor\u00e9 vyr\u00e1baj\u00fa spolu s dizajn\u00e9rmi \u0161peci\u00e1lne pre Dobr\u00fd trh. Podporte ich k\u00fapou odznaku, magnetky, ta\u0161ky alebo in\u00e9ho suven\u00edru. N\u00e1jdete tu aj popul\u00e1rne <strong>bal\u00ed\u010dky s prekvapeniami \u2013 Ma\u010dku vo vreci<\/strong>, ktor\u00e1 je pln\u00e1 dar\u010dekov od susedov.<\/p>\n<p><img loading=\"lazy\" width=\"800\" height=\"533\" class=\"alignnone size-large wp-image-235752\" src=\"https:\/\/www.visitbratislava.com\/wp-content\/uploads\/2023\/04\/dt-fb-4-800x533.jpg\" alt=\"\" srcset=\"https:\/\/www.visitbratislava.com\/wp-content\/uploads\/2023\/04\/dt-fb-4-800x533.jpg 800w, https:\/\/www.visitbratislava.com\/wp-content\/uploads\/2023\/04\/dt-fb-4-400x267.jpg 400w, https:\/\/www.visitbratislava.com\/wp-content\/uploads\/2023\/04\/dt-fb-4-768x512.jpg 768w, https:\/\/www.visitbratislava.com\/wp-content\/uploads\/2023\/04\/dt-fb-4-200x133.jpg 200w, https:\/\/www.visitbratislava.com\/wp-content\/uploads\/2023\/04\/dt-fb-4.jpg 1200w\" sizes=\"(max-width: 800px) 100vw, 800px\" \/><\/p>\n<p>Toto kr\u00e1sne podujatie pri n\u00e1v\u0161teve Bratislavy ur\u010dite nevynechajte.<\/p>\n","protected":false},"excerpt":{"rendered":"<p>Okrem st\u00e1nkov s potravinami, origin\u00e1lnym dizajnom, knihami, doplnkami a oble\u010den\u00edm, tu n\u00e1jdete mnoho z\u00e1\u017eitkov \u2013 prekvapiv\u00e9 umeleck\u00e9 in\u0161tal\u00e1cie, v\u00fdnimo\u010dn\u00e9 koncerty, workshopy pre deti aj dospel\u00fdch, \u010di stretnutia so zauj\u00edmav\u00fdmi \u013eu\u010fmi.<\/p>\n","protected":false},"featured_media":284383,"template":"","acf":[],"event_date":{"start_date":1746835200,"end_date":1746835200},"_links":{"self":[{"href":"https:\/\/www.visitbratislava.com\/sk\/wp-json\/wp\/v2\/event\/235775"}],"collection":[{"href":"https:\/\/www.visitbratislava.com\/sk\/wp-json\/wp\/v2\/event"}],"about":[{"href":"https:\/\/www.visitbratislava.com\/sk\/wp-json\/wp\/v2\/types\/event"}],"version-history":[{"count":17,"href":"https:\/\/www.visitbratislava.com\/sk\/wp-json\/wp\/v2\/event\/235775\/revisions"}],"predecessor-version":[{"id":327951,"href":"https:\/\/www.visitbratislava.com\/sk\/wp-json\/wp\/v2\/event\/235775\/revisions\/327951"}],"wp:featuredmedia":[{"embeddable":true,"href":"https:\/\/www.visitbratislava.com\/sk\/wp-json\/wp\/v2\/media\/284383"}],"wp:attachment":[{"href":"https:\/\/www.visitbratislava.com\/sk\/wp-json\/wp\/v2\/media?parent=235775"}],"curies":[{"name":"wp","href":"https:\/\/api.w.org\/{rel}","templated":true}]}}