{"id":262270,"date":"2023-10-10T11:30:44","date_gmt":"2023-10-10T09:30:44","guid":{"rendered":"https:\/\/www.visitbratislava.com\/?post_type=event&#038;p=262270"},"modified":"2023-10-10T11:31:17","modified_gmt":"2023-10-10T09:31:17","slug":"remeslo-x-dizajn","status":"publish","type":"event","link":"https:\/\/www.visitbratislava.com\/sk\/podujatia\/remeslo-x-dizajn\/","title":{"rendered":"Remeslo x dizajn = <3"},"content":{"rendered":"<p><strong>N\u00e1v\u0161tevn\u00edci v\u00fdstavy bud\u00fa ma\u0165 mo\u017enos\u0165 obdivova\u0165 prepojenia remesla a dizajnu\u00a0vo v\u00fdsledkoch\u00a0tvoriv\u00fdch dieln\u00ed a spolupr\u00e1c \u0161tudentov\u00a0dizajnu Fakulty architekt\u00fary\u00a0a dizajnu Slovenskej technickej univerzity (STU)\u00a0v Bratislave a majstrov remeseln\u00edkov zo Slovenska a z \u010ciech.<\/strong><\/p>\n<p><strong>Otvoren\u00e9:<\/strong> utorok, streda, piatok 12.00 \u2013 18.00, \u0161tvrtok 12.00 \u2013 19.00<\/p>\n<p><strong>Vystavuj\u00face autorky\u00a0a autori:\u00a0<\/strong>Nat\u00e1lia Petr\u00edkov\u00e1, Magdal\u00e9na Koll\u00e1rov\u00e1, Martin Jurik, Matej \u010ci\u010dka, Juraj Koto\u010d, Jana Vl\u010dkov\u00e1, Hana Rehor\u010d\u00edkov\u00e1, Lucia Such\u00e1, Eva Polg\u00e1ryov\u00e1, Tom\u00e1\u0161 P\u00e1ri\u0161, Martin Mjartan, Katar\u00edna P\u0161en\u00e1kov\u00e1, Laura Zolnianska, \u017dofia Horov\u00e1, Barbora Hag\u00e1rov\u00e1, Martina Bajtekov\u00e1, Oliver Uhr\u00e1k, Dominika Rothov\u00e1, Sedrik Poturnay, Miroslava Kamensk\u00e1, Branko Sedl\u00e1k<\/p>\n<p><strong>Kur\u00e1tor v\u00fdstavy:<\/strong>\u00a0Martin Mjartan<\/p>\n<p>Kur\u00e1tor v\u00fdstavy\u00a0<strong>Martin Mjartan<\/strong> dizajnom a remeslom\u00a0\u017eije. V r\u00e1mci pr\u00e1ce\u00a0pedag\u00f3ga v Kreat\u00edvnom centre STU v Bratislave poukazuje na hodnoty spojen\u00e9 s pr\u00e1cou, tvorbou a vytv\u00e1ran\u00edm pracovn\u00fdch pr\u00edle\u017eitost\u00ed v regi\u00f3noch\u00a0Slovenska.\u00a0\u201ePre \u0161tudentov\u00a0dizajnu je\u00a0v pr\u00edprave na ich povolanie k\u013e\u00fa\u010dov\u00fd kontakt s v\u00fdrobou a mo\u017enos\u0165 stretn\u00fa\u0165 \u013eud\u00ed z kreat\u00edvnej praxe. Rozhodli sme sa preto zamera\u0165 na organiz\u00e1ciu tvoriv\u00fdch dieln\u00ed a diskusi\u00ed ako hlavn\u00fdch aktiv\u00edt\u00a0Kreat\u00edvneho centra. Za dva roky sa n\u00e1m podarilo zorganizova\u0165 \u0161tyri\u00a0dielne, v\u00a0r\u00e1mci ktor\u00fdch mali \u0161tudenti mo\u017enos\u0165 stretn\u00fa\u0165 sa s r\u00f4znymiodvetviami remeselnej tvorby,\u201c objas\u0148uje kur\u00e1tor.<\/p>\n<p>S\u00e9ria tvoriv\u00fdch dieln\u00ed vyplynula z potreby vytvorenia pr\u00edle\u017eitost\u00ed na spolupr\u00e1cu, vz\u00e1jomn\u00e9 obohatenie a in\u0161pir\u00e1ciu. Realizova\u0165 ich pomohol aj projekt\u00a0EMIA\u00a0\u2013\u00a0Empatia v umen\u00ed, zameran\u00fd popri in\u00fdch cie\u013eoch na v\u00fdvoj a predaj produktu pre marginalizovan\u00e9 skupiny. Workshopy sa venovali kooper\u00e1cii \u0161tudentov dizajnu, ekon\u00f3mie a remeseln\u00edkov a pozost\u00e1vali z\u00a0viacer\u00fdch aktiv\u00edt, predn\u00e1\u0161ok, diskusi\u00ed zoh\u013ead\u0148uj\u00facich ot\u00e1zky marginalizovan\u00fdch skup\u00edn obyvate\u013estva. <strong>Okrem tvorby vlastn\u00fdch n\u00e1vrhov sa \u0161tudenti venovali aj inov\u00e1cii v\u00fdrobkov, ktor\u00e9 sa v danom soci\u00e1lnom prostred\u00ed u\u017e vyr\u00e1bali, a\u00a0sprostredk\u00favali zranite\u013en\u00fdm soci\u00e1lnym skupin\u00e1m znalosti o strat\u00e9gi\u00e1ch navrhovania \u010di predaja a marketingu.<\/strong><\/p>\n<p>\u0160tudentsk\u00e9 n\u00e1vrhy v\u017edy usmer\u0148ovali majstri remesla. <strong>Doh\u013ead nad pr\u00e1cou\u00a0s ko\u017eou\u00a0mal Jozef Najdek, nad tvorbou keramiky Milan Hanko a o vyrobite\u013enos\u0165 n\u00e1vrhov\u00a0na\u00a0f\u00fakanie skla sa staral Ondrej Novotn\u00fd. Ko\u0161ik\u00e1rske v\u00fdtvory usmer\u0148ovala Erika Rud\u00edkov\u00e1 s Petrom Be\u0148om a textiln\u00e9 v\u00fdrobky\u00a0so \u0161tudentmi konzultovala Franti\u0161ka Ondra\u0161ikov\u00e1\u00a0z projektu Roma SUV.<\/strong><\/p>\n<p>Filozofiou Dizajn \u0161t\u00fadia \u00da\u013dUV\u00a0je podpora mlad\u00fdch\u00a0slovensk\u00fdch\u00a0dizajn\u00e9rov s cie\u013eom\u00a0zachovania tradi\u010dn\u00fdch\u00a0remeseln\u00fdch\u00a0postupov. Nespochybnite\u013en\u00fd v\u00fdznam tak\u00fdchto spolupr\u00e1c dosved\u010duj\u00fa slov\u00e1 Martina Mjartana:\u00a0\u201e<em>Odnepam\u00e4ti je n\u00e1m do r\u00fak odovzd\u00e1van\u00e9 dedi\u010dstvo vo forme zru\u010dnost\u00ed a sk\u00fasenost\u00ed nadobudnut\u00fdch predch\u00e1dzaj\u00facimi gener\u00e1ciami. Pre\u017e\u00edva v\u010faka v\u00f4li u\u010di\u0165 sa, tvori\u0165a\u00a0n\u00e1sledne posun\u00fa\u0165 nadobudnut\u00e9 \u010falej. Uvedomujeme si beh na dlh\u00fa tra\u0165, na ktor\u00fd sme sa vydali. U\u017e teraz v\u0161ak v\u00fdsledky ukazuj\u00fa, \u017ee remeslo a dizajn si rozumej\u00fa. Maj\u00fa spolo\u010dn\u00fd potenci\u00e1l motivova\u0165 \u010fal\u0161ie hlavy a ruky, ktor\u00e9 zaistia, \u017ee dedi\u010dstvo na\u0161ich predkov sa bude rozv\u00edja\u0165.<\/em>\u201c<\/p>\n<p><img src=\"https:\/\/www.citylife.sk\/sites\/default\/files\/article\/394\/2023-09\/rxd_plagat_a4.jpg?218\" alt=\"\" \/><\/p>\n","protected":false},"excerpt":{"rendered":"<p>V\u0155bov\u00e9 pr\u00fatie, ko\u017ea, sklo, keramika a textil s\u00fa pr\u00edrodn\u00e9 materi\u00e1ly, ktor\u00fdmi sa do 24. novembra zaplnia priestory Dizajn \u0161t\u00fadia \u00da\u013dUV na Dobrovi\u010dovej 13.<\/p>\n","protected":false},"featured_media":262382,"template":"","acf":[],"event_date":{"start_date":1694563200,"end_date":1700784000},"_links":{"self":[{"href":"https:\/\/www.visitbratislava.com\/sk\/wp-json\/wp\/v2\/event\/262270"}],"collection":[{"href":"https:\/\/www.visitbratislava.com\/sk\/wp-json\/wp\/v2\/event"}],"about":[{"href":"https:\/\/www.visitbratislava.com\/sk\/wp-json\/wp\/v2\/types\/event"}],"version-history":[{"count":5,"href":"https:\/\/www.visitbratislava.com\/sk\/wp-json\/wp\/v2\/event\/262270\/revisions"}],"predecessor-version":[{"id":262392,"href":"https:\/\/www.visitbratislava.com\/sk\/wp-json\/wp\/v2\/event\/262270\/revisions\/262392"}],"wp:featuredmedia":[{"embeddable":true,"href":"https:\/\/www.visitbratislava.com\/sk\/wp-json\/wp\/v2\/media\/262382"}],"wp:attachment":[{"href":"https:\/\/www.visitbratislava.com\/sk\/wp-json\/wp\/v2\/media?parent=262270"}],"curies":[{"name":"wp","href":"https:\/\/api.w.org\/{rel}","templated":true}]}}