{"id":264366,"date":"2023-10-23T16:06:05","date_gmt":"2023-10-23T14:06:05","guid":{"rendered":"https:\/\/www.visitbratislava.com\/?post_type=event&#038;p=264366"},"modified":"2025-09-25T13:58:10","modified_gmt":"2025-09-25T11:58:10","slug":"mozart-festival-bratislava","status":"publish","type":"event","link":"https:\/\/www.visitbratislava.com\/sk\/podujatia\/mozart-festival-bratislava\/","title":{"rendered":"Bratislava Mozart Festival"},"content":{"rendered":"<h2 data-start=\"380\" data-end=\"397\">Hlavn\u00fd program<\/h2>\n<h3 data-start=\"399\" data-end=\"437\">\ud83d\udccc 24. 10. 2025 (piatok) \u2013 19:00<\/h3>\n<p data-start=\"438\" data-end=\"544\"><strong data-start=\"438\" data-end=\"476\">Katedr\u00e1la sv. Martina \u2022 cca 60 min<\/strong><br data-start=\"476\" data-end=\"479\" \/>\ud83c\udfbc <em data-start=\"482\" data-end=\"510\">Otv\u00e1rac\u00ed koncert festivalu<\/em><br data-start=\"510\" data-end=\"513\" \/><strong data-start=\"513\" data-end=\"542\">Capella Cracoviensis (PL)<\/strong><\/p>\n<ul data-start=\"545\" data-end=\"580\">\n<li data-start=\"545\" data-end=\"580\">\n<p data-start=\"547\" data-end=\"580\">Mozart: <em data-start=\"555\" data-end=\"578\">Requiem d mol, K. 626<\/em><\/p>\n<\/li>\n<\/ul>\n<p data-start=\"582\" data-end=\"734\">Dirigent: <strong data-start=\"592\" data-end=\"613\">Jan Tomasz Adamus<\/strong><br data-start=\"613\" data-end=\"616\" \/>\ud83d\udc49 <a class=\"decorated-link\" href=\"https:\/\/capellacracoviensis.pl\" target=\"_new\" rel=\"noopener\" data-start=\"619\" data-end=\"673\">Capella Cracoviensis<\/a><br data-start=\"673\" data-end=\"676\" \/>\u23f3 bez prest\u00e1vky<br data-start=\"691\" data-end=\"694\" \/>\ud83c\udf9f\ufe0f <a class=\"decorated-link\" href=\"https:\/\/bratislavamozartfestival.sk\/\" target=\"_blank\" rel=\"noopener\" data-start=\"698\" data-end=\"732\">k\u00fapi\u0165 l\u00edstky<\/a><\/p>\n<hr data-start=\"736\" data-end=\"739\" \/>\n<h3 data-start=\"741\" data-end=\"779\">\ud83d\udccc 29. 10. 2025 (streda) \u2013 19:00<\/h3>\n<p data-start=\"780\" data-end=\"881\"><strong data-start=\"780\" data-end=\"832\">Zrkadlov\u00e1 sie\u0148 Primaci\u00e1lneho pal\u00e1ca \u2022 cca 90 min<\/strong><br data-start=\"832\" data-end=\"835\" \/><strong data-start=\"835\" data-end=\"879\">{oh!} Orkiestra (PL) \u2013 komorn\u00e9 obsadenie<\/strong><\/p>\n<ul data-start=\"882\" data-end=\"976\">\n<li data-start=\"882\" data-end=\"928\">\n<p data-start=\"884\" data-end=\"928\">Mozart: <em data-start=\"892\" data-end=\"926\">Sl\u00e1\u010dikov\u00e9 kvinteto g mol, K. 516<\/em><\/p>\n<\/li>\n<li data-start=\"929\" data-end=\"976\">\n<p data-start=\"931\" data-end=\"976\">Sigismund von Neukomm: <em data-start=\"954\" data-end=\"974\">L\u2019amante abandon\u00e9e<\/em><\/p>\n<\/li>\n<\/ul>\n<p data-start=\"978\" data-end=\"1130\">Umeleck\u00e1 ved\u00faca: <strong data-start=\"995\" data-end=\"1024\">Martyna Pastuszka \u2013 husle<\/strong><br data-start=\"1024\" data-end=\"1027\" \/>\ud83d\udc49 <a class=\"decorated-link\" href=\"https:\/\/ohorkiestra.com\" target=\"_new\" rel=\"noopener\" data-start=\"1030\" data-end=\"1070\">oh! Orkiestra<\/a><br data-start=\"1070\" data-end=\"1073\" \/>\u23f3 s prest\u00e1vkou<br data-start=\"1087\" data-end=\"1090\" \/>\ud83c\udf9f\ufe0f <a class=\"decorated-link\" href=\"https:\/\/bratislavamozartfestival.sk\/\" target=\"_blank\" rel=\"noopener\" data-start=\"1094\" data-end=\"1128\">k\u00fapi\u0165 l\u00edstky<\/a><\/p>\n<hr data-start=\"1132\" data-end=\"1135\" \/>\n<h3 data-start=\"1137\" data-end=\"1174\">\ud83d\udccc 4. 11. 2025 (utorok) \u2013 19:00<\/h3>\n<p data-start=\"1175\" data-end=\"1240\"><strong data-start=\"1175\" data-end=\"1215\">Koncertn\u00e1 sie\u0148 Dvorana \u2022 cca 100 min<\/strong><br data-start=\"1215\" data-end=\"1218\" \/><strong data-start=\"1218\" data-end=\"1238\">Trio Unitas (CZ)<\/strong><\/p>\n<ul data-start=\"1241\" data-end=\"1347\">\n<li data-start=\"1241\" data-end=\"1273\">\n<p data-start=\"1243\" data-end=\"1273\">Mozart: <em data-start=\"1251\" data-end=\"1271\">Trio C dur, K. 548<\/em><\/p>\n<\/li>\n<li data-start=\"1274\" data-end=\"1307\">\n<p data-start=\"1276\" data-end=\"1307\">Hummel: <em data-start=\"1284\" data-end=\"1305\">Trio Es dur, op. 12<\/em><\/p>\n<\/li>\n<li data-start=\"1308\" data-end=\"1347\">\n<p data-start=\"1310\" data-end=\"1347\">Beethoven: <em data-start=\"1321\" data-end=\"1345\">Trio G dur, op. 1 \u010d. 2<\/em><\/p>\n<\/li>\n<\/ul>\n<p data-start=\"1349\" data-end=\"1579\">Interpreti: <strong data-start=\"1361\" data-end=\"1454\">Petra Mat\u011bjov\u00e1 \u2013 kladivkov\u00fd klav\u00edr, Magdalena Mal\u00e1 \u2013 husle, Helena Maty\u00e1\u0161ov\u00e1 \u2013 violon\u010delo<\/strong><br data-start=\"1454\" data-end=\"1457\" \/>\ud83d\udc49 <a class=\"decorated-link\" href=\"https:\/\/matejova-cz0.webnode.cz\/trio-unitas\/\" target=\"_new\" rel=\"noopener\" data-start=\"1460\" data-end=\"1519\">Trio Unitas<\/a><br data-start=\"1519\" data-end=\"1522\" \/>\u23f3 s prest\u00e1vkou<br data-start=\"1536\" data-end=\"1539\" \/>\ud83c\udf9f\ufe0f <a class=\"decorated-link\" href=\"https:\/\/bratislavamozartfestival.sk\/\" target=\"_blank\" rel=\"noopener\" data-start=\"1543\" data-end=\"1577\">k\u00fapi\u0165 l\u00edstky<\/a><\/p>\n<hr data-start=\"1581\" data-end=\"1584\" \/>\n<h3 data-start=\"1586\" data-end=\"1623\">\ud83d\udccc 9. 11. 2025 (nede\u013ea) \u2013 19:00<\/h3>\n<p data-start=\"1624\" data-end=\"1739\"><strong data-start=\"1624\" data-end=\"1677\">Moyzesova sie\u0148 \u2022 cca 60 min + z\u00e1vere\u010dn\u00e1 \u010da\u0161a v\u00edna<\/strong><br data-start=\"1677\" data-end=\"1680\" \/>\ud83c\udfbc <em data-start=\"1683\" data-end=\"1712\">Z\u00e1vere\u010dn\u00fd koncert festivalu<\/em><br data-start=\"1712\" data-end=\"1715\" \/><strong data-start=\"1715\" data-end=\"1737\">Sch\u00f6llnast Consort<\/strong><\/p>\n<ul data-start=\"1740\" data-end=\"1794\">\n<li data-start=\"1740\" data-end=\"1794\">\n<p data-start=\"1742\" data-end=\"1794\">Mozart: <em data-start=\"1750\" data-end=\"1792\">Gran Partita, Seren\u00e1da B dur K. 361\/452a<\/em><\/p>\n<\/li>\n<\/ul>\n<p data-start=\"1796\" data-end=\"1909\">Umeleck\u00fd ved\u00faci: <strong data-start=\"1813\" data-end=\"1848\">Lorenzo Coppola (IT) \u2013 klarinet<\/strong><br data-start=\"1848\" data-end=\"1851\" \/>\u23f3 bez prest\u00e1vky<br data-start=\"1866\" data-end=\"1869\" \/>\ud83c\udf9f\ufe0f <a class=\"decorated-link\" href=\"https:\/\/bratislavamozartfestival.sk\/\" target=\"_blank\" rel=\"noopener\" data-start=\"1873\" data-end=\"1907\">k\u00fapi\u0165 l\u00edstky<\/a><\/p>\n<div class=\"grid-container\"><div class=\"grid-container__item\"><div class=\"block\"><a href=\"https:\/\/www.visitbratislava.com\/wp-content\/uploads\/2023\/10\/461490677_1173029931214578_1398070853896738340_n-800x533.jpg\" data-fancybox=\"gallery\" data-caption=\"\"><div class=\"background\"><img src=\"https:\/\/www.visitbratislava.com\/wp-content\/uploads\/2023\/10\/461490677_1173029931214578_1398070853896738340_n-800x533.jpg\" alt=\"foto\"\/><\/div><div class=\"overlay filter-blue\"><div class=\"content\"><span class=\"zoom-button\"><\/span><\/div><\/div><\/a><\/div><\/div><div class=\"grid-container__item\"><div class=\"block\"><a href=\"https:\/\/www.visitbratislava.com\/wp-content\/uploads\/2023\/10\/461766386_1173029911214580_8522116701946151039_n-800x533.jpg\" data-fancybox=\"gallery\" data-caption=\"\"><div class=\"background\" style=\"background-image: url(https:\/\/www.visitbratislava.com\/wp-content\/uploads\/2023\/10\/461766386_1173029911214580_8522116701946151039_n-800x533.jpg)\"><\/div><div class=\"overlay filter-green\"><div class=\"content\"><span class=\"zoom-button\"><\/span><\/div><\/div><\/a><\/div><\/div><div class=\"grid-container__item more\"><\/div><\/div>\n<hr data-start=\"1911\" data-end=\"1914\" \/>\n<h2 data-start=\"1916\" data-end=\"1942\">\ud83c\udfb5 Sprievodn\u00e9 podujatie<\/h2>\n<h3 data-start=\"1944\" data-end=\"1981\">\ud83d\udccc 8. 11. 2025 (sobota) \u2013 14:00<\/h3>\n<p data-start=\"1982\" data-end=\"2164\"><strong data-start=\"1982\" data-end=\"2044\">Klobu\u010dn\u00edcka ul. 2 (pred M\u00fazeom J. N. Hummela) \u2022 cca 90 min<\/strong><br data-start=\"2044\" data-end=\"2047\" \/>Hudobn\u00e1 vych\u00e1dzka <em data-start=\"2065\" data-end=\"2129\">Mozart, Hummel, Beethoven &#8230; ak\u00fa stopu zanechali v Pre\u0161porku?<\/em><br data-start=\"2129\" data-end=\"2132\" \/>Sprev\u00e1dza: <strong data-start=\"2143\" data-end=\"2162\">Zuzana God\u00e1rov\u00e1<\/strong><\/p>\n<p data-start=\"2166\" data-end=\"2308\">\ud83e\uded6 Z\u00e1ver vych\u00e1dzky: Dom Albrechtovcov \u2013 \u010daj, k\u00e1va a bratislavsk\u00e9 ro\u017eky<br data-start=\"2236\" data-end=\"2239\" \/>\ud83d\udc49 iba v slovenskom jazyku<br data-start=\"2265\" data-end=\"2268\" \/>\ud83c\udf9f\ufe0f <a class=\"decorated-link\" href=\"https:\/\/bratislavamozartfestival.sk\/\" target=\"_blank\" rel=\"noopener\" data-start=\"2272\" data-end=\"2306\">k\u00fapi\u0165 l\u00edstky <\/a><\/p>\n<hr data-start=\"2310\" data-end=\"2313\" \/>\n<h2 data-start=\"2315\" data-end=\"2333\">\ud83c\udf9f\ufe0f Vstupenky<\/h2>\n<ul data-start=\"2334\" data-end=\"2471\">\n<li data-start=\"2334\" data-end=\"2378\">\n<p data-start=\"2336\" data-end=\"2378\">Predpredaj v\u00fdhradne cez <strong data-start=\"2360\" data-end=\"2376\">Ticketportal<\/strong><\/p>\n<\/li>\n<li data-start=\"2379\" data-end=\"2431\">\n<p data-start=\"2381\" data-end=\"2431\">Pr\u00edpadne hodinu pred podujat\u00edm na mieste konania<\/p>\n<\/li>\n<li data-start=\"2432\" data-end=\"2471\">\n<p data-start=\"2434\" data-end=\"2471\">Z\u013eavy: seniori (65+), \u0161tudenti, Z\u0164P<\/p>\n<\/li>\n<\/ul>\n<p data-start=\"2473\" data-end=\"2502\">\ud83d\udc49 <a class=\"decorated-link\" href=\"https:\/\/bratislavamozartfestival.sk\/\" target=\"_blank\" rel=\"noopener\" data-start=\"2476\" data-end=\"2500\">k\u00fapi\u0165 l\u00edstky online<\/a><\/p>\n<hr data-start=\"2504\" data-end=\"2507\" \/>\n<h2 data-start=\"2509\" data-end=\"2526\">\u2139\ufe0f O festivale<\/h2>\n<p data-start=\"2527\" data-end=\"2812\">Festival sa dlhodobo zameriava na Mozartove ikonick\u00e9 diela a hudbu pre\u0161porsk\u00fdch autorov jeho \u00e9ry (Zimmermann, Dru\u017eeck\u00fd, Sperger). V programe aktu\u00e1lneho ro\u010dn\u00edka vynik\u00e1 napr\u00edklad <strong data-start=\"2704\" data-end=\"2762\">Mozartovo Requiem v interpret\u00e1cii Capella Cracoviensis<\/strong> a <strong data-start=\"2765\" data-end=\"2809\">Gran Partita v podan\u00ed Sch\u00f6llnast Consort<\/strong>.<\/p>\n<p data-start=\"2814\" data-end=\"2954\">Umeleck\u00fd riadite\u013e <strong data-start=\"2832\" data-end=\"2850\">R\u00f3bert \u0160ebesta<\/strong> poz\u00fdva na \u0161pi\u010dkov\u00e9 koncerty, ktor\u00e9 rozv\u00edjaj\u00fa trad\u00edciu festivalu a obohacuj\u00fa hudobn\u00fd \u017eivot Bratislavy.<\/p>\n<div class=\"grid-container\"><div class=\"grid-container__item\"><div class=\"block\"><a href=\"https:\/\/www.visitbratislava.com\/wp-content\/uploads\/2023\/10\/22860084_949173911901158_8755718977010459078_o-800x533.jpg\" data-fancybox=\"gallery\" data-caption=\"\"><div class=\"background\"><img src=\"https:\/\/www.visitbratislava.com\/wp-content\/uploads\/2023\/10\/22860084_949173911901158_8755718977010459078_o-800x533.jpg\" alt=\"foto\"\/><\/div><div class=\"overlay filter-blue\"><div class=\"content\"><span class=\"zoom-button\"><\/span><\/div><\/div><\/a><\/div><\/div><div class=\"grid-container__item\"><div class=\"block\"><a href=\"https:\/\/www.visitbratislava.com\/wp-content\/uploads\/2023\/10\/397407541_932909568559950_6063612522536541760_n-800x533.jpg\" data-fancybox=\"gallery\" data-caption=\"\"><div class=\"background\" style=\"background-image: url(https:\/\/www.visitbratislava.com\/wp-content\/uploads\/2023\/10\/397407541_932909568559950_6063612522536541760_n-800x533.jpg)\"><\/div><div class=\"overlay filter-green\"><div class=\"content\"><span class=\"zoom-button\"><\/span><\/div><\/div><\/a><\/div><\/div><div class=\"grid-container__item more\"><\/div><\/div>\n<p>&nbsp;<\/p>\n<p>&nbsp;<\/p>\n","protected":false},"excerpt":{"rendered":"<p>Festival sa dlhodobo zameriava na Mozartove ikonick\u00e9 diela a hudbu pre\u0161porsk\u00fdch autorov jeho \u00e9ry (Zimmermann, Dru\u017eeck\u00fd, Sperger). V programe aktu\u00e1lneho ro\u010dn\u00edka vynik\u00e1 napr\u00edklad Mozartovo Requiem v interpret\u00e1cii Capella Cracoviensis a Gran Partita v podan\u00ed Sch\u00f6llnast Consort.<\/p>\n","protected":false},"featured_media":264383,"template":"","acf":[],"event_date":{"start_date":1729814400,"end_date":1732406400},"_links":{"self":[{"href":"https:\/\/www.visitbratislava.com\/sk\/wp-json\/wp\/v2\/event\/264366"}],"collection":[{"href":"https:\/\/www.visitbratislava.com\/sk\/wp-json\/wp\/v2\/event"}],"about":[{"href":"https:\/\/www.visitbratislava.com\/sk\/wp-json\/wp\/v2\/types\/event"}],"version-history":[{"count":21,"href":"https:\/\/www.visitbratislava.com\/sk\/wp-json\/wp\/v2\/event\/264366\/revisions"}],"predecessor-version":[{"id":363809,"href":"https:\/\/www.visitbratislava.com\/sk\/wp-json\/wp\/v2\/event\/264366\/revisions\/363809"}],"wp:featuredmedia":[{"embeddable":true,"href":"https:\/\/www.visitbratislava.com\/sk\/wp-json\/wp\/v2\/media\/264383"}],"wp:attachment":[{"href":"https:\/\/www.visitbratislava.com\/sk\/wp-json\/wp\/v2\/media?parent=264366"}],"curies":[{"name":"wp","href":"https:\/\/api.w.org\/{rel}","templated":true}]}}