{"id":266074,"date":"2023-11-04T10:25:58","date_gmt":"2023-11-04T09:25:58","guid":{"rendered":"https:\/\/www.visitbratislava.com\/event\/the-aristocrats-3\/"},"modified":"2023-11-04T10:25:58","modified_gmt":"2023-11-04T09:25:58","slug":"the-aristocrats-3","status":"publish","type":"event","link":"https:\/\/www.visitbratislava.com\/sk\/podujatia\/the-aristocrats-3\/","title":{"rendered":"The Aristocrats"},"content":{"rendered":"<p><strong>The Aristocrats maj\u00fa namieren\u00e9 do bratislavsk\u00e9ho Majestic Music Clubu, kde sa 5. novembra 2023 predstavia v r\u00e1mci The Defrost Tour.<\/strong><\/p>\n<p>Guthrie Govan alias \u201eProfesor Shred\u201c, gitarista roku 1993 pod\u013ea prest\u00ed\u017eneho magaz\u00ednu Guitarist a b\u00fdval\u00fd \u010dlen skupiny Asia po roku 2010 zintenz\u00edv\u0148uje svoju \u010dinnos\u0165 \u2013 vznik\u00e1 trio The Aristocrats. Stret\u00e1va sa v \u0148om s Bryanom Bellerom, basgitaristom a s buben\u00edkom Marcom Minnemannom. Kapela sa dala dokopy po\u010das vyst\u00fapenia na NAMM \u0161ou, kde Govan zasko\u010dil za p\u00f4vodn\u00e9ho hr\u00e1\u010da Grega Howea. Trio malo pred koncertom len jednu sk\u00fa\u0161ku a ako Govan spom\u00edna, ch\u00e9mia medzi nimi bola tak\u00e1 ve\u013ek\u00e1, \u017ee si rovno povedali, \u017ee to spolu sk\u00fasia. Po ve\u013etrhu sa kapela stretla v Chicagu, kde za necel\u00e9 dva t\u00fd\u017edne vznikol debutov\u00fd album. Basgitarista Beller uviedol, \u017ee si navz\u00e1jom p\u00edsali skladby na telo, ktor\u00e9 t\u00ed druh\u00ed pojali pod\u013ea seba. Oh\u013eadom kompoz\u00edcii od Minnemanna vraj obaja mali \u010do robi\u0165, aby s n\u00edm dok\u00e1zali dr\u017ea\u0165 krok.<\/p>\n","protected":false},"excerpt":{"rendered":"<p>The Aristocrats maj\u00fa namieren\u00e9 do bratislavsk\u00e9ho Majestic Music Clubu, kde sa 5. novembra 2023 predstavia v r\u00e1mci The Defrost Tour. Guthrie Govan alias \u201eProfesor Shred\u201c, gitarista roku 1993 pod\u013ea prest\u00ed\u017eneho magaz\u00ednu Guitarist a b\u00fdval\u00fd \u010dlen skupiny Asia po roku 2010 zintenz\u00edv\u0148uje svoju \u010dinnos\u0165 \u2013 vznik\u00e1 trio The Aristocrats. Stret\u00e1va sa v \u0148om s Bryanom Bellerom, [&hellip;]<\/p>\n","protected":false},"featured_media":0,"template":"","acf":[],"event_date":{"start_date":1699142400,"end_date":1699142400},"_links":{"self":[{"href":"https:\/\/www.visitbratislava.com\/sk\/wp-json\/wp\/v2\/event\/266074"}],"collection":[{"href":"https:\/\/www.visitbratislava.com\/sk\/wp-json\/wp\/v2\/event"}],"about":[{"href":"https:\/\/www.visitbratislava.com\/sk\/wp-json\/wp\/v2\/types\/event"}],"version-history":[{"count":0,"href":"https:\/\/www.visitbratislava.com\/sk\/wp-json\/wp\/v2\/event\/266074\/revisions"}],"wp:attachment":[{"href":"https:\/\/www.visitbratislava.com\/sk\/wp-json\/wp\/v2\/media?parent=266074"}],"curies":[{"name":"wp","href":"https:\/\/api.w.org\/{rel}","templated":true}]}}