{"id":275397,"date":"2024-01-11T15:16:33","date_gmt":"2024-01-11T14:16:33","guid":{"rendered":"https:\/\/www.visitbratislava.com\/?post_type=event&#038;p=275397"},"modified":"2026-02-06T13:26:13","modified_gmt":"2026-02-06T12:26:13","slug":"bratislavske-fasiangy","status":"publish","type":"event","link":"https:\/\/www.visitbratislava.com\/sk\/podujatia\/bratislavske-fasiangy\/","title":{"rendered":"Bratislavsk\u00e9 fa\u0161iangy 2026"},"content":{"rendered":"<h2 data-start=\"705\" data-end=\"762\"><strong>Fa\u0161iangov\u00fd sprievod a program v uliciach Star\u00e9ho Mesta<\/strong><\/h2>\n<p data-start=\"764\" data-end=\"1181\">Fa\u0161iangov\u00fd program sa za\u010dne u\u017e od 9.00 hod. na Hlavnom n\u00e1mest\u00ed, kde prostredn\u00edctvom \u017eiv\u00e9ho vysielania R\u00e1dia Junior spozn\u00e1me pr\u00e1cu v redakcii. Veselos\u0165 fa\u0161iangov\u00fdch zvykov a trad\u00edci\u00ed prines\u00fa na n\u00e1mestie detsk\u00e9 folkl\u00f3rne s\u00fabory Kobylka, Vienok, Gerulata a Folkl\u00f3rny s\u00fabor Poleno. O 12.00 hod. sa na workshope nau\u010d\u00edte, ako sa tancuje v maske. O pohybe, hudbe a hovorenom slove bud\u00fa aj Medzin\u00e1rodn\u00e9 fa\u0161iangy, ktor\u00e9 pribl\u00ed\u017eia trad\u00edcie od Mexika a\u017e po Indiu.<\/p>\n<p data-start=\"764\" data-end=\"1181\">Na Franti\u0161k\u00e1nskom n\u00e1mest\u00ed vznikne\u00a0<em>BSK z\u00f3na performat\u00edvneho umenia<\/em>\u00a0s hudobno-pohybov\u00fdm programom. Spont\u00e1nnu rados\u0165 z pohybu sprostredkuje workshop Rozpr\u00e1vkov\u00e9 fa\u0161iangy pod veden\u00edm Nikoly Koz\u00e1kovej, a to od 10.00 hod. Fa\u0161iangov\u00fa atmosf\u00e9ru si n\u00e1v\u0161tevn\u00edci u\u017eij\u00fa aj na DiversAbility Circus so zdru\u017een\u00edm CirkusKus. Cirkusov\u00e9 k\u00fasky a hry si v\u010faka upraven\u00fdm pom\u00f4ckam m\u00f4\u017eu vysk\u00fa\u0161a\u0165 aj \u013eudia so \u0161peci\u00e1lnymi potrebami. Od 14.00 hod. sa v\u010faka buben\u00edckemu workshopu premen\u00ed Franti\u0161k\u00e1nske n\u00e1mestie na hudobn\u00e9 ihrisko, kde si m\u00f4\u017eete prinies\u0165 aj podom\u00e1cky vyroben\u00e9 perkusie.<\/p>\n<p data-start=\"1183\" data-end=\"1346\"><a class=\"cta-button\" href=\"https:\/\/www.bkis.sk\/bratislavske-fasiangy\/\" target=\"_blank\" rel=\"noopener\">Viac info<\/a><\/p>\n<p data-start=\"1183\" data-end=\"1346\"><img loading=\"lazy\" class=\"aligncenter wp-image-368222 size-large\" src=\"https:\/\/www.visitbratislava.com\/wp-content\/uploads\/2024\/01\/Bratislavske-fasiangy-2025-hudobnici-hrajuci-na-husliach-800x533.jpg\" alt=\"Hudobn\u00edci v krojoch hraj\u00faci na sl\u00e1\u010dikov\u00fdch n\u00e1strojoch\" width=\"800\" height=\"533\" srcset=\"https:\/\/www.visitbratislava.com\/wp-content\/uploads\/2024\/01\/Bratislavske-fasiangy-2025-hudobnici-hrajuci-na-husliach-800x533.jpg 800w, https:\/\/www.visitbratislava.com\/wp-content\/uploads\/2024\/01\/Bratislavske-fasiangy-2025-hudobnici-hrajuci-na-husliach-400x267.jpg 400w, https:\/\/www.visitbratislava.com\/wp-content\/uploads\/2024\/01\/Bratislavske-fasiangy-2025-hudobnici-hrajuci-na-husliach-768x512.jpg 768w, https:\/\/www.visitbratislava.com\/wp-content\/uploads\/2024\/01\/Bratislavske-fasiangy-2025-hudobnici-hrajuci-na-husliach-1536x1024.jpg 1536w, https:\/\/www.visitbratislava.com\/wp-content\/uploads\/2024\/01\/Bratislavske-fasiangy-2025-hudobnici-hrajuci-na-husliach-200x133.jpg 200w, https:\/\/www.visitbratislava.com\/wp-content\/uploads\/2024\/01\/Bratislavske-fasiangy-2025-hudobnici-hrajuci-na-husliach.jpg 2000w\" sizes=\"(max-width: 800px) 100vw, 800px\" \/><span style=\"font-size: 8pt;\"><em>Foto: BKIS<\/em><\/span><\/p>\n<p data-start=\"302\" data-end=\"703\">Deti pote\u0161\u00ed nielen tvoriv\u00fd program, ale aj vesel\u00e9 divadeln\u00e9 predstavenia na n\u00e1dvor\u00ed Starej radnice. Divadlo Hou\u017ee si pripravilo pre najmen\u0161\u00edch predstavenie\u00a0<em>Vlk na Mesiaci<\/em>\u00a0so za\u010diatkom o 9.30 hod., o 11.30 hod. si deti m\u00f4\u017eu pozrie\u0165 zn\u00e1my pr\u00edbeh\u00a0<em>O Jankovi a Marienke a Krutohust\u00fd les<\/em>. Program ukon\u010d\u00ed workshop nielen pre nad\u0161encov zborov\u00e9ho spevu, otvoren\u00fd pre v\u0161etk\u00fdch bez oh\u013eadu na spev\u00e1cke sk\u00fasenosti.<\/p>\n<h2><strong>Na Hlavn\u00e9 n\u00e1mestie \u2013 hlavne v mask\u00e1ch<\/strong><\/h2>\n<p>Pr\u00edle\u017eitos\u0165 vybo\u010di\u0165 z be\u017enej rutiny a vytiahnu\u0165 karnevalov\u00fd kost\u00fdm je op\u00e4\u0165 po roku tu. Ve\u013ek\u00fd fa\u0161iangov\u00fd sprievod vyraz\u00ed z Hlavn\u00e9ho n\u00e1mestia o 17.00 hod. na Hviezdoslavovo n\u00e1mestie, pokra\u010dova\u0165 bude na Vent\u00farsku ulicu, Michalsk\u00fa ulicu, N\u00e1mestie SNP a vr\u00e1ti sa sp\u00e4\u0165 na Hlavn\u00e9 n\u00e1mestie. Tohtoro\u010dn\u00fdm symbolom sprievodu je Biely had, symbolizuj\u00faci ochranu a hojnos\u0165, s ktor\u00fdm prich\u00e1dza aj nov\u00e1 trad\u00edcia v\u00fdroby maskota sprievodu. Sprievod sa op\u00e4\u0165 rozrastie a prinesie bl\u00e1zniv\u00fa komunitn\u00fa z\u00e1bavu s medzin\u00e1rodn\u00fdm presahom zapojen\u00edm viacer\u00fdch ambas\u00e1d a komun\u00edt. Do sprievodu sa m\u00f4\u017ee prida\u0165 ka\u017ed\u00fd \u2013 v\u00edtan\u00e9 s\u00fa podom\u00e1cky vyroben\u00e9 aj kupovan\u00e9 masky, transparenty, tane\u010dn\u00e9 \u010di divadeln\u00e9 zoskupenia aj rodiny s de\u0165mi.<\/p>\n<p data-start=\"302\" data-end=\"703\"><img loading=\"lazy\" class=\"aligncenter wp-image-368216 size-large\" src=\"https:\/\/www.visitbratislava.com\/wp-content\/uploads\/2024\/01\/Bratislavske-fasiangy-2025-ludia-v-kostymoch-800x533.jpg\" alt=\"\u013eudia v kost\u00fdmoch ako s\u00fa\u010das\u0165 sprievodu na bratislavsk\u00fdch fa\u0161iangoch\" width=\"800\" height=\"533\" srcset=\"https:\/\/www.visitbratislava.com\/wp-content\/uploads\/2024\/01\/Bratislavske-fasiangy-2025-ludia-v-kostymoch-800x533.jpg 800w, https:\/\/www.visitbratislava.com\/wp-content\/uploads\/2024\/01\/Bratislavske-fasiangy-2025-ludia-v-kostymoch-400x267.jpg 400w, https:\/\/www.visitbratislava.com\/wp-content\/uploads\/2024\/01\/Bratislavske-fasiangy-2025-ludia-v-kostymoch-768x512.jpg 768w, https:\/\/www.visitbratislava.com\/wp-content\/uploads\/2024\/01\/Bratislavske-fasiangy-2025-ludia-v-kostymoch-1536x1024.jpg 1536w, https:\/\/www.visitbratislava.com\/wp-content\/uploads\/2024\/01\/Bratislavske-fasiangy-2025-ludia-v-kostymoch-200x133.jpg 200w, https:\/\/www.visitbratislava.com\/wp-content\/uploads\/2024\/01\/Bratislavske-fasiangy-2025-ludia-v-kostymoch.jpg 2000w\" sizes=\"(max-width: 800px) 100vw, 800px\" \/><span style=\"font-size: 8pt;\"><em>Foto: BKIS<\/em><\/span><\/p>\n<h2><strong>Rozmanitos\u0165 v uliciach aj hudobn\u00fdch \u017e\u00e1nroch<\/strong><\/h2>\n<p>Tancovanie v mask\u00e1ch prever\u00ed hlavn\u00fd hudobn\u00fd program \u2013 Fa\u0161iangov\u00e1 veselica na Hlavnom n\u00e1mest\u00ed. Ako prv\u00e1 vyst\u00fapi kapela Muzi\u010dka, po ktorej sa vyhl\u00e1sia v\u00ed\u0165azi s\u00fa\u0165a\u017ee o najkreat\u00edvnej\u0161ie a najorigin\u00e1lnej\u0161ie masky. O 19.30 hod. zahraj\u00fa Sendreiovci a ako posledn\u00fd hudobn\u00fd hos\u0165 vyst\u00fapi Duo SlaNina s reperto\u00e1rom od disca a\u017e po balkan beats.<\/p>\n<p data-start=\"1731\" data-end=\"1857\"><img loading=\"lazy\" class=\"aligncenter wp-image-368234 size-large\" src=\"https:\/\/www.visitbratislava.com\/wp-content\/uploads\/2024\/01\/Bratislavske-fasiangy-2025-ludia-v-kostymoch-s-siskami-800x533.jpg\" alt=\"\u013eudia v mask\u00e1ch nosiaci ko\u0161\u00edk s \u0161i\u0161kami \" width=\"800\" height=\"533\" srcset=\"https:\/\/www.visitbratislava.com\/wp-content\/uploads\/2024\/01\/Bratislavske-fasiangy-2025-ludia-v-kostymoch-s-siskami-800x533.jpg 800w, https:\/\/www.visitbratislava.com\/wp-content\/uploads\/2024\/01\/Bratislavske-fasiangy-2025-ludia-v-kostymoch-s-siskami-400x267.jpg 400w, https:\/\/www.visitbratislava.com\/wp-content\/uploads\/2024\/01\/Bratislavske-fasiangy-2025-ludia-v-kostymoch-s-siskami-768x512.jpg 768w, https:\/\/www.visitbratislava.com\/wp-content\/uploads\/2024\/01\/Bratislavske-fasiangy-2025-ludia-v-kostymoch-s-siskami-200x133.jpg 200w, https:\/\/www.visitbratislava.com\/wp-content\/uploads\/2024\/01\/Bratislavske-fasiangy-2025-ludia-v-kostymoch-s-siskami.jpg 1500w\" sizes=\"(max-width: 800px) 100vw, 800px\" \/><\/p>\n<p><span style=\"font-size: 8pt;\"><em>Foto: Adam Kov\u00e1\u010d<\/em><\/span><\/p>\n<h2 data-start=\"1859\" data-end=\"1906\"><strong>Pr\u00edle\u017eitos\u0165 spozna\u0165 kult\u00farne dedi\u010dstvo mesta<\/strong><\/h2>\n<p data-start=\"1908\" data-end=\"2170\"><strong>Bratislavsk\u00e9 fa\u0161iangy<\/strong> nie s\u00fa len z\u00e1bavn\u00fdm podujat\u00edm, ale aj sp\u00f4sobom, ako za\u017ei\u0165 trad\u00edciu v \u017eivej podobe. Podujatie pribli\u017euje folkl\u00f3r ako prirodzen\u00fa s\u00fa\u010das\u0165 kult\u00fary mesta a pon\u00faka mo\u017enos\u0165 preh\u013abi\u0165 poznanie slovenskej identity v spojen\u00ed s modern\u00fdm mestsk\u00fdm rytmom.<\/p>\n<p data-start=\"2172\" data-end=\"2319\">Z n\u00e1v\u0161tevy si n\u00e1v\u0161tevn\u00edci odn\u00e1\u0161aj\u00fa nielen z\u00e1\u017eitok zo sprievodu, hudby a chut\u00ed, ale aj kontakt s kult\u00farnym dedi\u010dstvom, ktor\u00e9 ost\u00e1va \u017eiv\u00e9 a zdie\u013ean\u00e9.<\/p>\n<p data-start=\"2172\" data-end=\"2319\">Vstup na podujatie je <strong>bezplatn\u00fd<\/strong>.<\/p>\n<p data-start=\"2172\" data-end=\"2319\"><img loading=\"lazy\" class=\"aligncenter wp-image-368228 size-large\" src=\"https:\/\/www.visitbratislava.com\/wp-content\/uploads\/2024\/01\/Bratislavske-fasiangy-2025-ludia-v-krojoch-800x533.jpg\" alt=\"\u013eudia v krojoch, ktor\u00ed s\u00fa s\u00fa\u010das\u0165ou sprievodu Bratislavsk\u00e9 fa\u0161iangy\" width=\"800\" height=\"533\" srcset=\"https:\/\/www.visitbratislava.com\/wp-content\/uploads\/2024\/01\/Bratislavske-fasiangy-2025-ludia-v-krojoch-800x533.jpg 800w, https:\/\/www.visitbratislava.com\/wp-content\/uploads\/2024\/01\/Bratislavske-fasiangy-2025-ludia-v-krojoch-400x267.jpg 400w, https:\/\/www.visitbratislava.com\/wp-content\/uploads\/2024\/01\/Bratislavske-fasiangy-2025-ludia-v-krojoch-768x512.jpg 768w, https:\/\/www.visitbratislava.com\/wp-content\/uploads\/2024\/01\/Bratislavske-fasiangy-2025-ludia-v-krojoch-1536x1024.jpg 1536w, https:\/\/www.visitbratislava.com\/wp-content\/uploads\/2024\/01\/Bratislavske-fasiangy-2025-ludia-v-krojoch-200x133.jpg 200w, https:\/\/www.visitbratislava.com\/wp-content\/uploads\/2024\/01\/Bratislavske-fasiangy-2025-ludia-v-krojoch.jpg 2000w\" sizes=\"(max-width: 800px) 100vw, 800px\" \/><\/p>\n<p><span style=\"font-size: 8pt;\"><em>Foto: BKIS<\/em><\/span><\/p>\n<p><em>Upozor\u0148ujeme n\u00e1v\u0161tevn\u00ed\u010dky a n\u00e1v\u0161tevn\u00edkov, \u017ee v priebehu podujatia m\u00f4\u017ee by\u0165 vyhotoven\u00fd fotografick\u00fd a\/alebo video z\u00e1znam za \u00fa\u010delom propag\u00e1cie podujat\u00ed a \u010dinnosti Bratislavy.<\/em><\/p>\n","protected":false},"excerpt":{"rendered":"<p>Sl\u00e1vnos\u0165 z\u00e1bavy, tanca a bl\u00e1zniv\u00fdch ma\u0161k\u00e1r zapln\u00ed v sobotu 7. febru\u00e1ra ulice Bratislavy. Celodenn\u00fd program sa za\u010dne u\u017e o 9.00 hod. a uzavrie ho Fa\u0161iangov\u00e1 veselica do 22.00 hod. na Hlavnom n\u00e1mest\u00ed.<\/p>\n","protected":false},"featured_media":28552,"template":"","acf":[],"event_date":{"start_date":1770422400,"end_date":1770422400},"_links":{"self":[{"href":"https:\/\/www.visitbratislava.com\/sk\/wp-json\/wp\/v2\/event\/275397"}],"collection":[{"href":"https:\/\/www.visitbratislava.com\/sk\/wp-json\/wp\/v2\/event"}],"about":[{"href":"https:\/\/www.visitbratislava.com\/sk\/wp-json\/wp\/v2\/types\/event"}],"version-history":[{"count":35,"href":"https:\/\/www.visitbratislava.com\/sk\/wp-json\/wp\/v2\/event\/275397\/revisions"}],"predecessor-version":[{"id":417347,"href":"https:\/\/www.visitbratislava.com\/sk\/wp-json\/wp\/v2\/event\/275397\/revisions\/417347"}],"wp:featuredmedia":[{"embeddable":true,"href":"https:\/\/www.visitbratislava.com\/sk\/wp-json\/wp\/v2\/media\/28552"}],"wp:attachment":[{"href":"https:\/\/www.visitbratislava.com\/sk\/wp-json\/wp\/v2\/media?parent=275397"}],"curies":[{"name":"wp","href":"https:\/\/api.w.org\/{rel}","templated":true}]}}