{"id":284117,"date":"2024-03-05T14:37:57","date_gmt":"2024-03-05T13:37:57","guid":{"rendered":"https:\/\/www.visitbratislava.com\/?post_type=event&#038;p=284117"},"modified":"2026-04-15T10:23:08","modified_gmt":"2026-04-15T08:23:08","slug":"bratislavske-mestske-dni","status":"publish","type":"event","link":"https:\/\/www.visitbratislava.com\/sk\/podujatia\/bratislavske-mestske-dni\/","title":{"rendered":"Bratislavsk\u00e9 mestsk\u00e9 dni"},"content":{"rendered":"<h2 data-start=\"296\" data-end=\"599\">O podujat\u00ed<\/h2>\n<p><strong>25.4 &#8211; 26.4.2026<\/strong><\/p>\n<p data-start=\"423\" data-end=\"715\"><strong data-start=\"423\" data-end=\"451\">Bratislavsk\u00e9 mestsk\u00e9 dni<\/strong> patria od roku 2003 medzi najvyh\u013ead\u00e1vanej\u0161ie mestsk\u00e9 festivaly v Bratislave. Podujatie nadv\u00e4zuje na historick\u00e9 oslavy sviatku sv\u00e4t\u00e9ho Juraja a trad\u00edciu vo\u013eby richt\u00e1ra. Dnes m\u00e1 festival modern\u00fa podobu a po\u010das dvoch v\u00edkendov\u00fdch dn\u00ed pril\u00e1ka desa\u0165tis\u00edce n\u00e1v\u0161tevn\u00edkov.<\/p>\n<p data-start=\"717\" data-end=\"968\">Festival sa ka\u017edoro\u010dne za\u010d\u00edna symbolick\u00fdm odpe\u010daten\u00edm mestsk\u00fdch br\u00e1n za \u00fa\u010dasti prim\u00e1tora Bratislavy. S\u00fa\u010das\u0165ou programu je aj spr\u00edstupnenie Primaci\u00e1lneho pal\u00e1ca pre verejnos\u0165 a otvorenie priestorov mestsk\u00fdch organiz\u00e1ci\u00ed, ktor\u00e9 prezentuj\u00fa svoju \u010dinnos\u0165.<\/p>\n<p data-start=\"970\" data-end=\"1075\"><strong><a href=\"https:\/\/www.visitbratislava.com\/sk\/bratislavske-mestske-dni\/\" target=\"_blank\" rel=\"noopener\">CEL\u00dd PROGRAM N\u00c1JDETE TU<\/a><\/strong><\/p>\n<hr \/>\n<h3 data-start=\"970\" data-end=\"1075\">Bratislavsk\u00e9 mestsk\u00e9 dni pon\u00fakaj\u00fa:<\/h3>\n<ul data-start=\"1077\" data-end=\"1316\">\n<li data-section-id=\"bbk8u8\" data-start=\"1077\" data-end=\"1127\">\n<p data-start=\"1079\" data-end=\"1127\"><a href=\"https:\/\/www.visitbratislava.com\/sk\/bratislavske-mestske-dni\/prehliadky-pocas-bratislavskych-mestskych-dni\/\" target=\"_blank\" rel=\"noopener\">bezplatn\u00e9 prehliadky<\/a><\/p>\n<\/li>\n<li data-section-id=\"155hcgu\" data-start=\"1128\" data-end=\"1177\">\n<p data-start=\"1130\" data-end=\"1177\">tvoriv\u00e9 dielne a s\u00fa\u0165a\u017ee pre deti aj dospel\u00fdch<\/p>\n<\/li>\n<li data-section-id=\"1qp25nm\" data-start=\"1178\" data-end=\"1205\">\n<p data-start=\"1180\" data-end=\"1205\"><a href=\"https:\/\/www.visitbratislava.com\/sk\/bratislavske-mestske-dni\/program-bratislava-tourist-board\/\" target=\"_blank\" rel=\"noopener\">rie\u010dne plavby po Dunaji<\/a><\/p>\n<\/li>\n<li data-section-id=\"159wakg\" data-start=\"1206\" data-end=\"1238\">\n<p data-start=\"1208\" data-end=\"1238\">jazdy historick\u00fdmi vozidlami<\/p>\n<\/li>\n<li data-section-id=\"46qn1z\" data-start=\"1239\" data-end=\"1284\">\n<p data-start=\"1241\" data-end=\"1284\">v\u00fdstavy, prezent\u00e1cie a kult\u00farne podujatia<\/p>\n<\/li>\n<li data-section-id=\"txcvme\" data-start=\"1285\" data-end=\"1316\">\n<p data-start=\"1287\" data-end=\"1316\">programy pre rodiny s de\u0165mi<\/p>\n<\/li>\n<\/ul>\n<hr \/>\n<h3 data-start=\"251\" data-end=\"360\">Turistick\u00e9 informa\u010dn\u00e9 centrum bude po\u010das Bratislavsk\u00fdch mestsk\u00fdch dn\u00ed otvoren\u00e9<\/h3>\n<p data-start=\"362\" data-end=\"392\">\ud83d\uddd3\ufe0f <strong data-start=\"366\" data-end=\"390\">25. \u2013 26. apr\u00edl 2026<\/strong><\/p>\n<ul data-start=\"393\" data-end=\"450\">\n<li data-section-id=\"13q4ny1\" data-start=\"393\" data-end=\"421\"><strong data-start=\"395\" data-end=\"406\">Sobota:<\/strong> 9:00 \u2013 17:30<\/li>\n<li data-section-id=\"15pezuw\" data-start=\"422\" data-end=\"450\"><strong data-start=\"424\" data-end=\"435\">Nede\u013ea:<\/strong> 9:00 \u2013 17:30<\/li>\n<\/ul>\n<p data-start=\"452\" data-end=\"546\" data-is-last-node=\"\" data-is-only-node=\"\">Te\u0161\u00edme sa na va\u0161u n\u00e1v\u0161tevu po\u010das jedn\u00e9ho z najob\u013e\u00fabenej\u0161\u00edch mestsk\u00fdch festivalov v Bratislave.<\/p>\n<p data-start=\"1506\" data-end=\"1645\"><img loading=\"lazy\" class=\"alignnone wp-image-436224 size-full\" src=\"https:\/\/www.visitbratislava.com\/wp-content\/uploads\/2024\/03\/057b6fe9e8057ec481d55a747fb73228.png\" alt=\"\" width=\"1300\" height=\"867\" srcset=\"https:\/\/www.visitbratislava.com\/wp-content\/uploads\/2024\/03\/057b6fe9e8057ec481d55a747fb73228.png 1300w, https:\/\/www.visitbratislava.com\/wp-content\/uploads\/2024\/03\/057b6fe9e8057ec481d55a747fb73228-400x267.png 400w, https:\/\/www.visitbratislava.com\/wp-content\/uploads\/2024\/03\/057b6fe9e8057ec481d55a747fb73228-800x534.png 800w, https:\/\/www.visitbratislava.com\/wp-content\/uploads\/2024\/03\/057b6fe9e8057ec481d55a747fb73228-768x512.png 768w, https:\/\/www.visitbratislava.com\/wp-content\/uploads\/2024\/03\/057b6fe9e8057ec481d55a747fb73228-200x133.png 200w\" sizes=\"(max-width: 1300px) 100vw, 1300px\" \/><\/p>\n","protected":false},"excerpt":{"rendered":"<p>Bratislavsk\u00e9 mestsk\u00e9 dni patria medzi najob\u013e\u00fabenej\u0161ie podujatia v Bratislave. Festival ka\u017edoro\u010dne prin\u00e1\u0161a kult\u00farny program, otvoren\u00e9 budovy, prehliadky mesta a mno\u017estvo z\u00e1\u017eitkov pre mal\u00fdch aj ve\u013ek\u00fdch.<\/p>\n","protected":false},"featured_media":108662,"template":"","acf":[],"event_date":{"start_date":1777075200,"end_date":1777161600},"_links":{"self":[{"href":"https:\/\/www.visitbratislava.com\/sk\/wp-json\/wp\/v2\/event\/284117"}],"collection":[{"href":"https:\/\/www.visitbratislava.com\/sk\/wp-json\/wp\/v2\/event"}],"about":[{"href":"https:\/\/www.visitbratislava.com\/sk\/wp-json\/wp\/v2\/types\/event"}],"version-history":[{"count":46,"href":"https:\/\/www.visitbratislava.com\/sk\/wp-json\/wp\/v2\/event\/284117\/revisions"}],"predecessor-version":[{"id":436232,"href":"https:\/\/www.visitbratislava.com\/sk\/wp-json\/wp\/v2\/event\/284117\/revisions\/436232"}],"wp:featuredmedia":[{"embeddable":true,"href":"https:\/\/www.visitbratislava.com\/sk\/wp-json\/wp\/v2\/media\/108662"}],"wp:attachment":[{"href":"https:\/\/www.visitbratislava.com\/sk\/wp-json\/wp\/v2\/media?parent=284117"}],"curies":[{"name":"wp","href":"https:\/\/api.w.org\/{rel}","templated":true}]}}