{"id":296012,"date":"2024-05-23T09:29:58","date_gmt":"2024-05-23T07:29:58","guid":{"rendered":"https:\/\/www.visitbratislava.com\/?post_type=event&#038;p=296012"},"modified":"2024-06-13T10:27:32","modified_gmt":"2024-06-13T08:27:32","slug":"cierne-diery-v-mmb-dlazdice-bratislavy-a-umenie-napodoby","status":"publish","type":"event","link":"https:\/\/www.visitbratislava.com\/sk\/podujatia\/cierne-diery-v-mmb-dlazdice-bratislavy-a-umenie-napodoby\/","title":{"rendered":"\u010cierne diery v MMB: Dla\u017edice Bratislavy a umenie n\u00e1podoby"},"content":{"rendered":"<p>V\u00fdstava vych\u00e1dza z v\u00fdskumu dvojice Julia Itin a \u0160tefan Cip\u00e1r, ktor\u00fdm sa podarilo dosta\u0165 do nieko\u013ek\u00fdch stoviek domov v \u0161ir\u0161om centre mesta. <strong>Viac ne\u017e tri roky h\u013eadali exempl\u00e1re obkladov a dla\u017eieb datovan\u00e9 od polovice 19. storo\u010dia a\u017e do polovice 20. storo\u010dia<\/strong> v lokalit\u00e1ch ako Star\u00e9 Mesto, Palis\u00e1dy, Obchodn\u00e1 ulica, Hlavn\u00e1 stanica, Blument\u00e1l, ale aj Ra\u010da alebo Vajnory.<\/p>\n<p>\ua9c1\ua9c2<\/p>\n<p><strong>Kur\u00e1torka v\u00fdstavy Jana \u0160vantnerov\u00e1 \u201esp\u00e1rovala\u201c n\u00e1lezy dla\u017ed\u00edc s dielami v zbierkach M\u00fazea mesta Bratislavy.<\/strong> Kreat\u00edvny v\u00fdber na z\u00e1klade vizu\u00e1lnej s\u00favz\u0165a\u017enosti odkazuje na dlhodob\u00fa trad\u00edciu imitovania a napodobovania luxusn\u00fdch materi\u00e1lov alebo techn\u00edk. N\u00e1jdete tu pon\u00e1\u0161ky napr\u00edklad na korytna\u010dinu, polodrahokamy \u010di techniky \u00fapravy skla a keramiky.<\/p>\n<p>\ua9c1\ua9c2<\/p>\n<p>Zamyslenie sa nad mimetick\u00fdmi postupmi v dejin\u00e1ch umenia n\u00e1m umo\u017e\u0148uje dozvedie\u0165 sa viac o vzoroch n\u00e1podoby a o v\u00fdzname a hodnote, ktor\u00e9 im pripisovala a pripisuje spolo\u010dnos\u0165. V\u010faka keramick\u00fdm obkladom a dla\u017eb\u00e1m sa n\u00e1m otv\u00e1ra svet rafinovan\u00fdch techn\u00edk a materi\u00e1lov ako priehradkov\u00fd email cloisonn\u00e9, market\u00e9ria pietre dure \u010di irizovan\u00e9 sklo a lityal\u00edn. V\u010faka spolupr\u00e1ci so SNM \u2013 Pr\u00edrodovedn\u00fdm m\u00fazeom bude v\u00fdstava obohaten\u00e1 o uk\u00e1\u017eky pozoruhodn\u00fdch miner\u00e1lov, nerastov a \u017eivo\u010d\u00edchov.<\/p>\n<div class=\"grid-container\"><div class=\"grid-container__item\"><div class=\"block\"><a href=\"https:\/\/www.visitbratislava.com\/wp-content\/uploads\/2024\/05\/Cierne-diery-hsitoricke-dlazdice-Bratislavy-800x800.jpg\" data-fancybox=\"gallery\" data-caption=\"\"><div class=\"background\"><img src=\"https:\/\/www.visitbratislava.com\/wp-content\/uploads\/2024\/05\/Cierne-diery-hsitoricke-dlazdice-Bratislavy-800x800.jpg\" alt=\"foto\"\/><\/div><div class=\"overlay filter-blue\"><div class=\"content\"><span class=\"zoom-button\"><\/span><\/div><\/div><\/a><\/div><\/div><div class=\"grid-container__item\"><div class=\"block\"><a href=\"https:\/\/www.visitbratislava.com\/wp-content\/uploads\/2024\/05\/Cierne-diery-dlazdice-800x800.jpg\" data-fancybox=\"gallery\" data-caption=\"\"><div class=\"background\" style=\"background-image: url(https:\/\/www.visitbratislava.com\/wp-content\/uploads\/2024\/05\/Cierne-diery-dlazdice-800x800.jpg)\"><\/div><div class=\"overlay filter-green\"><div class=\"content\"><span class=\"zoom-button\"><\/span><\/div><\/div><\/a><\/div><\/div><div class=\"grid-container__item\"><div class=\"block\" ><a href=\"https:\/\/www.visitbratislava.com\/wp-content\/uploads\/2024\/05\/Cierne-diery-dlazdice-Bratislavy-800x800.jpg\" data-fancybox=\"gallery\" data-caption=\"\"><div class=\"background\" style=\"background-image: url(https:\/\/www.visitbratislava.com\/wp-content\/uploads\/2024\/05\/Cierne-diery-dlazdice-Bratislavy-800x800.jpg)\"><\/div><div class=\"overlay filter-orange\"><div class=\"content\"><span class=\"zoom-button\"><\/span><\/div><\/div><\/a><\/div><\/div><div class=\"grid-container__item\"><div class=\"block\"><a href=\"https:\/\/www.visitbratislava.com\/wp-content\/uploads\/2024\/05\/Cierne-diery-historicke-dlazdice-800x800.jpg\" data-fancybox=\"gallery\" data-caption=\"\"><div class=\"background\" style=\"background-image: url(https:\/\/www.visitbratislava.com\/wp-content\/uploads\/2024\/05\/Cierne-diery-historicke-dlazdice-800x800.jpg)\"><\/div><div class=\"overlay filter-purple\"><div class=\"content\"><span class=\"zoom-button\"><\/span><\/div><\/div><\/a><\/div><\/div><div class=\"grid-container__item more\"><\/div><\/div>\n<p><em><span style=\"font-size: 8pt;\">\u00a0Foto: \u010cierne diery<\/span><\/em><\/p>\n<p><strong>S\u00fa\u010das\u0165ou programu k v\u00fdstave bud\u00fa aj komentovan\u00e9 prech\u00e1dzky za bratislavsk\u00fdmi dla\u017ebami organizovan\u00e9 o. z. \u010cierne diery.<\/strong> Term\u00edny bud\u00fa v\u010das zverejnen\u00e9.<\/p>\n<p>\ua9c1\ua9c2<\/p>\n<p><strong>Kur\u00e1torka:<\/strong> Jana \u0160vantnerov\u00e1<br \/>\n<strong>Texty:<\/strong> Julia Itin, Martin Lipt\u00e1k, Jana \u0160vantnerov\u00e1, Bronislava Volekov\u00e1<br \/>\n<strong>Fotografie:<\/strong> \u0160tefan Cip\u00e1r<br \/>\n<strong>V\u00fdtvarn\u00e9 diela:<\/strong> Jana Hojstri\u010dov\u00e1, Oto Hudec<br \/>\n<strong>Architektonick\u00e9 rie\u0161enie:<\/strong> Peter Li\u0161ka &amp; Andrea \u010eurianov\u00e1<br \/>\n<strong>Grafick\u00fd dizajn:<\/strong> Barbara Kowalczukov\u00e1<br \/>\n<strong>Odborn\u00e1 spolupr\u00e1ca:<\/strong> Zuzana Francov\u00e1, Marta Janov\u00ed\u010dkov\u00e1, J\u00e1n Kautman<\/p>\n<p><strong>Zbierkov\u00e9 predmety:<\/strong> M\u00fazeum mesta Bratislavy, SNM \u2013 Pr\u00edrodovedn\u00e9 m\u00fazeum, SNM \u2013 M\u00fazeum \u010cerven\u00fd Kame\u0148, s\u00fakromn\u00e9 zbierky \u0160tefana Cip\u00e1ra, \u0160tefana Hol\u010d\u00edka, Julie Itin a J\u00e1na Kautmana<\/p>\n","protected":false},"excerpt":{"rendered":"<p>Vo V\u00fdstavnej sieni Starej radnice m\u00e1te mo\u017enos\u0165 vidie\u0165 prepojenie kr\u00e1sy historick\u00fdch bratislavsk\u00fdch dla\u017eieb a obkladov s artefaktami interi\u00e9rov, ktor\u00e9 imitovali luxusn\u00e9 materi\u00e1ly.<\/p>\n","protected":false},"featured_media":296013,"template":"","acf":[],"event_date":{"start_date":1717113600,"end_date":1728777600},"_links":{"self":[{"href":"https:\/\/www.visitbratislava.com\/sk\/wp-json\/wp\/v2\/event\/296012"}],"collection":[{"href":"https:\/\/www.visitbratislava.com\/sk\/wp-json\/wp\/v2\/event"}],"about":[{"href":"https:\/\/www.visitbratislava.com\/sk\/wp-json\/wp\/v2\/types\/event"}],"version-history":[{"count":9,"href":"https:\/\/www.visitbratislava.com\/sk\/wp-json\/wp\/v2\/event\/296012\/revisions"}],"predecessor-version":[{"id":299442,"href":"https:\/\/www.visitbratislava.com\/sk\/wp-json\/wp\/v2\/event\/296012\/revisions\/299442"}],"wp:featuredmedia":[{"embeddable":true,"href":"https:\/\/www.visitbratislava.com\/sk\/wp-json\/wp\/v2\/media\/296013"}],"wp:attachment":[{"href":"https:\/\/www.visitbratislava.com\/sk\/wp-json\/wp\/v2\/media?parent=296012"}],"curies":[{"name":"wp","href":"https:\/\/api.w.org\/{rel}","templated":true}]}}