{"id":297775,"date":"2024-06-04T11:26:32","date_gmt":"2024-06-04T09:26:32","guid":{"rendered":"https:\/\/www.visitbratislava.com\/events\/ozveny-ji-hlavy-otvorenie-qa-medzi-revoluciami-2\/"},"modified":"2024-06-17T11:25:50","modified_gmt":"2024-06-17T09:25:50","slug":"ozveny-ji-hlavy-otvorenie-qa-medzi-revoluciami-2","status":"publish","type":"event","link":"https:\/\/www.visitbratislava.com\/sk\/podujatia\/ozveny-ji-hlavy-otvorenie-qa-medzi-revoluciami-2\/","title":{"rendered":"Ozveny Ji.hlavy: Otvorenie + Q&amp;A + Medzi revol\u00faciami"},"content":{"rendered":"<p><strong>Dokument\u00e1rne pondelky pod hviezdami prin\u00e1\u0161aj\u00fa pr\u00edbeh dvoch \u017eien a dvoch kraj\u00edn sk\u00fa\u0161an\u00fdch b\u00farliv\u00fdmi spolo\u010densk\u00fdmi zmenami.<\/strong><\/p>\n<p>Festival Ozveny Ji.hlavy sa otv\u00e1ra v\u00fdnimo\u010dn\u00fdm dokumentom o revol\u00faci\u00e1ch v Ir\u00e1ne a Rumunsku. Podujatie prin\u00e1\u0161a v\u00ed\u0165azn\u00e9 filmy a div\u00e1cke hajlajty z 27. ro\u010dn\u00edka najv\u00e4\u010d\u0161ieho stredoeur\u00f3pskeho a v\u00fdchodoeur\u00f3pskeho festivalu dokument\u00e1rnych filmov. Program letn\u00fdch filmov\u00fdch pondelkov za\u010dne od 17. j\u00fana v magickom Parku de Palma Novej Cvernovky. Ako minul\u00e9 roky bude open air a v spojen\u00ed so sprievodn\u00fdm programom.<\/p>\n<p><strong>Program:<\/strong><\/p>\n<p><strong>21:00 \u2013 Medzi revol\u00faciami<\/strong> \/ Vlad Petri \/ Rumunsko, Chorv\u00e1tsko, Ir\u00e1n, Katar 2023 \/ 70 min. \u2013 M\u00e1ria a Zahra sa zozn\u00e1mili okolo roku 1970 po\u010das \u0161t\u00fadia medic\u00edny na univerzite v Bukure\u0161ti. Zahra poch\u00e1dza z Ir\u00e1nu, krajiny na pokraji ve\u013ekej politickej revol\u00facie. Vracia sa nav\u0161t\u00edvi\u0165 svoju rodinu a s M\u00e1riou zost\u00e1va v kontakte prostredn\u00edctvom listov, ktor\u00e9 si vymie\u0148aj\u00fa po\u010das nieko\u013ek\u00fdch nasleduj\u00facich rokov.<\/p>\n<p>Film rozpr\u00e1va paraleln\u00e9 pr\u00edbehy dvoch kraj\u00edn sk\u00fa\u0161an\u00fdch b\u00farliv\u00fdmi politick\u00fdmi zmenami, ale aj pr\u00edbehy dvoch \u017eien, ktor\u00e9 si chc\u00fa vybojova\u0165 svoje miesto vo svete, kde dominuj\u00fa mu\u017ei. Ich poetick\u00e9 listy pln\u00e9 melanch\u00f3lie a priate\u013eskej n\u00e1klonnosti dop\u013a\u0148aj\u00fa arch\u00edvne z\u00e1bery z oboch kraj\u00edn, ktor\u00e9  pripom\u00ednaj\u00fa drsn\u00fa realitu minul\u00e9ho storo\u010dia.<\/p>\n<p>\u201ePre m\u0148a najv\u00fdznamnej\u0161ie revol\u00facie druhej polovice 20. storo\u010dia sa odohrali v Ir\u00e1ne a Rumunsku.\u201c &#8211; re\u017eis\u00e9r Vlad Petri.<\/p>\n<p><strong>+ Q&amp;A s Matejom Sotn\u00edkom s Vladom Petrim<\/strong><\/p>\n","protected":false},"excerpt":{"rendered":"<p>Dokument\u00e1rne pondelky pod hviezdami prin\u00e1\u0161aj\u00fa pr\u00edbeh dvoch \u017eien a dvoch kraj\u00edn sk\u00fa\u0161an\u00fdch b\u00farliv\u00fdmi spolo\u010densk\u00fdmi zmenami. Festival Ozveny Ji.hlavy sa otv\u00e1ra v\u00fdnimo\u010dn\u00fdm dokumentom o revol\u00faci\u00e1ch v Ir\u00e1ne a Rumunsku. Podujatie prin\u00e1\u0161a v\u00ed\u0165azn\u00e9 filmy a div\u00e1cke hajlajty z 27. ro\u010dn\u00edka najv\u00e4\u010d\u0161ieho stredoeur\u00f3pskeho a v\u00fdchodoeur\u00f3pskeho festivalu dokument\u00e1rnych filmov. Program letn\u00fdch filmov\u00fdch pondelkov za\u010dne od 17. j\u00fana v magickom [&hellip;]<\/p>\n","protected":false},"featured_media":0,"template":"","acf":[],"event_date":{"start_date":1718582400,"end_date":1718582400},"_links":{"self":[{"href":"https:\/\/www.visitbratislava.com\/sk\/wp-json\/wp\/v2\/event\/297775"}],"collection":[{"href":"https:\/\/www.visitbratislava.com\/sk\/wp-json\/wp\/v2\/event"}],"about":[{"href":"https:\/\/www.visitbratislava.com\/sk\/wp-json\/wp\/v2\/types\/event"}],"version-history":[{"count":1,"href":"https:\/\/www.visitbratislava.com\/sk\/wp-json\/wp\/v2\/event\/297775\/revisions"}],"predecessor-version":[{"id":297971,"href":"https:\/\/www.visitbratislava.com\/sk\/wp-json\/wp\/v2\/event\/297775\/revisions\/297971"}],"wp:attachment":[{"href":"https:\/\/www.visitbratislava.com\/sk\/wp-json\/wp\/v2\/media?parent=297775"}],"curies":[{"name":"wp","href":"https:\/\/api.w.org\/{rel}","templated":true}]}}