{"id":297784,"date":"2024-06-04T11:26:37","date_gmt":"2024-06-04T09:26:37","guid":{"rendered":"https:\/\/www.visitbratislava.com\/events\/ozveny-ji-hlavy-film-expanded-shows-docs-2\/"},"modified":"2024-06-20T11:25:46","modified_gmt":"2024-06-20T09:25:46","slug":"ozveny-ji-hlavy-film-expanded-shows-docs-2","status":"publish","type":"event","link":"https:\/\/www.visitbratislava.com\/sk\/podujatia\/ozveny-ji-hlavy-film-expanded-shows-docs-2\/","title":{"rendered":"Ozveny Ji.hlavy: Film Expanded Shows Docs"},"content":{"rendered":"<p><strong>S\u00fa\u010das\u0165ou bratislavsk\u00fdch Ozvien Ji.hlavy je ka\u017edoro\u010dne pitchingov\u00e9 f\u00f3rum tvorcov a \u013eud\u00ed z oblasti dokument\u00e1rneho filmu.<\/strong><\/p>\n<p>Festival Ozveny Ji.hlavy prin\u00e1\u0161a v\u00ed\u0165azn\u00e9 filmy a div\u00e1cke hajlajty z 27. ro\u010dn\u00edka najv\u00e4\u010d\u0161ieho stredoeur\u00f3pskeho a v\u00fdchodoeur\u00f3pskeho festivalu dokument\u00e1rnych filmov. Program letn\u00fdch filmov\u00fdch pondelkov za\u010dne od 17. j\u00fana v magickom Parku de Palma Novej Cvernovky. Ako minul\u00e9 roky bude open air a v spojen\u00ed so sprievodn\u00fdm programom.<\/p>\n<p><strong>Program:<\/strong><\/p>\n<p><strong>21:00 \u2013 Film Expanded Shows.Docs<\/strong>: 4. ro\u010dn\u00edk prezenta\u010dnej platformy Film Expanded Shows.Docs je priestorom pre neform\u00e1lny pitching mlad\u00fdch \u010di progres\u00edvnych projektov \u2013 filmov, iniciat\u00edv, publik\u00e1ci\u00ed\u2026 Spolo\u010dn\u00fdm menovate\u013eom s\u00fa nov\u00e9 v\u00edzie, netypick\u00e9 pr\u00edstupy \u010di poh\u013eady. Premietanie bude sprev\u00e1dza\u0165 diskusia s tvorcami, tvorky\u0148ami.<\/p>\n","protected":false},"excerpt":{"rendered":"<p>S\u00fa\u010das\u0165ou bratislavsk\u00fdch Ozvien Ji.hlavy je ka\u017edoro\u010dne pitchingov\u00e9 f\u00f3rum tvorcov a \u013eud\u00ed z oblasti dokument\u00e1rneho filmu. Festival Ozveny Ji.hlavy prin\u00e1\u0161a v\u00ed\u0165azn\u00e9 filmy a div\u00e1cke hajlajty z 27. ro\u010dn\u00edka najv\u00e4\u010d\u0161ieho stredoeur\u00f3pskeho a v\u00fdchodoeur\u00f3pskeho festivalu dokument\u00e1rnych filmov. Program letn\u00fdch filmov\u00fdch pondelkov za\u010dne od 17. j\u00fana v magickom Parku de Palma Novej Cvernovky. Ako minul\u00e9 roky bude open air [&hellip;]<\/p>\n","protected":false},"featured_media":0,"template":"","acf":[],"event_date":{"start_date":1718841600,"end_date":1718841600},"_links":{"self":[{"href":"https:\/\/www.visitbratislava.com\/sk\/wp-json\/wp\/v2\/event\/297784"}],"collection":[{"href":"https:\/\/www.visitbratislava.com\/sk\/wp-json\/wp\/v2\/event"}],"about":[{"href":"https:\/\/www.visitbratislava.com\/sk\/wp-json\/wp\/v2\/types\/event"}],"version-history":[{"count":2,"href":"https:\/\/www.visitbratislava.com\/sk\/wp-json\/wp\/v2\/event\/297784\/revisions"}],"predecessor-version":[{"id":298301,"href":"https:\/\/www.visitbratislava.com\/sk\/wp-json\/wp\/v2\/event\/297784\/revisions\/298301"}],"wp:attachment":[{"href":"https:\/\/www.visitbratislava.com\/sk\/wp-json\/wp\/v2\/media?parent=297784"}],"curies":[{"name":"wp","href":"https:\/\/api.w.org\/{rel}","templated":true}]}}