{"id":299587,"date":"2024-06-14T11:25:57","date_gmt":"2024-06-14T09:25:57","guid":{"rendered":"https:\/\/www.visitbratislava.com\/events\/vernisaz-vystavy-od-popisky-k-priestoru-2\/"},"modified":"2024-06-17T11:25:50","modified_gmt":"2024-06-17T09:25:50","slug":"vernisaz-vystavy-od-popisky-k-priestoru-2","status":"publish","type":"event","link":"https:\/\/www.visitbratislava.com\/sk\/podujatia\/vernisaz-vystavy-od-popisky-k-priestoru-2\/","title":{"rendered":"Vernis\u00e1\u017e v\u00fdstavy Od popisky k priestoru"},"content":{"rendered":"<p><strong>T\u00e9mou v\u00fdstavy je samotn\u00e1 v\u00fdstava. Je to pozv\u00e1nka do sveta, kde sa hranice medzi slovom a priestorom rozpl\u00fdvaj\u00fa. Slov\u00e1 sa st\u00e1vaj\u00fa priestorom a priestor narat\u00edvom. N\u00e1v\u0161tevn\u00edci s\u00fa veden\u00ed audionahr\u00e1vkami \u2013 hlasmi kur\u00e1torov, teoretikov umenia, architektov a dizajn\u00e9rov \u2013, ktor\u00e9 prin\u00e1\u0161aj\u00fa osobn\u00e9 sk\u00fasenosti a reflexie t\u00fdkaj\u00face sa \u010dasto strastipln\u00fdch pod\u00f4b vystavovania na Slovensku.<\/strong><\/p>\n<p>V\u00fdstava ako auton\u00f3mny form\u00e1t kult\u00farnej produkcie sa v posledn\u00fdch rokoch dost\u00e1va st\u00e1le viac do pozornosti mlad\u0161ej gener\u00e1cie kur\u00e1torov, teoretikov umenia, ale aj umelcov. \u010casto sa v tomto kontexte hovor\u00ed o diskurz\u00edvnom obrate: historick\u00fd pohyb umenia sa u\u017e nevn\u00edma ako postupnos\u0165 umeleck\u00fdch \u0161t\u00fdlov alebo v\u00fdznamn\u00fdch umelcov a diel, ale ako kontinuum v\u00fdstavn\u00fdch prakt\u00edk a kur\u00e1torsk\u00fdch strat\u00e9gi\u00ed.<\/p>\n<p>Kur\u00e1tori v\u00fdstav s\u00fa v tomto procese \u010dasto pova\u017eovan\u00ed za hlavn\u00fdch akt\u00e9rov, preto\u017ee pr\u00e1ve oni rozhoduj\u00fa o v\u00fdbere diel a sp\u00f4sobe ich interpret\u00e1cie a prezent\u00e1cie. T\u00fdm z\u00e1rove\u0148 ovplyv\u0148uj\u00fa aj to ako je umenie ch\u00e1pan\u00e9 a zapisovan\u00e9 do dej\u00edn.<\/p>\n<p>Na druhej strane dizajn\u00e9ri a architekti v\u00fdstav sa do tejto diskusie zap\u00e1jaj\u00fa v men\u0161ej miere. Ich pr\u00edspevok k diskurz\u00edvnemu obratu je teda menej priamy, ale st\u00e1le k\u013e\u00fa\u010dov\u00fd, preto\u017ee formuje prv\u00fd dojem a celkov\u00fd div\u00e1cky z\u00e1\u017eitok. Architektonick\u00fd r\u00e1mec, priestorov\u00e9 usporiadanie, grafick\u00fd vizu\u00e1l \u010di vizu\u00e1lna identita v\u00fdstav s\u00fa dnes, zd\u00e1 sa, u\u017e neoddelite\u013enou s\u00fa\u010das\u0165ou kur\u00e1torsk\u00fdch narat\u00edvov.<\/p>\n","protected":false},"excerpt":{"rendered":"<p>T\u00e9mou v\u00fdstavy je samotn\u00e1 v\u00fdstava. Je to pozv\u00e1nka do sveta, kde sa hranice medzi slovom a priestorom rozpl\u00fdvaj\u00fa. Slov\u00e1 sa st\u00e1vaj\u00fa priestorom a priestor narat\u00edvom. N\u00e1v\u0161tevn\u00edci s\u00fa veden\u00ed audionahr\u00e1vkami \u2013 hlasmi kur\u00e1torov, teoretikov umenia, architektov a dizajn\u00e9rov \u2013, ktor\u00e9 prin\u00e1\u0161aj\u00fa osobn\u00e9 sk\u00fasenosti a reflexie t\u00fdkaj\u00face sa \u010dasto strastipln\u00fdch pod\u00f4b vystavovania na Slovensku. V\u00fdstava ako auton\u00f3mny [&hellip;]<\/p>\n","protected":false},"featured_media":0,"template":"","acf":[],"event_date":{"start_date":1718582400,"end_date":1718582400},"_links":{"self":[{"href":"https:\/\/www.visitbratislava.com\/sk\/wp-json\/wp\/v2\/event\/299587"}],"collection":[{"href":"https:\/\/www.visitbratislava.com\/sk\/wp-json\/wp\/v2\/event"}],"about":[{"href":"https:\/\/www.visitbratislava.com\/sk\/wp-json\/wp\/v2\/types\/event"}],"version-history":[{"count":1,"href":"https:\/\/www.visitbratislava.com\/sk\/wp-json\/wp\/v2\/event\/299587\/revisions"}],"predecessor-version":[{"id":299762,"href":"https:\/\/www.visitbratislava.com\/sk\/wp-json\/wp\/v2\/event\/299587\/revisions\/299762"}],"wp:attachment":[{"href":"https:\/\/www.visitbratislava.com\/sk\/wp-json\/wp\/v2\/media?parent=299587"}],"curies":[{"name":"wp","href":"https:\/\/api.w.org\/{rel}","templated":true}]}}