{"id":307260,"date":"2024-08-20T16:10:56","date_gmt":"2024-08-20T14:10:56","guid":{"rendered":"https:\/\/www.visitbratislava.com\/?post_type=event&#038;p=307260"},"modified":"2025-08-06T09:29:47","modified_gmt":"2025-08-06T07:29:47","slug":"prehliadka-modreho-kostola-s-organovou-hudbou","status":"publish","type":"event","link":"https:\/\/www.visitbratislava.com\/sk\/podujatia\/prehliadka-modreho-kostola-s-organovou-hudbou\/","title":{"rendered":"Prehliadka Modr\u00e9ho kostola s organovou hudbou"},"content":{"rendered":"<p data-start=\"145\" data-end=\"506\">\ud83d\udd59 <strong data-start=\"148\" data-end=\"157\">Kedy:<\/strong> Pondelok \u2013 sobota, 10:00 \u2013 19:00<br data-start=\"190\" data-end=\"193\" \/><em data-start=\"193\" data-end=\"236\">Prv\u00fd vstup: 10:00 | Posledn\u00fd vstup: 18:30<\/em><br data-start=\"236\" data-end=\"239\" \/>\u2757 Bez prehliadok: <strong data-start=\"257\" data-end=\"276\">9. a 15. august<\/strong><br data-start=\"276\" data-end=\"279\" \/>\ud83d\udde3\ufe0f V\u00fdklad na\u017eivo v <strong data-start=\"299\" data-end=\"313\">angli\u010dtine<\/strong><br data-start=\"313\" data-end=\"316\" \/>\ud83d\udcc4 Textov\u00e9 materi\u00e1ly: slovensky, nemecky, \u0161panielsky, taliansky, franc\u00fazsky, ma\u010farsky<br data-start=\"401\" data-end=\"404\" \/>\ud83c\udfb6 10 min. koment\u00e1r + 15 min. organov\u00e1 hudba<br data-start=\"448\" data-end=\"451\" \/>\ud83e\uddd1\u200d\ud83c\udf93 \u00da\u010dinkuj\u00fa: mlad\u00ed profesion\u00e1lni slovensk\u00ed organisti<\/p>\n<hr data-start=\"508\" data-end=\"511\" \/>\n<h3 data-start=\"513\" data-end=\"533\">\ud83c\udf9f\ufe0f <strong data-start=\"521\" data-end=\"533\">Vstupn\u00e9:<\/strong><\/h3>\n<ul data-start=\"534\" data-end=\"650\">\n<li data-start=\"534\" data-end=\"552\">\n<p data-start=\"536\" data-end=\"552\">Dospel\u00ed: <strong data-start=\"545\" data-end=\"552\">7 \u20ac<\/strong><\/p>\n<\/li>\n<li data-start=\"553\" data-end=\"579\">\n<p data-start=\"555\" data-end=\"579\">Deti 5\u201310 rokov: <strong data-start=\"572\" data-end=\"579\">5 \u20ac<\/strong><\/p>\n<\/li>\n<li data-start=\"580\" data-end=\"610\">\n<p data-start=\"582\" data-end=\"610\">Deti do 4 rokov: <strong data-start=\"599\" data-end=\"610\">zadarmo<\/strong><\/p>\n<\/li>\n<li data-start=\"611\" data-end=\"650\">\n<p data-start=\"613\" data-end=\"650\">Skupiny (od 10 os\u00f4b): <strong data-start=\"635\" data-end=\"650\">5 \u20ac \/ osoba<\/strong><\/p>\n<\/li>\n<\/ul>\n<p data-start=\"652\" data-end=\"824\">\ud83d\udcf8 Fotografie a video v cene<br data-start=\"680\" data-end=\"683\" \/>\ud83d\udcb3 Platba v hotovosti alebo kartou (Visa, MasterCard, Maestro, Revolut)<br data-start=\"754\" data-end=\"757\" \/>\ud83d\udcdd Rezerv\u00e1cia <strong data-start=\"771\" data-end=\"790\">nie je potrebn\u00e1<\/strong><br data-start=\"790\" data-end=\"793\" \/>\ud83c\udfab Vstupenky dostupn\u00e9 na mieste<\/p>\n<p>Modr\u00fd kostol je dielom Edmunda Lechnera, ma\u010farsk\u00e9ho architekta bavorsk\u00e9ho p\u00f4vodu. Lechner je autorom aj budovy pri\u013eahl\u00e9ho gymn\u00e1zia &#8222;Gam\u010da&#8220;, vtedy Katol\u00edckeho kr\u00e1\u013eovsk\u00e9ho hlavn\u00e9ho gymn\u00e1zia.<\/p>\n<p>Pod\u013ea v\u00fdskumu p\u00f4vodn\u00e1 farba kostola bola siv\u00e1. To, \u010do bolo modr\u00e9, sa vyrobilo v Zsolnayho tov\u00e1rni keramiky: pre tento kostol boli p\u00e1len\u00e9 na modro sfarben\u00e9 keramick\u00e9 \u0161kridle a modr\u00e9 keramick\u00e9 ozdoby pou\u017eit\u00e9 na sten\u00e1ch, pod\u013ea ktor\u00fdch kostol dostal aj svoj n\u00e1zov.<\/p>\n<p><strong>Jedn\u00fdm z unik\u00e1tnych skvostov kostola je hlavn\u00fd vchod. Mozaika nad br\u00e1nou zobrazuje sv. Al\u017ebetu zn\u00e1zor\u0148uj\u00fac z\u00e1zrak s ru\u017eami.<\/strong><\/p>\n<p>Vn\u00fatro ka\u017edej \u010dasti kostola projektoval s\u00e1m Lechner. Remeseln\u00edcke umenie a stavba budovy u\u0148ho tvoria \u0161t\u00fdlov\u00fd celok, umeleck\u00fa dokonalos\u0165. Luster bol tie\u017e vyhotoven\u00fd pod\u013ea projektu Lechnera, ktor\u00fd ho vysvet\u013eoval ako symbolick\u00fd staroz\u00e1konn\u00fd &#8222;ohniv\u00fd st\u013ap&#8220;.<\/p>\n<p><img loading=\"lazy\" width=\"2048\" height=\"1365\" class=\"alignnone size-full wp-image-307261\" src=\"https:\/\/www.visitbratislava.com\/wp-content\/uploads\/2024\/08\/Unknown.jpeg\" alt=\"\" srcset=\"https:\/\/www.visitbratislava.com\/wp-content\/uploads\/2024\/08\/Unknown.jpeg 2048w, https:\/\/www.visitbratislava.com\/wp-content\/uploads\/2024\/08\/Unknown-400x267.jpeg 400w, https:\/\/www.visitbratislava.com\/wp-content\/uploads\/2024\/08\/Unknown-800x533.jpeg 800w, https:\/\/www.visitbratislava.com\/wp-content\/uploads\/2024\/08\/Unknown-768x512.jpeg 768w, https:\/\/www.visitbratislava.com\/wp-content\/uploads\/2024\/08\/Unknown-1536x1024.jpeg 1536w, https:\/\/www.visitbratislava.com\/wp-content\/uploads\/2024\/08\/Unknown-200x133.jpeg 200w\" sizes=\"(max-width: 2048px) 100vw, 2048px\" \/><\/p>\n<p>&nbsp;<\/p>\n","protected":false},"excerpt":{"rendered":"<p>Nenechajte si ujs\u0165 prehliadku interi\u00e9ru a majstrovsk\u00e9 diela organovej hudby v magickej atmosf\u00e9re ikonickej secesie &#8211; Kostola sv\u00e4tej Al\u017ebety (Modr\u00fd kostol) na Bezru\u010dovej 2 v Starom meste. Ide o v\u00fdnimo\u010dn\u00fa pr\u00edle\u017eitos\u0165 &#8211; do Modr\u00e9ho kostola je obvykle pre verejnos\u0165 vstup umo\u017enen\u00fd len v r\u00e1mci bohoslu\u017eieb.<\/p>\n","protected":false},"featured_media":143075,"template":"","acf":[],"event_date":{"start_date":1754697600,"end_date":1756512000},"_links":{"self":[{"href":"https:\/\/www.visitbratislava.com\/sk\/wp-json\/wp\/v2\/event\/307260"}],"collection":[{"href":"https:\/\/www.visitbratislava.com\/sk\/wp-json\/wp\/v2\/event"}],"about":[{"href":"https:\/\/www.visitbratislava.com\/sk\/wp-json\/wp\/v2\/types\/event"}],"version-history":[{"count":13,"href":"https:\/\/www.visitbratislava.com\/sk\/wp-json\/wp\/v2\/event\/307260\/revisions"}],"predecessor-version":[{"id":345605,"href":"https:\/\/www.visitbratislava.com\/sk\/wp-json\/wp\/v2\/event\/307260\/revisions\/345605"}],"wp:featuredmedia":[{"embeddable":true,"href":"https:\/\/www.visitbratislava.com\/sk\/wp-json\/wp\/v2\/media\/143075"}],"wp:attachment":[{"href":"https:\/\/www.visitbratislava.com\/sk\/wp-json\/wp\/v2\/media?parent=307260"}],"curies":[{"name":"wp","href":"https:\/\/api.w.org\/{rel}","templated":true}]}}