{"id":31063,"date":"2017-04-11T15:28:47","date_gmt":"2017-04-11T13:28:47","guid":{"rendered":"https:\/\/www.visitbratislava.com\/?post_type=event&#038;p=31063\/"},"modified":"2017-04-11T15:28:47","modified_gmt":"2017-04-11T13:28:47","slug":"bratislavske-mestske-dni-2017-turistom-vo-vlastnom-meste","status":"publish","type":"event","link":"https:\/\/www.visitbratislava.com\/sk\/podujatia\/bratislavske-mestske-dni-2017-turistom-vo-vlastnom-meste\/","title":{"rendered":"Bratislavsk\u00e9 mestsk\u00e9 dni 2017: Turistom vo vlastnom meste"},"content":{"rendered":"<p>V r\u00e1mci 14. ro\u010dn\u00edka Bratislavsk\u00fdch mestsk\u00fdch dn\u00ed V\u00e1s\u00a0Bratislavsk\u00e1 organiz\u00e1cia cestovn\u00e9ho ruchu poz\u00fdva na s\u00e9riu tematick\u00fdch prehliadok<\/p>\n<p><strong>Pe\u0161ie tematick\u00e9 prehliadky v\u00a0slovenskom jazyku<\/strong><\/p>\n<table width=\"643\">\n<tbody>\n<tr>\n<td width=\"97\"><strong>sobota 22.4. 2017<\/strong><\/td>\n<td width=\"67\"><strong>\u00a0<\/strong><strong>\u00a0<\/strong><\/td>\n<td width=\"478\"><\/td>\n<\/tr>\n<tr>\n<td width=\"97\">od \u2013 do<\/td>\n<td width=\"67\">trvanie<\/td>\n<td width=\"478\">\u00a0\u00a0\u00a0\u00a0\u00a0\u00a0\u00a0 n\u00e1zov<\/td>\n<\/tr>\n<tr>\n<td width=\"97\">09:30-11:30<\/td>\n<td width=\"67\">2 hod.<\/td>\n<td width=\"478\"><strong>500 rokov reform\u00e1cie v Bratislave<\/strong>Na\u0161e mesto sa nieslo v\u017edy na vlne nov\u00fdch my\u0161lienok. Tak to bolo aj s\u00a0reform\u00e1ciou, ktor\u00e1 tu ve\u013emi skoro na\u0161la svojich pr\u00edvr\u017eencov. Na trase Franti\u0161k\u00e1nske n\u00e1mestie \u2013 Panensk\u00e1 ulica sa dozviete kde sa stret\u00e1vali reformovan\u00ed kres\u0165ania \u2013 evanjelici a\u00a0ako sa reform\u00e1cia prejavila v\u00a0\u017eivote mesta (centra dne\u0161nej Bratislavy).<\/p>\n<p><em>Miesto stretnutia: Franti\u0161k\u00e1nske n\u00e1mestie<\/em><\/p>\n<p><em>Sprev\u00e1dza: Dagmar Gubov\u00e1<\/em><\/td>\n<\/tr>\n<tr>\n<td width=\"97\">10:30-12:30<\/td>\n<td width=\"67\">2 hod.<\/td>\n<td width=\"478\"><strong>(Ve\u013ekolep\u00e1) \u0160t\u00farov\u00e1 ulica<\/strong>Jedna z\u00a0najv\u00fdstavnej\u0161\u00edch ul\u00edc Bratislavy, ktor\u00e1 sp\u00e1ja Dunaj s\u00a0centrom. Ve\u013ekolepos\u0165 zalo\u017een\u00e1 na stretnut\u00ed secesie s\u00a0modernou. Po\u010fte s\u00a0nami spozna\u0165 budovu po budove.<\/p>\n<p><em>Miesto stretnutia: Gener\u00e1lna prokurat\u00fara SR<\/em><\/p>\n<p><em>Sprev\u00e1dza: Katar\u00edna Ga\u0161parov\u00e1<\/em><\/td>\n<\/tr>\n<tr>\n<td width=\"97\">13:30-15:30<\/td>\n<td width=\"67\">2 hod.<\/td>\n<td width=\"478\"><strong>Architekt\u00fara v\u00a0dobe M\u00e1rie Ter\u00e9zie<\/strong>Po\u010das prehliadky V\u00e1m pripomenieme architekt\u00faru z\u00a0doby M\u00e1rie Ter\u00e9zie. V\u00a0Pre\u0161porku v\u00a0tomto \u010dase vybudovali mno\u017estvo verejn\u00fdch, ale aj s\u00fakromn\u00fdch budov. Vn\u00edmajte \u017eivotn\u00fd \u0161t\u00fdl 18. storo\u010dia a\u00a0v\u00fdznam n\u00e1\u0161ho mesta po\u010das 40 rokov panovania M\u00e1rie Ter\u00e9zie na trase Primaci\u00e1lne n\u00e1mestie \u2013 Hlavn\u00e9 n\u00e1mestie \u2013 Michalsk\u00e1 ulica \u2013 Bratislavsk\u00fd hrad.<\/p>\n<p><em>Miesto stretnutia: pri studni na Primaci\u00e1lnom n\u00e1mest\u00ed<\/em><\/p>\n<p><em>Sprev\u00e1dza: Dagmar Gubov\u00e1<\/em><\/td>\n<\/tr>\n<tr>\n<td width=\"97\">14:30-16:30<\/td>\n<td width=\"67\">2 hod.<\/td>\n<td width=\"478\"><strong>Zdrav\u00ed a\u00a0nemocn\u00ed v\u00a0Pre\u0161porku<\/strong>V\u00a0stredovekom Pre\u0161porku p\u00f4sobili rehole, ktor\u00e9 poskytovali zdravotn\u00fa starostlivos\u0165. Po\u010das vych\u00e1dzky uvid\u00edte miesta, ktor\u00e9 sa sp\u00e1jaj\u00fa s\u00a0hist\u00f3riou a\u00a0\u010dinnos\u0165ou t\u00fdchto \u0161pit\u00e1lskych r\u00e1dov. Dozviete sa tie\u017e, kedy sa\u00a0v\u00a0na\u0161om meste zrodili nemocnice dne\u0161n\u00e9ho typu a lek\u00e1rne.<\/p>\n<p><em>Miesto stretnutia: pri studni na Primaci\u00e1lnom n\u00e1mest\u00ed<\/em><\/p>\n<p><em>Sprev\u00e1dza: Zuzana Tom\u010d\u00e1niov\u00e1<\/em><\/td>\n<\/tr>\n<tr>\n<td width=\"97\">16:00-18:00<\/td>\n<td width=\"67\">2 hod.<\/td>\n<td width=\"478\"><strong>Krimin\u00e1lna Bratislava<\/strong>Chv\u00ed\u013eami krut\u00e1 a\u00a0temn\u00e1, chv\u00ed\u013eami aj trochu \u00fasmevn\u00e1 spomienka na krimin\u00e1lne pr\u00edpady v\u00a0pam\u00e4ti mesta povedie od Katedr\u00e1ly sv. Martina na Tov\u00e1rensk\u00fa ulicu. Dozviete sa o\u00a0viac \u010di menej z\u00e1va\u017en\u00fdch skutkoch proti z\u00e1konu od stredoveku a\u017e po na\u0161u s\u00fa\u010dasnos\u0165.<\/p>\n<p><em>Miesto stretnutia: pred vstupom do Katedr\u00e1ly sv. Martina<\/em><\/p>\n<p><em>Sprev\u00e1dza: \u013dubom\u00edra \u010cern\u00e1kov\u00e1<\/em><\/td>\n<\/tr>\n<tr>\n<td width=\"97\">16:00-18:00<\/td>\n<td width=\"67\">2 hod.<\/td>\n<td width=\"478\"><strong>Plesy, b\u00e1ly a\u00a0tane\u010dn\u00e9 divadlo v\u00a0\u010dasoch M\u00e1rie Ter\u00e9zie<\/strong>M\u00e1ria Ter\u00e9zia bola aj napriek neust\u00e1lym tehotenstv\u00e1m vynikaj\u00facou tane\u010dnicou a\u00a0obdivovate\u013ekou tanca. Bratislava sa m\u00f4\u017ee pochv\u00e1li\u0165 hne\u010f nieko\u013ek\u00fdmi miestami, ktor\u00e9 cis\u00e1rovn\u00e1 poctila svojou n\u00e1v\u0161tevou. Nav\u0161t\u00edvte ich s\u00a0nami na trase Bratislavsk\u00fd hrad \u2013 Star\u00e9 mesto \u2013 Grassalkovi\u010dov pal\u00e1c.<\/p>\n<p><em>Miesto stretnutia: N\u00e1dvorie Bratislavsk\u00e9ho hradu<\/em><\/p>\n<p><em>Sprev\u00e1dza: Helena Navr\u00e1tilov\u00e1<\/em> <strong><em>\u00a0<\/em><\/strong><\/td>\n<\/tr>\n<\/tbody>\n<\/table>\n<p>&nbsp;<\/p>\n<table width=\"643\">\n<tbody>\n<tr>\n<td width=\"97\"><strong>nede\u013ea 23.4. 2017<\/strong><\/td>\n<td width=\"58\"><strong>\u00a0<\/strong><\/td>\n<td width=\"487\"><\/td>\n<\/tr>\n<tr>\n<td width=\"97\">od \u2013 do<\/td>\n<td width=\"58\">trvanie<\/td>\n<td width=\"487\">n\u00e1zov<\/td>\n<\/tr>\n<tr>\n<td width=\"97\">10:00-12:00<\/td>\n<td width=\"58\">2 hod.<\/td>\n<td width=\"487\"><strong>Tajomstv\u00e1 \u017eidovskej Bratislavy<\/strong>Na vych\u00e1dzke V\u00e1m predstav\u00edme hist\u00f3riu \u017eidovskej komunity na \u00fazem\u00ed dne\u0161nej Bratislavy. Prejdete sa od miesta najstar\u0161ieho \u017eidovsk\u00e9ho os\u00eddlenia a\u017e do Podhradia. V\u00a0tajomnom Podhrad\u00ed si vypo\u010dujete pr\u00edbehy zo \u017eidovsk\u00e9ho geta a\u00a0osudy jeho zn\u00e1mych i\u00a0menej zn\u00e1mych obyvate\u013eov.<\/p>\n<p><em>Miesto stretnutia: pri studni na Primaci\u00e1lnom n\u00e1mest\u00ed<\/em><\/p>\n<p><em>Sprev\u00e1dza: Zuzana Tom\u010d\u00e1niov\u00e1<\/em><\/td>\n<\/tr>\n<tr>\n<td width=\"97\">10:00-11:30<\/td>\n<td width=\"58\">1,5 hod.<\/td>\n<td width=\"487\"><strong>Architekt\u00fara 20.storo\u010dia<\/strong>Prehliadka zameran\u00e1 na v\u00fdvoj modernej architekt\u00fary v\u00a0Bratislave: secesia, rondokubizmus, funkcionalizmus, socialistick\u00fd realizmus, postmoderna. Spoznajte architektonick\u00e9 slohy Star\u00e9ho mesta.<\/p>\n<p><em>Miesto stretnutia: pred kostolom Trinit\u00e1rov<\/em><\/p>\n<p><em>Sprev\u00e1dza: Juraj Berdis<\/em><\/td>\n<\/tr>\n<tr>\n<td width=\"97\">13:30-15:30<\/td>\n<td width=\"58\">2 hod.<\/td>\n<td width=\"487\"><strong>Hudobn\u00edcka rodina Albrechtovcov<\/strong>Predstav\u00edme V\u00e1m Alexandra Albrechta ako posledn\u00e9ho dirigenta Cirkevn\u00e9ho hudobn\u00e9ho spolku pri D\u00f3me sv. Martina. Albrechtovci rozv\u00edjali v\u00a0Dome Albrechtovcov na Kapitulskej ulici trad\u00edciu dom\u00e1ceho muzic\u00edrovania a\u00a0v\u00a0slobodnom ovzdu\u0161\u00ed pren\u00e1\u0161ali na mlad\u00fdch \u013eud\u00ed nielen vedomosti o\u00a0hudbe, ale najm\u00e4 ducha umenia, vzdelanosti, tolerancie a\u00a0humanizmu.<\/p>\n<p><em>Miesto stretnutia: <\/em><em>pred vstupom do Katedr\u00e1ly sv. Martina<\/em><\/p>\n<p><em>Sprev\u00e1dza: Zuzana God\u00e1rov\u00e1<\/em><\/td>\n<\/tr>\n<tr>\n<td width=\"97\">14:30-16:30<\/td>\n<td width=\"58\">2 hod.<\/td>\n<td width=\"487\"><strong>Sad Janka Kr\u00e1\u013ea \u2013 najstar\u0161\u00ed verejn\u00fd park v\u00a0strednej Eur\u00f3pe<\/strong>Historick\u00e9 udalosti spojen\u00e9 s\u00a0jeho fungovan\u00edm \u2013 korunova\u010dn\u00e9 sl\u00e1vnosti, zemetrasenia, Napoleonove z\u00e1ujmy, prv\u00fd parn\u00edk v\u00a0Bratislave, elektri\u010dka Pre\u0161porok \u2013 Viede\u0148. Z\u00e1kutia, v\u00fdznamn\u00e9 pomn\u00edky, architekt\u00fara, fl\u00f3ra. Spoznajte unik\u00e1tne miesto z\u00e1bavy a\u00a0kult\u00fary.<\/p>\n<p><em>Miesto stretnutia: pri soche Janka Kr\u00e1\u013ea<\/em><\/p>\n<p><em>Sprev\u00e1dza: \u0160tefan Kme\u0165<\/em><\/td>\n<\/tr>\n<tr>\n<td width=\"97\">15:30-17:30<\/td>\n<td width=\"58\">2 hod.<\/td>\n<td width=\"487\"><strong>Priate\u013esk\u00e1 Lazaretsk\u00e1 ulica<\/strong>Pohostinn\u00e9 spr\u00e1vanie k\u00a0cudzincom mala t\u00e1to ulica zakotven\u00e9 u\u017e vo svojom prvom n\u00e1zve \u201ePlatea xenodochialis\u201c. Pre\u010do ju tak volali a\u00a0\u010di je rovnako priate\u013esk\u00e1 aj dnes, zist\u00edte, ke\u010f pr\u00eddete na prehliadku pln\u00fa prekvapuj\u00facich zauj\u00edmavost\u00ed z\u00a0d\u00e1vnej i\u00a0menej d\u00e1vnej minulosti na trase od Dvoch levov po Jakubovo n\u00e1mestie.<\/p>\n<p><em>Miesto stretnutia: roh \u0160pit\u00e1lskej a\u00a0Lazaretskej ulice<\/em><\/p>\n<p><em>Sprev\u00e1dza: \u013dubom\u00edra \u010cern\u00e1kov\u00e1<\/em><\/td>\n<\/tr>\n<\/tbody>\n<\/table>\n<p><strong>Pe\u0161ie prehliadky v\u00a0anglickom a nemeckom jazyku<\/strong><\/p>\n<table width=\"690\">\n<tbody>\n<tr>\n<td width=\"124\"><strong>\u00a0<\/strong><strong>sobota 22.4. 2017<\/strong><\/td>\n<td width=\"66\"><strong>\u00a0<\/strong><strong>\u00a0<\/strong><\/td>\n<td width=\"500\"><\/td>\n<\/tr>\n<tr>\n<td width=\"124\">od \u2013 do<\/td>\n<td width=\"66\">trvanie<\/td>\n<td width=\"500\">\u00a0n\u00e1zov<\/td>\n<\/tr>\n<tr>\n<td width=\"124\">14:00 \u2013 15:30<\/td>\n<td width=\"66\">1,5 hod.<\/td>\n<td width=\"500\"><strong>Bratislava \u2013 Pressburg \u2013 Pozsony<br \/>\n<\/strong>Prehliadka historick\u00e9ho centra mesta v\u00a0anglickom jazyku, Eva \u010cubr\u00edkov\u00e1, Annam\u00e1ria Marettov\u00e1<em>Miesto stretnutia: pri studni na Primaci\u00e1lnom n\u00e1mest\u00ed<\/em><\/td>\n<\/tr>\n<tr>\n<td width=\"124\">14:00 \u2013 15:30<\/td>\n<td width=\"66\">1,5 hod.<\/td>\n<td width=\"500\"><strong>Bratislava \u2013 Pressburg \u2013 Pozsony<\/strong>Prehliadka historick\u00e9ho centra mesta v\u00a0nemeckom jazyku, Dagmar \u010cechov\u00e1, M\u00e1ria Ho\u0165kov\u00e1<\/p>\n<p><em>Miesto stretnutia: pri studni na Primaci\u00e1lnom n\u00e1mest\u00ed<\/em><\/td>\n<\/tr>\n<tr>\n<td width=\"124\"><strong>\u00a0<\/strong><strong>nede\u013ea 23.4. 2017<\/strong><\/td>\n<td width=\"66\"><strong>\u00a0<\/strong><\/td>\n<td width=\"500\"><em>\u00a0<\/em><\/td>\n<\/tr>\n<tr>\n<td width=\"124\">od \u2013 do<\/td>\n<td width=\"66\">trvanie<\/td>\n<td width=\"500\"><em>\u00a0<\/em>n\u00e1zov<\/td>\n<\/tr>\n<tr>\n<td width=\"124\">14:00 \u2013 15:30<\/td>\n<td width=\"66\">1,5 hod.<\/td>\n<td width=\"500\"><strong>Bratislava \u2013 Pressburg \u2013 Pozsony<\/strong>Prehliadka historick\u00e9ho centra mesta v\u00a0anglickom jazyku., p. Janetta J\u00e1no\u0161kov\u00e1<\/p>\n<p><em>Miesto stretnutia: pri studni na Primaci\u00e1lnom n\u00e1mest\u00ed<\/em><\/td>\n<\/tr>\n<tr>\n<td width=\"124\">14:00 \u2013 15:30<\/td>\n<td width=\"66\">1,5 hod.<\/td>\n<td width=\"500\"><strong>Bratislava \u2013 Pressburg \u2013 Pozsony<\/strong>Prehliadka historick\u00e9ho centra mesta v\u00a0nemeckom jazyku. p. Dagmar \u010cechov\u00e1<\/p>\n<p><em>Miesto stretnutia: pri studni na Primaci\u00e1lnom n\u00e1mest\u00ed<\/em><\/td>\n<\/tr>\n<\/tbody>\n<\/table>\n<p>&nbsp;<\/p>\n","protected":false},"excerpt":{"rendered":"<p>V r\u00e1mci 14. ro\u010dn\u00edka Bratislavsk\u00fdch mestsk\u00fdch dn\u00ed V\u00e1s\u00a0Bratislavsk\u00e1 organiz\u00e1cia cestovn\u00e9ho ruchu poz\u00fdva na s\u00e9riu tematick\u00fdch prehliadok Pe\u0161ie tematick\u00e9 prehliadky v\u00a0slovenskom jazyku sobota 22.4. 2017 \u00a0\u00a0 od \u2013 do trvanie \u00a0\u00a0\u00a0\u00a0\u00a0\u00a0\u00a0 n\u00e1zov 09:30-11:30 2 hod. 500 rokov reform\u00e1cie v BratislaveNa\u0161e mesto sa nieslo v\u017edy na vlne nov\u00fdch my\u0161lienok. Tak to bolo aj s\u00a0reform\u00e1ciou, ktor\u00e1 tu ve\u013emi [&hellip;]<\/p>\n","protected":false},"featured_media":13268,"template":"","acf":[],"event_date":{"start_date":1492819200,"end_date":1492905600},"_links":{"self":[{"href":"https:\/\/www.visitbratislava.com\/sk\/wp-json\/wp\/v2\/event\/31063"}],"collection":[{"href":"https:\/\/www.visitbratislava.com\/sk\/wp-json\/wp\/v2\/event"}],"about":[{"href":"https:\/\/www.visitbratislava.com\/sk\/wp-json\/wp\/v2\/types\/event"}],"version-history":[{"count":0,"href":"https:\/\/www.visitbratislava.com\/sk\/wp-json\/wp\/v2\/event\/31063\/revisions"}],"wp:featuredmedia":[{"embeddable":true,"href":"https:\/\/www.visitbratislava.com\/sk\/wp-json\/wp\/v2\/media\/13268"}],"wp:attachment":[{"href":"https:\/\/www.visitbratislava.com\/sk\/wp-json\/wp\/v2\/media?parent=31063"}],"curies":[{"name":"wp","href":"https:\/\/api.w.org\/{rel}","templated":true}]}}