{"id":313632,"date":"2024-10-11T14:59:15","date_gmt":"2024-10-11T12:59:15","guid":{"rendered":"https:\/\/www.visitbratislava.com\/?post_type=event&#038;p=313632"},"modified":"2024-10-23T15:43:55","modified_gmt":"2024-10-23T13:43:55","slug":"pozdrav-notre-dame","status":"publish","type":"event","link":"https:\/\/www.visitbratislava.com\/sk\/podujatia\/pozdrav-notre-dame\/","title":{"rendered":"Pozdrav Notre Dame &#8211; koncert svetov\u00fdch organistov"},"content":{"rendered":"<div class=\"x_elementToProof\" style=\"text-align: left;\" data-olk-copy-source=\"MessageBody\">\n<p>27. okt\u00f3bra 2024 o 19:00 hod. sa v Katedr\u00e1le sv. Martina uskuto\u010dn\u00ed v\u00fdnimo\u010dn\u00fd organov\u00fd koncert pod n\u00e1zvom &#8222;Pozdrav Notre Dame&#8220;. Na tomto podujat\u00ed vyst\u00fapia titul\u00e1rny organista Katedr\u00e1ly Notre Dame v Par\u00ed\u017ei, <strong>Vincent Dubois<\/strong>, a renomovan\u00fd slovensk\u00fd organista <strong>Stanislav \u0160urin<\/strong>.<\/p>\n<p>Podujatie je pozdravom z katedr\u00e1ly sv. Martina, katedr\u00e1le Notre Dame. T\u00e1to najv\u00fdznamnej\u0161ia par\u00ed\u017eska katedr\u00e1la je ikonick\u00fdm symbolom kult\u00farneho dedi\u010dstva Eur\u00f3py a v\u00fdznamn\u00fdm duchovn\u00fdm centrom, ktor\u00e9 rezonuje v srdciach Eur\u00f3panov. Cie\u013eom tohto koncertu je vyjadri\u0165 posolstvo spolupatri\u010dnosti, vn\u00edmavosti a kult\u00farneho spojenia medzi t\u00fdmito dvoma historick\u00fdmi miestami v\u00a0\u010dase, kedy je katedr\u00e1la Notre Dame v\u00a0rekon\u0161trukcii po po\u017eiare v\u00a0roku 2019.<\/p>\n<p><strong><span style=\"color: #ff0000;\">Miesta na st\u00e1tie s\u00fa st\u00e1le dostupn\u00e9\u00a0bez registr\u00e1cie\u00a0<\/span>\u2013 sta\u010d\u00ed pr\u00eds\u0165 a vychutna\u0165 si magick\u00fa atmosf\u00e9ru.<\/strong><\/p>\n<p><iframe id=\"toot-ifr19295ab35be\" src=\"https:\/\/tootoot.fm\/buy-embedded\/?event-id=670fc8bcc43f28472de49490&amp;ifr-id=toot-ifr19295ab35be&amp;lang=sk&amp;theme=light\" width=\"100%\" frameborder=\"0\" scrolling=\"no\"><\/iframe><br \/>\n<script>!function(e,t,o,r,n){var a,i=t.getElementsByTagName(o)[0],s=\"TootootIframesAsyncLoad\";if(e[s]||(e[s]=[]),t.getElementById(r)){var c=e.TootootIframes;c?c.register(n):e[s].push(n)}else e[s].push(n),(a=t.createElement(o)).id=r,a.src=\"https:\/\/tootoot.fm\/buy-embedded\/host.v2.js\",i.parentNode.insertBefore(a,i)}(window,document,\"script\",\"tootoot-iframe-channel\",\"toot-ifr19295ab35be\");<\/script><\/p>\n<p><iframe title=\"YouTube video player\" src=\"https:\/\/www.youtube.com\/embed\/GQy9KQskDo0?si=HAJH0a6iarKUyHBp\" width=\"1120\" height=\"630\" frameborder=\"0\" allowfullscreen=\"allowfullscreen\"><\/iframe><\/p>\n<p><strong>Koncert bude pre v\u0161etk\u00fdch zdarma.<\/strong><\/p>\n<p><strong>Vincent Dubois<\/strong> je jedn\u00fdm z najlep\u0161\u00edch koncertn\u00fdch organistov na svete. Hral s mnoh\u00fdmi skvel\u00fdmi orchestrami, ako napr\u00edklad orchester Philadelphia, Los Angeles, Dallas a Radio-France. Vystupoval v prest\u00ed\u017enych koncertn\u00fdch s\u00e1lach ako Berl\u00ednska filharm\u00f3nia, \u010cajkovsk\u00e9ho s\u00e1la v Moskve, Konzerthaus vo Viedni \u010di Suntory Hall v\u00a0Tokiu. Vincent Dubois je z\u00e1rove\u0148 titul\u00e1rny organista v katedr\u00e1le Notre Dame v Par\u00ed\u017ei a profesor organu na Hudobnej univerzite v Saarbr\u00fcckene v\u00a0Nemecku.<\/p>\n<p><strong>Stanislav \u0160urin <\/strong>je popredn\u00fd slovensk\u00fd organista. \u0160tudoval hru na organe v\u00a0Bratislave, vo Viedni a\u00a0v\u00a0Grazi. Spolupracoval so Slovenskou filharm\u00f3niou, s\u00f3listicky \u00fa\u010dinkoval v\u00a0roku 2000 v National Symphony Orchestra Taiwan a organov\u00e9 recit\u00e1ly hral v Eur\u00f3pe, USA, Mexiku, Kanade, Japonsku, Hongkongu, Rusku, Uzbekistane a Kazachstane.\u00a0Je zakladate\u013eom a organiz\u00e1torom viacer\u00fdch organov\u00fdch festivalov. Vyu\u010duje na Katol\u00edckej univerzite v\u00a0Ru\u017eomberku a venuje sa aj kompoz\u00edcii.<\/p>\n<p>Koncert sa kon\u00e1 pri pr\u00edle\u017eitosti ukon\u010denia rekon\u0161truk\u010dn\u00fdch pr\u00e1c, pri\u010dom ofici\u00e1lne znovuotvorenie Katedr\u00e1ly Notre Dame je napl\u00e1novan\u00e9 na december 2024.<\/p>\n<p><em>Dovo\u013eujeme si upozorni\u0165, \u017ee z koncertu vznikne videoz\u00e1znam.<\/em><\/p>\n<hr \/>\n<\/div>\n<div data-olk-copy-source=\"MessageBody\"><\/div>\n<div><img loading=\"lazy\" width=\"1414\" height=\"2000\" class=\"alignnone size-full wp-image-313639\" src=\"https:\/\/www.visitbratislava.com\/wp-content\/uploads\/2024\/10\/titularny-organista-katedraly-Notre-Dame.png\" alt=\"\" srcset=\"https:\/\/www.visitbratislava.com\/wp-content\/uploads\/2024\/10\/titularny-organista-katedraly-Notre-Dame.png 1414w, https:\/\/www.visitbratislava.com\/wp-content\/uploads\/2024\/10\/titularny-organista-katedraly-Notre-Dame-283x400.png 283w, https:\/\/www.visitbratislava.com\/wp-content\/uploads\/2024\/10\/titularny-organista-katedraly-Notre-Dame-566x800.png 566w, https:\/\/www.visitbratislava.com\/wp-content\/uploads\/2024\/10\/titularny-organista-katedraly-Notre-Dame-768x1086.png 768w, https:\/\/www.visitbratislava.com\/wp-content\/uploads\/2024\/10\/titularny-organista-katedraly-Notre-Dame-1086x1536.png 1086w, https:\/\/www.visitbratislava.com\/wp-content\/uploads\/2024\/10\/titularny-organista-katedraly-Notre-Dame-141x200.png 141w\" sizes=\"(max-width: 1414px) 100vw, 1414px\" \/><\/div>\n","protected":false},"excerpt":{"rendered":"<p>Ako prejav solidarity bude ma\u0165 titul\u00e1rny organista katedr\u00e1ly Notre Dame, Vincent Dubois, mo\u017enos\u0165 vyst\u00fapi\u0165 v Katedr\u00e1le sv. Martina v Bratislave.<\/p>\n","protected":false},"featured_media":313633,"template":"","acf":[],"event_date":{"start_date":1729987200,"end_date":1729987200},"_links":{"self":[{"href":"https:\/\/www.visitbratislava.com\/sk\/wp-json\/wp\/v2\/event\/313632"}],"collection":[{"href":"https:\/\/www.visitbratislava.com\/sk\/wp-json\/wp\/v2\/event"}],"about":[{"href":"https:\/\/www.visitbratislava.com\/sk\/wp-json\/wp\/v2\/types\/event"}],"version-history":[{"count":15,"href":"https:\/\/www.visitbratislava.com\/sk\/wp-json\/wp\/v2\/event\/313632\/revisions"}],"predecessor-version":[{"id":314902,"href":"https:\/\/www.visitbratislava.com\/sk\/wp-json\/wp\/v2\/event\/313632\/revisions\/314902"}],"wp:featuredmedia":[{"embeddable":true,"href":"https:\/\/www.visitbratislava.com\/sk\/wp-json\/wp\/v2\/media\/313633"}],"wp:attachment":[{"href":"https:\/\/www.visitbratislava.com\/sk\/wp-json\/wp\/v2\/media?parent=313632"}],"curies":[{"name":"wp","href":"https:\/\/api.w.org\/{rel}","templated":true}]}}