{"id":343421,"date":"2025-07-24T11:58:44","date_gmt":"2025-07-24T09:58:44","guid":{"rendered":"https:\/\/www.visitbratislava.com\/?post_type=event&#038;p=343421"},"modified":"2026-02-23T10:18:25","modified_gmt":"2026-02-23T09:18:25","slug":"vystava-marie-antoinette-na-bratislavskom-hrade","status":"publish","type":"event","link":"https:\/\/www.visitbratislava.com\/sk\/podujatia\/vystava-marie-antoinette-na-bratislavskom-hrade\/","title":{"rendered":"V\u00fdstava Marie Antoinette na Bratislavskom hrade"},"content":{"rendered":"<p data-start=\"92\" data-end=\"414\"><img loading=\"lazy\" width=\"800\" height=\"381\" class=\"alignnone size-large wp-image-343646\" src=\"https:\/\/www.visitbratislava.com\/wp-content\/uploads\/2025\/07\/snm-vystava-Marie-Antoinetty-800x381.jpg\" alt=\"\" \/><\/p>\n<p data-start=\"92\" data-end=\"414\"><a href=\"https:\/\/www.google.com\/maps\/place\/Bratislavsk%C3%BD+hrad\/@48.1421122,17.0976599,17z\/data=!4m6!3m5!1s0x476c895d93b150c5:0x2fd320efbc06a139!8m2!3d48.1421086!4d17.1002348!16zL20vMDR4bHM4?entry=ttu&amp;g_ep=EgoyMDI1MDcxNi4wIKXMDSoASAFQAw%3D%3D\" target=\"_blank\" rel=\"noopener\"><b>\ud83d\udccd<\/b> Rytierska sie\u0148 Bratislavsk\u00e9ho hradu, Bratislava<\/a><br data-start=\"336\" data-end=\"339\" \/><strong data-start=\"339\" data-end=\"350\">Vstupn\u00e9<\/strong>: 5\u202f\u20ac (z\u013eavnen\u00e9) \/ 10\u202f\u20ac (pln\u00e9)<\/p>\n<p data-start=\"92\" data-end=\"414\"><strong data-start=\"419\" data-end=\"432\">O v\u00fdstave<\/strong><\/p>\n<p data-start=\"92\" data-end=\"414\">V\u00fdstava Marie Antoinette na Bratislavskom hrade predstavuje fascinuj\u00faci pr\u00edbeh rak\u00faskej princeznej, ktor\u00e1 sa stala franc\u00fazskou kr\u00e1\u013eovnou a ikonou dej\u00edn. Expoz\u00edcia pon\u00faka n\u00e1v\u0161tevn\u00edkom mo\u017enos\u0165 nahliadnu\u0165 do jej \u017eivota \u2013 od detstva vo Viedni, cez luxus dvora vo Versailles a\u017e po tragick\u00fd koniec pod gilot\u00ednou.<\/p>\n<p data-start=\"743\" data-end=\"1005\">N\u00e1v\u0161tevn\u00edci uvidia origin\u00e1lne kost\u00fdmy, obrazy, n\u00e1bytok a r\u00f4zne predmety z versaillsk\u00fdch zbierok, ktor\u00e9 ilustruj\u00fa dobu a \u0161t\u00fdl \u017eivota na franc\u00fazskom dvore. V\u00fdstava pribli\u017euje historick\u00e9 udalosti, ktor\u00e9 ovplyvnili osudy nielen Marie Antoinette, ale aj celej Eur\u00f3py.<\/p>\n<p data-start=\"1007\" data-end=\"1031\"><strong data-start=\"1007\" data-end=\"1030\">S\u00fa\u010das\u0165ou v\u00fdstavy s\u00fa<\/strong>:<\/p>\n<ul data-start=\"1032\" data-end=\"1182\">\n<li data-start=\"1032\" data-end=\"1066\">\n<p data-start=\"1034\" data-end=\"1066\">dobov\u00e9 kost\u00fdmy a m\u00f3dne doplnky<\/p>\n<\/li>\n<li data-start=\"1067\" data-end=\"1096\">\n<p data-start=\"1069\" data-end=\"1096\">portr\u00e9ty a umeleck\u00e9 diela<\/p>\n<\/li>\n<li data-start=\"1097\" data-end=\"1133\">\n<p data-start=\"1099\" data-end=\"1133\">replika versaillsk\u00fdch interi\u00e9rov<\/p>\n<\/li>\n<li data-start=\"1134\" data-end=\"1182\">\n<p data-start=\"1136\" data-end=\"1182\">audiovizu\u00e1lne prezent\u00e1cie o \u017eivote kr\u00e1\u013eovnej<\/p>\n<\/li>\n<\/ul>\n<p data-start=\"1184\" data-end=\"1233\"><img loading=\"lazy\" width=\"768\" height=\"512\" class=\"alignnone size-full wp-image-343640\" src=\"https:\/\/www.visitbratislava.com\/wp-content\/uploads\/2025\/07\/Marie-antoinette-vystava-2.jpg\" alt=\"\" srcset=\"https:\/\/www.visitbratislava.com\/wp-content\/uploads\/2025\/07\/Marie-antoinette-vystava-2.jpg 768w, https:\/\/www.visitbratislava.com\/wp-content\/uploads\/2025\/07\/Marie-antoinette-vystava-2-400x267.jpg 400w, https:\/\/www.visitbratislava.com\/wp-content\/uploads\/2025\/07\/Marie-antoinette-vystava-2-200x133.jpg 200w\" sizes=\"(max-width: 768px) 100vw, 768px\" \/><\/p>\n<p data-start=\"1184\" data-end=\"1233\"><strong data-start=\"1187\" data-end=\"1219\">Odpor\u00fa\u010dan\u00fd \u010das na prehliadku<\/strong>: cca 45 min\u00fat<\/p>\n<p><a class=\"cta-button\" href=\"https:\/\/snm-online.sk\/marie-antoinette-z-viedne-do-versailles-az-pod-gilotinu-rytierska-sien-bratislavskeho-hradu\/\" target=\"_blank\" rel=\"noopener\">Viac info<\/a><\/p>\n","protected":false},"excerpt":{"rendered":"<p>Pr\u00edbeh M\u00e1rie Antoinetty \u2013 od detstva vo Viedni a\u017e po tragick\u00fd koniec vo Versailles \u2013 o\u017e\u00edva v Rytierskej sieni Bratislavsk\u00e9ho hradu. Objavte v\u00fdstavu pln\u00fa kost\u00fdmov, obrazov a luxusu franc\u00fazskeho dvora.<\/p>\n","protected":false},"featured_media":343734,"template":"","acf":[],"event_date":{"start_date":1745971200,"end_date":1789603200},"_links":{"self":[{"href":"https:\/\/www.visitbratislava.com\/sk\/wp-json\/wp\/v2\/event\/343421"}],"collection":[{"href":"https:\/\/www.visitbratislava.com\/sk\/wp-json\/wp\/v2\/event"}],"about":[{"href":"https:\/\/www.visitbratislava.com\/sk\/wp-json\/wp\/v2\/types\/event"}],"version-history":[{"count":12,"href":"https:\/\/www.visitbratislava.com\/sk\/wp-json\/wp\/v2\/event\/343421\/revisions"}],"predecessor-version":[{"id":425582,"href":"https:\/\/www.visitbratislava.com\/sk\/wp-json\/wp\/v2\/event\/343421\/revisions\/425582"}],"wp:featuredmedia":[{"embeddable":true,"href":"https:\/\/www.visitbratislava.com\/sk\/wp-json\/wp\/v2\/media\/343734"}],"wp:attachment":[{"href":"https:\/\/www.visitbratislava.com\/sk\/wp-json\/wp\/v2\/media?parent=343421"}],"curies":[{"name":"wp","href":"https:\/\/api.w.org\/{rel}","templated":true}]}}