{"id":351372,"date":"2025-09-03T11:26:55","date_gmt":"2025-09-03T09:26:55","guid":{"rendered":"https:\/\/www.visitbratislava.com\/events\/bratislava-design-week-2025-premeny-2\/"},"modified":"2025-09-28T11:25:46","modified_gmt":"2025-09-28T09:25:46","slug":"bratislava-design-week-2025-premeny-2","status":"publish","type":"event","link":"https:\/\/www.visitbratislava.com\/sk\/podujatia\/bratislava-design-week-2025-premeny-2\/","title":{"rendered":"Bratislava Design Week 2025: Premena"},"content":{"rendered":"<p>Tohtoro\u010dn\u00fd Bratislava Design Week sa nesie v znamen\u00ed premien. Premie\u0148a sa intern\u00e1t na Svoradovej ulici \u2013 miesto s \u0165a\u017ekou minulos\u0165ou, ktor\u00e9 sa pod nov\u00fdm veden\u00edm sna\u017e\u00ed znovu n\u00e1js\u0165 svoj zmysel. Premie\u0148a sa aj umeleck\u00e1 sc\u00e9na \u2013 v \u010dase, ke\u010f sa u\u017e nem\u00f4\u017ee spolieha\u0165 na in\u0161tit\u00facie, je odk\u00e1zan\u00e1 na vlastn\u00fa odvahu a solidaritu.<\/p>\n<p>Festival vstupuje do priestorov, ktor\u00e9 v sebe nes\u00fa odtla\u010dky upadnut\u00fdch spolo\u010dnost\u00ed a syst\u00e9mov. No pr\u00e1ve tieto stopy sa st\u00e1vaj\u00fa podkladom pre nov\u00e9 pr\u00edbehy. V spleti stien, ktor\u00e9 si pam\u00e4taj\u00fa, sa otv\u00e1ra priestor pre s\u00fa\u010dasn\u00fd dizajn: ako sk\u00famanie, ako provok\u00e1ciu, ako mo\u017enos\u0165 znovuobjavi\u0165 \u017eivot v tom, \u010do sa zdalo by\u0165 zabudnut\u00e9.<\/p>\n<p>Bratislava Design Week 2025 tak nie je len v\u00fdstavou dizajnu. Je to cvi\u010denie v transform\u00e1cii \u2013 spolo\u010dnej, nekomfortnej, ale nevyhnutnej.<\/p>\n<p>Bratislava Design Week tento rok obsad\u00ed priestory intern\u00e1tu na Svoradovej ulici \u2013 miesta, ktor\u00e9 v posledn\u00fdch rokoch prech\u00e1dza n\u00e1ro\u010dnou transform\u00e1ciou. Svoradov, ako bol intern\u00e1t p\u00f4vodne naz\u00fdvan\u00fd, m\u00e1 za sebou bohat\u00fa a vrstevnat\u00fa minulos\u0165 \u2013 od obdobia \u201eNespor\u00e1ku\u201c a\u017e po s\u00fa\u010dasnos\u0165. Jeho pr\u00edbehy nes\u00fa spomienky gener\u00e1ci\u00ed \u0161tudentov a h\u013eadanie vlastnej identity.<\/p>\n<p>Pod nov\u00fdm veden\u00edm sa komplex usiluje o nov\u00e9 vyu\u017eitie svojich rozsiahlych priestorov v jadre Star\u00e9ho Mesta, na jednej z najkraj\u0161\u00edch ul\u00edc Bratislavy. V spolupr\u00e1ci s Bratislava Design Weekom sa Svoradov otvor\u00ed verejnosti ako miesto, ktor\u00e9 bude prem\u00fd\u0161\u013ea\u0165 o svojom potenci\u00e1li sta\u0165 sa priestorom stretnut\u00ed, dial\u00f3gu a otv\u00e1rania sa mestu \u2013 spolu so svojou komunitou stoviek \u0161tudentov, ktor\u00ed v \u0148om \u017eij\u00fa.<\/p>\n<p><strong>Program:<\/strong><\/p>\n<hr \/>\n<p><strong>Streda \u2013 24.9.2025<\/strong><\/p>\n<ul>\n<li>10:00 \u2013 <strong>Prezent\u00e1cia Rak\u00faskej skupiny Is Ok It<\/strong><br \/>\nDizajn, ktor\u00fd kladie ot\u00e1zky namiesto vytv\u00e1rania odpoved\u00ed<br \/>\n<strong>Miesto:<\/strong> Svoradova \u2013 Design Gym<\/li>\n<\/ul>\n<hr \/>\n<ul>\n<li>17:00 \u2013 <strong>Vernis\u00e1\u017e Modernista v \u010ceskom centre Bratislava<\/strong><br \/>\n<strong>Miesto:<\/strong> Parallel area \u2013 \u010cesk\u00e9 centrum Bratislava, Prepo\u0161tsk\u00e1 6<\/li>\n<\/ul>\n<hr \/>\n<ul>\n<li>18:00 \u2013 <strong>Grand Hotel BADW. Komentovan\u00e1 prehliadka v\u00fdstavy s kur\u00e1torkami \u013dubicou Hustou a Vierou Kleinovou<\/strong><br \/>\nGrand Hotel Bratislava Design Week uvedie n\u00e1v\u0161tevn\u00edctvo festivalu do hotelovej \u010dasti intern\u00e1tu Svoradov. T\u00e1to \u010das\u0165 budovy, otvoren\u00e1 v 20. rokoch 20. storo\u010dia a \u00fasporne revitalizovan\u00e1 po Ne\u017enej revol\u00facii, nesie \u0161pecifick\u00fa atmosf\u00e9ru hotelovej perif\u00e9rie. Element\u00e1rny interi\u00e9r so strohou \u00fa\u017eitkovou funkciou si na nieko\u013eko dn\u00ed prisvoja slovensk\u00ed dizajn\u00e9ri a dizajn\u00e9rky a infiltruj\u00fa do neho svoju tvorbu.<br \/>\n<strong>Miesto:<\/strong> Svoradova \u2013 Svoradov Grand Hotel<\/li>\n<\/ul>\n<hr \/>\n<ul>\n<li>18:30 \u2013 <strong>Komentovan\u00e1 prehliadka s hos\u0165ami CINEMA Parensi<\/strong><br \/>\nProjekt sa pohybuje na priese\u010dn\u00edku sc\u00e9nografie a kur\u00e1torstva pohybliv\u00e9ho obrazu. Vytv\u00e1ra priestorov\u00e9 in\u0161tal\u00e1cie, ktor\u00e9 pretv\u00e1raj\u00fa sp\u00f4sob, ak\u00fdm div\u00e1k za\u017e\u00edva kino \u2013 od kolekt\u00edvneho sledovania a\u017e po experiment\u00e1lne formy projekcie. Dizajn tu funguje ako transverz\u00e1lna discipl\u00edna: sp\u00e1ja architekt\u00faru, vizu\u00e1lne umenie a film, aby otvoril nov\u00e9 dial\u00f3gy medzi priestorom a obrazom.<br \/>\n<strong>Miesto:<\/strong> Svoradova \u2013 Design Gym<\/li>\n<\/ul>\n<hr \/>\n<ul>\n<li>19:00 \u2013 <strong><a href=\"https:\/\/goout.net\/cs\/pechakucha-night-bratislava-57-zbierky-narativov\/szeroay\/\">PechaKucha Night Bratislava 57: Zbierky narat\u00edvov<\/a><\/strong><br \/>\n<strong>Miesto:<\/strong> Svoradova \u2013 Svoradov Telocvi\u010d\u0148a<\/li>\n<\/ul>\n<hr \/>\n<p><strong>\u0160tvrtok \u2013 25.9.2025<\/strong><\/p>\n<hr \/>\n<ul>\n<li>15:00 \u2013 17:00 \u2013 <strong>Workshop FAD STU: Straten\u00e9 mravce<\/strong><br \/>\nBiodiverzita a zdrav\u00e9 ekosyst\u00e9my v urb\u00e1nnom prostred\u00ed prin\u00e1\u0161aj\u00fa \u017eivot do asfaltovo-bet\u00f3novej d\u017eungle mesta. Stromy poskytuj\u00fa pr\u00edjemn\u00fd tie\u0148, kvety svojimi farbami osvie\u017euj\u00fa dni a jesenn\u00fa n\u00e1ladu si bez \u017eltooran\u017eov\u00fdch odtie\u0148ov l\u00edstia \u0165a\u017eko predstavi\u0165. S\u00fa\u010das\u0165ou pestrosti pr\u00edrody je aj drobn\u00fd hmyz, bez ktor\u00e9ho tieto syst\u00e9my nem\u00f4\u017eu fungova\u0165.  Workshop pod veden\u00edm Martina Mjartana nadv\u00e4zuje na jeho dielo Straten\u00e9 mravce, ktor\u00e9 vo verejnom priestore upriamuje pozornos\u0165 na v\u00fdznam ekosyst\u00e9mov v meste. Treba neust\u00e1le pripom\u00edna\u0165, \u017ee aj \u013eudia s\u00fa s\u00fa\u010das\u0165ou biodiverzity pr\u00edrody a bez nej s\u00fa straten\u00ed. Na workshope dostan\u00fa n\u00e1v\u0161tevn\u00edci mo\u017enos\u0165 vyrobi\u0165 si vlastn\u00fdch mravcov pomocou ve\u013emi tradi\u010dn\u00e9ho m\u00e9dia \u2013 dr\u00f4tu. Pripomen\u00fa p\u00f4vod i metaforu, \u017ee \u013eudia s\u00fa tie\u017e s\u00fa\u010das\u0165ou ve\u013ek\u00e9ho mraveniska a ka\u017ed\u00fd de\u0148 kooperuj\u00fa s ostatn\u00fdmi \u201emravcami\u201c.<br \/>\n<strong>Miesto:<\/strong> Svoradova \u2013 park Svoradova<\/li>\n<\/ul>\n<hr \/>\n<ul>\n<li>17:00 \u2013 <strong><a href=\"https:\/\/goout.net\/cs\/design-safari-badw-x-how-i-met-my-architect\/szledby\/\">Design Safari BADW x How I Met My Architect<\/a><\/strong><br \/>\n<strong>Miesto:<\/strong> Svoradov intern\u00e1t a okolie Bratislavy<\/li>\n<\/ul>\n<hr \/>\n<ul>\n<li>17:00 \u2013 <strong>Typospot | Nikoleta Dekanov\u00e1: [insulation] Vernis\u00e1\u017e<\/strong><br \/>\n[insulation] sk\u00fama pocity osamelosti a izol\u00e1cie, ktor\u00e9 s\u00fa v s\u00fa\u010dasnosti pre mlad\u00fdch \u013eud\u00ed ve\u013emi be\u017en\u00e9. Tieto pocity \u010dasto pramenia z tlaku pod\u00e1va\u0165 v\u00fdkon, \u010di u\u017e zo strany \u0161koly, pr\u00e1ce alebo zo soci\u00e1lnych siet\u00ed. Izol\u00e1cia (insulation) je vrstva, vytvoren\u00e1 ako ochrana pred vonkaj\u0161\u00edm svetom. A ako ka\u017ed\u00e1 poriadna izol\u00e1cia, aj t\u00e1to bude na fas\u00e1de.<br \/>\n<strong>Miesto:<\/strong> Parallel area \u2013 Zichyho pal\u00e1c, bo\u010dn\u00e1 fas\u00e1da, Prepo\u0161tsk\u00e1 ulica<\/li>\n<\/ul>\n<hr \/>\n<ul>\n<li>17:00 \u2013 <strong>Jana Machatov\u00e1: Everyday Stories. Komentovan\u00e1 prehliadka so \u0161perk\u00e1rkou Janou Machatovou<\/strong><br \/>\nV\u00fdstava Everyday Stories prezentuje cyklus autorsk\u00fdch \u0161perkov, ktor\u00e9 vo\u013ene nadv\u00e4zuj\u00fa na predch\u00e1dzaj\u00facu pr\u00e1cu autorky. Zameriava sa na zobrazenie \u017eeny a jej sveta, jej pre\u017e\u00edvania ka\u017edodennosti, na repetit\u00edvnos\u0165 be\u017en\u00fdch \u010dinnost\u00ed. Prostredn\u00edctvom \u0161perku ako neverb\u00e1lneho komunika\u010dn\u00e9ho prostriedku je vyjadrovan\u00e1 \u0161ir\u0161ia spolo\u010densk\u00e1 t\u00e9ma na b\u00e1ze osobn\u00e9ho pr\u00edbehu jednotlivca.<br \/>\n<strong>Miesto:<\/strong> Parallel area  \u2013 Gal\u00e9ria \u010cin \u010cin, Podjavorinskej 4A<\/li>\n<\/ul>\n<hr \/>\n<ul>\n<li>18:00 \u2013 <strong>Power to Renovation. Diskusia o neb\u00faran\u00ed a obnove budov, premietanie filmu Power to Renovation s Adamom Gajdo\u0161om<\/strong><br \/>\nNeb\u00faranie a obnova budov sa st\u00e1vaj\u00fa najhor\u00facej\u0161\u00edmi t\u00e9mami architektonickej debaty v Eur\u00f3pe. Eur\u00f3pska ob\u010dianska iniciat\u00edva House Europe! vol\u00e1 po zastaven\u00ed \u0161pekulat\u00edvnych demol\u00edci\u00ed a zjednodu\u0161en\u00ed obnovovania existuj\u00facich stavieb. Event pozost\u00e1va z premietania filmu Power to renovation! a diskusie s architekt(k)ami so sk\u00fasenos\u0165ou s rekon\u0161trukciou stavieb vo viacer\u00fdch mierkach.<br \/>\n<strong>Miesto:<\/strong> Svoradova \u2013 Svoradov byt<\/li>\n<\/ul>\n<hr \/>\n<ul>\n<li>18:00 \u2013 <strong>Brot: Uvedenie knihy Catalogue of endings (How to End Things) s autormi knihy: Martin Jen\u010da a Katar\u00edna Polia\u010dikov\u00e1<\/strong><br \/>\n(Po\u010das festivalu BADW v BROT plat\u00ed z\u013eava 5 % pre n\u00e1v\u0161tevn\u00edkov BADW s p\u00e1skou)<br \/>\n<strong>Miesto:<\/strong> Parallel area \u2013 Brot, Panensk\u00e1 32<\/li>\n<\/ul>\n<hr \/>\n<ul>\n<li>18:00 \u2013 <strong>Prototypy a vizualiz\u00e1cie 2025. Priemyseln\u00fd, grafick\u00fd a priestorov\u00fd dizajn, \u0160kola dizajnu \u2014 S\u0160UP B. Ba\u010du. Vernis\u00e1\u017e<\/strong><br \/>\nNa v\u00fdstave sa predstav\u00ed v\u00fdber pr\u00e1c maturantov \u0160koly dizajnu z odborov Priemyseln\u00fd dizajn a Grafick\u00fd a priestorov\u00fd dizajn. N\u00e1v\u0161tevn\u00edci uvidia napr\u00edklad prototypy funk\u010dn\u00fdch objektov, experiment\u00e1lny n\u00e1bytok, rie\u0161enia mestsk\u00e9ho mobili\u00e1ru \u010di n\u00e1vrhy in\u00fdch objektov. V \u010dasti venovanej grafick\u00e9mu a priestorov\u00e9mu dizajnu sa m\u00f4\u017eu te\u0161i\u0165 na autorsk\u00e9 vizu\u00e1lne identity, koncepty v\u00fdstavn\u00fdch in\u0161tal\u00e1ci\u00ed, priestorov\u00e9 modely a projekty zameran\u00e9 na vizu\u00e1lnu komunik\u00e1ciu vo verejnom priestore. Projekty, vzniknut\u00e9 pod veden\u00edm sk\u00fasen\u00fdch pedag\u00f3gov, reaguj\u00fa na aktu\u00e1lne v\u00fdzvy s\u00fa\u010dasn\u00e9ho dizajnu. V\u00fdstava je pr\u00edle\u017eitos\u0165ou nahliadnu\u0165 do ateli\u00e9rov, kde sa rod\u00ed bud\u00facnos\u0165 dizajnu, a za\u017ei\u0165 energiu tvorby, ktor\u00e1 prekra\u010duje hranice \u0161koly.<br \/>\n<strong>Miesto:<\/strong> Parallel area \u2013 Amandari Reduta, N\u00e1mestie Eugena Sucho\u0148a 1<\/li>\n<\/ul>\n<hr \/>\n<p><strong>Piatok \u2013 26.9.2025<\/strong><\/p>\n<hr \/>\n<ul>\n<li>11:00 \u2013 <strong>Ateli\u00e9r experimentaln\u00e9ho dizajnu V\u0160VU. Komentovan\u00e1 prehliadka pre stredn\u00e9 \u0161koly<\/strong><br \/>\nPrezent\u00e1cia projektov vo v\u00fdstave.<br \/>\n<strong>Miesto:<\/strong> Svoradova \u2013 Svoradov<\/li>\n<\/ul>\n<hr \/>\n<ul>\n<li>14:00 \u2013 18:00 \u2013 <strong>Finis\u00e1\u017e v\u00fdstavy Otvoren\u00fd ateli\u00e9r \u00da\u013dUV<\/strong><br \/>\nOd 14:00 prezent\u00e1cia konceptu Otvoren\u00e9ho ateli\u00e9ru \u00da\u013dUV s Dianou N\u00e9methovou, riadite\u013ekou \u00faseku odborn\u00fdch \u010dinnost\u00ed \u00da\u013dUV, na ktor\u00fa nadvia\u017ee otvoren\u00e1 diskusia k t\u00e9me.<br \/>\n<strong>Miesto:<\/strong> Parallel Area, Dizajn \u0161t\u00fadio \u00da\u013dUV, Dobrovi\u010dov\u00e1 13<\/li>\n<\/ul>\n<hr \/>\n<ul>\n<li>14:00 \u2013 <strong>Juraj Marth: Nie je \u013eahostajn\u00e9, ak\u00e9 pr\u00edbehy rozpr\u00e1vame. Komentovan\u00e1 prehliadka v\u00fdstavy s kur\u00e1torkou Vierou Kleinovou<\/strong><br \/>\nMnoho z diel keramika, soch\u00e1ra a dizajn\u00e9ra Juraja Martha (1939 \u2013 2019) sa dnes u\u017e vo verejnom priestore nen\u00e1jdu. Hoci patril k t\u00fdm (spolu s Imrichom Vanekom a Jozefom Su\u0161ienkom), ktor\u00ed v \u0148om od konca 60. rokov 20. storo\u010dia vyzna\u010dili siln\u00fa keramick\u00fa stopu. O jeho tvorbe s kur\u00e1torkou Vierou Kleinovou.<br \/>\n<strong>Miesto:<\/strong> Svoradova  \u2013 Svoradov Grand Hotel<\/li>\n<\/ul>\n<hr \/>\n<ul>\n<li>14:00 \u2013 <strong>Koncept magaz\u00edn. Diskusia a uvedenie nov\u00e9ho \u010d\u00edsla na t\u00e9mu drevo.<br \/>\nUv\u00e1dza: \u0161\u00e9fredaktorka Zuzana Pastir\u010d\u00e1k Duchov\u00e1.<\/strong><br \/>\nPavol Pokorn\u00fd vysvet\u013euje, ako nezosta\u0165 v uva\u017eovan\u00ed na mieste a nepod\u013eahn\u00fa\u0165 greenwashingu. Veronika Kotradyov\u00e1 (FAD STU) predstav\u00ed v\u00fdskum o dizajne z dreva vo vz\u0165ahu k \u010dloveku. Nikola Beim nadv\u00e4zuje zamyslen\u00edm o tom, ako obnovova\u0165 pamiatky. Predstavia sa tri realiz\u00e1cie a dva koncepty tiny houses \u2013 Dom seniorov od ateli\u00e9ru Stoa, administrat\u00edvna budova Vojensk\u00fdch lesov a majetkov SR od Domesi Slovensko, rodinn\u00fd dom od ateli\u00e9ru \u0160ercel \u0160vec, Faircraft a Ark-shelter. Karol\u00edna Pl\u00e1\u0161kov\u00e1 sa pri pr\u00edle\u017eitosti jeho pra\u017eskej n\u00e1v\u0161tevy porozpr\u00e1vala s riadite\u013eom M\u00fazea architekt\u00fary v Mn\u00edchove Andresom Lepikom. Za\u010dalo sa Bienn\u00e1le architekt\u00fary v Ben\u00e1tkach a magaz\u00edn bol pri tom. Okrem v\u0161eobecn\u00e9ho zhodnotenia prin\u00e1\u0161a aj postrehy vystavuj\u00faceho Jozefa Ol\u0161avsk\u00e9ho. Detail: Woven, Skica: Michal Bog\u00e1r, Model: Vertik\u00e1lny ateli\u00e9r Gregor Varga Smatanov\u00e1, \u0160ufl\u00edk: 2021 architekti. Nov\u00e9 \u010d\u00edslo uvedie \u0161\u00e9fredaktorka Zuzana Pastir\u010d\u00e1k Duchov\u00e1.<br \/>\n<strong>Miesto:<\/strong> Svoradova \u2013 Svoradov Telocvi\u010d\u0148a<\/li>\n<\/ul>\n<hr \/>\n<ul>\n<li>16:00 \u2013 17:45 \u2013 <strong>Open Architectural Studios Tour. Komentovan\u00e1 n\u00e1v\u0161teva architektonick\u00fdch ateli\u00e9rov s Adamom Gajdo\u0161om<\/strong><br \/>\nAko vyzeraj\u00fa ateli\u00e9ry, v ktor\u00fdch sa navrhuje priestor? Okolie tohtoro\u010dn\u00e9ho Bratislava Design Weeku je bohat\u00e9 na viacer\u00e9 architektonick\u00e9 \u0161t\u00fadi\u00e1 Bratislavy, ktor\u00e9 s\u00fa z povahy veci m\u00e1lo pr\u00edstupn\u00e9 verejnosti. Do priestorov WHAT Architects, Sadovsky &amp; architects a Studen\u00fd architekti sa nazrie, pribl\u00ed\u017ei sa ich architektonick\u00e1 tvorba a zodpovie sa na ot\u00e1zku, ktor\u00e1 je polo\u017een\u00e1 na za\u010diatku anot\u00e1cie.<br \/>\n<strong>Miesto:<\/strong> Svoradova ulica a okolie<\/li>\n<\/ul>\n<hr \/>\n<ul>\n<li>17:00 \u2013 <strong>Neuchopen\u00e1 keramika: O s\u00fa\u010dasn\u00fdch trendoch v keramike. Diskusia s Davidom a \u0160imonom Valovi\u010dovcami<\/strong><br \/>\n\u010co sp\u00e1ja cestoviny, tehly a keramick\u00e9 hrn\u010deky Mugzzz? Odpove\u010f pon\u00fakne diskusia s bratsk\u00fdm umelecko-dizajn\u00e9rskym duom D\u00e1vidom a \u0160imonom Valovi\u010dovcami. Predstavia svoju s\u00e9riu Mugzzz a pribl\u00ed\u017eia tvoriv\u00fd proces \u2013 od vyu\u017eitia technol\u00f3gie extrudovania hliny a\u017e po jedine\u010dn\u00e9 u\u0161ko, ktor\u00e9 inovuje tradi\u010dn\u00fd \u00fachop \u0161\u00e1lky. Diskusia sa dotkne s\u00fa\u010dasn\u00fdch trendov v keramike, toho, ako dizajn vie polarizova\u0165 \u010di pobavi\u0165, a pre\u010do sa oplat\u00ed h\u013eada\u0165 hravos\u0165 v predmetoch, ktor\u00e9 denne pou\u017e\u00edvame. N\u00e1v\u0161tevn\u00edci sa m\u00f4\u017eu zapoji\u0165 do diskusie a tie\u017e si zak\u00fapi\u0165 si hrn\u010dek Mugzzz na mieste.<br \/>\n<strong>Miesto:<\/strong> Parallel area \u2013 K\u00fat.museum shop, M\u00fazeum mesta Bratislavy, Primaci\u00e1lne n\u00e1m. 3<\/li>\n<\/ul>\n<hr \/>\n<p><strong>Sobota \u2013 27.9.2025<\/strong><\/p>\n<hr \/>\n<ul>\n<li>11:00 \u2013 <strong>Workshop Transformer s dizajn\u00e9rkou Jarkou Labudovou<\/strong><br \/>\nWorkshop s Jarkou Labudovou vtiahne do m\u00e4kku\u010dk\u00e9ho sveta ply\u0161\u00e1kov. V r\u00e1mci otvoren\u00e9ho workshopu je mo\u017en\u00e9 si prinies\u0165 vlastn\u00e9ho ply\u0161ak\u00e1, alebo si vybra\u0165 z ply\u0161\u00e1kov v ponuke a premeni\u0165 ich pod veden\u00edm lektorky a lektora pod\u013ea vlastn\u00fdch predst\u00e1v. Workshop je ur\u010den\u00fd pre v\u0161etky vekov\u00e9 kateg\u00f3rie. Na mieste bude \u010daka\u0165 s\u00e9ria predpripraven\u00fdch l\u00e1tkov\u00fdch postavi\u010diek, je na \u00fa\u010dastn\u00edctve ako sa rozhodne ich transformova\u0165.<br \/>\n<strong>Miesto:<\/strong> Svoradova \u2013 Park Svoradova<\/li>\n<\/ul>\n<hr \/>\n<ul>\n<li>14:00 \u2013 <strong>Workshop \u00da\u013dUV x BADW Zme\u0148 dr\u00f4t<\/strong><br \/>\n<strong>Miesto:<\/strong> Svoradova \u2013 Park Svoradova<\/li>\n<\/ul>\n<hr \/>\n<ul>\n<li>16:00 \u2013 <strong>Diskusia FAD STU. Od hmoty ku k\u00f3du: Ako sa men\u00ed originalita dizajnu v prechode od fyzick\u00e9ho remesla k digit\u00e1lnym technol\u00f3gi\u00e1m?, moderuje: Eva Polg\u00e1ryov\u00e1<\/strong><br \/>\nAko sa odli\u0161ne prejavuje originalita v autorskom dizajne, ke\u010f ju formuje bu\u010f fyzick\u00fd kontakt s materi\u00e1lom a remeseln\u00fd proces, alebo pr\u00e1ca v digit\u00e1lnom prostred\u00ed, ovplyvnen\u00e1 algoritmami a umelou inteligenciou? Diskusia predstavuje konfront\u00e1ciu dvoch autorsk\u00fdch pr\u00edstupov, ktor\u00e9 reprezentuj\u00fa odli\u0161n\u00e9 polohy s\u00fa\u010dasnej dizajn\u00e9rskej praxe. D\u00e1vid Valovi\u010d, absolvent pra\u017eskej UMPRUM, umelec a dizajn\u00e9r, sa vo svojej tvorbe venuje preva\u017ene keramike, porcel\u00e1nu a sklu. Jeho pr\u00edstup je zakotven\u00fd v anal\u00f3gov\u00fdch postupoch a remeselnej trad\u00edcii, pri\u010dom sa s\u00fastre\u010fuje na experimentovanie s materi\u00e1lom a h\u013eadanie origin\u00e1lnych rie\u0161en\u00ed a mo\u017enost\u00ed. Lea Turz\u00e1kov\u00e1, extern\u00e1 doktorandka \u00dastavu dizajnu Fakulty architekt\u00fary a dizajnu STU a UX dizajn\u00e9rka p\u00f4sobiaca v spolo\u010dnosti \u0160koda Auto, naopak reflektuje dizajn v kontexte digit\u00e1lnych technol\u00f3gi\u00ed a umelej inteligencie. V oblasti User Experience (UX) dizajnu sa zameriava na tvorbu pou\u017e\u00edvate\u013esk\u00fdch rozhran\u00ed s d\u00f4razom na intuit\u00edvnos\u0165, funk\u010dnos\u0165 a zrozumite\u013enos\u0165 v r\u00e1mci digit\u00e1lnych produktov a slu\u017eieb.<br \/>\n<strong>Miesto:<\/strong> Svoradova \u2013 Park Svoradova<\/li>\n<\/ul>\n<hr \/>\n<ul>\n<li>16:00 \u2013 18:00 \u2013 <strong>DJ Set Diana Paulova<\/strong><br \/>\n<strong>Miesto:<\/strong> Svoradova \u2013 Park Svoradova<\/li>\n<\/ul>\n<hr \/>\n<ul>\n<li>17:00 \u2013 <strong>Diskusia: Reprezent\u00e1cia, \u0160tefan Sek\u00e1\u010d, Silvia Sukopov\u00e1, moder\u00e1tor: Omar Mirza<\/strong><br \/>\nSlovensk\u00fd dizajn v medzin\u00e1rodnej s\u00fa\u0165a\u017ei. Ako sa mu dar\u00ed a ako sa dosta\u0165 do kvalifik\u00e1cie, kto s\u00fa rozhodcovia a kde s\u00fa fan\u00fa\u0161ikovia?<br \/>\n<strong>Miesto:<\/strong> Svoradova \u2013 Park Svoradova<\/li>\n<\/ul>\n<hr \/>\n<ul>\n<li>17:00 \u2013 <strong>Mlad\u00e1 architekt\u00fara. Diskusia s Adamom Gajdo\u0161om<\/strong><br \/>\nAk\u00e9 je to zalo\u017ei\u0165 si vlastn\u00fd ateli\u00e9r a postavi\u0165 sa na vlastn\u00e9 nohy? Bratislava za\u017e\u00edva v posledn\u00fdch rokoch vzostup nov\u00fdch ateli\u00e9rov mladej gener\u00e1cie. Diskusia s jej \u010dlenmi a \u010dlenkami pribl\u00ed\u017ei ich projekty, ktor\u00e9 maj\u00fa za sebou, v\u00fdzvy, ktor\u00fdm musia \u010deli\u0165 a sp\u00f4sob, ak\u00fdm uva\u017euj\u00fa o tvorbe priestorov.<br \/>\n<strong>Miesto:<\/strong> Svoradova \u2013 Svoradov Byt<\/li>\n<\/ul>\n<hr \/>\n<ul>\n<li>18:00 \u2013 <strong>BADW Awards<\/strong><br \/>\nSl\u00e1vnostn\u00e9 vyhl\u00e1senie v\u00ed\u0165azov. Medzin\u00e1rodn\u00e1 porota vyber\u00e1 najinovat\u00edvnej\u0161ie projekty BADW.<br \/>\n<strong>Miesto:<\/strong> Svoradova \u2013 Park Svoradova<\/li>\n<\/ul>\n<hr \/>\n<p><strong>Nede\u013ea \u2013 28.9.2025<\/strong><\/p>\n<hr \/>\n<ul>\n<li>11:00 \u2013 <strong>Workshop Radical Upcycle registr\u00e1cia<\/strong><br \/>\n<strong>Miesto:<\/strong> Svoradova \u2013 Park Svoradova<\/li>\n<\/ul>\n<hr \/>\n<ul>\n<li>15:00 \u2013 16:00 \u2013 <strong>Damir Demovi\u010d a hostia: \u010comu \u010del\u00ed Gener\u00e1cia Z v dizajne? Radosti a \u00faskalia, peklo aj raj.<\/strong><br \/>\n<strong>Miesto:<\/strong> Svoradova \u2013 Park Svoradova<\/li>\n<\/ul>\n<hr \/>\n<ul>\n<li>16:00 \u2013 <strong>Modelov\u00fd pr\u00edklad Juraj Marth. Transform\u00e1cie vz\u0165ahu spolo\u010dnosti a umenia vo verejnom priestore. Diskusia.<\/strong><br \/>\nMnoho z diel keramika, soch\u00e1ra a dizajn\u00e9ra Juraja Martha (1939 \u2013 2019) dnes u\u017e vo verejnom priestore neuvid\u00edte. Hoci patril k t\u00fdm (spolu s Imrichom Vanekom a Jozefom Su\u0161ienkom), ktor\u00ed v \u0148om od konca 60. rokov 20. storo\u010dia vyzna\u010dili siln\u00fa keramick\u00fa stopu. Ak\u00fd je \u017eivot diel v meniacich sa spolo\u010densk\u00fdch a hodnotov\u00fdch r\u00e1mcoch. Je ich z\u00e1nik prirodzenou s\u00fa\u010das\u0165ou? Ak nie, ako ich vieme chr\u00e1ni\u0165?<br \/>\nHostia diskusie: Viera Kleinov\u00e1, Peter Kr\u0161\u00e1k, Peter Koska<br \/>\nModeruje: \u013dubica Hust\u00e1<br \/>\n<strong>Miesto:<\/strong> Svoradova \u2013 Park Svoradova<\/li>\n<\/ul>\n<hr \/>\n<p><strong>Po\u010das cel\u00e9ho festivalu:<\/strong><\/p>\n<hr \/>\n<ul>\n<li><strong>Kompot<\/strong> \u2013 V obchod\u00edku Kompot n\u00e1jdu n\u00e1v\u0161tevn\u00edci festivalu BADW z\u013eavy na vybran\u00fd tovar pre n\u00e1v\u0161tevn\u00edkov BADW s p\u00e1skou.<br \/>\n<strong>Miesto:<\/strong> Parallel area \u2013 KOMPOT,  Panensk\u00e1 30<\/li>\n<\/ul>\n<hr \/>\n<ul>\n<li><strong>Miriam Tich\u00e1: Dualita 2<\/strong> \u2013 Po\u010das cel\u00e9ho festivalu BADW si n\u00e1v\u0161tevn\u00edci kn\u00edhkupectva Artforum m\u00f4\u017eu pozrie\u0165 v\u00fdstavu s n\u00e1zvom Miriam Tich\u00e1: Dualita 2.<br \/>\n<strong>Miesto:<\/strong> Parallel area \u2013 Artforum, Kozia 20<\/li>\n<\/ul>\n<hr \/>\n<ul>\n<li><strong>Dizajn \u0161t\u00fadio \u00da\u013dUV<\/strong> \u2013 Otvoren\u00fd ateli\u00e9r \u00da\u013dUV. V\u00fdstava pred\u013a\u017een\u00e1 po\u010das trvania festivalu BADW<br \/>\n<strong>Miesto:<\/strong> Parallel area \u2013 Dobrovi\u010dov\u00e1 13<\/li>\n<\/ul>\n<hr \/>\n<ul>\n<li><strong>Nao x Henrich Ban\u00e1\u0161: Zrkadlenia<\/strong> \u2013 In\u0161tal\u00e1cia keramiky vo v\u00fdklade ateli\u00e9ru NAO po\u010das cel\u00e9ho festivalu BADW<br \/>\n<strong>Miesto:<\/strong> Parallel area \u2013 Panensk\u00e1 ulica<\/li>\n<\/ul>\n<hr \/>\n<ul>\n<li><strong>SAO Optika<\/strong> \u2013 In\u0161tal\u00e1cia vo v\u00fdklade predajne SAO<br \/>\n<strong>Miesto:<\/strong> Parallel area SAO Optika, Palis\u00e1dy 736\/46<\/li>\n<\/ul>\n<hr \/>\n<ul>\n<li><strong>K\u00fat.museum shop<\/strong> \u2013 In\u0161tal\u00e1cia dizajnov\u00fdch predmetov bratsk\u00e9ho umelecko-dizajn\u00e9rskeho dua D\u00e1vida a \u0160imona Valovi\u010dovcov s mo\u017enos\u0165ou zak\u00fapenia hrn\u010dekov Mugzzz<br \/>\n<strong>Miesto:<\/strong> Parallel area \u2013 K\u00fat.museum shop, M\u00fazeum mesta Bratislavy, Primaci\u00e1lne n\u00e1m. 3<\/li>\n<\/ul>\n<hr \/>\n<p>V pr\u00edpade zl\u00e9ho po\u010dasia sa program pres\u00fava do Intern\u00e1t Svoradov do telocvi\u010dne.<\/p>\n","protected":false},"excerpt":{"rendered":"<p>Tohtoro\u010dn\u00fd Bratislava Design Week sa nesie v znamen\u00ed premien. Premie\u0148a sa intern\u00e1t na Svoradovej ulici \u2013 miesto s \u0165a\u017ekou minulos\u0165ou, ktor\u00e9 sa pod nov\u00fdm veden\u00edm sna\u017e\u00ed znovu n\u00e1js\u0165 svoj zmysel. Premie\u0148a sa aj umeleck\u00e1 sc\u00e9na \u2013 v \u010dase, ke\u010f sa u\u017e nem\u00f4\u017ee spolieha\u0165 na in\u0161tit\u00facie, je odk\u00e1zan\u00e1 na vlastn\u00fa odvahu a solidaritu. Festival vstupuje do [&hellip;]<\/p>\n","protected":false},"featured_media":0,"template":"","acf":[],"event_date":{"start_date":1758672000,"end_date":1759017600},"_links":{"self":[{"href":"https:\/\/www.visitbratislava.com\/sk\/wp-json\/wp\/v2\/event\/351372"}],"collection":[{"href":"https:\/\/www.visitbratislava.com\/sk\/wp-json\/wp\/v2\/event"}],"about":[{"href":"https:\/\/www.visitbratislava.com\/sk\/wp-json\/wp\/v2\/types\/event"}],"version-history":[{"count":4,"href":"https:\/\/www.visitbratislava.com\/sk\/wp-json\/wp\/v2\/event\/351372\/revisions"}],"predecessor-version":[{"id":363379,"href":"https:\/\/www.visitbratislava.com\/sk\/wp-json\/wp\/v2\/event\/351372\/revisions\/363379"}],"wp:attachment":[{"href":"https:\/\/www.visitbratislava.com\/sk\/wp-json\/wp\/v2\/media?parent=351372"}],"curies":[{"name":"wp","href":"https:\/\/api.w.org\/{rel}","templated":true}]}}