{"id":37048,"date":"2017-10-24T09:23:37","date_gmt":"2017-10-24T07:23:37","guid":{"rendered":"https:\/\/www.visitbratislava.com\/?post_type=event&#038;p=37048\/"},"modified":"2019-01-17T13:21:24","modified_gmt":"2019-01-17T12:21:24","slug":"matej-kren","status":"publish","type":"event","link":"https:\/\/www.visitbratislava.com\/sk\/podujatia\/matej-kren\/","title":{"rendered":"Matej Kr\u00e9n"},"content":{"rendered":"<p>Dielo Mateja Kr\u00e9na (nar. 1958) je nezamenite\u013en\u00e9 mimoriadnym tvoriv\u00fdm rozp\u00e4t\u00edm. V\u00a0ostatn\u00fdch rokoch up\u00fatal na seba pozornos\u0165 vyhranen\u00fdm pr\u00edstupom k\u00a0soche, objektu, in\u0161tal\u00e1cii, kresbe, grafike, ma\u013ebe, ak\u010dn\u00e9mu umeniu, k\u00a0filmu, hudbe, zvuku a\u00a0slovu na mnoh\u00fdch prest\u00ed\u017enych svetov\u00fdch prehliadkach umenia. Jeho in\u0161tal\u00e1cia Pas\u00e1\u017e sa stala ikonick\u00fdm dielom Gal\u00e9rie mesta Bratislavy. Na v\u00fdstave bud\u00fa prezentovan\u00e9 niektor\u00e9 jeho doposia\u013e na Slovensku nevystaven\u00e9 diela, ale aj viacer\u00e9 projekty realizovan\u00e9 priamo pre priestory P\u00e1lffyho pal\u00e1ca. Vzh\u013eadom na technick\u00fa zlo\u017eitos\u0165 a\u00a0sugest\u00edvnos\u0165 jeho projektov sa jedn\u00e1 o\u00a0 mimoriadne fascinuj\u00facu, najn\u00e1ro\u010dnej\u0161iu v\u00fdstavu v\u00a0hist\u00f3rii Gal\u00e9rie mesta Bratislavy.<\/p>\n","protected":false},"excerpt":{"rendered":"<p>Dielo Mateja Kr\u00e9na (nar. 1958) je nezamenite\u013en\u00e9 mimoriadnym tvoriv\u00fdm rozp\u00e4t\u00edm. V\u00a0ostatn\u00fdch rokoch up\u00fatal na seba pozornos\u0165 vyhranen\u00fdm pr\u00edstupom k\u00a0soche, objektu, in\u0161tal\u00e1cii, kresbe, grafike, ma\u013ebe, ak\u010dn\u00e9mu umeniu, k\u00a0filmu, hudbe, zvuku a\u00a0slovu na mnoh\u00fdch prest\u00ed\u017enych svetov\u00fdch prehliadkach umenia. Jeho in\u0161tal\u00e1cia Pas\u00e1\u017e sa stala ikonick\u00fdm dielom Gal\u00e9rie mesta Bratislavy. Na v\u00fdstave bud\u00fa prezentovan\u00e9 niektor\u00e9 jeho doposia\u013e na Slovensku [&hellip;]<\/p>\n","protected":false},"featured_media":37059,"template":"","acf":[],"event_date":{"start_date":1536019200,"end_date":1553990400},"_links":{"self":[{"href":"https:\/\/www.visitbratislava.com\/sk\/wp-json\/wp\/v2\/event\/37048"}],"collection":[{"href":"https:\/\/www.visitbratislava.com\/sk\/wp-json\/wp\/v2\/event"}],"about":[{"href":"https:\/\/www.visitbratislava.com\/sk\/wp-json\/wp\/v2\/types\/event"}],"version-history":[{"count":0,"href":"https:\/\/www.visitbratislava.com\/sk\/wp-json\/wp\/v2\/event\/37048\/revisions"}],"wp:featuredmedia":[{"embeddable":true,"href":"https:\/\/www.visitbratislava.com\/sk\/wp-json\/wp\/v2\/media\/37059"}],"wp:attachment":[{"href":"https:\/\/www.visitbratislava.com\/sk\/wp-json\/wp\/v2\/media?parent=37048"}],"curies":[{"name":"wp","href":"https:\/\/api.w.org\/{rel}","templated":true}]}}