{"id":374900,"date":"2025-11-13T10:59:14","date_gmt":"2025-11-13T09:59:14","guid":{"rendered":"https:\/\/www.visitbratislava.com\/events\/radovan-cerevka-rekvizitaren-hrdinov-2\/"},"modified":"2026-04-24T11:25:43","modified_gmt":"2026-04-24T09:25:43","slug":"radovan-cerevka-rekvizitaren-hrdinov-2","status":"publish","type":"event","link":"https:\/\/www.visitbratislava.com\/sk\/podujatia\/radovan-cerevka-rekvizitaren-hrdinov-2\/","title":{"rendered":"Radovan \u010cerevka: Rekvizit\u00e1re\u0148 hrdinov"},"content":{"rendered":"<p><strong>V\u00fdstava predstavuje v\u00fdsledky dlhodob\u00e9ho umeleck\u00e9ho v\u00fdskumu b\u00fdval\u00fdch vojensk\u00fdch priestorov. Prostredn\u00edctvom vide\u00ed, in\u0161tal\u00e1ci\u00ed, objektov a\u202fobrazov Radovan \u010cerevka reflektuje a komentuje premeny funkci\u00ed, vyu\u017e\u00edvania a vn\u00edmania \u0161pecifickej kult\u00farnej krajiny.<\/strong><\/p>\n<p>V\u00fdstava Rekvizit\u00e1re\u0148 hrdinov predstavuje v\u00fdsledky dlhodob\u00e9ho autorsk\u00e9ho umeleck\u00e9ho v\u00fdskumu zameran\u00e9ho na b\u00fdval\u00e9 i\u202fs\u00fa\u010dasn\u00e9 vojensk\u00e9 priestory na Slovensku i\u202fv \u010cech\u00e1ch. Prostredn\u00edctvom komplexnej a\u202fmultimedi\u00e1lnej in\u0161tal\u00e1cie s\u00faboru vide\u00ed, objektov a\u202fobrazov Radovan \u010cerevka reflektuje a komentuje premeny funkci\u00ed, vyu\u017e\u00edvania a vn\u00edmania \u0161pecifickej kult\u00farnej krajiny. V\u202fsledovan\u00fdch lokalit\u00e1ch, utv\u00e1ran\u00fdch nap\u00e4t\u00edm medzi p\u00f4vodn\u00fdm militaristick\u00fdm vyu\u017eit\u00edm a\u202fs\u00fa\u010dasn\u00fdmi adapt\u00e1ciami na nov\u00e9 \u00fa\u010dely, autor odkr\u00fdva pam\u00e4\u0165ov\u00e9 stopy a\u202fvyhodnocuje zlo\u017eit\u00e9 interakcie pr\u00edrody, n\u00e1v\u0161tevn\u00edkov a\u202fvojenskej techniky.<\/p>\n<p>B\u00fdval\u00e9 vojensk\u00e9 z\u00f3ny sformovali nielen ojedinel\u00fd biotop s\u202fprekvapuj\u00facimi vplyvmi vojenskej aktivity na faunu a\u202ffl\u00f3ru, ale z\u00e1rove\u0148 s\u00fa aj hybridn\u00fdmi miestami koncentrovanej imagin\u00e1cie. Ich podoba a\u202fp\u00f4vodn\u00e9 i\u202fdruhotn\u00e9 vyu\u017e\u00edvanie boli formovan\u00e9 r\u00f4znorod\u00fdmi predstavami a predsudkami o\u202fvojensk\u00fdch konfliktoch, ich simul\u00e1cii, hrdinstve, dobrodru\u017estve, rekre\u00e1cii a\u202fspr\u00e1van\u00ed \u013eudskej bytosti, ch\u00e1panej nielen ako individualita, ale i\u202fako s\u00fa\u010das\u0165 odosobnen\u00e9ho telesa arm\u00e1dy.<\/p>\n<p>V\u202fs\u00fa\u010dasnej dobe eskal\u00e1cie hrozieb vypuknutia glob\u00e1lneho konfliktu, zvy\u0161ovania v\u00fddavkov na obranu a\u202fsprievodnej militariz\u00e1cie spolo\u010dnosti nadob\u00fada prem\u00fd\u0161\u013eanie o\u202fsie\u0165ach vz\u0165ahov odohr\u00e1vaj\u00facich sa v\u202fpriestoroch niekdaj\u0161\u00edch vojensk\u00fdch aktiv\u00edt aktu\u00e1lny rozmer. Autorov umeleck\u00fd dial\u00f3g s rez\u00edduami minulosti a\u202fich adapt\u00e1ciou odkr\u00fdva be\u017ene nereflektovan\u00e9 pr\u00edrodn\u00e9 a kult\u00farne aspekty vojenstva.<\/p>\n","protected":false},"excerpt":{"rendered":"<p>V\u00fdstava predstavuje v\u00fdsledky dlhodob\u00e9ho umeleck\u00e9ho v\u00fdskumu b\u00fdval\u00fdch vojensk\u00fdch priestorov. Prostredn\u00edctvom vide\u00ed, in\u0161tal\u00e1ci\u00ed, objektov a\u202fobrazov Radovan \u010cerevka reflektuje a komentuje premeny funkci\u00ed, vyu\u017e\u00edvania a vn\u00edmania \u0161pecifickej kult\u00farnej krajiny. V\u00fdstava Rekvizit\u00e1re\u0148 hrdinov predstavuje v\u00fdsledky dlhodob\u00e9ho autorsk\u00e9ho umeleck\u00e9ho v\u00fdskumu zameran\u00e9ho na b\u00fdval\u00e9 i\u202fs\u00fa\u010dasn\u00e9 vojensk\u00e9 priestory na Slovensku i\u202fv \u010cech\u00e1ch. Prostredn\u00edctvom komplexnej a\u202fmultimedi\u00e1lnej in\u0161tal\u00e1cie s\u00faboru vide\u00ed, objektov a\u202fobrazov Radovan [&hellip;]<\/p>\n","protected":false},"featured_media":0,"template":"","acf":[],"event_date":{"start_date":1763596800,"end_date":1777161600},"_links":{"self":[{"href":"https:\/\/www.visitbratislava.com\/sk\/wp-json\/wp\/v2\/event\/374900"}],"collection":[{"href":"https:\/\/www.visitbratislava.com\/sk\/wp-json\/wp\/v2\/event"}],"about":[{"href":"https:\/\/www.visitbratislava.com\/sk\/wp-json\/wp\/v2\/types\/event"}],"version-history":[{"count":1,"href":"https:\/\/www.visitbratislava.com\/sk\/wp-json\/wp\/v2\/event\/374900\/revisions"}],"predecessor-version":[{"id":380262,"href":"https:\/\/www.visitbratislava.com\/sk\/wp-json\/wp\/v2\/event\/374900\/revisions\/380262"}],"wp:attachment":[{"href":"https:\/\/www.visitbratislava.com\/sk\/wp-json\/wp\/v2\/media?parent=374900"}],"curies":[{"name":"wp","href":"https:\/\/api.w.org\/{rel}","templated":true}]}}