{"id":374915,"date":"2025-11-13T10:59:17","date_gmt":"2025-11-13T09:59:17","guid":{"rendered":"https:\/\/www.visitbratislava.com\/events\/rodinne-skutocnosti-obraz-zivota-bratislavskych-rodin-2\/"},"modified":"2026-04-24T11:25:31","modified_gmt":"2026-04-24T09:25:31","slug":"rodinne-skutocnosti-obraz-zivota-bratislavskych-rodin-2","status":"publish","type":"event","link":"https:\/\/www.visitbratislava.com\/sk\/podujatia\/rodinne-skutocnosti-obraz-zivota-bratislavskych-rodin-2\/","title":{"rendered":"Rodinn\u00e9 skuto\u010dnosti: Obraz \u017eivota bratislavsk\u00fdch rod\u00edn"},"content":{"rendered":"<p><strong>V\u00fdstava Rodinn\u00e9 skuto\u010dnosti: Obraz \u017eivota bratislavsk\u00fdch rod\u00edn sprev\u00e1dza n\u00e1v\u0161tevn\u00edkov a n\u00e1v\u0161tevn\u00ed\u010dky po stop\u00e1ch deviatich v\u00fdznamn\u00fdch me\u0161tianskych rod\u00edn a jednej \u0161\u013eachtickej a odha\u013euje, ako ich \u017eivoty formovali podobu mesta od 19. storo\u010dia a\u017e do polovice 20. storo\u010dia.<\/strong><\/p>\n<p>V\u00fdstava nie je len oby\u010dajnou prech\u00e1dzkou dejinami, ale sk\u00f4r int\u00edmnym nahliadnut\u00edm do \u017eivota rod\u00edn, ako boli Scherz, Albrecht, Hubert \u010di Palugyay.<\/p>\n<p>Tieto rody a ich \u010dlenovia a \u010dlenky, ktor\u00ed v\u00fdrazne prispievali k rozvoju Bratislavy v oblasti umenia, kult\u00fary, ekon\u00f3mie aj verejn\u00e9ho \u017eivota, s\u00fa predstaven\u00ed prostredn\u00edctvom autentick\u00fdch predmetov, fotografi\u00ed a osobn\u00fdch dokumentov, predov\u0161etk\u00fdm z depozit\u00e1rov M\u00fazea mesta Bratislavy.<\/p>\n<p>Prostredn\u00edctvom siln\u00fdch \u013eudsk\u00fdch pr\u00edbehov v\u00fdstava umo\u017e\u0148uje lep\u0161ie pochopi\u0165 dejinn\u00e9 udalosti 19. a 20. storo\u010dia, ktor\u00e9 sa prel\u00ednali so \u017eivotmi t\u00fdchto rod\u00edn. Jedn\u00fdm z jej k\u013e\u00fa\u010dov\u00fdch cie\u013eov je odkry\u0165 skryt\u00e9 pr\u00edbehy a tabuizovan\u00e9 t\u00e9my \u2013 a to bez nostalgick\u00e9ho skreslenia.<\/p>\n<p>V\u00fdstava kriticky reflektuje historick\u00fa identitu Bratislavy a nezameriava sa len na \u00faspechy, ale aj na prek\u00e1\u017eky, ako boli napr\u00edklad ariz\u00e1cie, povojnov\u00e9 vyvlast\u0148ovanie \u010di vyhnanie vlastn\u00fdch obyvate\u013eov. Poukazuje aj na to, \u017ee Bratislava bola v\u017edy mestom meniacich sa ident\u00edt.<\/p>\n<p>Predstavuje hybridn\u00e9 identity Pre\u0161porka \u2013 viacjazy\u010dnos\u0165, premeny mien a \u201eprechodn\u00e9 identity\u201c medzi nemeckou, ma\u010farskou a (\u010desko)slovenskou komunitou. N\u00e1v\u0161tevn\u00edkom a n\u00e1v\u0161tevn\u00ed\u010dkam tak pon\u00faka mo\u017enos\u0165 pochopi\u0165, \u017ee homogenita identity je m\u00fdtus a \u017ee globaliz\u00e1cia je prirodzenou s\u00fa\u010das\u0165ou hist\u00f3rie mesta.<\/p>\n","protected":false},"excerpt":{"rendered":"<p>V\u00fdstava Rodinn\u00e9 skuto\u010dnosti: Obraz \u017eivota bratislavsk\u00fdch rod\u00edn sprev\u00e1dza n\u00e1v\u0161tevn\u00edkov a n\u00e1v\u0161tevn\u00ed\u010dky po stop\u00e1ch deviatich v\u00fdznamn\u00fdch me\u0161tianskych rod\u00edn a jednej \u0161\u013eachtickej a odha\u013euje, ako ich \u017eivoty formovali podobu mesta od 19. storo\u010dia a\u017e do polovice 20. storo\u010dia. V\u00fdstava nie je len oby\u010dajnou prech\u00e1dzkou dejinami, ale sk\u00f4r int\u00edmnym nahliadnut\u00edm do \u017eivota rod\u00edn, ako boli Scherz, Albrecht, Hubert [&hellip;]<\/p>\n","protected":false},"featured_media":0,"template":"","acf":[],"event_date":{"start_date":1761264000,"end_date":1788048000},"_links":{"self":[{"href":"https:\/\/www.visitbratislava.com\/sk\/wp-json\/wp\/v2\/event\/374915"}],"collection":[{"href":"https:\/\/www.visitbratislava.com\/sk\/wp-json\/wp\/v2\/event"}],"about":[{"href":"https:\/\/www.visitbratislava.com\/sk\/wp-json\/wp\/v2\/types\/event"}],"version-history":[{"count":1,"href":"https:\/\/www.visitbratislava.com\/sk\/wp-json\/wp\/v2\/event\/374915\/revisions"}],"predecessor-version":[{"id":380277,"href":"https:\/\/www.visitbratislava.com\/sk\/wp-json\/wp\/v2\/event\/374915\/revisions\/380277"}],"wp:attachment":[{"href":"https:\/\/www.visitbratislava.com\/sk\/wp-json\/wp\/v2\/media?parent=374915"}],"curies":[{"name":"wp","href":"https:\/\/api.w.org\/{rel}","templated":true}]}}