{"id":374990,"date":"2025-11-13T10:59:29","date_gmt":"2025-11-13T09:59:29","guid":{"rendered":"https:\/\/www.visitbratislava.com\/events\/fenomen-jednotneho-casu-2\/"},"modified":"2026-04-24T11:26:16","modified_gmt":"2026-04-24T09:26:16","slug":"fenomen-jednotneho-casu-2","status":"publish","type":"event","link":"https:\/\/www.visitbratislava.com\/sk\/podujatia\/fenomen-jednotneho-casu-2\/","title":{"rendered":"Fenom\u00e9n jednotn\u00e9ho \u010dasu"},"content":{"rendered":"<p>Expoz\u00edcia n\u00e1v\u0161tevn\u00edkom predstavuje stru\u010dn\u00fd prierez hist\u00f3riou a v\u00fdvojom centr\u00e1lne riaden\u00fdch elektrick\u00fdch hod\u00edn na \u00fazem\u00ed b\u00fdval\u00e9ho \u010ceskoslovenska.<\/p>\n<p>V\u00fdstava prezentuje typov\u00fa r\u00f4znorodos\u0165 ako aj z\u00e1kladn\u00fd princ\u00edp funkcie hod\u00edn skr\u00fdvaj\u00facich sa pod zna\u010dkou Elektro\u010das \u010di Pragotron, ktor\u00e9 po\u010das nieko\u013ek\u00fdch desa\u0165ro\u010d\u00ed zohr\u00e1vali a e\u0161te aj v s\u00fa\u010dasnosti zohr\u00e1vaj\u00fa d\u00f4le\u017eit\u00fa \u00falohu nielen na \u017eeleznici, ale aj v in\u00fdch odvetviach dopravy, priemyslu a slu\u017eieb.<\/p>\n<p>V\u00fdstava je doplnen\u00e1 informa\u010dn\u00fdm panelom o tom, ako pr\u00e1ve \u017eeleznica prispela v 19. storo\u010d\u00ed ku vzniku \u010dasov\u00fdch p\u00e1siem, tak ako ich aj dnes pozn\u00e1me.<\/p>\n<p>S\u00fa\u010das\u0165ou v\u00fdstavy je aj nov\u00e1 funk\u010dn\u00e1 expoz\u00edcia centr\u00e1lne riaden\u00fdch hod\u00edn v priestoroch M\u00fazea dopravy.<\/p>\n","protected":false},"excerpt":{"rendered":"<p>Expoz\u00edcia n\u00e1v\u0161tevn\u00edkom predstavuje stru\u010dn\u00fd prierez hist\u00f3riou a v\u00fdvojom centr\u00e1lne riaden\u00fdch elektrick\u00fdch hod\u00edn na \u00fazem\u00ed b\u00fdval\u00e9ho \u010ceskoslovenska. V\u00fdstava prezentuje typov\u00fa r\u00f4znorodos\u0165 ako aj z\u00e1kladn\u00fd princ\u00edp funkcie hod\u00edn skr\u00fdvaj\u00facich sa pod zna\u010dkou Elektro\u010das \u010di Pragotron, ktor\u00e9 po\u010das nieko\u013ek\u00fdch desa\u0165ro\u010d\u00ed zohr\u00e1vali a e\u0161te aj v s\u00fa\u010dasnosti zohr\u00e1vaj\u00fa d\u00f4le\u017eit\u00fa \u00falohu nielen na \u017eeleznici, ale aj v in\u00fdch odvetviach dopravy, [&hellip;]<\/p>\n","protected":false},"featured_media":0,"template":"","acf":[],"event_date":{"start_date":1451606400,"end_date":1924992000},"_links":{"self":[{"href":"https:\/\/www.visitbratislava.com\/sk\/wp-json\/wp\/v2\/event\/374990"}],"collection":[{"href":"https:\/\/www.visitbratislava.com\/sk\/wp-json\/wp\/v2\/event"}],"about":[{"href":"https:\/\/www.visitbratislava.com\/sk\/wp-json\/wp\/v2\/types\/event"}],"version-history":[{"count":1,"href":"https:\/\/www.visitbratislava.com\/sk\/wp-json\/wp\/v2\/event\/374990\/revisions"}],"predecessor-version":[{"id":380352,"href":"https:\/\/www.visitbratislava.com\/sk\/wp-json\/wp\/v2\/event\/374990\/revisions\/380352"}],"wp:attachment":[{"href":"https:\/\/www.visitbratislava.com\/sk\/wp-json\/wp\/v2\/media?parent=374990"}],"curies":[{"name":"wp","href":"https:\/\/api.w.org\/{rel}","templated":true}]}}