{"id":375186,"date":"2025-11-13T10:59:58","date_gmt":"2025-11-13T09:59:58","guid":{"rendered":"https:\/\/www.visitbratislava.com\/events\/rezistencia-expandovane-pole-fotografie-2\/"},"modified":"2026-04-26T11:26:20","modified_gmt":"2026-04-26T09:26:20","slug":"rezistencia-expandovane-pole-fotografie-2","status":"publish","type":"event","link":"https:\/\/www.visitbratislava.com\/sk\/podujatia\/rezistencia-expandovane-pole-fotografie-2\/","title":{"rendered":"Rezistencia: Expandovan\u00e9 pole fotografie"},"content":{"rendered":"<p>V\u00fdstava prin\u00e1\u0161a poh\u013ead na smerovanie \u010di sk\u00f4r ak\u00e9si \u201ek\u013eu\u010dkovanie\u201c fotografie v tvorbe \u0161tudentov, doktorandov, ale aj absolventov a niektor\u00fdch pedag\u00f3gov Ateli\u00e9ru nov\u00fdch m\u00e9di\u00ed na Fakulte umen\u00ed Technickej univerzity v Ko\u0161iciach.<\/p>\n<p>V r\u00e1mci tohto ateli\u00e9ru sa vykry\u0161talizovali u\u017e od za\u010diatku (2003) dve l\u00ednie. Jedna id\u00faca od video artu a in\u0161tal\u00e1ci\u00ed k interakt\u00edvnym projektom, ktor\u00fa reprezentuj\u00fa pedag\u00f3govia Michal Murin, Boris Vaitovi\u010d a Richard Kitta. Na druhej strane l\u00ednia inklinuj\u00faca k fotom\u00e9diu, ktor\u00fa zapo\u010dal Tom\u00e1\u0161 Agat<br \/>\nBlonski. Zlom nastal pr\u00edchodom Ruda Prekopa v roku 2011, n\u00e1sledne \u013duba Stacha a po ich odchode t\u00fato \u0161pecializ\u00e1ciu v r\u00e1mci Ateli\u00e9ru nov\u00fdch m\u00e9di\u00ed dodnes ved\u00fa Lena Jakub\u010d\u00e1kov\u00e1, Martin Kudla a najnov\u0161ie aj Erik Sikora.<\/p>\n<p>Aktu\u00e1lna v\u00fdstava pon\u00faka pr\u00e1ce pohybuj\u00face sa v expandovanom poli fotografie a jej intermedi\u00e1lnych presahov do umenia nov\u00fdch a digit\u00e1lnych m\u00e9di\u00ed, video artu, objektu, in\u0161tal\u00e1cie alebo aj grafiky. Vybran\u00e9 diela odzrkad\u013euj\u00fa najm\u00e4 \u0161pecifickos\u0165 tohto ateli\u00e9ru \u2013 ist\u00fa hybridnos\u0165, ktor\u00e1 je dan\u00e1 najm\u00e4 prep\u00e1jan\u00edm spom\u00ednan\u00fdch dvoch l\u00edni\u00ed. \u010eal\u0161\u00ed vplyv je dan\u00fd koncepciou v\u00fdu\u010dby na Katedre v\u00fdtvarn\u00fdch umen\u00ed a interm\u00e9di\u00ed, \u010d\u00edm vznik\u00e1 bli\u017e\u0161ie,<br \/>\nplodn\u00e9 prepojenie s in\u00fdmi ateli\u00e9rmi odkazuj\u00facimi na tradi\u010dn\u00e9 druhy v\u00fdtvarn\u00e9ho umenia ako socha, ma\u013eba, grafika. Z\u00e1rove\u0148 je to aj s\u00fa\u010dasn\u00fd trend \u2013 av\u0161ak v tomto pr\u00edpade vznik\u00e1 \u00faplne prirodzene.<\/p>\n","protected":false},"excerpt":{"rendered":"<p>V\u00fdstava prin\u00e1\u0161a poh\u013ead na smerovanie \u010di sk\u00f4r ak\u00e9si \u201ek\u013eu\u010dkovanie\u201c fotografie v tvorbe \u0161tudentov, doktorandov, ale aj absolventov a niektor\u00fdch pedag\u00f3gov Ateli\u00e9ru nov\u00fdch m\u00e9di\u00ed na Fakulte umen\u00ed Technickej univerzity v Ko\u0161iciach. V r\u00e1mci tohto ateli\u00e9ru sa vykry\u0161talizovali u\u017e od za\u010diatku (2003) dve l\u00ednie. Jedna id\u00faca od video artu a in\u0161tal\u00e1ci\u00ed k interakt\u00edvnym projektom, ktor\u00fa reprezentuj\u00fa pedag\u00f3govia [&hellip;]<\/p>\n","protected":false},"featured_media":0,"template":"","acf":[],"event_date":{"start_date":1451606400,"end_date":2145916800},"_links":{"self":[{"href":"https:\/\/www.visitbratislava.com\/sk\/wp-json\/wp\/v2\/event\/375186"}],"collection":[{"href":"https:\/\/www.visitbratislava.com\/sk\/wp-json\/wp\/v2\/event"}],"about":[{"href":"https:\/\/www.visitbratislava.com\/sk\/wp-json\/wp\/v2\/types\/event"}],"version-history":[{"count":1,"href":"https:\/\/www.visitbratislava.com\/sk\/wp-json\/wp\/v2\/event\/375186\/revisions"}],"predecessor-version":[{"id":380547,"href":"https:\/\/www.visitbratislava.com\/sk\/wp-json\/wp\/v2\/event\/375186\/revisions\/380547"}],"wp:attachment":[{"href":"https:\/\/www.visitbratislava.com\/sk\/wp-json\/wp\/v2\/media?parent=375186"}],"curies":[{"name":"wp","href":"https:\/\/api.w.org\/{rel}","templated":true}]}}