{"id":39758,"date":"2018-02-20T14:04:50","date_gmt":"2018-02-20T13:04:50","guid":{"rendered":"https:\/\/www.visitbratislava.com\/?post_type=event&#038;p=39758\/"},"modified":"2018-03-07T13:55:18","modified_gmt":"2018-03-07T12:55:18","slug":"festival-svetla","status":"publish","type":"event","link":"https:\/\/www.visitbratislava.com\/sk\/podujatia\/festival-svetla\/","title":{"rendered":"FESTIVAL SVETLA (Zru\u0161en\u00e9)"},"content":{"rendered":"<div id=\"pgc-174-1-0\" class=\"panel-grid-cell\">\n<div id=\"panel-174-1-0-0\" class=\"so-panel widget widget_sow-editor panel-first-child panel-last-child\">\n<div class=\"so-widget-sow-editor so-widget-sow-editor-base\">\n<div class=\"siteorigin-widget-tinymce textwidget\">\n<p><span style=\"text-decoration: underline;\"><strong>UPOZORNENIE: Festival svetla bol zru\u0161en\u00fd. O novom term\u00edne v\u00e1s budeme informova\u0165 akon\u00e1hle bude dostupn\u00fd.<\/strong><\/span><\/p>\n<p><em><strong>Pr\u00ed\u010fte sa poprech\u00e1dza\u0165 Bratislavou a za\u017eite ju v inom svetle!<\/strong><\/em><\/p>\n<p>Festival svetla, Bratislava je\u00a0projekt, ktor\u00fd sp\u00e1ja vedu, technol\u00f3gie, umenie a\u00a0z\u00e1bavu. Po\u010das dvoch dn\u00ed (16. &#8211; 17. marca 2018) bud\u00fa v\u00a0\u0161ir\u0161om centre Bratislavy umiestnen\u00e9 statick\u00e9, dynamick\u00e9 aj\u00a0interakt\u00edvne sveteln\u00e9 in\u0161tal\u00e1cie, ktor\u00e9 bud\u00fa kombinova\u0165 vyspel\u00e9 technol\u00f3gie, s\u00fa\u010dasn\u00e9 umenie a\u00a0modern\u00e9 vedecko-technick\u00e9 rie\u0161enia. Okrem in\u0161tal\u00e1ci\u00ed sa\u00a0po\u010das\u00a0festivalu uskuto\u010dn\u00ed viacero sprievodn\u00fdch podujat\u00ed (workshop o\u00a0fotonike, verejn\u00e9 diskusie a\u00a0i.).<\/p>\n<p>Cie\u013eom Festivalu svetla je\u00a0popularizova\u0165 \u00falohu kreat\u00edvneho priemyslu a\u00a0fotoniky\u00a0&#8211;\u00a0vedy a\u00a0technol\u00f3gi\u00ed pracuj\u00facich so\u00a0svetlom &#8211; pre\u00a0\u017eivot, pr\u00e1cu a\u00a0z\u00e1bavu v\u00a0modernom meste. Z\u00e1merom je\u00a0poskytn\u00fa\u0165 platformu pre\u00a0vz\u00e1jomn\u00e9 zdie\u013eanie r\u00f4znych pr\u00edstupov k\u00a0spolo\u010dnej \u00fastrednej t\u00e9me &#8222;Svetlo&#8220;, vr\u00e1tane in\u0161tal\u00e1ci\u00ed a\u00a0performanci\u00ed in\u0161pirovan\u00fdch fyzikou svetla, aplik\u00e1ci\u00ed najmodernej\u0161\u00edch technol\u00f3gi\u00ed gener\u00e1cie svetla, \u010di\u00a0technol\u00f3gi\u00ed vyu\u017e\u00edvaj\u00facich modern\u00e9 vizu\u00e1lne a\u00a0kreat\u00edvne postupy. S\u00fa\u010das\u0165ou tohto z\u00e1meru je\u00a0aj\u00a0prezent\u00e1cia a\u00a0podpora inovat\u00edvnych a\u00a0environment\u00e1lne priazniv\u00fdch technol\u00f3gi\u00ed svietidiel s\u00a0vyu\u017eit\u00edm LED, laserov\u00fdch technol\u00f3gi\u00ed a optovl\u00e1kien, ako\u00a0aj\u00a0aplik\u00e1cie najmodernej\u0161\u00edch zobrazovac\u00edch a\u00a0komunika\u010dn\u00fdch prostriedkov.<\/p>\n<header>\n<div class=\"container\">\n<div class=\"intro-text\">\n<div class=\"intro-lead-in\">Bratislava &#8211; Star\u00e9 Mesto<\/div>\n<div class=\"intro-heading\">16. &#8211; 17. marec 2018<\/div>\n<div>\n<p>Viac info: <a href=\"http:\/\/www.festivalsvetla.sk\">www.festivalsvetla.sk<\/a><\/p>\n<\/div>\n<\/div>\n<\/div>\n<\/header>\n<\/div>\n<\/div>\n<\/div>\n<\/div>\n","protected":false},"excerpt":{"rendered":"<p>UPOZORNENIE: Festival svetla bol zru\u0161en\u00fd. O novom term\u00edne v\u00e1s budeme informova\u0165 akon\u00e1hle bude dostupn\u00fd. Pr\u00ed\u010fte sa poprech\u00e1dza\u0165 Bratislavou a za\u017eite ju v inom svetle! Festival svetla, Bratislava je\u00a0projekt, ktor\u00fd sp\u00e1ja vedu, technol\u00f3gie, umenie a\u00a0z\u00e1bavu. Po\u010das dvoch dn\u00ed (16. &#8211; 17. marca 2018) bud\u00fa v\u00a0\u0161ir\u0161om centre Bratislavy umiestnen\u00e9 statick\u00e9, dynamick\u00e9 aj\u00a0interakt\u00edvne sveteln\u00e9 in\u0161tal\u00e1cie, ktor\u00e9 bud\u00fa kombinova\u0165 [&hellip;]<\/p>\n","protected":false},"featured_media":39759,"template":"","acf":[],"event_date":{"start_date":1521158400,"end_date":1521244800},"_links":{"self":[{"href":"https:\/\/www.visitbratislava.com\/sk\/wp-json\/wp\/v2\/event\/39758"}],"collection":[{"href":"https:\/\/www.visitbratislava.com\/sk\/wp-json\/wp\/v2\/event"}],"about":[{"href":"https:\/\/www.visitbratislava.com\/sk\/wp-json\/wp\/v2\/types\/event"}],"version-history":[{"count":0,"href":"https:\/\/www.visitbratislava.com\/sk\/wp-json\/wp\/v2\/event\/39758\/revisions"}],"wp:featuredmedia":[{"embeddable":true,"href":"https:\/\/www.visitbratislava.com\/sk\/wp-json\/wp\/v2\/media\/39759"}],"wp:attachment":[{"href":"https:\/\/www.visitbratislava.com\/sk\/wp-json\/wp\/v2\/media?parent=39758"}],"curies":[{"name":"wp","href":"https:\/\/api.w.org\/{rel}","templated":true}]}}