{"id":434291,"date":"2026-03-05T11:35:48","date_gmt":"2026-03-05T10:35:48","guid":{"rendered":"https:\/\/www.visitbratislava.com\/?post_type=event&#038;p=434291"},"modified":"2026-03-05T11:35:48","modified_gmt":"2026-03-05T10:35:48","slug":"a-r-t-fest-2026-jazzinfection-trio","status":"publish","type":"event","link":"https:\/\/www.visitbratislava.com\/sk\/podujatia\/a-r-t-fest-2026-jazzinfection-trio\/","title":{"rendered":"A.R.T. FEST 2026: Jazzinfection Trio"},"content":{"rendered":"<p>Poz\u00fdvame v\u00e1s na <strong data-start=\"555\" data-end=\"575\">A.R.T. FEST 2026<\/strong> a ve\u010der s jedn\u00fdm z najzauj\u00edmavej\u0161\u00edch projektov slovenskej jazzovej sc\u00e9ny &#8211; <strong data-start=\"651\" data-end=\"673\">Jazzinfection Trio<\/strong>.<\/p>\n<h2 data-section-id=\"g22w4u\" data-start=\"678\" data-end=\"719\">Jeden z najlep\u0161\u00edch jazzov\u00fdch albumov<\/h2>\n<p data-start=\"720\" data-end=\"1059\">Debutov\u00fd album <strong data-start=\"735\" data-end=\"757\">Jazzinfection Trio<\/strong> z\u00edskal uznanie kritikov a fan\u00fa\u0161ikov. Renomovan\u00fd publicista <strong data-start=\"817\" data-end=\"830\">Jan Hocek<\/strong> ho zaradil medzi <strong data-start=\"848\" data-end=\"893\">10 najlep\u0161\u00edch jazzov\u00fdch albumov roka 2025<\/strong> a album bol nominovan\u00fd na <strong data-start=\"920\" data-end=\"941\">Radio_Head_Awards<\/strong> v kateg\u00f3rii <strong data-start=\"954\" data-end=\"971\">Jazzov\u00e1 hudba<\/strong>. Pr\u00ed\u010fte si vypo\u010du\u0165 hudbu, ktor\u00e1 sp\u00e1ja autentickos\u0165, improviza\u010dn\u00fa dynamiku a virtuozitu.<\/p>\n<h3 data-section-id=\"1ogdx91\" data-start=\"1173\" data-end=\"1204\">Kto je Jazzinfection Trio?<\/h3>\n<p data-start=\"1205\" data-end=\"1265\"><strong data-start=\"1205\" data-end=\"1227\">Jazzinfection Trio<\/strong> tvoria traja talentovan\u00ed hudobn\u00edci:<\/p>\n<ul data-start=\"1267\" data-end=\"1522\">\n<li data-section-id=\"w6ksc2\" data-start=\"1267\" data-end=\"1369\">\n<p data-start=\"1269\" data-end=\"1369\"><strong data-start=\"1269\" data-end=\"1291\">Sisa Michalidesov\u00e1<\/strong> &#8211; skladate\u013eka a flautistka, ktor\u00e1 prin\u00e1\u0161a do hudby divadeln\u00fa predstavivos\u0165.<\/p>\n<\/li>\n<li data-section-id=\"12pv3ce\" data-start=\"1370\" data-end=\"1445\">\n<p data-start=\"1372\" data-end=\"1445\"><strong data-start=\"1372\" data-end=\"1390\">Robert Vizv\u00e1ri<\/strong> &#8211; basgitarov\u00fd virtu\u00f3z s h\u013abkou t\u00f3nu svetovej \u00farovne.<\/p>\n<\/li>\n<li data-section-id=\"17c3vp4\" data-start=\"1446\" data-end=\"1522\">\n<p data-start=\"1448\" data-end=\"1522\"><strong data-start=\"1448\" data-end=\"1464\">Pavol Bereza<\/strong> &#8211; gitarista s citom pre detail a improviza\u010dn\u00fa dynamiku.<\/p>\n<\/li>\n<\/ul>\n<p data-start=\"1524\" data-end=\"1620\">Ich spojenie vytv\u00e1ra jedine\u010dn\u00fa paletu farieb a hudobn\u00fdch em\u00f3ci\u00ed, ktor\u00e9 stoja za osobn\u00fa n\u00e1v\u0161tevu.<\/p>\n<h3 data-section-id=\"avv2fv\" data-start=\"1622\" data-end=\"1639\">\u010co v\u00e1s \u010dak\u00e1?<\/h3>\n<ul data-start=\"1640\" data-end=\"1896\">\n<li data-section-id=\"zxh009\" data-start=\"1640\" data-end=\"1687\">\n<p data-start=\"1642\" data-end=\"1687\"><strong data-start=\"1642\" data-end=\"1685\">Fascinuj\u00faci prienik jazzu a world music<\/strong><\/p>\n<\/li>\n<li data-section-id=\"ffqaac\" data-start=\"1688\" data-end=\"1759\">\n<p data-start=\"1690\" data-end=\"1759\">Kontrast <strong data-start=\"1699\" data-end=\"1728\">zamatovej prie\u010dnej flauty<\/strong> a hravej <strong data-start=\"1738\" data-end=\"1757\">zobcovej flauty<\/strong><\/p>\n<\/li>\n<li data-section-id=\"1v8nr5r\" data-start=\"1760\" data-end=\"1822\">\n<p data-start=\"1762\" data-end=\"1822\"><strong data-start=\"1762\" data-end=\"1781\">\u00c9terick\u00e9 vok\u00e1ly<\/strong> a strhuj\u00face <strong data-start=\"1794\" data-end=\"1820\">in\u0161trument\u00e1lne dial\u00f3gy<\/strong><\/p>\n<\/li>\n<li data-section-id=\"gcc2p9\" data-start=\"1823\" data-end=\"1896\">\n<p data-start=\"1825\" data-end=\"1896\">Skladby, ktor\u00e9 rozpr\u00e1vaj\u00fa <strong data-start=\"1851\" data-end=\"1894\">pr\u00edbehy pln\u00e9 slobody a radosti z tvorby<\/strong><\/p>\n<\/li>\n<\/ul>\n<h3 data-section-id=\"m5cosu\" data-start=\"1898\" data-end=\"1923\">Praktick\u00e9 inform\u00e1cie<\/h3>\n<ul data-start=\"1924\" data-end=\"2047\">\n<li data-section-id=\"x6xhbn\" data-start=\"1924\" data-end=\"1956\">\n<p data-start=\"1926\" data-end=\"1956\"><strong data-start=\"1926\" data-end=\"1935\">Kedy:<\/strong> 28.03.2026 o 19:00<\/p>\n<\/li>\n<li data-section-id=\"rxpj88\" data-start=\"1957\" data-end=\"2047\">\n<p data-start=\"1959\" data-end=\"2047\"><strong data-start=\"1959\" data-end=\"1967\">Kde:<\/strong> Dom hudby &#8211; Georgievitsov pal\u00e1c, Panensk\u00e1 11, 811 03 Bratislava \u2013 Star\u00e9 Mesto<\/p>\n<\/li>\n<\/ul>\n<h3 data-section-id=\"15ev5u3\" data-start=\"2049\" data-end=\"2076\">Vstupenky a rezerv\u00e1cie<\/h3>\n<p data-start=\"2079\" data-end=\"2117\">Predpredaj: 20 \u20ac (z\u013eavnen\u00e9 15 \u20ac)<\/p>\n<p data-start=\"2079\" data-end=\"2117\">Na mieste: 25 \u20ac (z\u013eavnen\u00e9 20 \u20ac)<\/p>\n<p data-start=\"2079\" data-end=\"2117\"><a class=\"button\" href=\"https:\/\/predpredaj.zoznam.sk\/sk\/listky\/art-fest-2026-jazzinfection-trio-2026-03-28\/\" target=\"_blank\" rel=\"noopener\">Vstupenky<\/a><\/p>\n<p data-start=\"2159\" data-end=\"2282\">Zabezpe\u010dte si vstupenky v\u010das a za\u017eite jedine\u010dn\u00fd hudobn\u00fd ve\u010der v <strong data-start=\"2223\" data-end=\"2237\">Bratislave<\/strong>, ktor\u00fd pote\u0161\u00ed fan\u00fa\u0161ikov jazzu i world music.<\/p>\n<p data-start=\"2159\" data-end=\"2282\"><img loading=\"lazy\" class=\"alignnone wp-image-434298 size-medium\" src=\"https:\/\/www.visitbratislava.com\/wp-content\/uploads\/2026\/03\/1380966-800-300x400.jpg\" alt=\"\" width=\"300\" height=\"400\" srcset=\"https:\/\/www.visitbratislava.com\/wp-content\/uploads\/2026\/03\/1380966-800-300x400.jpg 300w, https:\/\/www.visitbratislava.com\/wp-content\/uploads\/2026\/03\/1380966-800-600x800.jpg 600w, https:\/\/www.visitbratislava.com\/wp-content\/uploads\/2026\/03\/1380966-800-768x1024.jpg 768w, https:\/\/www.visitbratislava.com\/wp-content\/uploads\/2026\/03\/1380966-800-1152x1536.jpg 1152w, https:\/\/www.visitbratislava.com\/wp-content\/uploads\/2026\/03\/1380966-800-150x200.jpg 150w, https:\/\/www.visitbratislava.com\/wp-content\/uploads\/2026\/03\/1380966-800.jpg 1536w\" sizes=\"(max-width: 300px) 100vw, 300px\" \/><\/p>\n<p data-start=\"2159\" data-end=\"2282\">Foto: Jazzinfection Trio<\/p>\n","protected":false},"excerpt":{"rendered":"<p>Za\u017eite v\u00fdnimo\u010dn\u00fd hudobn\u00fd ve\u010der v Bratislave s projektom Jazzinfection Trio. Ich debutov\u00fd album patr\u00ed medzi najlep\u0161ie jazzov\u00e9 albumy roka 2025 a z\u00edskal nomin\u00e1ciu na Radio_Head_Awards. Pr\u00ed\u010fte si vypo\u010du\u0165 jazz pln\u00fd em\u00f3ci\u00ed a virtuozity priamo v Dome hudby.<\/p>\n","protected":false},"featured_media":434292,"template":"","acf":[],"event_date":{"start_date":1774656000,"end_date":1774656000},"_links":{"self":[{"href":"https:\/\/www.visitbratislava.com\/sk\/wp-json\/wp\/v2\/event\/434291"}],"collection":[{"href":"https:\/\/www.visitbratislava.com\/sk\/wp-json\/wp\/v2\/event"}],"about":[{"href":"https:\/\/www.visitbratislava.com\/sk\/wp-json\/wp\/v2\/types\/event"}],"version-history":[{"count":8,"href":"https:\/\/www.visitbratislava.com\/sk\/wp-json\/wp\/v2\/event\/434291\/revisions"}],"predecessor-version":[{"id":434311,"href":"https:\/\/www.visitbratislava.com\/sk\/wp-json\/wp\/v2\/event\/434291\/revisions\/434311"}],"wp:featuredmedia":[{"embeddable":true,"href":"https:\/\/www.visitbratislava.com\/sk\/wp-json\/wp\/v2\/media\/434292"}],"wp:attachment":[{"href":"https:\/\/www.visitbratislava.com\/sk\/wp-json\/wp\/v2\/media?parent=434291"}],"curies":[{"name":"wp","href":"https:\/\/api.w.org\/{rel}","templated":true}]}}