{"id":436268,"date":"2026-03-20T10:26:09","date_gmt":"2026-03-20T09:26:09","guid":{"rendered":"https:\/\/www.visitbratislava.com\/events\/jarne-jazzaky-2026-waan-2\/"},"modified":"2026-04-24T11:25:57","modified_gmt":"2026-04-24T09:25:57","slug":"jarne-jazzaky-2026-waan-2","status":"publish","type":"event","link":"https:\/\/www.visitbratislava.com\/sk\/podujatia\/jarne-jazzaky-2026-waan-2\/","title":{"rendered":"Jarn\u00e9 Jazz\u00e1ky 2026: Waan"},"content":{"rendered":"<p><strong>Jarn\u00e9 Jazz\u00e1ky sa vracaj\u00fa a 16. m\u00e1ja prines\u00fa do novootvoren\u00e9ho bratislavsk\u00e9ho klubu Metropolka energick\u00e9 holandsk\u00e9 zoskupenie Waan.<\/strong><\/p>\n<p>Waan vo svojej tvorbe stieraj\u00fa hranice medzi elektronickou a akustickou hudbou, energiou tane\u010dn\u00e9ho parketu a jazzovou improviz\u00e1ciou. WAAN v \u0161t\u00fadiu \u00fazko spolupracuje s producentom Oscarom de Jongom z legend\u00e1rnych Kraak &amp; Smaak. Tak debut Echo Echo, ako aj \u010derstv\u00fd tohtoro\u010dn\u00fd album We want WAAN skupina vydala na prest\u00ed\u017enej berl\u00ednskej nujazzovej zna\u010dke Sonar Kollektiv. Na novom albume \u0161tvorica e\u0161te viac roz\u0161iruje svoj zvukov\u00fd vesm\u00edr, ktor\u00fd je odv\u00e1\u017eny, nepokojn\u00fd a prekypuj\u00faci zvedavos\u0165ou.<\/p>\n<p>V novom bratislavskom klube Metropol bud\u00fa koncertova\u0165 v r\u00e1mci \u0161n\u00fary k svojmu druh\u00e9mu albumu, ktor\u00fd vy\u0161iel koncom janu\u00e1ra 2026. Waan je skupinou saxofonistu Barta Wirtza a kl\u00e1ves\u00e1ka Emiela van Rijthovena. Spolu s bas\u00e1kom Matteom Mazz\u00faom a buben\u00edkom Markom Schildersom vytv\u00e1raj\u00fa surov\u00fd, dobrodru\u017en\u00fd sound &#8211; sp\u00e1jan\u00edm elektroniky zalo\u017eenej na groove, atmosf\u00e9rick\u00fdch mel\u00f3di\u00ed a improviza\u010dnej slobody.<\/p>\n<p>V Bratislave bud\u00fa koncertova\u0165 prv\u00fdkr\u00e1t &#8211; 16. m\u00e1ja v r\u00e1mci Jarn\u00fdch Jazz\u00e1kov v novom klube Metropol. Jarn\u00e9 Jazz\u00e1ky do Metropolu prines\u00fa 9. m\u00e1ja aj hviezdnu basistku Mohini Dey, jarn\u00e9 vydanie Bratislavsk\u00fdch jazzov\u00fdch dn\u00ed od\u0161tartuje 6. m\u00e1ja koncertom spev\u00e1ka Michaela Maya v koncertnej s\u00e1le E11VEN.<\/p>\n<p>Vstupenky Early Bird s\u00fa v predaji do 16.4. do 12.00hod.<\/p>\n<p>Viac inform\u00e1ci\u00ed n\u00e1jdete na <a href=\"https:\/\/www.jarnejazzaky.sk\/\">webstr\u00e1nke festivalu<\/a>.<\/p>\n","protected":false},"excerpt":{"rendered":"<p>Jarn\u00e9 Jazz\u00e1ky sa vracaj\u00fa a 16. m\u00e1ja prines\u00fa do novootvoren\u00e9ho bratislavsk\u00e9ho klubu Metropolka energick\u00e9 holandsk\u00e9 zoskupenie Waan. Waan vo svojej tvorbe stieraj\u00fa hranice medzi elektronickou a akustickou hudbou, energiou tane\u010dn\u00e9ho parketu a jazzovou improviz\u00e1ciou. WAAN v \u0161t\u00fadiu \u00fazko spolupracuje s producentom Oscarom de Jongom z legend\u00e1rnych Kraak &amp; Smaak. Tak debut Echo Echo, ako aj [&hellip;]<\/p>\n","protected":false},"featured_media":0,"template":"","acf":[],"event_date":{"start_date":1778889600,"end_date":1778889600},"_links":{"self":[{"href":"https:\/\/www.visitbratislava.com\/sk\/wp-json\/wp\/v2\/event\/436268"}],"collection":[{"href":"https:\/\/www.visitbratislava.com\/sk\/wp-json\/wp\/v2\/event"}],"about":[{"href":"https:\/\/www.visitbratislava.com\/sk\/wp-json\/wp\/v2\/types\/event"}],"version-history":[{"count":3,"href":"https:\/\/www.visitbratislava.com\/sk\/wp-json\/wp\/v2\/event\/436268\/revisions"}],"predecessor-version":[{"id":436583,"href":"https:\/\/www.visitbratislava.com\/sk\/wp-json\/wp\/v2\/event\/436268\/revisions\/436583"}],"wp:attachment":[{"href":"https:\/\/www.visitbratislava.com\/sk\/wp-json\/wp\/v2\/media?parent=436268"}],"curies":[{"name":"wp","href":"https:\/\/api.w.org\/{rel}","templated":true}]}}