{"id":436830,"date":"2026-03-28T10:25:51","date_gmt":"2026-03-28T09:25:51","guid":{"rendered":"https:\/\/www.visitbratislava.com\/events\/workshop-s-katarinou-bajkayovou-modelovanie-vazy-2\/"},"modified":"2026-04-11T11:25:35","modified_gmt":"2026-04-11T09:25:35","slug":"workshop-s-katarinou-bajkayovou-modelovanie-vazy-2","status":"publish","type":"event","link":"https:\/\/www.visitbratislava.com\/sk\/podujatia\/workshop-s-katarinou-bajkayovou-modelovanie-vazy-2\/","title":{"rendered":"Workshop s Katar\u00ednou Bajkayovou: Modelovanie v\u00e1zy"},"content":{"rendered":"<p><strong>Text organiz\u00e1tora:<\/strong><\/p>\n<p>Ponorte op\u00e4\u0165 svoje ruky do hliny s umelky\u0148ou Katar\u00ednou Bajkayovou! Workshop nadv\u00e4zuje na v\u00fdstavu Prunus Persica v GMB, ktor\u00e1 sa venuje t\u00e9me materstva a existenci\u00e1lnym ot\u00e1zkam \u017eivota. V\u00fdstavou v\u00e1s prevedie samotn\u00e1 autorka v spolupr\u00e1ci s galerijnou pedagogi\u010dkou Ludmilou Hrachovinovou.<\/p>\n<p>Po\u010das workshopu si pribl\u00ed\u017eime odbor keramiky, princ\u00edpy pr\u00e1ce s hlinou a r\u00f4zne techniky, ktor\u00e9 sk\u00fasime uplatni\u0165 pri modelovan\u00ed vlastn\u00fdch v\u00e1z. Na podujatie si nie je potrebn\u00e9 prinies\u0165 \u017eiadne v\u00fdtvarn\u00e9 pom\u00f4cky ani predch\u00e1dzaj\u00face sk\u00fasenosti \u010di umeleck\u00e9 idey \u2013 v\u0161etko potrebn\u00e9 zabezpe\u010d\u00edme. Odpor\u00fa\u010dame pohodln\u00fd odev, k dispoz\u00edcii bud\u00fa aj ochrann\u00e9 z\u00e1stery.<\/p>\n<p>Max. kapacita: 10<\/p>\n<p>Odpor\u00fa\u010dan\u00fd vek: 15+, medzigenera\u010dn\u00fd charkater<\/p>\n<p>Vstupenka je v predaji online aj v pokladni P\u00e1lffyho pal\u00e1ca. Po\u010det miest je limitovan\u00fd. Na workshop je potrebn\u00e9 pr\u00eds\u0165 na\u010das.<\/p>\n","protected":false},"excerpt":{"rendered":"<p>Text organiz\u00e1tora: Ponorte op\u00e4\u0165 svoje ruky do hliny s umelky\u0148ou Katar\u00ednou Bajkayovou! Workshop nadv\u00e4zuje na v\u00fdstavu Prunus Persica v GMB, ktor\u00e1 sa venuje t\u00e9me materstva a existenci\u00e1lnym ot\u00e1zkam \u017eivota. V\u00fdstavou v\u00e1s prevedie samotn\u00e1 autorka v spolupr\u00e1ci s galerijnou pedagogi\u010dkou Ludmilou Hrachovinovou. Po\u010das workshopu si pribl\u00ed\u017eime odbor keramiky, princ\u00edpy pr\u00e1ce s hlinou a r\u00f4zne techniky, ktor\u00e9 [&hellip;]<\/p>\n","protected":false},"featured_media":0,"template":"","acf":[],"event_date":{"start_date":1775865600,"end_date":1775865600},"_links":{"self":[{"href":"https:\/\/www.visitbratislava.com\/sk\/wp-json\/wp\/v2\/event\/436830"}],"collection":[{"href":"https:\/\/www.visitbratislava.com\/sk\/wp-json\/wp\/v2\/event"}],"about":[{"href":"https:\/\/www.visitbratislava.com\/sk\/wp-json\/wp\/v2\/types\/event"}],"version-history":[{"count":1,"href":"https:\/\/www.visitbratislava.com\/sk\/wp-json\/wp\/v2\/event\/436830\/revisions"}],"predecessor-version":[{"id":436876,"href":"https:\/\/www.visitbratislava.com\/sk\/wp-json\/wp\/v2\/event\/436830\/revisions\/436876"}],"wp:attachment":[{"href":"https:\/\/www.visitbratislava.com\/sk\/wp-json\/wp\/v2\/media?parent=436830"}],"curies":[{"name":"wp","href":"https:\/\/api.w.org\/{rel}","templated":true}]}}