{"id":437789,"date":"2026-04-10T09:00:08","date_gmt":"2026-04-10T07:00:08","guid":{"rendered":"https:\/\/www.visitbratislava.com\/?post_type=event&#038;p=437789"},"modified":"2026-04-10T09:10:11","modified_gmt":"2026-04-10T07:10:11","slug":"zazite-den-zeme-s-prirodovedcami","status":"publish","type":"event","link":"https:\/\/www.visitbratislava.com\/sk\/podujatia\/zazite-den-zeme-s-prirodovedcami\/","title":{"rendered":"ZA\u017dITE DE\u0147 ZEME S PR\u00cdRODOVEDCAMI"},"content":{"rendered":"<h3 data-section-id=\"181maxi\" data-start=\"385\" data-end=\"440\">Biodiverzita p\u00f4dy \u2013 skryt\u00fd svet pod na\u0161imi nohami<\/h3>\n<p data-start=\"442\" data-end=\"654\">Vydajte sa na objavn\u00fa cestu do fascinuj\u00faceho sveta p\u00f4dy \ud83c\udf31. Deti bud\u00fa sk\u00fama\u0165 r\u00f4zne typy p\u00f4d \u2013 od po\u013enohospod\u00e1rskych a\u017e po pies\u010dit\u00e9 \u2013 a objavia, ak\u00e9 organizmy, mikroorganizmy \u010di rastlinn\u00e9 zvy\u0161ky sa v nich nach\u00e1dzaj\u00fa.<\/p>\n<p data-start=\"656\" data-end=\"900\">Pod veden\u00edm odborn\u00edkov z oblasti botaniky, zool\u00f3gie, paleontol\u00f3gie a mineral\u00f3gie presk\u00famaj\u00fa \u201emikroprostredia\u201c ukryt\u00e9 pod povrchom. <strong>Pomocou binokul\u00e1rnej lupy bud\u00fa h\u013eada\u0165 semen\u00e1, korene \u010di in\u00e9 stopy rastl\u00edn a zistia, \u010do rob\u00ed p\u00f4du zdravou a \u017eivou.<\/strong><\/p>\n<hr data-start=\"902\" data-end=\"905\" \/>\n<h3 data-section-id=\"s9mkjv\" data-start=\"907\" data-end=\"945\">Dev\u00ednska Kobyla \u2013 poklad pr\u00edrody<\/h3>\n<p data-start=\"947\" data-end=\"1128\">Program pribl\u00ed\u017ei aj jedine\u010dn\u00e9 pr\u00edrodn\u00e9 bohatstvo oblasti Dev\u00ednskej Kobyly a Sandbergu. Deti sa zozn\u00e1mia s chr\u00e1nen\u00fdmi \u017eivo\u010d\u00edchmi a uvidia uk\u00e1\u017eky prepar\u00e1tov stavovcov aj bezstavovcov.<\/p>\n<p data-start=\"1130\" data-end=\"1348\"><strong>V r\u00e1mci paleontologickej \u010dasti si vysk\u00fa\u0161aj\u00fa pr\u00e1cu vedcov a zistia, ktor\u00e9 skameneliny s\u00fa z\u00e1konom chr\u00e1nen\u00e9.<\/strong> Z\u00e1bavnou formou pochopia, pre\u010do je d\u00f4le\u017eit\u00e9 neodn\u00e1\u0161a\u0165 si n\u00e1lezy z pr\u00edrody a ako chr\u00e1ni\u0165 na\u0161e pr\u00edrodn\u00e9 dedi\u010dstvo.<\/p>\n<hr data-start=\"1350\" data-end=\"1353\" \/>\n<h3 data-section-id=\"nhtson\" data-start=\"1355\" data-end=\"1373\">Pre\u010do pr\u00eds\u0165?<\/h3>\n<ul data-start=\"1375\" data-end=\"1496\">\n<li data-section-id=\"1sapg8s\" data-start=\"1375\" data-end=\"1409\">interakt\u00edvne aktivity pre deti<\/li>\n<li data-section-id=\"15kwy8\" data-start=\"1410\" data-end=\"1439\">u\u010denie hrou a objavovan\u00edm<\/li>\n<li data-section-id=\"4okyeb\" data-start=\"1440\" data-end=\"1464\">kontakt s odborn\u00edkmi<\/li>\n<li data-section-id=\"1sn82ku\" data-start=\"1465\" data-end=\"1496\">environment\u00e1lne vzdel\u00e1vanie<\/li>\n<\/ul>\n<p>\ud83d\udcb6 <strong data-start=\"343\" data-end=\"355\">Vstupn\u00e9:<\/strong> deti 3 \u20ac | dospel\u00ed 6 \u20ac<\/p>\n<p><img class=\"alignnone size-full wp-image-437813\" src=\"https:\/\/www.visitbratislava.com\/wp-content\/uploads\/2026\/04\/A4_den-zeme-poster_page-0001.jpg\" alt=\"\" \/><\/p>\n","protected":false},"excerpt":{"rendered":"<p>Za\u017eite dopoludnie pln\u00e9 objavovania, hier a zauj\u00edmav\u00fdch aktiv\u00edt pri pr\u00edle\u017eitosti D\u0148a Zeme. Podujatie je ide\u00e1lne pre \u0161kol\u00e1kov aj rodiny s de\u0165mi, ktor\u00e9 chc\u00fa spozn\u00e1va\u0165 pr\u00edrodu interakt\u00edvnou formou.<\/p>\n","protected":false},"featured_media":437813,"template":"","acf":[],"event_date":{"start_date":1776816000,"end_date":1776816000},"_links":{"self":[{"href":"https:\/\/www.visitbratislava.com\/sk\/wp-json\/wp\/v2\/event\/437789"}],"collection":[{"href":"https:\/\/www.visitbratislava.com\/sk\/wp-json\/wp\/v2\/event"}],"about":[{"href":"https:\/\/www.visitbratislava.com\/sk\/wp-json\/wp\/v2\/types\/event"}],"version-history":[{"count":8,"href":"https:\/\/www.visitbratislava.com\/sk\/wp-json\/wp\/v2\/event\/437789\/revisions"}],"predecessor-version":[{"id":437812,"href":"https:\/\/www.visitbratislava.com\/sk\/wp-json\/wp\/v2\/event\/437789\/revisions\/437812"}],"wp:featuredmedia":[{"embeddable":true,"href":"https:\/\/www.visitbratislava.com\/sk\/wp-json\/wp\/v2\/media\/437813"}],"wp:attachment":[{"href":"https:\/\/www.visitbratislava.com\/sk\/wp-json\/wp\/v2\/media?parent=437789"}],"curies":[{"name":"wp","href":"https:\/\/api.w.org\/{rel}","templated":true}]}}