{"id":55420,"date":"2019-02-20T14:59:04","date_gmt":"2019-02-20T13:59:04","guid":{"rendered":"https:\/\/www.visitbratislava.com\/?post_type=event&#038;p=55420\/"},"modified":"2019-02-20T14:59:04","modified_gmt":"2019-02-20T13:59:04","slug":"z-akademie-do-prirody-podoby-krajinomalby-v-strednej-europe-1860-1890","status":"publish","type":"event","link":"https:\/\/www.visitbratislava.com\/sk\/podujatia\/z-akademie-do-prirody-podoby-krajinomalby-v-strednej-europe-1860-1890\/","title":{"rendered":"Z AKAD\u00c9MIE DO PR\u00cdRODY \/ PODOBY KRAJINOMA\u013dBY V STREDNEJ EUR\u00d3PE 1860 \u2013 1890"},"content":{"rendered":"<p>T\u00e9me stredoeur\u00f3pskej plen\u00e9rovej krajinoma\u013eby, ktor\u00e1 sa rozv\u00edjala v\u00a0priestore b\u00fdvalej rak\u00fasko-uhorskej monarchie v\u00a0rokoch 1860 &#8211; 1890, sa doteraz nevenovala pr\u00edli\u0161 ve\u013ek\u00e1 pozornos\u0165. V\u00fdstava organizovan\u00e1 Z\u00e1pado\u010deskou gal\u00e9riou v\u00a0Plzni a\u00a0Slovenskou n\u00e1rodnou gal\u00e9riou je jedn\u00fdm z\u00a0prv\u00fdch pokusov zamera\u0165 sa na tvorbu osobnost\u00ed v\u00fdtvarnej sc\u00e9ny, ktor\u00e9 sa pohybovali medzi dunajskou monarchiou a\u00a0s\u00fadob\u00fdmi centrami v\u00fdtvarn\u00e9ho umenia.<\/p>\n<p><a href=\"http:\/\/www.sng.sk\" target=\"_blank\" rel=\"noopener\">http:\/\/www.sng.sk<\/a><\/p>\n<p>Miesto: Slovensk\u00e1 n\u00e1rodn\u00e1 gal\u00e9ria, Esterh\u00e1zyho pal\u00e1c<\/p>\n","protected":false},"excerpt":{"rendered":"<p>T\u00e9me stredoeur\u00f3pskej plen\u00e9rovej krajinoma\u013eby, ktor\u00e1 sa rozv\u00edjala v\u00a0priestore b\u00fdvalej rak\u00fasko-uhorskej monarchie v\u00a0rokoch 1860 &#8211; 1890, sa doteraz nevenovala pr\u00edli\u0161 ve\u013ek\u00e1 pozornos\u0165. V\u00fdstava organizovan\u00e1 Z\u00e1pado\u010deskou gal\u00e9riou v\u00a0Plzni a\u00a0Slovenskou n\u00e1rodnou gal\u00e9riou je jedn\u00fdm z\u00a0prv\u00fdch pokusov zamera\u0165 sa na tvorbu osobnost\u00ed v\u00fdtvarnej sc\u00e9ny, ktor\u00e9 sa pohybovali medzi dunajskou monarchiou a\u00a0s\u00fadob\u00fdmi centrami v\u00fdtvarn\u00e9ho umenia. http:\/\/www.sng.sk Miesto: Slovensk\u00e1 n\u00e1rodn\u00e1 gal\u00e9ria, [&hellip;]<\/p>\n","protected":false},"featured_media":55421,"template":"","acf":[],"event_date":{"start_date":1551916800,"end_date":1561852800},"_links":{"self":[{"href":"https:\/\/www.visitbratislava.com\/sk\/wp-json\/wp\/v2\/event\/55420"}],"collection":[{"href":"https:\/\/www.visitbratislava.com\/sk\/wp-json\/wp\/v2\/event"}],"about":[{"href":"https:\/\/www.visitbratislava.com\/sk\/wp-json\/wp\/v2\/types\/event"}],"version-history":[{"count":0,"href":"https:\/\/www.visitbratislava.com\/sk\/wp-json\/wp\/v2\/event\/55420\/revisions"}],"wp:featuredmedia":[{"embeddable":true,"href":"https:\/\/www.visitbratislava.com\/sk\/wp-json\/wp\/v2\/media\/55421"}],"wp:attachment":[{"href":"https:\/\/www.visitbratislava.com\/sk\/wp-json\/wp\/v2\/media?parent=55420"}],"curies":[{"name":"wp","href":"https:\/\/api.w.org\/{rel}","templated":true}]}}