{"id":101929,"date":"2021-03-31T10:42:17","date_gmt":"2021-03-31T08:42:17","guid":{"rendered":"https:\/\/www.visitbratislava.com\/?page_id=101929"},"modified":"2026-03-27T17:38:19","modified_gmt":"2026-03-27T16:38:19","slug":"6-tipov-ako-stravit-velku-noc-v-bratislave","status":"publish","type":"page","link":"https:\/\/www.visitbratislava.com\/sk\/6-tipov-ako-stravit-velku-noc-v-bratislave\/","title":{"rendered":"Ve\u013ek\u00e1 noc v Bratislave 2026: 6 tipov, \u010do robi\u0165 po\u010das sviatkov"},"content":{"rendered":"<p>Po\u010das sviato\u010dn\u00fdch dn\u00ed si m\u00f4\u017eete vychutna\u0165 historick\u00e9 pamiatky, kult\u00farne podujatia, jarn\u00e9 prech\u00e1dzky v parkoch alebo v\u00fdlety do pr\u00edrody v okol\u00ed mesta. Prin\u00e1\u0161ame nieko\u013eko tipov, ako si u\u017ei\u0165 ve\u013ekono\u010dn\u00fd pobyt v Bratislave.<\/p>\n<p><strong>V roku 2026 sa ve\u013ekono\u010dn\u00e9 sviatky konaj\u00fa od 2. do 6. apr\u00edla.<\/strong><\/p>\n<p><a href=\"https:\/\/www.visitbratislava.com\/wp-content\/uploads\/2026\/03\/Easter_Sights_Attractions-2026.pdf\">Otv\u00e1racie hodiny po\u010das Ve\u013ekej noci 2026<\/a><\/p>\n<h2><strong>1. <\/strong><strong>Ve\u013ekono\u010dn\u00e9 stredovek\u00e9 trhy na n\u00e1dvor\u00ed Bratislavsk\u00e9ho hradu!<\/strong><\/h2>\n<p><span style=\"font-weight: 400;\">Kov\u00e1\u010d, v\u010del\u00e1r, minciar, kraj\u010d\u00edr, svie\u010dkar, tok\u00e1r, hrn\u010diar a\u00a0\u010fal\u0161\u00ed <\/span><span style=\"font-weight: 400;\">remeseln\u00edci a remeseln\u00ed\u010dky v\u00e1m predved\u00fa svoje zru\u010dnosti aj ru\u010dne vyr\u00e1ban\u00e9 produkty. Novinkou bude aj zbroj\u00e1r, u ktor\u00e9ho uvid\u00edte v\u00fdrobu kr\u00fa\u017ekovej ko\u0161ele priamo na mieste.<\/span><\/p>\n<p><span style=\"font-weight: 400;\">Atmosf\u00e9ru dopln\u00ed stredovek\u00e1 kuchy\u0148a, v\u00edno od vin\u00e1ra aj tradi\u010dn\u00e9 ve\u013ekono\u010dn\u00e9 aktivity ako pletenie korb\u00e1\u010dov \u010di v\u00fdroba vencov. Te\u0161i\u0165 sa m\u00f4\u017eete aj na sokoliarov, lukostre\u013ebu a dreven\u00fd koloto\u010d pre deti.<\/span><\/p>\n<p><span style=\"font-weight: 400;\">\ud83d\udcc5<\/span><span style=\"font-weight: 400;\"> Ve\u013ek\u00fd piatok a\u017e Ve\u013ekono\u010dn\u00fd pondelok: 3. \u2013 6. apr\u00edl 2026<\/span><span style=\"font-weight: 400;\"><br \/>\n<\/span><span style=\"font-weight: 400;\">\ud83d\udd59<\/span><span style=\"font-weight: 400;\"> 10:00 \u2013 18:00<\/span><span style=\"font-weight: 400;\"><br \/>\n<\/span><span style=\"font-weight: 400;\">\ud83c\udf9f<\/span><span style=\"font-weight: 400;\">\ufe0f Vstup na n\u00e1dvorie je vo\u013en\u00fd<\/span><\/p>\n<p><span style=\"font-weight: 400;\">Po\u010das Ve\u013ekono\u010dn\u00fdch sviatkov a\u00a0v\u00edkendu je otvoren\u00e9 aj SNM \u2013 Historick\u00e9 m\u00fazeum. Ka\u017ed\u00fd de\u0148 okrem utorka od 10:00 do 18:00 (posledn\u00fd vstup o\u00a017:00). Te\u0161i\u0165 sa m\u00f4\u017eete na predmety s\u00a0ve\u013ekono\u010dnou tematikou, stredovek v\u00a0expoz\u00edcii Dejiny Slovenska \u010di v\u00fdh\u013ead z\u00a0Korunnej ve\u017ee.<\/span><\/p>\n<div class=\"grid-container\"><div class=\"grid-container__item\"><div class=\"block\"><a href=\"https:\/\/www.visitbratislava.com\/wp-content\/uploads\/2026\/03\/velkonocne_trhy_2024-day1-20240329-002-800x533.jpg\" data-fancybox=\"gallery\" data-caption=\"\"><div class=\"background\"><img src=\"https:\/\/www.visitbratislava.com\/wp-content\/uploads\/2026\/03\/velkonocne_trhy_2024-day1-20240329-002-800x533.jpg\" alt=\"foto\"\/><\/div><div class=\"overlay filter-blue\"><div class=\"content\"><span class=\"zoom-button\"><\/span><\/div><\/div><\/a><\/div><\/div><div class=\"grid-container__item\"><div class=\"block\"><a href=\"https:\/\/www.visitbratislava.com\/wp-content\/uploads\/2026\/03\/trhy-vn25-031-800x533.jpg\" data-fancybox=\"gallery\" data-caption=\"\"><div class=\"background\" style=\"background-image: url(https:\/\/www.visitbratislava.com\/wp-content\/uploads\/2026\/03\/trhy-vn25-031-800x533.jpg)\"><\/div><div class=\"overlay filter-green\"><div class=\"content\"><span class=\"zoom-button\"><\/span><\/div><\/div><\/a><\/div><\/div><div class=\"grid-container__item\"><div class=\"block\" ><a href=\"https:\/\/www.visitbratislava.com\/wp-content\/uploads\/2026\/03\/trhy-vn25-010-800x533.jpg\" data-fancybox=\"gallery\" data-caption=\"\"><div class=\"background\" style=\"background-image: url(https:\/\/www.visitbratislava.com\/wp-content\/uploads\/2026\/03\/trhy-vn25-010-800x533.jpg)\"><\/div><div class=\"overlay filter-orange\"><div class=\"content\"><span class=\"zoom-button\"><\/span><\/div><\/div><\/a><\/div><\/div><div class=\"grid-container__item\"><div class=\"block\"><a href=\"https:\/\/www.visitbratislava.com\/wp-content\/uploads\/2026\/03\/trhy-vn25-004-800x533.jpg\" data-fancybox=\"gallery\" data-caption=\"\"><div class=\"background\" style=\"background-image: url(https:\/\/www.visitbratislava.com\/wp-content\/uploads\/2026\/03\/trhy-vn25-004-800x533.jpg)\"><\/div><div class=\"overlay filter-purple\"><div class=\"content\"><span class=\"zoom-button\"><\/span><\/div><\/div><\/a><\/div><\/div><div class=\"grid-container__item more\"><div class=\"block\" ><a class=\"more-link\"><div class=\"content show-more-gallery\"><span class=\"icon-camera\"><\/span><div class=\"title empathized\">&plus;3 Fotky<\/div><\/div><\/a><\/div><\/div><div class=\"d-none\"><div class=\"block block-inside image\"><a href=\"https:\/\/www.visitbratislava.com\/wp-content\/uploads\/2026\/03\/trhy-vn25-002-800x533.jpg\" data-fancybox=\"gallery\" data-caption=\"\"><div class=\"background\" data-equalizer-block=\"4\"><img src=\"https:\/\/www.visitbratislava.com\/wp-content\/uploads\/2026\/03\/trhy-vn25-002-384x384.jpg\" class=\"attachment-medium-crop size-medium-crop\" alt=\"\" loading=\"lazy\" data-interchange=\"[https:\/\/www.visitbratislava.com\/wp-content\/uploads\/2026\/03\/trhy-vn25-002-384x384.jpg, (default)], [https:\/\/www.visitbratislava.com\/wp-content\/uploads\/2026\/03\/trhy-vn25-002-384x384.jpg, (small)]\" title=\"trhy-vn25-002\" srcset=\"https:\/\/www.visitbratislava.com\/wp-content\/uploads\/2026\/03\/trhy-vn25-002-384x384.jpg 384w, https:\/\/www.visitbratislava.com\/wp-content\/uploads\/2026\/03\/trhy-vn25-002-150x150.jpg 150w, https:\/\/www.visitbratislava.com\/wp-content\/uploads\/2026\/03\/trhy-vn25-002-184x184.jpg 184w, https:\/\/www.visitbratislava.com\/wp-content\/uploads\/2026\/03\/trhy-vn25-002-784x784.jpg 784w\" sizes=\"(max-width: 384px) 100vw, 384px\" \/><\/div><div class=\"overlay invert filter filter-blue\"><div class=\"content\"><span class=\"zoom-button\"><\/span><\/div><\/div><\/a><\/div><\/div><div class=\"d-none\"><div class=\"block block-inside image\"><a href=\"https:\/\/www.visitbratislava.com\/wp-content\/uploads\/2026\/03\/stredoveke-trhy-na-ba-hrade-20230408-047-800x533.jpg\" data-fancybox=\"gallery\" data-caption=\"\"><div class=\"background\" data-equalizer-block=\"4\"><img src=\"https:\/\/www.visitbratislava.com\/wp-content\/uploads\/2026\/03\/stredoveke-trhy-na-ba-hrade-20230408-047-384x384.jpg\" class=\"attachment-medium-crop size-medium-crop\" alt=\"\" loading=\"lazy\" data-interchange=\"[https:\/\/www.visitbratislava.com\/wp-content\/uploads\/2026\/03\/stredoveke-trhy-na-ba-hrade-20230408-047-384x384.jpg, (default)], [https:\/\/www.visitbratislava.com\/wp-content\/uploads\/2026\/03\/stredoveke-trhy-na-ba-hrade-20230408-047-384x384.jpg, (small)]\" title=\"stredoveke-trhy-na-ba-hrade-20230408-047\" srcset=\"https:\/\/www.visitbratislava.com\/wp-content\/uploads\/2026\/03\/stredoveke-trhy-na-ba-hrade-20230408-047-384x384.jpg 384w, https:\/\/www.visitbratislava.com\/wp-content\/uploads\/2026\/03\/stredoveke-trhy-na-ba-hrade-20230408-047-150x150.jpg 150w, https:\/\/www.visitbratislava.com\/wp-content\/uploads\/2026\/03\/stredoveke-trhy-na-ba-hrade-20230408-047-184x184.jpg 184w, https:\/\/www.visitbratislava.com\/wp-content\/uploads\/2026\/03\/stredoveke-trhy-na-ba-hrade-20230408-047-784x784.jpg 784w\" sizes=\"(max-width: 384px) 100vw, 384px\" \/><\/div><div class=\"overlay invert filter filter-green\"><div class=\"content\"><span class=\"zoom-button\"><\/span><\/div><\/div><\/a><\/div><\/div><div class=\"d-none\"><div class=\"block block-inside image\"><a href=\"https:\/\/www.visitbratislava.com\/wp-content\/uploads\/2026\/03\/stredoveke-trhy-na-ba-hrade-20230408-040-800x533.jpg\" data-fancybox=\"gallery\" data-caption=\"\"><div class=\"background\" data-equalizer-block=\"4\"><img src=\"https:\/\/www.visitbratislava.com\/wp-content\/uploads\/2026\/03\/stredoveke-trhy-na-ba-hrade-20230408-040-384x384.jpg\" class=\"attachment-medium-crop size-medium-crop\" alt=\"\" loading=\"lazy\" data-interchange=\"[https:\/\/www.visitbratislava.com\/wp-content\/uploads\/2026\/03\/stredoveke-trhy-na-ba-hrade-20230408-040-384x384.jpg, (default)], [https:\/\/www.visitbratislava.com\/wp-content\/uploads\/2026\/03\/stredoveke-trhy-na-ba-hrade-20230408-040-384x384.jpg, (small)]\" title=\"stredoveke-trhy-na-ba-hrade-20230408-040\" srcset=\"https:\/\/www.visitbratislava.com\/wp-content\/uploads\/2026\/03\/stredoveke-trhy-na-ba-hrade-20230408-040-384x384.jpg 384w, https:\/\/www.visitbratislava.com\/wp-content\/uploads\/2026\/03\/stredoveke-trhy-na-ba-hrade-20230408-040-150x150.jpg 150w, https:\/\/www.visitbratislava.com\/wp-content\/uploads\/2026\/03\/stredoveke-trhy-na-ba-hrade-20230408-040-184x184.jpg 184w, https:\/\/www.visitbratislava.com\/wp-content\/uploads\/2026\/03\/stredoveke-trhy-na-ba-hrade-20230408-040-784x784.jpg 784w\" sizes=\"(max-width: 384px) 100vw, 384px\" \/><\/div><div class=\"overlay invert filter filter-fiord\"><div class=\"content\"><span class=\"zoom-button\"><\/span><\/div><\/div><\/a><\/div><\/div><\/div>\n<h2><strong>2. Objavte Slovensk\u00e9 n\u00e1rodn\u00e9 divadlo<\/strong><\/h2>\n<p data-start=\"1597\" data-end=\"1746\">Po\u010das Ve\u013ekej noci pon\u00faka <strong data-start=\"138\" data-end=\"167\">Slovensk\u00e9 n\u00e1rodn\u00e9 divadlo<\/strong> v Bratislave pestr\u00fd program pre milovn\u00edkov opery aj \u010dinohry. Te\u0161i\u0165 sa m\u00f4\u017eete na koncerty Opera Gala s v\u00fdznamn\u00fdmi umelcami, operu <em data-start=\"297\" data-end=\"306\">Nabucco<\/em> aj divadeln\u00e9 predstavenia. Sviato\u010dn\u00e9 dni s\u00fa ide\u00e1lnou pr\u00edle\u017eitos\u0165ou za\u017ei\u0165 kult\u00faru v centre Bratislavy.<\/p>\n<p data-start=\"1597\" data-end=\"1746\"><a href=\"https:\/\/snd.sk\/\" target=\"_blank\" rel=\"noopener\">Viac info a vstupenky<\/a><\/p>\n<p data-start=\"1597\" data-end=\"1746\"><img loading=\"lazy\" class=\"alignnone wp-image-436781 size-full\" src=\"https:\/\/www.visitbratislava.com\/wp-content\/uploads\/2026\/03\/SND_VELKA-NOC-V-SND_baner_sez106.jpg\" alt=\"\" width=\"1920\" height=\"1144\" srcset=\"https:\/\/www.visitbratislava.com\/wp-content\/uploads\/2026\/03\/SND_VELKA-NOC-V-SND_baner_sez106.jpg 1920w, https:\/\/www.visitbratislava.com\/wp-content\/uploads\/2026\/03\/SND_VELKA-NOC-V-SND_baner_sez106-400x238.jpg 400w, https:\/\/www.visitbratislava.com\/wp-content\/uploads\/2026\/03\/SND_VELKA-NOC-V-SND_baner_sez106-800x477.jpg 800w, https:\/\/www.visitbratislava.com\/wp-content\/uploads\/2026\/03\/SND_VELKA-NOC-V-SND_baner_sez106-768x458.jpg 768w, https:\/\/www.visitbratislava.com\/wp-content\/uploads\/2026\/03\/SND_VELKA-NOC-V-SND_baner_sez106-1536x915.jpg 1536w, https:\/\/www.visitbratislava.com\/wp-content\/uploads\/2026\/03\/SND_VELKA-NOC-V-SND_baner_sez106-200x119.jpg 200w\" sizes=\"(max-width: 1920px) 100vw, 1920px\" \/><\/p>\n<h2><strong>3. Jarn\u00e9 prech\u00e1dzky v mestsk\u00fdch parkoch<\/strong><\/h2>\n<p data-start=\"1928\" data-end=\"2101\">Bratislava pon\u00faka viacero parkov a <a href=\"https:\/\/www.visitbratislava.com\/sk\/green\/\" target=\"_blank\" rel=\"noopener\">zelen\u00fdch miest<\/a>, ktor\u00e9 s\u00fa na jar ob\u013e\u00faben\u00fdm miestom oddychu. Po\u010das sviatkov si m\u00f4\u017eete vychutna\u0165 pokojn\u00e9 prech\u00e1dzky v pr\u00edrode priamo v meste.<\/p>\n<p data-start=\"2103\" data-end=\"2257\">Medzi najob\u013e\u00fabenej\u0161ie patria <strong data-start=\"2132\" data-end=\"2188\">Sad Janka Kr\u00e1\u013ea, Horsk\u00fd park alebo \u017delezn\u00e1 studienka<\/strong>, kde si n\u00e1v\u0161tevn\u00edci m\u00f4\u017eu u\u017ei\u0165 rozkvitnut\u00fa pr\u00edrodu a jarn\u00fa atmosf\u00e9ru.<\/p>\n<p><img loading=\"lazy\" class=\"wp-image-37081 size-large aligncenter\" src=\"https:\/\/www.visitbratislava.com\/wp-content\/uploads\/2015\/04\/horsky-park-horaren-800x450.jpg\" alt=\"\" width=\"800\" height=\"450\" srcset=\"https:\/\/www.visitbratislava.com\/wp-content\/uploads\/2015\/04\/horsky-park-horaren-800x450.jpg 800w, https:\/\/www.visitbratislava.com\/wp-content\/uploads\/2015\/04\/horsky-park-horaren-400x225.jpg 400w, https:\/\/www.visitbratislava.com\/wp-content\/uploads\/2015\/04\/horsky-park-horaren-768x432.jpg 768w, https:\/\/www.visitbratislava.com\/wp-content\/uploads\/2015\/04\/horsky-park-horaren-200x113.jpg 200w\" sizes=\"(max-width: 800px) 100vw, 800px\" \/><\/p>\n<h2><strong>4. Ve\u013ekono\u010dn\u00fd koncert v Katedr\u00e1le sv. Martina<\/strong><\/h2>\n<p data-start=\"162\" data-end=\"342\"><strong data-start=\"238\" data-end=\"285\">Ve\u013ekono\u010dn\u00fd koncert <\/strong><strong data-start=\"238\" data-end=\"285\">29. marec 2026, 15:00<\/strong><\/p>\n<p data-start=\"162\" data-end=\"342\">Program zah\u0155\u0148a aj dielo <strong data-start=\"368\" data-end=\"435\">Josepha Haydna \u201eSedem posledn\u00fdch slov n\u00e1\u0161ho Spasite\u013ea na kr\u00ed\u017ei\u201c<\/strong>, ktor\u00e9 skladate\u013e nap\u00edsal na objedn\u00e1vku katedr\u00e1ly v \u0161panielskom C\u00e1dize pre bohoslu\u017eby po\u010das Ve\u013ek\u00e9ho piatku. Toto hudobn\u00e9 dielo patr\u00ed medzi v\u00fdznamn\u00e9 skladby duchovnej hudby a prin\u00e1\u0161a hlbok\u00fd a emot\u00edvny hudobn\u00fd z\u00e1\u017eitok.<\/p>\n<p data-start=\"344\" data-end=\"651\">\u00a0<a href=\"https:\/\/www.filharmonia.sk\/s1-2026\" target=\"_blank\" rel=\"noopener\">Viac info a vstupenky<\/a><\/p>\n<p><img loading=\"lazy\" class=\"aligncenter wp-image-382290 size-full\" src=\"https:\/\/www.visitbratislava.com\/wp-content\/uploads\/2025\/11\/Katedrala-sv.-Martina-vyhlad.jpg\" alt=\"\" width=\"2400\" height=\"1160\" srcset=\"https:\/\/www.visitbratislava.com\/wp-content\/uploads\/2025\/11\/Katedrala-sv.-Martina-vyhlad.jpg 2400w, https:\/\/www.visitbratislava.com\/wp-content\/uploads\/2025\/11\/Katedrala-sv.-Martina-vyhlad-400x193.jpg 400w, https:\/\/www.visitbratislava.com\/wp-content\/uploads\/2025\/11\/Katedrala-sv.-Martina-vyhlad-800x387.jpg 800w, https:\/\/www.visitbratislava.com\/wp-content\/uploads\/2025\/11\/Katedrala-sv.-Martina-vyhlad-768x371.jpg 768w, https:\/\/www.visitbratislava.com\/wp-content\/uploads\/2025\/11\/Katedrala-sv.-Martina-vyhlad-1536x742.jpg 1536w, https:\/\/www.visitbratislava.com\/wp-content\/uploads\/2025\/11\/Katedrala-sv.-Martina-vyhlad-2048x990.jpg 2048w, https:\/\/www.visitbratislava.com\/wp-content\/uploads\/2025\/11\/Katedrala-sv.-Martina-vyhlad-200x97.jpg 200w\" sizes=\"(max-width: 2400px) 100vw, 2400px\" \/><\/p>\n<h2><strong>5. Plavba po Dunaji<\/strong><\/h2>\n<p data-start=\"2288\" data-end=\"2461\">Jar je ide\u00e1lnym obdob\u00edm na <strong data-start=\"2315\" data-end=\"2335\">plavbu po Dunaji<\/strong>, ktor\u00e1 pon\u00faka jedine\u010dn\u00fd poh\u013ead na panor\u00e1mu Bratislavy. Z rieky m\u00f4\u017eete obdivova\u0165 historick\u00e9 centrum, mosty aj dominanty mesta.<\/p>\n<p data-start=\"2463\" data-end=\"2577\">Niektor\u00e9 plavby smeruj\u00fa aj k <strong data-start=\"2492\" data-end=\"2507\">hradu Dev\u00edn<\/strong>, ktor\u00fd patr\u00ed medzi najzn\u00e1mej\u0161ie historick\u00e9 miesta v okol\u00ed Bratislavy.<\/p>\n<p><img loading=\"lazy\" width=\"960\" height=\"640\" class=\"alignnone size-full wp-image-105452\" src=\"https:\/\/www.visitbratislava.com\/wp-content\/uploads\/2021\/06\/prekrytie_lode_Harmonia.jpg\" alt=\"\" srcset=\"https:\/\/www.visitbratislava.com\/wp-content\/uploads\/2021\/06\/prekrytie_lode_Harmonia.jpg 960w, https:\/\/www.visitbratislava.com\/wp-content\/uploads\/2021\/06\/prekrytie_lode_Harmonia-400x267.jpg 400w, https:\/\/www.visitbratislava.com\/wp-content\/uploads\/2021\/06\/prekrytie_lode_Harmonia-800x533.jpg 800w, https:\/\/www.visitbratislava.com\/wp-content\/uploads\/2021\/06\/prekrytie_lode_Harmonia-768x512.jpg 768w, https:\/\/www.visitbratislava.com\/wp-content\/uploads\/2021\/06\/prekrytie_lode_Harmonia-200x133.jpg 200w\" sizes=\"(max-width: 960px) 100vw, 960px\" \/><\/p>\n<h2><strong>6.\u00a0<\/strong><strong>Prech\u00e1dzky historick\u00fdm centrom Bratislavy<\/strong><\/h2>\n<p data-start=\"1231\" data-end=\"1406\">Jar je ide\u00e1lnym obdob\u00edm na prech\u00e1dzky po <strong data-start=\"1272\" data-end=\"1305\">historickom centre Bratislavy<\/strong>. \u00dazke uli\u010dky, historick\u00e9 n\u00e1mestia a architekt\u00fara vytv\u00e1raj\u00fa po\u010das sviato\u010dn\u00fdch dn\u00ed pr\u00edjemn\u00fa atmosf\u00e9ru.<\/p>\n<p data-start=\"1408\" data-end=\"1559\">Medzi najzn\u00e1mej\u0161ie pamiatky patria <strong data-start=\"1443\" data-end=\"1527\"><a href=\"https:\/\/www.visitbratislava.com\/sk\/miesta\/bratislavsky-hrad\/\" target=\"_blank\" rel=\"noopener\">Bratislavsk\u00fd hrad<\/a>, Michalsk\u00e1 br\u00e1na, Primaci\u00e1lny pal\u00e1c \u010di Hviezdoslavovo n\u00e1mestie<\/strong>, ktor\u00e9 patria k symbolom mesta.<\/p>\n<p data-start=\"1408\" data-end=\"1559\"><img loading=\"lazy\" width=\"800\" height=\"533\" class=\"size-large wp-image-435487 aligncenter\" src=\"https:\/\/www.visitbratislava.com\/wp-content\/uploads\/2026\/03\/Lachkovic_BMD_2023_Stare_Mesto_vyhradna_licencia_casovo_neobmedzena-45-800x533.jpg\" alt=\"\" srcset=\"https:\/\/www.visitbratislava.com\/wp-content\/uploads\/2026\/03\/Lachkovic_BMD_2023_Stare_Mesto_vyhradna_licencia_casovo_neobmedzena-45-800x533.jpg 800w, https:\/\/www.visitbratislava.com\/wp-content\/uploads\/2026\/03\/Lachkovic_BMD_2023_Stare_Mesto_vyhradna_licencia_casovo_neobmedzena-45-400x267.jpg 400w, https:\/\/www.visitbratislava.com\/wp-content\/uploads\/2026\/03\/Lachkovic_BMD_2023_Stare_Mesto_vyhradna_licencia_casovo_neobmedzena-45-768x512.jpg 768w, https:\/\/www.visitbratislava.com\/wp-content\/uploads\/2026\/03\/Lachkovic_BMD_2023_Stare_Mesto_vyhradna_licencia_casovo_neobmedzena-45-1536x1024.jpg 1536w, https:\/\/www.visitbratislava.com\/wp-content\/uploads\/2026\/03\/Lachkovic_BMD_2023_Stare_Mesto_vyhradna_licencia_casovo_neobmedzena-45-2048x1365.jpg 2048w, https:\/\/www.visitbratislava.com\/wp-content\/uploads\/2026\/03\/Lachkovic_BMD_2023_Stare_Mesto_vyhradna_licencia_casovo_neobmedzena-45-200x133.jpg 200w\" sizes=\"(max-width: 800px) 100vw, 800px\" \/><\/p>\n<p><em>Pre viac inform\u00e1ci\u00ed o aktu\u00e1lnom programe v Bratislave nav\u0161t\u00edvte na\u0161e <a href=\"https:\/\/www.visitbratislava.com\/sk\/navsteva\/turisticke-informacne-centra-sk\/\" target=\"_blank\" rel=\"noopener\">Turistick\u00e9 informa\u010dn\u00e9 centrum<\/a>. Otv\u00e1racie hodiny po\u010das sviatkov n\u00e1jdete <a href=\"https:\/\/www.visitbratislava.com\/wp-content\/uploads\/2026\/03\/TIC-Easter-Opening-Hours.pdf\">TU.<\/a><\/em><\/p>\n","protected":false},"excerpt":{"rendered":"<p>Ve\u013ek\u00e1 noc patr\u00ed medzi najkraj\u0161ie sviatky jari a Bratislava v tomto obdob\u00ed pon\u00faka pr\u00edjemn\u00fa atmosf\u00e9ru aj mno\u017estvo mo\u017enost\u00ed na objavovanie mesta. <\/p>\n","protected":false},"author":25,"featured_media":231674,"parent":0,"menu_order":0,"comment_status":"closed","ping_status":"closed","template":"","meta":[],"acf":[],"_links":{"self":[{"href":"https:\/\/www.visitbratislava.com\/sk\/wp-json\/wp\/v2\/pages\/101929"}],"collection":[{"href":"https:\/\/www.visitbratislava.com\/sk\/wp-json\/wp\/v2\/pages"}],"about":[{"href":"https:\/\/www.visitbratislava.com\/sk\/wp-json\/wp\/v2\/types\/page"}],"author":[{"embeddable":true,"href":"https:\/\/www.visitbratislava.com\/sk\/wp-json\/wp\/v2\/users\/25"}],"replies":[{"embeddable":true,"href":"https:\/\/www.visitbratislava.com\/sk\/wp-json\/wp\/v2\/comments?post=101929"}],"version-history":[{"count":46,"href":"https:\/\/www.visitbratislava.com\/sk\/wp-json\/wp\/v2\/pages\/101929\/revisions"}],"predecessor-version":[{"id":436788,"href":"https:\/\/www.visitbratislava.com\/sk\/wp-json\/wp\/v2\/pages\/101929\/revisions\/436788"}],"wp:featuredmedia":[{"embeddable":true,"href":"https:\/\/www.visitbratislava.com\/sk\/wp-json\/wp\/v2\/media\/231674"}],"wp:attachment":[{"href":"https:\/\/www.visitbratislava.com\/sk\/wp-json\/wp\/v2\/media?parent=101929"}],"curies":[{"name":"wp","href":"https:\/\/api.w.org\/{rel}","templated":true}]}}