{"id":127943,"date":"2022-02-09T16:41:10","date_gmt":"2022-02-09T15:41:10","guid":{"rendered":"https:\/\/www.visitbratislava.com\/?page_id=127943"},"modified":"2025-02-21T15:54:16","modified_gmt":"2025-02-21T14:54:16","slug":"svetovy-den-sprievodcov-cestovneho-ruchu","status":"publish","type":"page","link":"https:\/\/www.visitbratislava.com\/sk\/svetovy-den-sprievodcov-cestovneho-ruchu\/","title":{"rendered":"Svetov\u00fd de\u0148 sprievodcov cestovn\u00e9ho ruchu"},"content":{"rendered":"<div class=\"tribe-common-g-row tribe-events-calendar-list__event-row\">\n<div>\n<p>Nenechajte si ujs\u0165 zauj\u00edmav\u00e9 inform\u00e1cie o miestach, okolo ktor\u00fdch mo\u017eno chod\u00edte ka\u017ed\u00fd de\u0148. Vyberte si z t\u00e9m, ktor\u00e9 s\u00fa v\u00e1m bl\u00edzke a nechajte sa vies\u0165 <strong>sk\u00fasen\u00fdmi turistick\u00fdmi sprievodcami Bratislavy<\/strong>. <strong>Medzin\u00e1rodn\u00fd de\u0148 sprievodcov cestovn\u00e9ho ruchu<\/strong>\u00a0vyhl\u00e1sila v roku 1990 Svetov\u00e1 feder\u00e1cia asoci\u00e1ci\u00ed turistick\u00fdch sprievodcov (WFTGA) s cie\u013eom\u00a0<strong>osl\u00e1vi\u0165 ich zru\u010dnosti<\/strong>.<\/p>\n<p><span data-olk-copy-source=\"MessageBody\">Prehliadky Z\u00e1\u017eitkov\u00e1 Bratislava k tomuto d\u0148u pripravila <strong>Asoci\u00e1cia sprievodcov Bratislavy<\/strong> v spolupr\u00e1ci s organiz\u00e1torom<a href=\"https:\/\/zazitkovabratislava.sk\/podujatia\/\" target=\"_blank\" rel=\"noopener\"> Z\u00e1\u017eitkov\u00e9 programy<\/a> s podtitulom Bratislavsk\u00e9 potulky. \u010cak\u00e1 v\u00e1s tak skvel\u00e1 sobota, nabit\u00e1 zauj\u00edmav\u00fdmi inform\u00e1ciami v r\u00e1mci 25 bezplatn\u00fdch tematick\u00fdch prehliadok. Z nich 9 bude v cudzom jazyku a v\u010faka spoluorganiz\u00e1torovi a partnerovi podujatia, ktor\u00fdm je Bratislavsk\u00e9 kult\u00farne a informa\u010dn\u00e9 stredisko sa uskuto\u010dnia aj 3 prehliadky pre zdravotne znev\u00fdhodnen\u00fdch.<\/span><\/p>\n<p><strong>Mo\u017enos\u0165 rezerv\u00e1cie n\u00e1jdete v\u017edy po kliknut\u00ed na dan\u00fa prehliadku. Miesto stretnutia sa dozviete po zarezervovan\u00ed svojho miesta.\u00a0<\/strong><\/p>\n<\/div>\n<div class=\"tribe-events-calendar-list__event-wrapper tribe-common-g-col\">\n<article class=\"tribe-events-calendar-list__event tribe-common-g-row tribe-common-g-row--gutters post-323 tribe_events type-tribe_events status-publish has-post-thumbnail hentry tribe_events_cat-prehliadky cat_prehliadky\">\n<div class=\"tribe-events-calendar-list__event-details tribe-common-g-col\">\n<header class=\"tribe-events-calendar-list__event-header\">\n<h3 class=\"tribe-events-calendar-list__event-title tribe-common-h6 tribe-common-h4--min-medium\"><a class=\"tribe-events-calendar-list__event-title-link tribe-common-anchor-thin\" title=\"(08:30 \u2013 SK) | Premeny D\u00f3mu sv. Martina | Peter Fiala\" href=\"https:\/\/zazitkovabratislava.sk\/event\/premeny-domu-sv-martina\/\" rel=\"bookmark\">Obsaden\u00e9 &#8211; Premeny D\u00f3mu sv. Martina | Peter Fiala<\/a><\/h3>\n<\/header>\n<div class=\"tribe-events-calendar-list__event-description tribe-common-b2 tribe-common-a11y-hidden\">\n<p><em><span class=\"tribe-events-calendar-list__event-venue-title tribe-common-b2--bold\"><time class=\"tribe-events-calendar-list__event-datetime\" datetime=\"2025-02-22\"><span class=\"tribe-event-date-start\">22. febru\u00e1ra 8:30 <\/span>&#8211;\u00a0<span class=\"tribe-event-time\">9:45 SK\u00a0<\/span><\/time><\/span><\/em><\/p>\n<p>D\u00f3m sv\u00e4t\u00e9ho Martina n\u00e1s svojou hist\u00f3riou sprev\u00e1dza u\u017e od prvej polovice 13. storo\u010dia. Po\u010das vych\u00e1dzky si pribl\u00ed\u017eime jeho historick\u00e9 premeny a dozvieme sa, ako, kedy a za ak\u00fdch okolnost\u00ed sa menila a r\u00e1stla jeho ve\u017ea, presbyt\u00e9rium, kaplnky \u010di vstupn\u00e9 port\u00e1ly. Zameriame sa aj na symboly a epitafy zdobiace samotn\u00fd D\u00f3m.<br \/>\nVypo\u010dujeme si pr\u00edbehy o v\u00fdstavbe katedr\u00e1ly, ako aj o historick\u00fdch udalostiach a bojoch o moc, ktor\u00e9 v\u00fdrazne ovplyvnili t\u00fato \u010das\u0165 rozv\u00edjaj\u00faceho sa mesta. S\u00fa\u010das\u0165ou vych\u00e1dzky bude aj prehliadka interi\u00e9ru.<\/p>\n<\/div>\n<\/div>\n<\/article>\n<\/div>\n<\/div>\n<div class=\"tribe-common-g-row tribe-events-calendar-list__event-row\">\n<div class=\"tribe-events-calendar-list__event-wrapper tribe-common-g-col\">\n<article class=\"tribe-events-calendar-list__event tribe-common-g-row tribe-common-g-row--gutters post-7629 tribe_events type-tribe_events status-publish has-post-thumbnail hentry tribe_events_cat-prehliadky cat_prehliadky\">\n<div class=\"tribe-events-calendar-list__event-details tribe-common-g-col\">\n<header class=\"tribe-events-calendar-list__event-header\">\n<h3 class=\"tribe-events-calendar-list__event-title tribe-common-h6 tribe-common-h4--min-medium\"><a class=\"tribe-events-calendar-list__event-title-link tribe-common-anchor-thin\" title=\"(09:30 \u2013 DE) | Durch die Gassen der alten Pressburg | Dagmar Gubov\u00e1\" href=\"https:\/\/zazitkovabratislava.sk\/event\/durch-die-gassen-der-alten-pressburg\/\" rel=\"bookmark\">Besetzt &#8211; Durch die Gassen der alten Pressburg | Dagmar Gubov\u00e1<\/a><\/h3>\n<\/header>\n<div class=\"tribe-events-calendar-list__event-description tribe-common-b2 tribe-common-a11y-hidden\">\n<p><em><span class=\"tribe-events-calendar-list__event-venue-title tribe-common-b2--bold\"><time class=\"tribe-events-calendar-list__event-datetime\" datetime=\"2025-02-22\"><span class=\"tribe-event-date-start\">22. febru\u00e1ra 9:30<\/span>\u00a0&#8211;\u00a0<span class=\"tribe-event-time\">10:45 DE<\/span><\/time><\/span><\/em><\/p>\n<p>Werfen wir einen genaueren Blick auf alte Pressburg, seine Gassen und Sehensw\u00fcrdigkeiten. In Pressburg wurde Deutsch gesprochen, daher ist Pressburg dieses Mal auf Deutsch f\u00fcr alle da.<\/p>\n<\/div>\n<\/div>\n<\/article>\n<\/div>\n<\/div>\n<div class=\"tribe-common-g-row tribe-events-calendar-list__event-row\">\n<div class=\"tribe-events-calendar-list__event-wrapper tribe-common-g-col\">\n<article class=\"tribe-events-calendar-list__event tribe-common-g-row tribe-common-g-row--gutters post-8002 tribe_events type-tribe_events status-publish has-post-thumbnail hentry tribe_events_cat-dielne cat_dielne\">\n<div class=\"tribe-events-calendar-list__event-details tribe-common-g-col\">\n<header class=\"tribe-events-calendar-list__event-header\">\n<h3 class=\"tribe-events-calendar-list__event-title tribe-common-h6 tribe-common-h4--min-medium\"><a class=\"tribe-events-calendar-list__event-title-link tribe-common-anchor-thin\" title=\"(10:00-14:30) Kreat\u00edvne dielni\u010dky pre \u0161ikovn\u00e9 deti\u010dky | OZ Permon\u00edci\" href=\"https:\/\/zazitkovabratislava.sk\/event\/reativne-dielnicky-pre-sikovne-deticky-oz-permonici\/\" rel=\"bookmark\">Kreat\u00edvne dielni\u010dky pre \u0161ikovn\u00e9 deti\u010dky | OZ Permon\u00edci<\/a><\/h3>\n<\/header>\n<div class=\"tribe-events-calendar-list__event-description tribe-common-b2 tribe-common-a11y-hidden\">\n<p><em><span class=\"tribe-events-calendar-list__event-venue-title tribe-common-b2--bold\"><time class=\"tribe-events-calendar-list__event-datetime\" datetime=\"2025-02-22\"><span class=\"tribe-event-date-start\">22. febru\u00e1ra 10:00<\/span>\u00a0&#8211; 14<span class=\"tribe-event-time\">:30 SK\u00a0<\/span><\/time><\/span><\/em><\/p>\n<p>Vstupn\u00e9 dobrovo\u013en\u00e9 \u2013 mo\u017enos\u0165 venovania daru na podporu OZ Permon\u00edci na zdie\u013ean\u00e9 n\u00e1klady za pren\u00e1jom miestnosti a materi\u00e1l na tvorenie prostredn\u00edctvom platobnej karty aj hotovosti. Pre deti a rodi\u010dov bude k dispoz\u00edcii \u010daj.<\/p>\n<h3><a class=\"tribe-events-calendar-list__event-title-link tribe-common-anchor-thin\" title=\"(10:00 \u2013 EN) | Musical Bratislava with a visit to the Albrecht House | Zuzana God\u00e1rov\u00e1\" href=\"https:\/\/zazitkovabratislava.sk\/event\/musical-bratislava\/\" rel=\"bookmark\">Musical Bratislava with a visit to the Albrecht House | Zuzana God\u00e1rov\u00e1<\/a><\/h3>\n<p><em><span class=\"tribe-events-calendar-list__event-venue-title tribe-common-b2--bold\"><time class=\"tribe-events-calendar-list__event-datetime\" datetime=\"2025-02-22\"><span class=\"tribe-event-date-start\">22 febru\u00e1ra 10:00<\/span>\u00a0&#8211;\u00a0<span class=\"tribe-event-time\">11:30 EN\u00a0<\/span><\/time><\/span><\/em><\/p>\n<\/div>\n<\/div>\n<\/article>\n<\/div>\n<\/div>\n<div class=\"tribe-common-g-row tribe-events-calendar-list__event-row\" style=\"text-align: left;\">\n<div class=\"tribe-events-calendar-list__event-wrapper tribe-common-g-col\">\n<article class=\"tribe-events-calendar-list__event tribe-common-g-row tribe-common-g-row--gutters post-7648 tribe_events type-tribe_events status-publish has-post-thumbnail hentry tribe_events_cat-prehliadky cat_prehliadky\">\n<div class=\"tribe-events-calendar-list__event-details tribe-common-g-col\">\n<header class=\"tribe-events-calendar-list__event-header\">What did Bratislava-born Johann Nepomuk Hummel and his friend Ludwig van Beethoven have in common and how did they differ? What secrets are hidden behind the seemingly ordinary appearance of another of our natives, Franz Schmidt? In which palace was Joseph Haydn particularly welcome and to whom did he send a thousand kisses?<\/p>\n<h3 class=\"tribe-events-calendar-list__event-title tribe-common-h6 tribe-common-h4--min-medium\"><a class=\"tribe-events-calendar-list__event-title-link tribe-common-anchor-thin\" title=\"(10:00 \u2013 SK) | H\u013eadanie skryt\u00fdch pokladov v Bratislave | Sprev\u00e1dza: Andrea Miklasov\u00e1\" href=\"https:\/\/zazitkovabratislava.sk\/event\/hladanie-skrytych-pokladov-v-bratislave\/\" rel=\"bookmark\">Obsaden\u00e9 &#8211; H\u013eadanie skryt\u00fdch pokladov v Bratislave | Sprev\u00e1dza: Andrea Miklasov\u00e1<\/a><\/h3>\n<p><em><span class=\"tribe-events-calendar-list__event-venue-title tribe-common-b2--bold\"><time class=\"tribe-events-calendar-list__event-datetime\" datetime=\"2025-02-22\"><span class=\"tribe-event-date-start\">22. febru\u00e1ra 10:00<\/span>\u00a0&#8211;\u00a0<span class=\"tribe-event-time\">11:30 SK\u00a0<\/span><\/time><\/span><\/em><\/p>\n<\/header>\n<\/div>\n<\/article>\n<\/div>\n<\/div>\n<div class=\"tribe-common-g-row tribe-events-calendar-list__event-row\">\n<div class=\"tribe-events-calendar-list__event-wrapper tribe-common-g-col\">\n<article class=\"tribe-events-calendar-list__event tribe-common-g-row tribe-common-g-row--gutters post-7666 tribe_events type-tribe_events status-publish has-post-thumbnail hentry tribe_events_cat-prehliadky cat_prehliadky\">\n<div class=\"tribe-events-calendar-list__event-details tribe-common-g-col\">\n<header class=\"tribe-events-calendar-list__event-header\">\n<p style=\"text-align: left;\">Bratislavsk\u00e9 poklady s\u00fa \u010dastokr\u00e1t dobre skryt\u00e9 pred na\u0161imi o\u010dami. Mo\u017eno sa aj \u010dasto pozer\u00e1me smerom k nim, ale obklopuje ich hrub\u00fd m\u00far steny alebo \u00a0aj meden\u00fd pozl\u00e1ten\u00fd materi\u00e1l. Prijmite pozvanie na 1,5 hodinov\u00fa prech\u00e1dzku historick\u00fdm centrom Bratislavy.<\/p>\n<h3 class=\"tribe-events-calendar-list__event-title tribe-common-h6 tribe-common-h4--min-medium\"><a class=\"tribe-events-calendar-list__event-title-link tribe-common-anchor-thin\" title=\"(10:00 \u2013 SK) | BKIS SENIOROM: Po stop\u00e1ch \u017eobrav\u00fdch r\u00e1dov za hradbami Pre\u0161porka | Anna Mor\u00e1vkov\u00e1\" href=\"https:\/\/zazitkovabratislava.sk\/event\/po-stopach-zobravych-radov\/\" rel=\"bookmark\">BKIS SENIOROM: Po stop\u00e1ch \u017eobrav\u00fdch r\u00e1dov za hradbami Pre\u0161porka | Anna Mor\u00e1vkov\u00e1<\/a><\/h3>\n<p><em><span class=\"tribe-events-calendar-list__event-venue-title tribe-common-b2--bold\"><time class=\"tribe-events-calendar-list__event-datetime\" datetime=\"2025-02-22\"><span class=\"tribe-event-date-start\">22. febru\u00e1ra 10:00<\/span>\u00a0&#8211;\u00a0<span class=\"tribe-event-time\">11:30 SK\u00a0<\/span><\/time><\/span><\/em><\/p>\n<\/header>\n<div class=\"tribe-events-calendar-list__event-description tribe-common-b2 tribe-common-a11y-hidden\">\n<p>Objavme spolo\u010dne pr\u00edbehy \u017eobrav\u00fdch r\u00e1dov Kapuc\u00ednov a Trinit\u00e1rov, ktor\u00fdch kostoly vznikali za hradbami historick\u00e9ho Pre\u0161porka. Zist\u00edme, pre\u010do sa tieto r\u00e1dy usadili pr\u00e1ve tu, a ak\u00e9 poslanie plnili v \u017eivote mesta.<\/p>\n<\/div>\n<\/div>\n<\/article>\n<\/div>\n<\/div>\n<div class=\"tribe-common-g-row tribe-events-calendar-list__event-row\">\n<div class=\"tribe-events-calendar-list__event-wrapper tribe-common-g-col\">\n<article class=\"tribe-events-calendar-list__event tribe-common-g-row tribe-common-g-row--gutters post-7653 tribe_events type-tribe_events status-publish has-post-thumbnail hentry tribe_events_cat-prehliadky cat_prehliadky\">\n<div class=\"tribe-events-calendar-list__event-details tribe-common-g-col\">\n<header class=\"tribe-events-calendar-list__event-header\">\n<h3 class=\"tribe-events-calendar-list__event-title tribe-common-h6 tribe-common-h4--min-medium\"><a class=\"tribe-events-calendar-list__event-title-link tribe-common-anchor-thin\" title=\"(10:30 \u2013 RU) \u0411\u0440\u0430\u0442\u0438\u0441\u043b\u0430\u0432\u0430 \u0437\u0430 \u043f\u043e\u043b\u0442\u043e\u0440\u0430 \u0447\u0430\u0441\u0430 | \u0418\u043d\u0435\u0441\u0441\u0430 \u0414\u0443\u043a\u0430\u0442\u043e\u0432\u0430\" href=\"https:\/\/zazitkovabratislava.sk\/event\/bratislava-za-hodinu-a-pol\/\" rel=\"bookmark\">\u0411\u0440\u0430\u0442\u0438\u0441\u043b\u0430\u0432\u0430 \u0437\u0430 \u043f\u043e\u043b\u0442\u043e\u0440\u0430 \u0447\u0430\u0441\u0430 | \u0418\u043d\u0435\u0441\u0441\u0430 \u0414\u0443\u043a\u0430\u0442\u043e\u0432\u0430<\/a><\/h3>\n<p><em><span class=\"tribe-events-calendar-list__event-venue-title tribe-common-b2--bold\"><time class=\"tribe-events-calendar-list__event-datetime\" datetime=\"2025-02-22\"><span class=\"tribe-event-date-start\">22. febru\u00e1ra 10:30<\/span>\u00a0&#8211;\u00a0<span class=\"tribe-event-time\">12:00 RU <\/span><\/time><\/span><\/em><\/p>\n<p>\u201e\u0414\u043e\u0431\u0440\u043e \u043f\u043e\u0436\u0430\u043b\u043e\u0432\u0430\u0442\u044c \u0432 \u0441\u0435\u0440\u0434\u0446\u0435 \u0421\u043b\u043e\u0432\u0430\u043a\u0438\u0438 \u2014 \u043e\u0447\u0430\u0440\u043e\u0432\u0430\u0442\u0435\u043b\u044c\u043d\u0443\u044e \u0411\u0440\u0430\u0442\u0438\u0441\u043b\u0430\u0432\u0443! \u041f\u0440\u043e\u0433\u0443\u043b\u044f\u0439\u0442\u0435\u0441\u044c \u043f\u043e \u0443\u044e\u0442\u043d\u044b\u043c \u0443\u043b\u043e\u0447\u043a\u0430\u043c \u0421\u0442\u0430\u0440\u043e\u0433\u043e \u0433\u043e\u0440\u043e\u0434\u0430, \u0433\u0434\u0435 \u043a\u0430\u0436\u0434\u0430\u044f \u043f\u043b\u0438\u0442\u043a\u0430 \u043c\u043e\u0441\u0442\u043e\u0432\u043e\u0439 \u043f\u043e\u043c\u043d\u0438\u0442 \u043a\u043e\u0440\u043e\u043b\u0435\u0439 \u0438 \u0423\u0437\u043d\u0430\u0435\u0442\u0435, \u043a\u0430\u043a\u0438\u0435 \u0442\u0430\u0439\u043d\u044b \u0441\u043a\u0440\u044b\u0432\u0430\u044e\u0442 \u0432\u043e\u0440\u043e\u0442\u0430 \u041c\u0438\u0445\u0430\u0438\u043b\u0430 \u0438 \u043a\u0442\u043e \u0442\u0430\u043a\u043e\u0439 \u00ab\u0427\u0443\u043c\u0438\u043b\u00bb \u0423\u0437\u043d\u0430\u0435\u0442\u0435, \u0447\u0442\u043e \u043d\u0430\u0434\u043e \u043f\u0440\u0438\u0432\u0435\u0437\u0442\u0438 \u0438\u0437 \u0411\u0440\u0430\u0442\u0438\u0441\u043b\u0430\u0432\u044b \u2014 \u0431\u0443\u0434\u044c \u0442\u043e \u0438\u0437\u044b\u0441\u043a\u0430\u043d\u043d\u044b\u0435 \u043a\u0435\u0440\u0430\u043c\u0438\u0447\u0435\u0441\u043a\u0438\u0435 \u0438\u0437\u0434\u0435\u043b\u0438\u044f \u0438\u043b\u0438 \u043c\u0435\u0441\u0442\u043d\u044b\u0435 \u0441\u043b\u0430\u0434\u043e\u0441\u0442\u0438, \u0438\u043b\u0438 \u0447\u0442\u043e-\u0442\u043e \u0434\u0440\u0443\u0433\u043e\u0435?!. \u042d\u0442\u0430 \u043f\u0440\u043e\u0433\u0443\u043b\u043a\u0430 \u043d\u0435 \u0442\u043e\u043b\u044c\u043a\u043e \u043e\u0442\u043a\u0440\u043e\u0435\u0442 \u0434\u043b\u044f \u0432\u0430\u0441 \u0411\u0440\u0430\u0442\u0438\u0441\u043b\u0430\u0432\u0443, \u043d\u043e \u0438 \u043f\u043e\u0434\u0430\u0440\u0438\u0442 \u043d\u0435\u0437\u0430\u0431\u044b\u0432\u0430\u0435\u043c\u044b\u0435 \u0432\u043f\u0435\u0447\u0430\u0442\u043b\u0435\u043d\u0438\u044f!\u201c<\/p>\n<\/header>\n<\/div>\n<\/article>\n<\/div>\n<\/div>\n<div class=\"tribe-common-g-row tribe-events-calendar-list__event-row\">\n<div class=\"tribe-events-calendar-list__event-wrapper tribe-common-g-col\">\n<article class=\"tribe-events-calendar-list__event tribe-common-g-row tribe-common-g-row--gutters post-7671 tribe_events type-tribe_events status-publish has-post-thumbnail hentry tribe_events_cat-prehliadky cat_prehliadky\">\n<div class=\"tribe-events-calendar-list__event-details tribe-common-g-col\">\n<header class=\"tribe-events-calendar-list__event-header\">\n<h3 class=\"tribe-events-calendar-list__event-title tribe-common-h6 tribe-common-h4--min-medium\"><a class=\"tribe-events-calendar-list__event-title-link tribe-common-anchor-thin\" title=\"(10:30 \u2013 SK) | BKIS NEVIDIACIM: Hist\u00f3ria na dotyk | Karel Zaj\u00edc\" href=\"https:\/\/zazitkovabratislava.sk\/event\/historia-na-dotyk\/\" rel=\"bookmark\">BKIS NEVIDIACIM: Hist\u00f3ria na dotyk | Karel Zaj\u00edc<\/a><\/h3>\n<p><em><span class=\"tribe-events-calendar-list__event-venue-title tribe-common-b2--bold\"><time class=\"tribe-events-calendar-list__event-datetime\" datetime=\"2025-02-22\"><span class=\"tribe-event-date-start\">22. febru\u00e1ra 10:30 <\/span>&#8211;\u00a0<span class=\"tribe-event-time\">12:00 SK\u00a0<\/span><\/time><\/span><\/em><\/p>\n<\/header>\n<div class=\"tribe-events-calendar-list__event-description tribe-common-b2 tribe-common-a11y-hidden\">\n<p>Na prehliadke sa \u00fa\u010dastn\u00edci dozvedia r\u00f4zne zauj\u00edmav\u00e9 inform\u00e1cie z dej\u00edn Bratislavy, hlavne tak\u00e9, na ktor\u00e9 odkazuj\u00fa viacer\u00e9 (na)hmatate\u013en\u00e9 predmety a pamiatky v centre mesta. Kade napr\u00edklad prech\u00e1dzali hradby? D\u00e1 sa ich dnes e\u0161te niekde dotkn\u00fa\u0165? M\u00e1me nejak\u00fa spomienku na ve\u013ek\u00e9 povodne? Tieto aj in\u00e9 udalosti si pribl\u00ed\u017eime na prehliadke.<\/p>\n<\/div>\n<\/div>\n<\/article>\n<\/div>\n<\/div>\n<div class=\"tribe-common-g-row tribe-events-calendar-list__event-row\">\n<div class=\"tribe-events-calendar-list__event-wrapper tribe-common-g-col\">\n<article class=\"tribe-events-calendar-list__event tribe-common-g-row tribe-common-g-row--gutters post-7680 tribe_events type-tribe_events status-publish has-post-thumbnail hentry tribe_events_cat-prehliadky cat_prehliadky\">\n<div class=\"tribe-events-calendar-list__event-details tribe-common-g-col\">\n<header class=\"tribe-events-calendar-list__event-header\">\n<h3 class=\"tribe-events-calendar-list__event-title tribe-common-h6 tribe-common-h4--min-medium\"><a class=\"tribe-events-calendar-list__event-title-link tribe-common-anchor-thin\" title=\"(10:30 \u2013 SK) Pante\u00f3n sl\u00e1vnych Slov\u00e1kov pri Dunaji | Martina \u0160tensov\u00e1\" href=\"https:\/\/zazitkovabratislava.sk\/event\/panteon-slavnych-slovakov-pri-dunaji\/\" rel=\"bookmark\">Pante\u00f3n sl\u00e1vnych Slov\u00e1kov pri Dunaji | Martina \u0160tensov\u00e1<\/a><\/h3>\n<p><em><span class=\"tribe-events-calendar-list__event-venue-title tribe-common-b2--bold\"><time class=\"tribe-events-calendar-list__event-datetime\" datetime=\"2025-02-22\"><span class=\"tribe-event-date-start\">22. febru\u00e1ra 10:30 <\/span>&#8211;\u00a0<span class=\"tribe-event-time\">12:00 SK\u00a0<\/span><\/time><\/span><\/em><\/p>\n<\/header>\n<div class=\"tribe-events-calendar-list__event-description tribe-common-b2 tribe-common-a11y-hidden\">\n<p>Pante\u00f3n sl\u00e1vnych Slov\u00e1kov. Najsk\u00f4r si pribl\u00ed\u017eime osud sochy kr\u00e1\u013eovnej str\u00e1\u017eiacej River park. Kto riadi M\u00fdtick\u00fa lo\u010f? Kto postavil lanovku na Lomni\u010d\u00e1k, mohylu na Bradle, navrhol prv\u00e9 montovan\u00e9 domy u n\u00e1s v \u0161t\u00fdle IKEA a hovorili mu \u201eB\u00e1snik dreva\u201c? \u010co je to nult\u00fd poludn\u00edk, kto ho ur\u010dil a kde? Toto a ove\u013ea viac sa dozviete na tejto prehliadke.<\/p>\n<\/div>\n<\/div>\n<\/article>\n<\/div>\n<\/div>\n<div class=\"tribe-common-g-row tribe-events-calendar-list__event-row\">\n<div class=\"tribe-events-calendar-list__event-wrapper tribe-common-g-col\">\n<article class=\"tribe-events-calendar-list__event tribe-common-g-row tribe-common-g-row--gutters post-321 tribe_events type-tribe_events status-publish has-post-thumbnail hentry tribe_events_cat-prednasky cat_prednasky\">\n<div class=\"tribe-events-calendar-list__event-details tribe-common-g-col\">\n<header class=\"tribe-events-calendar-list__event-header\">\n<h3 class=\"tribe-events-calendar-list__event-title tribe-common-h6 tribe-common-h4--min-medium\"><a class=\"tribe-events-calendar-list__event-title-link tribe-common-anchor-thin\" title=\"(10:30 \u2013 SK) Chr\u00e1nen\u00e9 \u00fazemia Bratislavy | Tom\u00e1\u0161 Ku\u0161\u00edk\" href=\"https:\/\/zazitkovabratislava.sk\/event\/chranene-uzemia-bratislavy\/\" rel=\"bookmark\">Chr\u00e1nen\u00e9 \u00fazemia Bratislavy | Tom\u00e1\u0161 Ku\u0161\u00edk<\/a><\/h3>\n<p><em><span class=\"tribe-events-calendar-list__event-venue-title tribe-common-b2--bold\"><time class=\"tribe-events-calendar-list__event-datetime\" datetime=\"2025-02-22\"><span class=\"tribe-event-date-start\">22. febru\u00e1ra 10:30<\/span>\u00a0&#8211;\u00a0<span class=\"tribe-event-time\">11:30 SK\u00a0<\/span><\/time><\/span><\/em><\/p>\n<\/header>\n<div class=\"tribe-events-calendar-list__event-description tribe-common-b2 tribe-common-a11y-hidden\">\n<p>Vstupn\u00e9 dobrovo\u013en\u00e9. Tom\u00e1\u0161 Ku\u0161\u00edk, predseda Bratislavsk\u00e9ho region\u00e1lneho ochran\u00e1rskeho zdru\u017eenia n\u00e1m predstav\u00ed Chr\u00e1nen\u00e9 \u00fazemia Bratislavy, kde sa dozvieme o v\u00fdzname a d\u00f4le\u017eitosti miest, ktor\u00e9 neraz vn\u00edmame ako samozrejm\u00fa s\u00fa\u010das\u0165 n\u00e1\u0161ho mesta.<\/p>\n<\/div>\n<\/div>\n<\/article>\n<\/div>\n<\/div>\n<div class=\"tribe-common-g-row tribe-events-calendar-list__event-row\">\n<div class=\"tribe-events-calendar-list__event-wrapper tribe-common-g-col\">\n<article class=\"tribe-events-calendar-list__event tribe-common-g-row tribe-common-g-row--gutters post-7722 tribe_events type-tribe_events status-publish has-post-thumbnail hentry tribe_events_cat-prehliadky cat_prehliadky\">\n<div class=\"tribe-events-calendar-list__event-featured-image-wrapper tribe-common-g-col\"><a class=\"tribe-events-calendar-list__event-featured-image-link\" tabindex=\"-1\" title=\"(11:00 \u2013 SK) | Secesn\u00e1 Bratislava \u2013 h\u013eadanie zvierac\u00edch a rastlinn\u00fdch mot\u00edvov | Eva \u010cubr\u00edkov\u00e1\" href=\"https:\/\/zazitkovabratislava.sk\/event\/secesna-bratislava\/\" rel=\"bookmark\" aria-hidden=\"true\"><img loading=\"lazy\" class=\"tribe-events-calendar-list__event-featured-image\" title=\"cubrikova-zb\" src=\"https:\/\/zazitkovabratislava.sk\/wp-content\/uploads\/2025\/01\/cubrikova-zb.png\" srcset=\"https:\/\/zazitkovabratislava.sk\/wp-content\/uploads\/2025\/01\/cubrikova-zb-400x240.png 400w, https:\/\/zazitkovabratislava.sk\/wp-content\/uploads\/2025\/01\/cubrikova-zb-768x461.png 768w, https:\/\/zazitkovabratislava.sk\/wp-content\/uploads\/2025\/01\/cubrikova-zb-370x222.png 370w, https:\/\/zazitkovabratislava.sk\/wp-content\/uploads\/2025\/01\/cubrikova-zb-760x456.png 760w, https:\/\/zazitkovabratislava.sk\/wp-content\/uploads\/2025\/01\/cubrikova-zb-387x232.png 387w, https:\/\/zazitkovabratislava.sk\/wp-content\/uploads\/2025\/01\/cubrikova-zb-500x300.png 500w, https:\/\/zazitkovabratislava.sk\/wp-content\/uploads\/2025\/01\/cubrikova-zb-600x360.png 600w, https:\/\/zazitkovabratislava.sk\/wp-content\/uploads\/2025\/01\/cubrikova-zb.png 1000w\" alt=\"\" width=\"1000\" height=\"600\" \/><\/a><\/div>\n<div class=\"tribe-events-calendar-list__event-details tribe-common-g-col\">\n<header class=\"tribe-events-calendar-list__event-header\">\n<h3 class=\"tribe-events-calendar-list__event-title tribe-common-h6 tribe-common-h4--min-medium\"><a class=\"tribe-events-calendar-list__event-title-link tribe-common-anchor-thin\" title=\"(11:00 \u2013 SK) | Secesn\u00e1 Bratislava \u2013 h\u013eadanie zvierac\u00edch a rastlinn\u00fdch mot\u00edvov | Eva \u010cubr\u00edkov\u00e1\" href=\"https:\/\/zazitkovabratislava.sk\/event\/secesna-bratislava\/\" rel=\"bookmark\">Secesn\u00e1 Bratislava \u2013 h\u013eadanie zvierac\u00edch a rastlinn\u00fdch mot\u00edvov | Eva \u010cubr\u00edkov\u00e1<\/a><\/h3>\n<p><em><span class=\"tribe-events-calendar-list__event-venue-title tribe-common-b2--bold\"><time class=\"tribe-events-calendar-list__event-datetime\" datetime=\"2025-02-22\"><span class=\"tribe-event-date-start\">22. febru\u00e1ra 11:00 <\/span>&#8211;\u00a0<span class=\"tribe-event-time\">12:30 SK<\/span><\/time><\/span><\/em><\/p>\n<\/header>\n<div class=\"tribe-events-calendar-list__event-description tribe-common-b2 tribe-common-a11y-hidden\">\n<p>Art Nouveau, Secession, Jugendstil, Liberty style, Modernismo\u2026to v\u0161etko s\u00fa n\u00e1zvy architektonick\u00e9ho slohu, ktor\u00fd pri\u0161iel do m\u00f3dy za\u010diatkom minul\u00e9ho storo\u010dia. Secesia m\u00e1 tis\u00edc r\u00f4znych pod\u00f4b a v ka\u017edej krajine, v ktorej sa prejavila, je jedine\u010dn\u00e1. Tv\u00e1re kr\u00e1snych \u017eien, kvety, exotick\u00e9 rastliny, vt\u00e1ky, p\u00e1vie chvosty, \u010di m\u00fadro h\u013eadiace sovy \u2013 to v\u0161etko je secesia. Aj ke\u010f m\u00e1 u\u017e za sebou viac ako storo\u010die, dodnes n\u00e1s udivuje svojou kr\u00e1sou, farebnos\u0165ou a rozmanitos\u0165ou tvarov \u010di materi\u00e1lov.<\/p>\n<\/div>\n<\/div>\n<\/article>\n<\/div>\n<\/div>\n<div class=\"tribe-common-g-row tribe-events-calendar-list__event-row\">\n<div class=\"tribe-events-calendar-list__event-wrapper tribe-common-g-col\">\n<article class=\"tribe-events-calendar-list__event tribe-common-g-row tribe-common-g-row--gutters post-7726 tribe_events type-tribe_events status-publish has-post-thumbnail hentry tribe_events_cat-prehliadky cat_prehliadky\">\n<div class=\"tribe-events-calendar-list__event-details tribe-common-g-col\">\n<header class=\"tribe-events-calendar-list__event-header\">\n<h3 class=\"tribe-events-calendar-list__event-title tribe-common-h6 tribe-common-h4--min-medium\"><a class=\"tribe-events-calendar-list__event-title-link tribe-common-anchor-thin\" title=\"(11:00 \u2013 SK) | Po\u013esk\u00e9 stopy v Bratislave | Anna Osika\" href=\"https:\/\/zazitkovabratislava.sk\/event\/polske-stopy-v-bratislave\/\" rel=\"bookmark\">Po\u013esk\u00e9 stopy v Bratislave | Anna Osika<\/a><\/h3>\n<p><em><span class=\"tribe-events-calendar-list__event-venue-title tribe-common-b2--bold\"><time class=\"tribe-events-calendar-list__event-datetime\" datetime=\"2025-02-22\"><span class=\"tribe-event-date-start\">22. febru\u00e1ra 11:00<\/span>\u00a0&#8211;\u00a0<span class=\"tribe-event-time\">12:30 SK\u00a0<\/span><\/time><\/span><\/em><\/p>\n<\/header>\n<div class=\"tribe-events-calendar-list__event-description tribe-common-b2 tribe-common-a11y-hidden\">\n<p>Maj\u00fa Bratislava a Po\u013esko nie\u010do spolo\u010dn\u00e9? Viac, ako by ste \u010dakali. Pod\u013ea ktor\u00fdch Poliakov s\u00fa pomenovan\u00e9 Bratislavsk\u00e9 ulice? Ak\u00fd po\u013esk\u00fd dar sa nach\u00e1dza v kostole Sv. Martina? S k\u00fdm Regiomontanus kritizoval bl\u00fazniv\u00e9 te\u00f3rie Gerarda z Cremony? Kde v s\u00fa\u010dasnosti viete stretn\u00fa\u0165 v Bratislave Poliakov a po\u013esk\u00fd jazyk?<\/p>\n<\/div>\n<\/div>\n<\/article>\n<\/div>\n<\/div>\n<div class=\"tribe-common-g-row tribe-events-calendar-list__event-row\">\n<div class=\"tribe-events-calendar-list__event-wrapper tribe-common-g-col\">\n<article class=\"tribe-events-calendar-list__event tribe-common-g-row tribe-common-g-row--gutters post-7730 tribe_events type-tribe_events status-publish has-post-thumbnail hentry tribe_events_cat-prehliadky cat_prehliadky\">\n<div class=\"tribe-events-calendar-list__event-featured-image-wrapper tribe-common-g-col\"><a class=\"tribe-events-calendar-list__event-featured-image-link\" tabindex=\"-1\" title=\"(11:00 \u2013 FR) | Bratislava et Napoleon \u2013 220. anniversaire de la Paix de Pressburg | Miroslav Musil\" href=\"https:\/\/zazitkovabratislava.sk\/event\/bratislava-et-napoleon\/\" rel=\"bookmark\" aria-hidden=\"true\"><img loading=\"lazy\" class=\"tribe-events-calendar-list__event-featured-image\" title=\"musil-SK-FR-zb\" src=\"https:\/\/zazitkovabratislava.sk\/wp-content\/uploads\/2025\/01\/musil-SK-FR-zb.png\" srcset=\"https:\/\/zazitkovabratislava.sk\/wp-content\/uploads\/2025\/01\/musil-SK-FR-zb-400x240.png 400w, https:\/\/zazitkovabratislava.sk\/wp-content\/uploads\/2025\/01\/musil-SK-FR-zb-768x461.png 768w, https:\/\/zazitkovabratislava.sk\/wp-content\/uploads\/2025\/01\/musil-SK-FR-zb-370x222.png 370w, https:\/\/zazitkovabratislava.sk\/wp-content\/uploads\/2025\/01\/musil-SK-FR-zb-760x456.png 760w, https:\/\/zazitkovabratislava.sk\/wp-content\/uploads\/2025\/01\/musil-SK-FR-zb-387x232.png 387w, https:\/\/zazitkovabratislava.sk\/wp-content\/uploads\/2025\/01\/musil-SK-FR-zb-500x300.png 500w, https:\/\/zazitkovabratislava.sk\/wp-content\/uploads\/2025\/01\/musil-SK-FR-zb-600x360.png 600w, https:\/\/zazitkovabratislava.sk\/wp-content\/uploads\/2025\/01\/musil-SK-FR-zb.png 1000w\" alt=\"\" width=\"1000\" height=\"600\" \/><\/a><\/div>\n<\/article>\n<\/div>\n<\/div>\n<div class=\"tribe-common-g-row tribe-events-calendar-list__event-row\">\n<div class=\"tribe-events-calendar-list__event-wrapper tribe-common-g-col\">\n<article class=\"tribe-events-calendar-list__event tribe-common-g-row tribe-common-g-row--gutters post-7734 tribe_events type-tribe_events status-publish has-post-thumbnail hentry tribe_events_cat-prehliadky cat_prehliadky\">\n<div class=\"tribe-events-calendar-list__event-details tribe-common-g-col\">\n<header class=\"tribe-events-calendar-list__event-header\">\n<h3 class=\"tribe-events-calendar-list__event-title tribe-common-h6 tribe-common-h4--min-medium\"><a class=\"tribe-events-calendar-list__event-title-link tribe-common-anchor-thin\" title=\"(11:30 \u2013 HU) | Pozsonyi s\u00e9ta | Korp\u00e1s Arp\u00e1d\" href=\"https:\/\/zazitkovabratislava.sk\/event\/pozsonyi-seta\/\" rel=\"bookmark\">Pozsonyi s\u00e9ta | Korp\u00e1s Arp\u00e1d<\/a><\/h3>\n<p><em><span class=\"tribe-events-calendar-list__event-venue-title tribe-common-b2--bold\"><time class=\"tribe-events-calendar-list__event-datetime\" datetime=\"2025-02-22\"><span class=\"tribe-event-date-start\">22. febru\u00e1ra 11:30<\/span>\u00a0&#8211;\u00a0<span class=\"tribe-event-time\">13:00\u00a0<\/span><\/time><\/span><\/em><\/p>\n<\/header>\n<div class=\"tribe-events-calendar-list__event-description tribe-common-b2 tribe-common-a11y-hidden\">\n<p>Hajdani helyettes magyar f\u0151v\u00e1ros, koron\u00e1z\u00f3v\u00e1ros \u00e9s orsz\u00e1ggy\u0171l\u00e9si helysz\u00edn. Reviczky Gyula \u00edrja Pozsonyr\u00f3l: \u201eHejh, a tekintetes karok \u00e9s rendek \/ Ment\u00e9je m\u00e1r nem leng utc\u00e1idon; \/ Besz\u00e9des ajkaik n\u00e9m\u00e1n pihennek; \/ F\u00fcsz\u00e1l se leng sok elfeledt siron. \/\/ Orsz\u00e1ggy\u00fcl\u00e9s, koron\u00e1z\u00e1si pompa \/ Meg\u00edrva van csak, m\u00e1r nem l\u00e1that\u00f3. \/ A kis domb is, kir\u00e1lyi esk\u00fc dombja, \/ Elt\u00fcnt a f\u00f6ld szin\u00e9r\u0151l, mint a h\u00f3.\u201c S\u00e9t\u00e1nk Pozsony legfontosabb magyar vonatkoz\u00e1s\u00fa eml\u00e9keit mutatja be.<\/p>\n<\/div>\n<\/div>\n<\/article>\n<\/div>\n<\/div>\n<div class=\"tribe-common-g-row tribe-events-calendar-list__event-row\">\n<div class=\"tribe-events-calendar-list__event-wrapper tribe-common-g-col\">\n<article class=\"tribe-events-calendar-list__event tribe-common-g-row tribe-common-g-row--gutters post-7754 tribe_events type-tribe_events status-publish has-post-thumbnail hentry tribe_events_cat-prehliadky cat_prehliadky\">\n<div class=\"tribe-events-calendar-list__event-featured-image-wrapper tribe-common-g-col\"><a class=\"tribe-events-calendar-list__event-featured-image-link\" tabindex=\"-1\" title=\"(11:30 \u2013 SK) | Trad\u00edcie pre\u0161porsk\u00fdch evanjelikov | Dagmar Gubov\u00e1\" href=\"https:\/\/zazitkovabratislava.sk\/event\/radicie-presporskych-evanjelikov\/\" rel=\"bookmark\" aria-hidden=\"true\"><img loading=\"lazy\" class=\"tribe-events-calendar-list__event-featured-image\" title=\"gubova-slovensky-zb\" src=\"https:\/\/zazitkovabratislava.sk\/wp-content\/uploads\/2025\/01\/gubova-slovensky-zb.png\" srcset=\"https:\/\/zazitkovabratislava.sk\/wp-content\/uploads\/2025\/01\/gubova-slovensky-zb-400x240.png 400w, https:\/\/zazitkovabratislava.sk\/wp-content\/uploads\/2025\/01\/gubova-slovensky-zb-768x461.png 768w, https:\/\/zazitkovabratislava.sk\/wp-content\/uploads\/2025\/01\/gubova-slovensky-zb-370x222.png 370w, https:\/\/zazitkovabratislava.sk\/wp-content\/uploads\/2025\/01\/gubova-slovensky-zb-760x456.png 760w, https:\/\/zazitkovabratislava.sk\/wp-content\/uploads\/2025\/01\/gubova-slovensky-zb-387x232.png 387w, https:\/\/zazitkovabratislava.sk\/wp-content\/uploads\/2025\/01\/gubova-slovensky-zb-500x300.png 500w, https:\/\/zazitkovabratislava.sk\/wp-content\/uploads\/2025\/01\/gubova-slovensky-zb-600x360.png 600w, https:\/\/zazitkovabratislava.sk\/wp-content\/uploads\/2025\/01\/gubova-slovensky-zb.png 1000w\" alt=\"\" width=\"1000\" height=\"600\" \/><\/a><\/div>\n<div class=\"tribe-events-calendar-list__event-details tribe-common-g-col\">\n<header class=\"tribe-events-calendar-list__event-header\">\n<h3 class=\"tribe-events-calendar-list__event-title tribe-common-h6 tribe-common-h4--min-medium\"><a class=\"tribe-events-calendar-list__event-title-link tribe-common-anchor-thin\" title=\"(11:30 \u2013 SK) | Trad\u00edcie pre\u0161porsk\u00fdch evanjelikov | Dagmar Gubov\u00e1\" href=\"https:\/\/zazitkovabratislava.sk\/event\/radicie-presporskych-evanjelikov\/\" rel=\"bookmark\">Trad\u00edcie pre\u0161porsk\u00fdch evanjelikov | Dagmar Gubov\u00e1<\/a><\/h3>\n<p><em><time class=\"tribe-events-calendar-list__event-datetime\" datetime=\"2025-02-22\"><span class=\"tribe-event-date-start\">22. febru\u00e1ra 11:30<\/span>\u00a0&#8211;\u00a0<span class=\"tribe-event-time\">13:00 SK\u00a0<\/span><\/time><\/em><\/p>\n<\/header>\n<div class=\"tribe-events-calendar-list__event-description tribe-common-b2 tribe-common-a11y-hidden\">\n<p>Ku koloritu Star\u00e9ho mesta neodmyslite\u013ene patria aj dva evanjelick\u00e9 kostoly a Star\u00e9 l\u00fdceum. Od 16. storo\u010dia s\u00fa v Pre\u0161porku doma evanjelici. Po\u010das svojej hist\u00f3rie za\u017eili aj svetl\u00e9 ale aj temn\u00e9 \u010dasy. Trad\u00edcia vzdelania poskytovan\u00e1 v \u0161kol\u00e1ch a aj preto Pre\u0161porok volali vo svete mal\u00e9 Halle , p\u00f4sobili tu aj \u0161t\u00farovci, ktor\u00ed neboli v\u017edy len vzorn\u00fdmi \u017eiakmi.<\/p>\n<\/div>\n<\/div>\n<\/article>\n<\/div>\n<\/div>\n<div class=\"tribe-common-g-row tribe-events-calendar-list__event-row\">\n<div class=\"tribe-events-calendar-list__event-wrapper tribe-common-g-col\">\n<article class=\"tribe-events-calendar-list__event tribe-common-g-row tribe-common-g-row--gutters post-7975 tribe_events type-tribe_events status-publish has-post-thumbnail hentry tribe_events_cat-prednasky cat_prednasky\">\n<div class=\"tribe-events-calendar-list__event-featured-image-wrapper tribe-common-g-col\"><a class=\"tribe-events-calendar-list__event-featured-image-link\" tabindex=\"-1\" title=\"(12:00 \u2013 SK) Od kostolov ku kr\u010dme \u2013 N\u00e1pisov\u00e1 kult\u00fara stredovek\u00e9ho Pre\u0161porku | Juraj \u0160ediv\u00fd\" href=\"https:\/\/zazitkovabratislava.sk\/event\/od-kostolov-ku-krcme\/\" rel=\"bookmark\" aria-hidden=\"true\"><img loading=\"lazy\" class=\"tribe-events-calendar-list__event-featured-image\" title=\"js-od-kostolov\" src=\"https:\/\/zazitkovabratislava.sk\/wp-content\/uploads\/2025\/01\/js-od-kostolov.jpg\" srcset=\"https:\/\/zazitkovabratislava.sk\/wp-content\/uploads\/2025\/01\/js-od-kostolov-400x240.jpg 400w, https:\/\/zazitkovabratislava.sk\/wp-content\/uploads\/2025\/01\/js-od-kostolov-768x461.jpg 768w, https:\/\/zazitkovabratislava.sk\/wp-content\/uploads\/2025\/01\/js-od-kostolov-370x222.jpg 370w, https:\/\/zazitkovabratislava.sk\/wp-content\/uploads\/2025\/01\/js-od-kostolov-760x456.jpg 760w, https:\/\/zazitkovabratislava.sk\/wp-content\/uploads\/2025\/01\/js-od-kostolov-387x232.jpg 387w, https:\/\/zazitkovabratislava.sk\/wp-content\/uploads\/2025\/01\/js-od-kostolov-500x300.jpg 500w, https:\/\/zazitkovabratislava.sk\/wp-content\/uploads\/2025\/01\/js-od-kostolov.jpg 1000w\" alt=\"\" width=\"1000\" height=\"600\" \/><\/a><\/div>\n<div class=\"tribe-events-calendar-list__event-details tribe-common-g-col\">\n<header class=\"tribe-events-calendar-list__event-header\">\n<h3 class=\"tribe-events-calendar-list__event-datetime-wrapper tribe-common-b2\"><a class=\"tribe-events-calendar-list__event-title-link tribe-common-anchor-thin\" title=\"(12:00 \u2013 SK) Od kostolov ku kr\u010dme \u2013 N\u00e1pisov\u00e1 kult\u00fara stredovek\u00e9ho Pre\u0161porku | Juraj \u0160ediv\u00fd\" href=\"https:\/\/zazitkovabratislava.sk\/event\/od-kostolov-ku-krcme\/\" rel=\"bookmark\">Od kostolov ku kr\u010dme \u2013 N\u00e1pisov\u00e1 kult\u00fara stredovek\u00e9ho Pre\u0161porku | Juraj \u0160ediv\u00fd<\/a><\/h3>\n<p><em><time class=\"tribe-events-calendar-list__event-datetime\" datetime=\"2025-02-22\"><span class=\"tribe-event-date-start\">22. febru\u00e1ra 12:00<\/span>\u00a0&#8211;\u00a0<span class=\"tribe-event-time\">13:00 SK\u00a0<\/span><\/time><\/em><\/p>\n<\/header>\n<div class=\"tribe-events-calendar-list__event-description tribe-common-b2 tribe-common-a11y-hidden\">\n<p>Vstupn\u00e9 dobrovo\u013en\u00e9 (odpor\u00fa\u010dan\u00e9 3 \u20ac). Juraj \u0160ediv\u00fd z Filozofickej fakulta UK n\u00e1m pribl\u00ed\u017ei N\u00e1pisov\u00fa kult\u00faru stredovek\u00e9ho Pre\u0161porku s titulom Od kostolov ku kr\u010dme. Kto pozn\u00e1 p\u00e1na profesora \u0160ediv\u00e9ho vie, \u017ee sa m\u00e1me skuto\u010dne na \u010do te\u0161i\u0165.<\/p>\n<\/div>\n<\/div>\n<\/article>\n<\/div>\n<\/div>\n<div class=\"tribe-common-g-row tribe-events-calendar-list__event-row\">\n<div class=\"tribe-events-calendar-list__event-wrapper tribe-common-g-col\">\n<article class=\"tribe-events-calendar-list__event tribe-common-g-row tribe-common-g-row--gutters post-7676 tribe_events type-tribe_events status-publish has-post-thumbnail hentry tribe_events_cat-prehliadky cat_prehliadky\">\n<div class=\"tribe-events-calendar-list__event-details tribe-common-g-col\">\n<header class=\"tribe-events-calendar-list__event-header\">\n<h3 class=\"tribe-events-calendar-list__event-title tribe-common-h6 tribe-common-h4--min-medium\"><a class=\"tribe-events-calendar-list__event-title-link tribe-common-anchor-thin\" title=\"(12:00 \u2013 SK) | BKIS nepo\u010duj\u00facim: Patenty Jozefa II. v Pre\u0161porku | Katar\u00edna Kr\u00e1likov\u00e1\" href=\"https:\/\/zazitkovabratislava.sk\/event\/nepocujucim-patenty-jozefa2\/\" rel=\"bookmark\">BKIS nepo\u010duj\u00facim: Patenty Jozefa II. v Pre\u0161porku | Katar\u00edna Kr\u00e1likov\u00e1<\/a><\/h3>\n<p><em><time class=\"tribe-events-calendar-list__event-datetime\" datetime=\"2025-02-22\"><span class=\"tribe-event-date-start\">22. febru\u00e1ra 12:00<\/span>\u00a0&#8211;\u00a0<span class=\"tribe-event-time\">13:30 SK\u00a0<\/span><\/time><\/em><\/p>\n<\/header>\n<div class=\"tribe-events-calendar-list__event-description tribe-common-b2 tribe-common-a11y-hidden\">\n<p>Jozef II. Habsbursk\u00fd (13.3.1741 \u2013 20.2.1790) vydal okolo 6000 patentov. Pripomenieme si z nich nielen tie najzn\u00e1mej\u0161ie, teda Toleran\u010dn\u00fd patent a Patent o zru\u0161en\u00ed nevo\u013en\u00edctva, ale aj mnoh\u00e9 \u010fal\u0161ie. Patenty Jozefa II., ktor\u00fdmi pr\u00edli\u0161 pokrokov\u00fd syn M\u00e1rie Ter\u00e9zie podnietil revolu\u010dn\u00e9 zmeny v celej monarchii a najm\u00e4 v niekdaj\u0161om Pre\u0161porku zasahovali do v\u0161etk\u00fdch oblast\u00ed \u017eivota ka\u017ed\u00e9ho \u010dloveka. Mnoh\u00e9, hoci zru\u0161il, z\u00e1sadne ovplyvnili na\u0161e dejiny.<\/p>\n<\/div>\n<\/div>\n<\/article>\n<\/div>\n<\/div>\n<div class=\"tribe-common-g-row tribe-events-calendar-list__event-row\">\n<div class=\"tribe-events-calendar-list__event-wrapper tribe-common-g-col\">\n<article class=\"tribe-events-calendar-list__event tribe-common-g-row tribe-common-g-row--gutters post-7758 tribe_events type-tribe_events status-publish has-post-thumbnail hentry tribe_events_cat-prehliadky cat_prehliadky\">\n<div class=\"tribe-events-calendar-list__event-details tribe-common-g-col\">\n<header class=\"tribe-events-calendar-list__event-header\">\n<h3 class=\"tribe-events-calendar-list__event-title tribe-common-h6 tribe-common-h4--min-medium\"><a class=\"tribe-events-calendar-list__event-title-link tribe-common-anchor-thin\" title=\"(12:00 \u2013 SK) | Franti\u0161k\u00e1nsky kostol | Jana P\u0159\u00edhodov\u00e1\" href=\"https:\/\/zazitkovabratislava.sk\/event\/frantiskansky-kostol\/\" rel=\"bookmark\">Obsaden\u00e9 &#8211; Franti\u0161k\u00e1nsky kostol | Jana P\u0159\u00edhodov\u00e1<\/a><\/h3>\n<p><em><time class=\"tribe-events-calendar-list__event-datetime\" datetime=\"2025-02-22\"><span class=\"tribe-event-date-start\">22. febru\u00e1ra 12:00<\/span>\u00a0&#8211; 14<span class=\"tribe-event-time\">:00 SK\u00a0<\/span><\/time><\/em><\/p>\n<\/header>\n<div class=\"tribe-events-calendar-list__event-description tribe-common-b2 tribe-common-a11y-hidden\">\n<p>Spolo\u010dne postupne presk\u00famame tento najstar\u0161\u00ed funk\u010dn\u00fd kostol na \u00fazem\u00ed Star\u00e9ho mesta \u2013 Bratislavy zvonka aj z vn\u00fatra, porozpr\u00e1vame si jeho hist\u00f3riu a jeho \u00falohu v stredoveku. A t\u00ed, \u010do bud\u00fa chcie\u0165, m\u00f4\u017eu vyst\u00fapi\u0165 aj hore na ve\u017eu.<\/p>\n<\/div>\n<\/div>\n<\/article>\n<\/div>\n<\/div>\n<div class=\"tribe-common-g-row tribe-events-calendar-list__event-row\">\n<div class=\"tribe-events-calendar-list__event-wrapper tribe-common-g-col\">\n<article class=\"tribe-events-calendar-list__event tribe-common-g-row tribe-common-g-row--gutters post-7762 tribe_events type-tribe_events status-publish has-post-thumbnail hentry tribe_events_cat-prehliadky cat_prehliadky\">\n<div class=\"tribe-events-calendar-list__event-featured-image-wrapper tribe-common-g-col\"><a class=\"tribe-events-calendar-list__event-featured-image-link\" tabindex=\"-1\" title=\"(12:30 \u2013 SK) | Stredovek\u00e9 privil\u00e9gi\u00e1 Bratislavy | Silvia Gatciov\u00e1\" href=\"https:\/\/zazitkovabratislava.sk\/event\/stredoveke-privilegia\/\" rel=\"bookmark\" aria-hidden=\"true\"><img loading=\"lazy\" class=\"tribe-events-calendar-list__event-featured-image\" title=\"gatciova-zb\" src=\"https:\/\/zazitkovabratislava.sk\/wp-content\/uploads\/2025\/01\/gatciova-zb.png\" srcset=\"https:\/\/zazitkovabratislava.sk\/wp-content\/uploads\/2025\/01\/gatciova-zb-400x240.png 400w, https:\/\/zazitkovabratislava.sk\/wp-content\/uploads\/2025\/01\/gatciova-zb-768x461.png 768w, https:\/\/zazitkovabratislava.sk\/wp-content\/uploads\/2025\/01\/gatciova-zb-370x222.png 370w, https:\/\/zazitkovabratislava.sk\/wp-content\/uploads\/2025\/01\/gatciova-zb-760x456.png 760w, https:\/\/zazitkovabratislava.sk\/wp-content\/uploads\/2025\/01\/gatciova-zb-387x232.png 387w, https:\/\/zazitkovabratislava.sk\/wp-content\/uploads\/2025\/01\/gatciova-zb-500x300.png 500w, https:\/\/zazitkovabratislava.sk\/wp-content\/uploads\/2025\/01\/gatciova-zb-600x360.png 600w, https:\/\/zazitkovabratislava.sk\/wp-content\/uploads\/2025\/01\/gatciova-zb.png 1000w\" alt=\"\" width=\"1000\" height=\"600\" \/><\/a><\/div>\n<div class=\"tribe-events-calendar-list__event-details tribe-common-g-col\">\n<header class=\"tribe-events-calendar-list__event-header\">\n<h3 class=\"tribe-events-calendar-list__event-datetime-wrapper tribe-common-b2\"><a class=\"tribe-events-calendar-list__event-title-link tribe-common-anchor-thin\" title=\"(12:30 \u2013 SK) | Stredovek\u00e9 privil\u00e9gi\u00e1 Bratislavy | Silvia Gatciov\u00e1\" href=\"https:\/\/zazitkovabratislava.sk\/event\/stredoveke-privilegia\/\" rel=\"bookmark\">Stredovek\u00e9 privil\u00e9gi\u00e1 Bratislavy | Silvia Gatciov\u00e1<\/a><\/h3>\n<p><em><time class=\"tribe-events-calendar-list__event-datetime\" datetime=\"2025-02-22\"><span class=\"tribe-event-date-start\">22. febru\u00e1ra 12:30<\/span>\u00a0&#8211; 14<span class=\"tribe-event-time\">:00 SK\u00a0<\/span><\/time><\/em><\/p>\n<\/header>\n<div class=\"tribe-events-calendar-list__event-description tribe-common-b2 tribe-common-a11y-hidden\">\n<p>Z\u00e1kladn\u00e9 mestsk\u00e9 privil\u00e9gia, niekedy ozna\u010dovan\u00e9 aj ako Magna Charta Bratislavy, boli Bratislave udelen\u00e9 pomerne neskoro, a\u017e na sklonku 13. storo\u010dia. Dozviete sa mnoho o \u017eivote v stredovekom meste.<\/p>\n<\/div>\n<\/div>\n<\/article>\n<\/div>\n<\/div>\n<div class=\"tribe-common-g-row tribe-events-calendar-list__event-row\">\n<div class=\"tribe-events-calendar-list__event-wrapper tribe-common-g-col\">\n<article class=\"tribe-events-calendar-list__event tribe-common-g-row tribe-common-g-row--gutters post-7740 tribe_events type-tribe_events status-publish has-post-thumbnail hentry tribe_events_cat-prehliadky cat_prehliadky\">\n<div class=\"tribe-events-calendar-list__event-details tribe-common-g-col\">\n<header class=\"tribe-events-calendar-list__event-header\">\n<h3 class=\"tribe-events-calendar-list__event-title tribe-common-h6 tribe-common-h4--min-medium\"><a class=\"tribe-events-calendar-list__event-title-link tribe-common-anchor-thin\" title=\"(12:30 \u2013 EN) | The Street Art Square of Bratislava | Linda Simova\" href=\"https:\/\/zazitkovabratislava.sk\/event\/the-street-art-square-of-bratislava\/\" rel=\"bookmark\">The Street Art Square of Bratislava | Linda Simova<\/a><\/h3>\n<p><em><time class=\"tribe-events-calendar-list__event-datetime\" datetime=\"2025-02-22\"><span class=\"tribe-event-date-start\">22 febru\u00e1ra 12:30<\/span> &#8211; 14<span class=\"tribe-event-time\">:00 EN\u00a0<\/span><\/time><\/em><\/p>\n<\/header>\n<div class=\"tribe-events-calendar-list__event-description tribe-common-b2 tribe-common-a11y-hidden\">\n<p>Large scale murals are considered to be one of the most inclusive art forms. They are accessible 24\/7, without any fees, for anyone to see. On this city walk, we are going to discover the murals done for Bratislava Street Art Festival over the years and their very specific location \u2013 a square full of art.<\/p>\n<\/div>\n<\/div>\n<\/article>\n<\/div>\n<\/div>\n<div class=\"tribe-common-g-row tribe-events-calendar-list__event-row\">\n<div class=\"tribe-events-calendar-list__event-wrapper tribe-common-g-col\">\n<article class=\"tribe-events-calendar-list__event tribe-common-g-row tribe-common-g-row--gutters post-7744 tribe_events type-tribe_events status-publish has-post-thumbnail hentry tribe_events_cat-prehliadky cat_prehliadky\">\n<div class=\"tribe-events-calendar-list__event-details tribe-common-g-col\">\n<header class=\"tribe-events-calendar-list__event-header\">\n<h3 class=\"tribe-events-calendar-list__event-title tribe-common-h6 tribe-common-h4--min-medium\"><a class=\"tribe-events-calendar-list__event-title-link tribe-common-anchor-thin\" title=\"(13:00 \u2013 DE) | Musikalisches Bratislava mit einem Besuch im Albrechthaus | Zuzana God\u00e1rov\u00e1\" href=\"https:\/\/zazitkovabratislava.sk\/event\/musikalisches-bratislava\/\" rel=\"bookmark\">Musikalisches Bratislava mit einem Besuch im Albrechthaus | Zuzana God\u00e1rov\u00e1<\/a><\/h3>\n<p><em><time class=\"tribe-events-calendar-list__event-datetime\" datetime=\"2025-02-22\"><span class=\"tribe-event-date-start\">22 febru\u00e1ra 13:00 <\/span>&#8211; 14<span class=\"tribe-event-time\">:30 DE\u00a0<\/span><\/time><\/em><\/p>\n<\/header>\n<div class=\"tribe-events-calendar-list__event-description tribe-common-b2 tribe-common-a11y-hidden\">\n<p>Was hatten der aus Bratislava stammende Johann Nepomuk Hummel und sein Freund Ludwig van Beethoven gemeinsam und worin unterschieden sie sich? Welche Geheimnisse verbergen sich hinter der scheinbar gew\u00f6hnlichen Erscheinung eines weiteren geb\u00fcrtigen Pressburgers, Franz Schmidt? In welchem Palais war Joseph Haydn besonders willkommen und wem schickte er tausend K\u00fcsse?<br \/>\nWas schrieb Mozart an seine Schwester \u00fcber Pressburg? Welche ber\u00fchmte Witwe heiratete in der St. Martinskathedrale an dem Tag, als Napoleons Armee unsere Stadt zu beschie\u00dfen begann? Wo wurde das Zentrum der freien K\u00fcnste in der Altstadt wiederbelebt?<br \/>\nDiese und andere Fragen werden bei einem Spaziergang auf den Spuren ber\u00fchmter und weniger bekannter Musiker beantwortet.<\/p>\n<\/div>\n<\/div>\n<\/article>\n<\/div>\n<\/div>\n<div class=\"tribe-common-g-row tribe-events-calendar-list__event-row\">\n<div class=\"tribe-events-calendar-list__event-wrapper tribe-common-g-col\">\n<article class=\"tribe-events-calendar-list__event tribe-common-g-row tribe-common-g-row--gutters post-7982 tribe_events type-tribe_events status-publish has-post-thumbnail hentry tribe_events_cat-prednasky cat_prednasky\">\n<div class=\"tribe-events-calendar-list__event-featured-image-wrapper tribe-common-g-col\"><a class=\"tribe-events-calendar-list__event-featured-image-link\" tabindex=\"-1\" title=\"(13:15 \u2013 SK) Sl\u00e1vne n\u00e1v\u0161tevy Carltonu | J\u00e1n Vyhn\u00e1nek\" href=\"https:\/\/zazitkovabratislava.sk\/event\/slavne-navstevy-carltonu\/\" rel=\"bookmark\" aria-hidden=\"true\"><img loading=\"lazy\" class=\"tribe-events-calendar-list__event-featured-image\" title=\"carlton-jv\" src=\"https:\/\/zazitkovabratislava.sk\/wp-content\/uploads\/2025\/01\/carlton-jv.jpg\" srcset=\"https:\/\/zazitkovabratislava.sk\/wp-content\/uploads\/2025\/01\/carlton-jv-400x240.jpg 400w, https:\/\/zazitkovabratislava.sk\/wp-content\/uploads\/2025\/01\/carlton-jv-768x461.jpg 768w, https:\/\/zazitkovabratislava.sk\/wp-content\/uploads\/2025\/01\/carlton-jv-370x222.jpg 370w, https:\/\/zazitkovabratislava.sk\/wp-content\/uploads\/2025\/01\/carlton-jv-760x456.jpg 760w, https:\/\/zazitkovabratislava.sk\/wp-content\/uploads\/2025\/01\/carlton-jv-387x232.jpg 387w, https:\/\/zazitkovabratislava.sk\/wp-content\/uploads\/2025\/01\/carlton-jv-500x300.jpg 500w, https:\/\/zazitkovabratislava.sk\/wp-content\/uploads\/2025\/01\/carlton-jv.jpg 1000w\" alt=\"\" width=\"1000\" height=\"600\" \/><\/a><\/div>\n<div class=\"tribe-events-calendar-list__event-details tribe-common-g-col\">\n<header class=\"tribe-events-calendar-list__event-header\">\n<h3 class=\"tribe-events-calendar-list__event-title tribe-common-h6 tribe-common-h4--min-medium\"><a class=\"tribe-events-calendar-list__event-title-link tribe-common-anchor-thin\" title=\"(13:15 \u2013 SK) Sl\u00e1vne n\u00e1v\u0161tevy Carltonu | J\u00e1n Vyhn\u00e1nek\" href=\"https:\/\/zazitkovabratislava.sk\/event\/slavne-navstevy-carltonu\/\" rel=\"bookmark\">Sl\u00e1vne n\u00e1v\u0161tevy Carltonu | J\u00e1n Vyhn\u00e1nek<\/a><\/h3>\n<p><em><time class=\"tribe-events-calendar-list__event-datetime\" datetime=\"2025-02-22\"><span class=\"tribe-event-date-start\">22. febru\u00e1ra 13:15<\/span> &#8211; <span class=\"tribe-event-date-end\">14:15 SK\u00a0<\/span><\/time><\/em><\/p>\n<\/header>\n<div class=\"tribe-events-calendar-list__event-description tribe-common-b2 tribe-common-a11y-hidden\">\n<p>Vstupn\u00e9 dobrovo\u013en\u00e9 (odpor\u00fa\u010dan\u00e9 3 \u20ac). J\u00e1n Vyhn\u00e1nek, odborn\u00fd garant Kurzu sprievodcov BKIS a podpredseda OZ Bratislavsk\u00e9 ro\u017eky n\u00e1s prenesie do \u010dias rozv\u00edjaj\u00faceho sa Hotela Carlton a predstav\u00ed n\u00e1m v\u00fdznamn\u00e9 osobnosti, ktor\u00e9 nav\u0161t\u00edvili a vyu\u017eili pohostinnos\u0165 n\u00e1\u0161ho mesta.<\/p>\n<\/div>\n<\/div>\n<\/article>\n<\/div>\n<\/div>\n<div class=\"tribe-common-g-row tribe-events-calendar-list__event-row\">\n<div class=\"tribe-events-calendar-list__event-wrapper tribe-common-g-col\">\n<article class=\"tribe-events-calendar-list__event tribe-common-g-row tribe-common-g-row--gutters post-7767 tribe_events type-tribe_events status-publish has-post-thumbnail hentry tribe_events_cat-prehliadky cat_prehliadky\">\n<div class=\"tribe-events-calendar-list__event-featured-image-wrapper tribe-common-g-col\"><a class=\"tribe-events-calendar-list__event-featured-image-link\" tabindex=\"-1\" title=\"(13:30 \u2013 SK) | Zimn\u00e9 radov\u00e1nky \u0161\u013eachty v Pre\u0161porku | Erika Mizerov\u00e1\" href=\"https:\/\/zazitkovabratislava.sk\/event\/zimne-radovanky-slachty\/\" rel=\"bookmark\" aria-hidden=\"true\"><img loading=\"lazy\" class=\"tribe-events-calendar-list__event-featured-image\" title=\"mizerova-zb\" src=\"https:\/\/zazitkovabratislava.sk\/wp-content\/uploads\/2025\/01\/mizerova-zb.png\" srcset=\"https:\/\/zazitkovabratislava.sk\/wp-content\/uploads\/2025\/01\/mizerova-zb-400x240.png 400w, https:\/\/zazitkovabratislava.sk\/wp-content\/uploads\/2025\/01\/mizerova-zb-768x461.png 768w, https:\/\/zazitkovabratislava.sk\/wp-content\/uploads\/2025\/01\/mizerova-zb-370x222.png 370w, https:\/\/zazitkovabratislava.sk\/wp-content\/uploads\/2025\/01\/mizerova-zb-760x456.png 760w, https:\/\/zazitkovabratislava.sk\/wp-content\/uploads\/2025\/01\/mizerova-zb-387x232.png 387w, https:\/\/zazitkovabratislava.sk\/wp-content\/uploads\/2025\/01\/mizerova-zb-500x300.png 500w, https:\/\/zazitkovabratislava.sk\/wp-content\/uploads\/2025\/01\/mizerova-zb-600x360.png 600w, https:\/\/zazitkovabratislava.sk\/wp-content\/uploads\/2025\/01\/mizerova-zb.png 1000w\" alt=\"\" width=\"1000\" height=\"600\" \/><\/a><\/div>\n<div class=\"tribe-events-calendar-list__event-details tribe-common-g-col\">\n<header class=\"tribe-events-calendar-list__event-header\">\n<h3 class=\"tribe-events-calendar-list__event-title tribe-common-h6 tribe-common-h4--min-medium\"><a class=\"tribe-events-calendar-list__event-title-link tribe-common-anchor-thin\" title=\"(13:30 \u2013 SK) | Zimn\u00e9 radov\u00e1nky \u0161\u013eachty v Pre\u0161porku | Erika Mizerov\u00e1\" href=\"https:\/\/zazitkovabratislava.sk\/event\/zimne-radovanky-slachty\/\" rel=\"bookmark\">Zimn\u00e9 radov\u00e1nky \u0161\u013eachty v Pre\u0161porku | Erika Mizerov\u00e1<\/a><\/h3>\n<p><em><time class=\"tribe-events-calendar-list__event-datetime\" datetime=\"2025-02-22\"><span class=\"tribe-event-date-start\">22. febru\u00e1ra 13:30<\/span>\u00a0&#8211; 15<span class=\"tribe-event-time\">:00 SK\u00a0<\/span><\/time><\/em><\/p>\n<\/header>\n<div class=\"tribe-events-calendar-list__event-description tribe-common-b2 tribe-common-a11y-hidden\">\n<p>Po\u010das prehliadky sa dozviete, ak\u00e9 v\u00fdznam\u00e9 \u0161\u013eachtick\u00e9 rodiny mali pal\u00e1ce v Pre\u0161porku a ako tr\u00e1vili \u010das po\u010das zimn\u00fdch dn\u00ed. Tie\u017e si pripomieneme, ktor\u00ed zn\u00e1mi umelci nav\u0161t\u00edvili na\u0161e mesto a kedy sa stal Pre\u0161porok vyh\u013ead\u00e1van\u00fdm mestom uhorskej aristokracie.<\/p>\n<\/div>\n<\/div>\n<\/article>\n<\/div>\n<\/div>\n<div class=\"tribe-common-g-row tribe-events-calendar-list__event-row\">\n<div class=\"tribe-events-calendar-list__event-wrapper tribe-common-g-col\">\n<article class=\"tribe-events-calendar-list__event tribe-common-g-row tribe-common-g-row--gutters post-7751 tribe_events type-tribe_events status-publish has-post-thumbnail hentry tribe_events_cat-prehliadky cat_prehliadky\">\n<div class=\"tribe-events-calendar-list__event-details tribe-common-g-col\">\n<header class=\"tribe-events-calendar-list__event-header\">\n<h3 class=\"tribe-events-calendar-list__event-title tribe-common-h6 tribe-common-h4--min-medium\"><a class=\"tribe-events-calendar-list__event-title-link tribe-common-anchor-thin\" title=\"(14:00 \u2013 PL) | Polskie \u015blady w Bratys\u0142awie | Anna Osika\" href=\"https:\/\/zazitkovabratislava.sk\/event\/polskie-slady-w-bratyslawie\/\" rel=\"bookmark\">Polskie \u015blady w Bratys\u0142awie | Anna Osika<\/a><\/h3>\n<p><em><time class=\"tribe-events-calendar-list__event-datetime\" datetime=\"2025-02-22\"><span class=\"tribe-event-date-start\">22. febru\u00e1ra 14:00<\/span> &#8211; 15<span class=\"tribe-event-time\">:30 PL<\/span><\/time><\/em><\/p>\n<\/header>\n<div class=\"tribe-events-calendar-list__event-description tribe-common-b2 tribe-common-a11y-hidden\">\n<p>Czy Bratys\u0142awa i Polska maj\u0105 ze sob\u0105 co\u015b wsp\u00f3lnego? Wbrew pozorom ca\u0142kiem sporo. Jakie polskie postaci zosta\u0142y upami\u0119tnione w nazwach bratys\u0142awskich ulic? Co Polacy podarowali ko\u015bcio\u0142owi pw. \u015bw. Marcina? Z kim Regiomontanus krytykowa\u0142 bredzenia Gerarda z Kremony?<\/p>\n<p>Gdzie obecnie mo\u017cna spotka\u0107 si\u0119 w Bratys\u0142awie z Polakami lub polskim j\u0119zykiem? Tego i jeszcze wi\u0119cej dowiecie si\u0119 podczas naszego spaceru uliczkami Starego Miasta. Spacer bez barier architektonicznych.<\/p>\n<\/div>\n<\/div>\n<\/article>\n<\/div>\n<\/div>\n<div class=\"tribe-common-g-row tribe-events-calendar-list__event-row\">\n<div class=\"tribe-events-calendar-list__event-wrapper tribe-common-g-col\">\n<article class=\"tribe-events-calendar-list__event tribe-common-g-row tribe-common-g-row--gutters post-7773 tribe_events type-tribe_events status-publish has-post-thumbnail hentry tribe_events_cat-prehliadky cat_prehliadky\">\n<div class=\"tribe-events-calendar-list__event-featured-image-wrapper tribe-common-g-col\"><a class=\"tribe-events-calendar-list__event-featured-image-link\" tabindex=\"-1\" title=\"(14:00 \u2013 SK) | Napoleon a Bratislava: 220. vyro\u010die Bratislavsk\u00e9ho mieru | Miroslav Musil\" href=\"https:\/\/zazitkovabratislava.sk\/event\/napoleon-a-bratislava\/\" rel=\"bookmark\" aria-hidden=\"true\"><img loading=\"lazy\" class=\"tribe-events-calendar-list__event-featured-image\" title=\"musil-SK-FR-zb\" src=\"https:\/\/zazitkovabratislava.sk\/wp-content\/uploads\/2025\/01\/musil-SK-FR-zb.png\" srcset=\"https:\/\/zazitkovabratislava.sk\/wp-content\/uploads\/2025\/01\/musil-SK-FR-zb-400x240.png 400w, https:\/\/zazitkovabratislava.sk\/wp-content\/uploads\/2025\/01\/musil-SK-FR-zb-768x461.png 768w, https:\/\/zazitkovabratislava.sk\/wp-content\/uploads\/2025\/01\/musil-SK-FR-zb-370x222.png 370w, https:\/\/zazitkovabratislava.sk\/wp-content\/uploads\/2025\/01\/musil-SK-FR-zb-760x456.png 760w, https:\/\/zazitkovabratislava.sk\/wp-content\/uploads\/2025\/01\/musil-SK-FR-zb-387x232.png 387w, https:\/\/zazitkovabratislava.sk\/wp-content\/uploads\/2025\/01\/musil-SK-FR-zb-500x300.png 500w, https:\/\/zazitkovabratislava.sk\/wp-content\/uploads\/2025\/01\/musil-SK-FR-zb-600x360.png 600w, https:\/\/zazitkovabratislava.sk\/wp-content\/uploads\/2025\/01\/musil-SK-FR-zb.png 1000w\" alt=\"\" width=\"1000\" height=\"600\" \/><\/a><\/div>\n<div class=\"tribe-events-calendar-list__event-details tribe-common-g-col\">\n<header class=\"tribe-events-calendar-list__event-header\">\n<h3 class=\"tribe-events-calendar-list__event-title tribe-common-h6 tribe-common-h4--min-medium\"><a class=\"tribe-events-calendar-list__event-title-link tribe-common-anchor-thin\" title=\"(14:00 \u2013 SK) | Napoleon a Bratislava: 220. vyro\u010die Bratislavsk\u00e9ho mieru | Miroslav Musil\" href=\"https:\/\/zazitkovabratislava.sk\/event\/napoleon-a-bratislava\/\" rel=\"bookmark\">Obsaden\u00e9 &#8211; Napoleon a Bratislava: 220. v\u00fdro\u010die Bratislavsk\u00e9ho mieru | Miroslav Musil<\/a><\/h3>\n<p><em><time class=\"tribe-events-calendar-list__event-datetime\" datetime=\"2025-02-22\"><span class=\"tribe-event-date-start\">22. febru\u00e1ra 14:00 <\/span>&#8211; 15<span class=\"tribe-event-time\">:30 SK<\/span><\/time><\/em><\/p>\n<\/header>\n<div class=\"tribe-events-calendar-list__event-description tribe-common-b2 tribe-common-a11y-hidden\">\n<p>V\u010faka mieru podp\u00edsan\u00e9mu po najsl\u00e1vnej\u0161om Napoleonovom v\u00ed\u0165azstve sa na\u0161e mesto dostalo do pozornosti celej Eur\u00f3py. Pozrieme si miesta spojen\u00e9 s mierov\u00fdmi rokovaniami, ale aj s obliehan\u00edm mesta, s pobytom Napoleona aj jeho syna Orl\u00edka v Pre\u0161porku; povieme si o sl\u00e1vnostnej son\u00e1te, ktor\u00fa zlo\u017eil pre\u0161porsk\u00fd skladate\u013e na po\u010des\u0165 sob\u00e1\u0161a Napoleona s dc\u00e9rou rak\u00faskeho cis\u00e1ra M\u00e1riou-Lujzou.<\/p>\n<\/div>\n<\/div>\n<\/article>\n<\/div>\n<\/div>\n<div class=\"tribe-common-g-row tribe-events-calendar-list__event-row\">\n<div class=\"tribe-events-calendar-list__event-wrapper tribe-common-g-col\">\n<article class=\"tribe-events-calendar-list__event tribe-common-g-row tribe-common-g-row--gutters post-7776 tribe_events type-tribe_events status-publish has-post-thumbnail hentry tribe_events_cat-prehliadky cat_prehliadky\">\n<div class=\"tribe-events-calendar-list__event-details tribe-common-g-col\">\n<header class=\"tribe-events-calendar-list__event-header\">\n<h3 class=\"tribe-events-calendar-list__event-title tribe-common-h6 tribe-common-h4--min-medium\"><a class=\"tribe-events-calendar-list__event-title-link tribe-common-anchor-thin\" title=\"(14:30 \u2013 SK) | Bratislava v ma\u010farskej literat\u00fare \u2013 ma\u010farsk\u00e1 literat\u00fara v Bratislave | Korp\u00e1s Arp\u00e1d\" href=\"https:\/\/zazitkovabratislava.sk\/event\/bratislava-v-madarskej-literature-madarska-literatura-v-bratislave\/\" rel=\"bookmark\">Bratislava v ma\u010farskej literat\u00fare \u2013 ma\u010farsk\u00e1 literat\u00fara v Bratislave | Korp\u00e1s Arp\u00e1d<\/a><\/h3>\n<p><em><time class=\"tribe-events-calendar-list__event-datetime\" datetime=\"2025-02-22\"><span class=\"tribe-event-date-start\">22. febru\u00e1ra 14:30 <\/span>&#8211; 16<span class=\"tribe-event-time\">:00 SK\u00a0<\/span><\/time><\/em><\/p>\n<\/header>\n<div class=\"tribe-events-calendar-list__event-description tribe-common-b2 tribe-common-a11y-hidden\">\n<p>\u201eAk\u00fa \u00falohu zohr\u00e1val\/a Pre\u0161porok\/Bratislava v ma\u010farskej literat\u00fare? Ktor\u00ed ma\u010farsk\u00ed liter\u00e1ti sa via\u017eu k tomuto mestu, ktor\u00ed v\u00fdznamn\u00ed predstavitelia ma\u010farsk\u00e9ho kult\u00farneho \u017eivota tu p\u00f4sobili? Na ktor\u00fdch miestach ich spom\u00ednaj\u00fa, ktor\u00e9 bratislavsk\u00e9 miesta s\u00fa obsiahnut\u00e9 v ich tvorbe? Ak\u00e9 boli ich kontakty s nemeckou, slovenskou a \u010deskou kult\u00farou? Na tieto a podobn\u00e9 ot\u00e1zky h\u013ead\u00e1 odpovede tematick\u00e1 prehliadka mesta sprievodcu \u00c1rp\u00e1da Korp\u00e1sa.<\/p>\n<\/div>\n<\/div>\n<\/article>\n<\/div>\n<\/div>\n<div class=\"tribe-common-g-row tribe-events-calendar-list__event-row\">\n<div class=\"tribe-events-calendar-list__event-wrapper tribe-common-g-col\">\n<article class=\"tribe-events-calendar-list__event tribe-common-g-row tribe-common-g-row--gutters post-7986 tribe_events type-tribe_events status-publish has-post-thumbnail hentry tribe_events_cat-prednasky cat_prednasky\">\n<div class=\"tribe-events-calendar-list__event-featured-image-wrapper tribe-common-g-col\"><a class=\"tribe-events-calendar-list__event-featured-image-link\" tabindex=\"-1\" title=\"(14:30 \u2013 SK) Postavenie kata v dejin\u00e1ch Uhorska | Katar\u00edna N\u00e1dask\u00e1\" href=\"https:\/\/zazitkovabratislava.sk\/event\/postavenie-kata-v-dejinach-uhorska\/\" rel=\"bookmark\" aria-hidden=\"true\"><img loading=\"lazy\" class=\"tribe-events-calendar-list__event-featured-image\" title=\"kat-kn\" src=\"https:\/\/zazitkovabratislava.sk\/wp-content\/uploads\/2025\/01\/kat-kn.jpg\" srcset=\"https:\/\/zazitkovabratislava.sk\/wp-content\/uploads\/2025\/01\/kat-kn-400x240.jpg 400w, https:\/\/zazitkovabratislava.sk\/wp-content\/uploads\/2025\/01\/kat-kn-768x461.jpg 768w, https:\/\/zazitkovabratislava.sk\/wp-content\/uploads\/2025\/01\/kat-kn-370x222.jpg 370w, https:\/\/zazitkovabratislava.sk\/wp-content\/uploads\/2025\/01\/kat-kn-760x456.jpg 760w, https:\/\/zazitkovabratislava.sk\/wp-content\/uploads\/2025\/01\/kat-kn-387x232.jpg 387w, https:\/\/zazitkovabratislava.sk\/wp-content\/uploads\/2025\/01\/kat-kn-500x300.jpg 500w, https:\/\/zazitkovabratislava.sk\/wp-content\/uploads\/2025\/01\/kat-kn.jpg 1000w\" alt=\"\" width=\"1000\" height=\"600\" \/><\/a><\/div>\n<div class=\"tribe-events-calendar-list__event-details tribe-common-g-col\">\n<header class=\"tribe-events-calendar-list__event-header\">\n<h3 class=\"tribe-events-calendar-list__event-datetime-wrapper tribe-common-b2\"><a class=\"tribe-events-calendar-list__event-title-link tribe-common-anchor-thin\" title=\"(14:30 \u2013 SK) Postavenie kata v dejin\u00e1ch Uhorska | Katar\u00edna N\u00e1dask\u00e1\" href=\"https:\/\/zazitkovabratislava.sk\/event\/postavenie-kata-v-dejinach-uhorska\/\" rel=\"bookmark\">Postavenie kata v dejin\u00e1ch Uhorska | Katar\u00edna N\u00e1dask\u00e1<\/a><\/h3>\n<p><em><time class=\"tribe-events-calendar-list__event-datetime\" datetime=\"2025-02-22\"><span class=\"tribe-event-date-start\">22. febru\u00e1ra 14:30 <\/span>&#8211; 16<span class=\"tribe-event-time\">:00 SK\u00a0<\/span><\/time><\/em><\/p>\n<\/header>\n<div class=\"tribe-events-calendar-list__event-description tribe-common-b2 tribe-common-a11y-hidden\">\n<p>Vstupn\u00e9 dobrovo\u013en\u00e9 (odpor\u00fa\u010dan\u00e9 4 \u20ac). Zn\u00e1me etnologi\u010dka Katar\u00edna N\u00e1dask\u00e1 n\u00e1s prevedie dejinami s t\u00e9mou Postavenie kata v dejin\u00e1ch Uhorska. Dozvieme sa ak\u00fa \u00falohu plnil kat na na\u0161om \u00fazem\u00ed, \u010do v\u0161etko mal na starosti a nako\u013eko s\u00fa pravdiv\u00e9 jeho vyobrazenia na filmovom pl\u00e1tne.<\/p>\n<\/div>\n<\/div>\n<\/article>\n<\/div>\n<\/div>\n<div class=\"tribe-common-g-row tribe-events-calendar-list__event-row\">\n<div class=\"tribe-events-calendar-list__event-wrapper tribe-common-g-col\">\n<article class=\"tribe-events-calendar-list__event tribe-common-g-row tribe-common-g-row--gutters post-7780 tribe_events type-tribe_events status-publish has-post-thumbnail hentry tribe_events_cat-prehliadky cat_prehliadky\">\n<div class=\"tribe-events-calendar-list__event-featured-image-wrapper tribe-common-g-col\"><a class=\"tribe-events-calendar-list__event-featured-image-link\" tabindex=\"-1\" title=\"(15:00 \u2013 SK) | Fa\u0161iangov\u00e9 z\u00e1bavy v meste na Dunaji | Katar\u00edna Kr\u00e1likov\u00e1\" href=\"https:\/\/zazitkovabratislava.sk\/event\/fasiangove-zabavy\/\" rel=\"bookmark\" aria-hidden=\"true\"><img loading=\"lazy\" class=\"tribe-events-calendar-list__event-featured-image\" title=\"kralikova-zb\" src=\"https:\/\/zazitkovabratislava.sk\/wp-content\/uploads\/2025\/01\/kralikova-zb.png\" srcset=\"https:\/\/zazitkovabratislava.sk\/wp-content\/uploads\/2025\/01\/kralikova-zb-400x240.png 400w, https:\/\/zazitkovabratislava.sk\/wp-content\/uploads\/2025\/01\/kralikova-zb-768x461.png 768w, https:\/\/zazitkovabratislava.sk\/wp-content\/uploads\/2025\/01\/kralikova-zb-370x222.png 370w, https:\/\/zazitkovabratislava.sk\/wp-content\/uploads\/2025\/01\/kralikova-zb-760x456.png 760w, https:\/\/zazitkovabratislava.sk\/wp-content\/uploads\/2025\/01\/kralikova-zb-387x232.png 387w, https:\/\/zazitkovabratislava.sk\/wp-content\/uploads\/2025\/01\/kralikova-zb-500x300.png 500w, https:\/\/zazitkovabratislava.sk\/wp-content\/uploads\/2025\/01\/kralikova-zb-600x360.png 600w, https:\/\/zazitkovabratislava.sk\/wp-content\/uploads\/2025\/01\/kralikova-zb.png 1000w\" alt=\"\" width=\"1000\" height=\"600\" \/><\/a><\/div>\n<div class=\"tribe-events-calendar-list__event-details tribe-common-g-col\">\n<header class=\"tribe-events-calendar-list__event-header\">\n<h3 class=\"tribe-events-calendar-list__event-title tribe-common-h6 tribe-common-h4--min-medium\"><a class=\"tribe-events-calendar-list__event-title-link tribe-common-anchor-thin\" title=\"(15:00 \u2013 SK) | Fa\u0161iangov\u00e9 z\u00e1bavy v meste na Dunaji | Katar\u00edna Kr\u00e1likov\u00e1\" href=\"https:\/\/zazitkovabratislava.sk\/event\/fasiangove-zabavy\/\" rel=\"bookmark\">Obsaden\u00e9 &#8211; Fa\u0161iangov\u00e9 z\u00e1bavy v meste na Dunaji | Katar\u00edna Kr\u00e1likov\u00e1<\/a><\/h3>\n<p><em><time class=\"tribe-events-calendar-list__event-datetime\" datetime=\"2025-02-22\"><span class=\"tribe-event-date-start\">22. febru\u00e1ra 15:00 <\/span>&#8211; 16<span class=\"tribe-event-time\">:30 SK<\/span><\/time><\/em><\/p>\n<\/header>\n<div class=\"tribe-events-calendar-list__event-description tribe-common-b2 tribe-common-a11y-hidden\">\n<p>Po\u010das 90 min. vych\u00e1dzky v centre Bratislavy sa dozviete, kde sa kedysi konali reprezenta\u010dn\u00e9 plesy, ma\u0161karn\u00e9 b\u00e1ly, fa\u0161iangov\u00e9 z\u00e1bavy aj spolkov\u00e9 tane\u010dn\u00e9 ve\u010dierky.<\/p>\n<\/div>\n<\/div>\n<\/article>\n<\/div>\n<\/div>\n<div class=\"tribe-common-g-row tribe-events-calendar-list__event-row\">\n<div class=\"tribe-events-calendar-list__event-wrapper tribe-common-g-col\">\n<article class=\"tribe-events-calendar-list__event tribe-common-g-row tribe-common-g-row--gutters post-7784 tribe_events type-tribe_events status-publish has-post-thumbnail hentry tribe_events_cat-prehliadky cat_prehliadky\">\n<div class=\"tribe-events-calendar-list__event-details tribe-common-g-col\">\n<header class=\"tribe-events-calendar-list__event-header\">\n<h3 class=\"tribe-events-calendar-list__event-title tribe-common-h6 tribe-common-h4--min-medium\"><a class=\"tribe-events-calendar-list__event-title-link tribe-common-anchor-thin\" title=\"(15:00 \u2013 SK) | Po Bratislave s fotoapar\u00e1tom | Jana Koll\u00e1rov\u00e1\" href=\"https:\/\/zazitkovabratislava.sk\/event\/po-bratislave-s-fotoaparatom\/\" rel=\"bookmark\">Obsaden\u00e9 &#8211; Po Bratislave s fotoapar\u00e1tom | Jana Koll\u00e1rov\u00e1<\/a><\/h3>\n<p><em><time class=\"tribe-events-calendar-list__event-datetime\" datetime=\"2025-02-22\"><span class=\"tribe-event-date-start\">22. febru\u00e1ra 15:00<\/span> &#8211; 16<span class=\"tribe-event-time\">:30 SK\u00a0<\/span><\/time><\/em><\/p>\n<\/header>\n<div class=\"tribe-events-calendar-list__event-description tribe-common-b2 tribe-common-a11y-hidden\">\n<p>Viete, kde sa na v\u00e1s vy\u0161kiera Posmieva\u010dik a kde uvid\u00edte najv\u00e4\u010d\u0161iu v\u010delu aj v zime? Na prech\u00e1dzke uvid\u00edte menej zn\u00e1me detaily architekt\u00fary, ktor\u00e9 sa nau\u010d\u00edte odfoti\u0165 zauj\u00edmav\u00fdm sp\u00f4sobom.<\/p>\n<\/div>\n<\/div>\n<\/article>\n<\/div>\n<\/div>\n<div class=\"tribe-common-g-row tribe-events-calendar-list__event-row\">\n<div class=\"tribe-events-calendar-list__event-wrapper tribe-common-g-col\">\n<article class=\"tribe-events-calendar-list__event tribe-common-g-row tribe-common-g-row--gutters post-7992 tribe_events type-tribe_events status-publish has-post-thumbnail hentry tribe_events_cat-prednasky cat_prednasky\">\n<div class=\"tribe-events-calendar-list__event-details tribe-common-g-col\">\n<header class=\"tribe-events-calendar-list__event-header\">\n<h3 class=\"tribe-events-calendar-list__event-title tribe-common-h6 tribe-common-h4--min-medium\"><a class=\"tribe-events-calendar-list__event-title-link tribe-common-anchor-thin\" title=\"(17:00 \u2013 SK) Osobnosti Siene sl\u00e1vy BKIS | H. Navr\u00e1tilov\u00e1 a Zs. Lehel | moderuje Peter Fiala\" href=\"https:\/\/zazitkovabratislava.sk\/event\/osobnosti-siene-slavy-bkis\/\" rel=\"bookmark\">Osobnosti Siene sl\u00e1vy BKIS | H. Navr\u00e1tilov\u00e1 a Zs. Lehel | moderuje Peter Fiala<\/a><\/h3>\n<p><em><span class=\"tribe-event-date-start\">22. febru\u00e1ra 17:00 <\/span>&#8211; 18<span class=\"tribe-event-time\">:00 SK\u00a0<\/span><\/em><\/p>\n<\/header>\n<div class=\"tribe-events-calendar-list__event-description tribe-common-b2 tribe-common-a11y-hidden\">\n<p>Vstupn\u00e9 dobrovo\u013en\u00e9. Dlh\u00e9 desa\u0165ro\u010dia s\u00fa neodmyslite\u013en\u00fdmi tv\u00e1rami mesta Bratislavy, lektorka Kurzu sprievodcov BKIS a dlhoro\u010dn\u00e1 sprievodky\u0148a pani Helena Navr\u00e1tilov\u00e1 a p\u00e1n Zsolt Lehel, lektor a bard sprievodcov Bratislavy sa s nami podelia nielen o spomienky, z\u00e1\u017eitky, ale aj osobn\u00e9 poh\u013eady na Bratislavu. Diskusiu moderuje Peter Fiala, sprievodca, organiz\u00e1tor Z\u00e1\u017eitkovej Bratislavy a \u010dlen V\u00fdkonn\u00e9ho v\u00fdboru Asoci\u00e1cie sprievodcov Bratislavy.<\/p>\n<\/div>\n<\/div>\n<\/article>\n<\/div>\n<\/div>\n","protected":false},"excerpt":{"rendered":"<p>Prech\u00e1dzate sa radi? Chceli by ste spozna\u0165 zauj\u00edmav\u00e9 miesta a dozvedie\u0165 sa nie\u010do nov\u00e9? Ak \u00e1no, Svetov\u00fd de\u0148 sprievodcov sa v\u00e1m bude p\u00e1\u010di\u0165. Tematick\u00fdmi vych\u00e1dzkami si ho 22. febru\u00e1ra 2025 pripomenie aj Bratislava. Pripraven\u00fdch ich je viac ako 20, sta\u010d\u00ed si vybra\u0165.<\/p>\n","protected":false},"author":32,"featured_media":127920,"parent":0,"menu_order":0,"comment_status":"closed","ping_status":"closed","template":"tpl-page-grid.php","meta":[],"acf":[],"_links":{"self":[{"href":"https:\/\/www.visitbratislava.com\/sk\/wp-json\/wp\/v2\/pages\/127943"}],"collection":[{"href":"https:\/\/www.visitbratislava.com\/sk\/wp-json\/wp\/v2\/pages"}],"about":[{"href":"https:\/\/www.visitbratislava.com\/sk\/wp-json\/wp\/v2\/types\/page"}],"author":[{"embeddable":true,"href":"https:\/\/www.visitbratislava.com\/sk\/wp-json\/wp\/v2\/users\/32"}],"replies":[{"embeddable":true,"href":"https:\/\/www.visitbratislava.com\/sk\/wp-json\/wp\/v2\/comments?post=127943"}],"version-history":[{"count":36,"href":"https:\/\/www.visitbratislava.com\/sk\/wp-json\/wp\/v2\/pages\/127943\/revisions"}],"predecessor-version":[{"id":329037,"href":"https:\/\/www.visitbratislava.com\/sk\/wp-json\/wp\/v2\/pages\/127943\/revisions\/329037"}],"wp:featuredmedia":[{"embeddable":true,"href":"https:\/\/www.visitbratislava.com\/sk\/wp-json\/wp\/v2\/media\/127920"}],"wp:attachment":[{"href":"https:\/\/www.visitbratislava.com\/sk\/wp-json\/wp\/v2\/media?parent=127943"}],"curies":[{"name":"wp","href":"https:\/\/api.w.org\/{rel}","templated":true}]}}