{"id":133169,"date":"2022-03-25T14:24:49","date_gmt":"2022-03-25T13:24:49","guid":{"rendered":"https:\/\/www.visitbratislava.com\/?page_id=133169"},"modified":"2026-02-02T16:16:49","modified_gmt":"2026-02-02T15:16:49","slug":"sviatky-jari-v-bratislave","status":"publish","type":"page","link":"https:\/\/www.visitbratislava.com\/sk\/sviatky-jari-v-bratislave\/","title":{"rendered":"Sviatky jari v Bratislave"},"content":{"rendered":"<p><img loading=\"lazy\" width=\"1920\" height=\"1280\" class=\"alignnone size-full wp-image-133194\" src=\"https:\/\/www.visitbratislava.com\/wp-content\/uploads\/2022\/03\/DSC_0009_1920x1280.jpg\" alt=\"\" srcset=\"https:\/\/www.visitbratislava.com\/wp-content\/uploads\/2022\/03\/DSC_0009_1920x1280.jpg 1920w, https:\/\/www.visitbratislava.com\/wp-content\/uploads\/2022\/03\/DSC_0009_1920x1280-400x267.jpg 400w, https:\/\/www.visitbratislava.com\/wp-content\/uploads\/2022\/03\/DSC_0009_1920x1280-800x533.jpg 800w, https:\/\/www.visitbratislava.com\/wp-content\/uploads\/2022\/03\/DSC_0009_1920x1280-768x512.jpg 768w, https:\/\/www.visitbratislava.com\/wp-content\/uploads\/2022\/03\/DSC_0009_1920x1280-1536x1024.jpg 1536w, https:\/\/www.visitbratislava.com\/wp-content\/uploads\/2022\/03\/DSC_0009_1920x1280-200x133.jpg 200w\" sizes=\"(max-width: 1920px) 100vw, 1920px\" \/><\/p>\n<h3>\u0160iba\u010dka aj dnes<\/h3>\n<p>V minulosti v Bratislave dominovala \u0161iba\u010dka pleten\u00fdmi v\u0155bov\u00fdmi \u0161ib\u00e1kmi, ktor\u00e9 niekedy dosahovali a\u017e dva metre. Tradi\u010dn\u00e1 \u0161iba\u010dka m\u00e1 e\u0161te st\u00e1le svoje miesto napr\u00edklad vo Vajnoroch, kde dokonca m\u00f4\u017eete stretn\u00fa\u0165 obyvate\u013eov oble\u010den\u00fdch v krojoch. V okolit\u00fdch obciach Bratislavy sa zvyklo aj polieva\u0165. Za odmenu dostali mlad\u00ed mu\u017ei ma\u013eovan\u00e9 vaj\u00ed\u010dka, pr\u00edpadne peniaze. Diev\u010dat\u00e1 mali po ich po\u010d\u00ednan\u00ed osta\u0165 zdrav\u00e9 a kr\u00e1sne a\u017e do \u010fal\u0161ej Ve\u013ekej noci.<\/p>\n<p><img loading=\"lazy\" width=\"1449\" height=\"928\" class=\"alignnone size-full wp-image-133206\" src=\"https:\/\/www.visitbratislava.com\/wp-content\/uploads\/2022\/03\/Velkonocny-pondelok-vo-Vajnoroch.jpg\" alt=\"\" srcset=\"https:\/\/www.visitbratislava.com\/wp-content\/uploads\/2022\/03\/Velkonocny-pondelok-vo-Vajnoroch.jpg 1449w, https:\/\/www.visitbratislava.com\/wp-content\/uploads\/2022\/03\/Velkonocny-pondelok-vo-Vajnoroch-400x256.jpg 400w, https:\/\/www.visitbratislava.com\/wp-content\/uploads\/2022\/03\/Velkonocny-pondelok-vo-Vajnoroch-800x512.jpg 800w, https:\/\/www.visitbratislava.com\/wp-content\/uploads\/2022\/03\/Velkonocny-pondelok-vo-Vajnoroch-768x492.jpg 768w, https:\/\/www.visitbratislava.com\/wp-content\/uploads\/2022\/03\/Velkonocny-pondelok-vo-Vajnoroch-200x128.jpg 200w\" sizes=\"(max-width: 1449px) 100vw, 1449px\" \/><\/p>\n<p>Nielen pre Bratislavu, ale pre cel\u00e9 Slovensko, s\u00fa jedl\u00e1 ako vaj\u00ed\u010dka, \u00faden\u00e1 \u0161unka, zemiakov\u00fd \u0161al\u00e1t a \u00fadeniny u\u017e klasikou. V minulosti sa ale v starom Pre\u0161porku pieklo aj jah\u0148a alebo koz\u013ea, nemohli ch\u00fdba\u0165 klob\u00e1sky, \u00faden\u00e1 \u0161unka, chren a ako dezert bar\u00e1nok, \u0161tr\u00fad\u013ea \u010di bratislavsk\u00e9 ro\u017eky.<\/p>\n<h3>Vybicyklujte ve\u013ekono\u010dn\u00e9 dobroty<\/h3>\n<p>Po v\u0161etk\u00fdch t\u00fdch lah\u00f4dkach dobre padne tro\u0161ka pohybu. Prv\u00e9 teplej\u0161ie dni navy\u0161e sam\u00e9 o sebe l\u00e1kaj\u00fa u\u017ei\u0165 si \u010derstv\u00fd vzduch a na\u010derpa\u0165 nov\u00fa energiu. Vyrazte na ob\u013e\u00faben\u00e9 bratislavsk\u00e9 cyklotrasy a spravte si cyklov\u00fdlet treb\u00e1rs po Bratislavskej hr\u00e1dzi alebo k Biskupick\u00fdm luhom. Mesto pon\u00faka cyklot\u00fary, na ktor\u00fdch spozn\u00e1te hist\u00f3riu Bratislavy, ale aj trasy pre n\u00e1ro\u010dnej\u0161\u00edch. Okolo Dunaja vedie viacero cyklistick\u00fdch tr\u00e1s, ktor\u00e9 sp\u00e1jaj\u00fa Bratislavu so susedn\u00fdm Rak\u00faskom, Ma\u010farskom a \u010ceskom a okrem cyklistov ich \u010dasto vyu\u017e\u00edvaj\u00fa aj kor\u010duliari.<\/p>\n<p><img loading=\"lazy\" width=\"1920\" height=\"1280\" class=\"alignnone size-full wp-image-133269\" src=\"https:\/\/www.visitbratislava.com\/wp-content\/uploads\/2022\/03\/Dekan_komparz_2021_cyklo_bicykel_Sad-Janka-Krala_04_1920x1280.jpg\" alt=\"\" srcset=\"https:\/\/www.visitbratislava.com\/wp-content\/uploads\/2022\/03\/Dekan_komparz_2021_cyklo_bicykel_Sad-Janka-Krala_04_1920x1280.jpg 1920w, https:\/\/www.visitbratislava.com\/wp-content\/uploads\/2022\/03\/Dekan_komparz_2021_cyklo_bicykel_Sad-Janka-Krala_04_1920x1280-400x267.jpg 400w, https:\/\/www.visitbratislava.com\/wp-content\/uploads\/2022\/03\/Dekan_komparz_2021_cyklo_bicykel_Sad-Janka-Krala_04_1920x1280-800x533.jpg 800w, https:\/\/www.visitbratislava.com\/wp-content\/uploads\/2022\/03\/Dekan_komparz_2021_cyklo_bicykel_Sad-Janka-Krala_04_1920x1280-768x512.jpg 768w, https:\/\/www.visitbratislava.com\/wp-content\/uploads\/2022\/03\/Dekan_komparz_2021_cyklo_bicykel_Sad-Janka-Krala_04_1920x1280-1536x1024.jpg 1536w, https:\/\/www.visitbratislava.com\/wp-content\/uploads\/2022\/03\/Dekan_komparz_2021_cyklo_bicykel_Sad-Janka-Krala_04_1920x1280-200x133.jpg 200w\" sizes=\"(max-width: 1920px) 100vw, 1920px\" \/><\/p>\n<p>Vysk\u00fa\u0161ajte si adrenal\u00ednov\u00fa jazdu po lesn\u00fdch cesti\u010dk\u00e1ch Bratislavsk\u00e9ho lesoparku alebo naberte odvahu a spustite sa z Kamz\u00edka po prek\u00e1\u017ekov\u00fdch downhillov\u00fdch tras\u00e1ch Rohatka a Driver. Svoj bicykel si odvezte seda\u010dkovou lanovkou, ktor\u00e1 prem\u00e1va medzi \u017deleznou studni\u010dkou a Kamz\u00edkom. Pr\u00e1ve na tomto vrchu sa pri vstupe do parku nach\u00e1dza telev\u00edzna ve\u017ea, z ktorej mo\u017eno pozorova\u0165 cel\u00fd okolit\u00fd regi\u00f3n zo v\u0161etk\u00fdch str\u00e1n. Tento v\u00fdh\u013ead je skuto\u010dn\u00e1 lah\u00f4dka.<\/p>\n<p><img loading=\"lazy\" width=\"1920\" height=\"1280\" class=\"alignnone size-full wp-image-133275\" src=\"https:\/\/www.visitbratislava.com\/wp-content\/uploads\/2022\/03\/14-Kamzik-A_1920x1280.jpg\" alt=\"\" srcset=\"https:\/\/www.visitbratislava.com\/wp-content\/uploads\/2022\/03\/14-Kamzik-A_1920x1280.jpg 1920w, https:\/\/www.visitbratislava.com\/wp-content\/uploads\/2022\/03\/14-Kamzik-A_1920x1280-400x267.jpg 400w, https:\/\/www.visitbratislava.com\/wp-content\/uploads\/2022\/03\/14-Kamzik-A_1920x1280-800x533.jpg 800w, https:\/\/www.visitbratislava.com\/wp-content\/uploads\/2022\/03\/14-Kamzik-A_1920x1280-768x512.jpg 768w, https:\/\/www.visitbratislava.com\/wp-content\/uploads\/2022\/03\/14-Kamzik-A_1920x1280-1536x1024.jpg 1536w, https:\/\/www.visitbratislava.com\/wp-content\/uploads\/2022\/03\/14-Kamzik-A_1920x1280-200x133.jpg 200w\" sizes=\"(max-width: 1920px) 100vw, 1920px\" \/><\/p>\n<h3>Najpr\u00edhodnej\u0161\u00ed \u010das vybra\u0165 sa na bratislavsk\u00fa Kalv\u00e1riu<\/h3>\n<p>Na vrchu nad Pra\u017eskou ulicou objav\u00edte zrejme najpokojnej\u0161ie miesto v Bratislave. V t\u00fdchto kon\u010din\u00e1ch sa kedysi ukr\u00fdvali pred morom. Kalv\u00e1riu, ktor\u00e1 patrila k prv\u00fdm v Uhorsku, v s\u00fa\u010dasnosti pripom\u00ednaj\u00fa zv\u00e4\u010d\u0161a obr\u00e1zky pripevnen\u00e9 na stromoch. Z b\u00fdvalej vojenskej pozorovate\u013ene k\u00fasok od kr\u00ed\u017eov sa naskyt\u00e1 pekn\u00fd v\u00fdh\u013ead na mesto. Pod kalv\u00e1riou sa pri Kostole Panny M\u00e1rie Sne\u017enej nach\u00e1dza o\u010daruj\u00faca Lurdsk\u00e1 jasky\u0148a, ktor\u00fa po n\u00e1v\u0161teve L\u00fard koncom 19. storo\u010dia zalo\u017eila v b\u00fdvalom kame\u0148olome miestna gr\u00f3fka.<\/p>\n<p><img loading=\"lazy\" width=\"1920\" height=\"1280\" class=\"alignnone size-full wp-image-133281\" src=\"https:\/\/www.visitbratislava.com\/wp-content\/uploads\/2022\/03\/Vyleti-Vtacik_stare-mesto_vyhradna-licencia-casovo-neobmedzena-22c_1920x1280.jpg\" alt=\"\" srcset=\"https:\/\/www.visitbratislava.com\/wp-content\/uploads\/2022\/03\/Vyleti-Vtacik_stare-mesto_vyhradna-licencia-casovo-neobmedzena-22c_1920x1280.jpg 1920w, https:\/\/www.visitbratislava.com\/wp-content\/uploads\/2022\/03\/Vyleti-Vtacik_stare-mesto_vyhradna-licencia-casovo-neobmedzena-22c_1920x1280-400x267.jpg 400w, https:\/\/www.visitbratislava.com\/wp-content\/uploads\/2022\/03\/Vyleti-Vtacik_stare-mesto_vyhradna-licencia-casovo-neobmedzena-22c_1920x1280-800x533.jpg 800w, https:\/\/www.visitbratislava.com\/wp-content\/uploads\/2022\/03\/Vyleti-Vtacik_stare-mesto_vyhradna-licencia-casovo-neobmedzena-22c_1920x1280-768x512.jpg 768w, https:\/\/www.visitbratislava.com\/wp-content\/uploads\/2022\/03\/Vyleti-Vtacik_stare-mesto_vyhradna-licencia-casovo-neobmedzena-22c_1920x1280-1536x1024.jpg 1536w, https:\/\/www.visitbratislava.com\/wp-content\/uploads\/2022\/03\/Vyleti-Vtacik_stare-mesto_vyhradna-licencia-casovo-neobmedzena-22c_1920x1280-200x133.jpg 200w\" sizes=\"(max-width: 1920px) 100vw, 1920px\" \/><\/p>\n<h3>Mestsk\u00e1 zele\u0148 k va\u0161im slu\u017eb\u00e1m<\/h3>\n<p>Nabra\u0165 energiu mo\u017eno na ob\u013e\u00fabenej \u017deleznej studni\u010dke s Partiz\u00e1nskou l\u00fakou. N\u00e1jdete tu mno\u017estvo detsk\u00fdch ihr\u00edsk \u010di alt\u00e1nky, m\u00f4\u017eete si zahra\u0165 futbal, \u010dlnkova\u0165 na jazere alebo chyta\u0165 ryby. Jedno z najob\u013e\u00fabenej\u0161\u00edch \u0161portov\u00fdch a rekrea\u010dn\u00fdch stred\u00edsk v Bratislave je tie\u017e ide\u00e1lne na odpo\u010dinok pri pikniku.<\/p>\n<p>Milovn\u00edci rastl\u00edn m\u00f4\u017eu nav\u0161t\u00edvi\u0165 Botanick\u00fa z\u00e1hradu Univerzity Komensk\u00e9ho, ktor\u00e1 je pre verejnos\u0165 zvy\u010dajne otvoren\u00e1 od 1. apr\u00edla. Okrem rozli\u010dn\u00fdch dom\u00e1cich \u010di exotick\u00fdch rastl\u00edn pon\u00faka pokojn\u00fa prech\u00e1dzku, pri ktorej aspo\u0148 na chv\u00ed\u013eu zabudnete na ruch mesta. Bl\u00edzka Karlovesk\u00e1 z\u00e1toka spolu s pristaven\u00fdm mal\u00fdm parn\u00edkom Mark Twain je mil\u00fdm ukryt\u00fdm miestom na oddych, kde v\u0161ak sez\u00f3na oby\u010dajne za\u010d\u00edna a\u017e od m\u00e1ja.<\/p>\n<p><img loading=\"lazy\" width=\"1920\" height=\"1280\" class=\"alignnone size-full wp-image-133287\" src=\"https:\/\/www.visitbratislava.com\/wp-content\/uploads\/2022\/03\/Vyleti-Vtacik-Karlova-Ves-10_1920x1280.jpg\" alt=\"\" srcset=\"https:\/\/www.visitbratislava.com\/wp-content\/uploads\/2022\/03\/Vyleti-Vtacik-Karlova-Ves-10_1920x1280.jpg 1920w, https:\/\/www.visitbratislava.com\/wp-content\/uploads\/2022\/03\/Vyleti-Vtacik-Karlova-Ves-10_1920x1280-400x267.jpg 400w, https:\/\/www.visitbratislava.com\/wp-content\/uploads\/2022\/03\/Vyleti-Vtacik-Karlova-Ves-10_1920x1280-800x533.jpg 800w, https:\/\/www.visitbratislava.com\/wp-content\/uploads\/2022\/03\/Vyleti-Vtacik-Karlova-Ves-10_1920x1280-768x512.jpg 768w, https:\/\/www.visitbratislava.com\/wp-content\/uploads\/2022\/03\/Vyleti-Vtacik-Karlova-Ves-10_1920x1280-1536x1024.jpg 1536w, https:\/\/www.visitbratislava.com\/wp-content\/uploads\/2022\/03\/Vyleti-Vtacik-Karlova-Ves-10_1920x1280-200x133.jpg 200w\" sizes=\"(max-width: 1920px) 100vw, 1920px\" \/><\/p>\n<p>K bratislavskej jari patria ur\u010dite aj jej parky. Medick\u00e1 a Prezidentsk\u00e1 z\u00e1hrada sa nach\u00e1dzaj\u00fa v Starom Meste a po\u010das roka hostia nieko\u013eko zauj\u00edmav\u00fdch podujat\u00ed. Sn\u00e1\u010f aj tento rok. Zoberte deku, nie\u010do mal\u00e9 pod zub a vyberte sa aj Sadu Janka Kr\u00e1\u013ea. Oddychujte na tr\u00e1ve, pr\u00edpadne sa vybl\u00e1znite pri nejakom \u0161porte a nezabudnite sa poprech\u00e1dza\u0165 aj po n\u00e1bre\u017e\u00ed, aby ste si u\u017eili v\u00fdh\u013eady na centrum mesta.<\/p>\n<p><img loading=\"lazy\" width=\"1920\" height=\"1280\" class=\"alignnone size-full wp-image-133295\" src=\"https:\/\/www.visitbratislava.com\/wp-content\/uploads\/2022\/03\/Pohyb-v-Sade-Janka-Krala_1920x1280.jpg\" alt=\"\" srcset=\"https:\/\/www.visitbratislava.com\/wp-content\/uploads\/2022\/03\/Pohyb-v-Sade-Janka-Krala_1920x1280.jpg 1920w, https:\/\/www.visitbratislava.com\/wp-content\/uploads\/2022\/03\/Pohyb-v-Sade-Janka-Krala_1920x1280-400x267.jpg 400w, https:\/\/www.visitbratislava.com\/wp-content\/uploads\/2022\/03\/Pohyb-v-Sade-Janka-Krala_1920x1280-800x533.jpg 800w, https:\/\/www.visitbratislava.com\/wp-content\/uploads\/2022\/03\/Pohyb-v-Sade-Janka-Krala_1920x1280-768x512.jpg 768w, https:\/\/www.visitbratislava.com\/wp-content\/uploads\/2022\/03\/Pohyb-v-Sade-Janka-Krala_1920x1280-1536x1024.jpg 1536w, https:\/\/www.visitbratislava.com\/wp-content\/uploads\/2022\/03\/Pohyb-v-Sade-Janka-Krala_1920x1280-200x133.jpg 200w\" sizes=\"(max-width: 1920px) 100vw, 1920px\" \/><\/p>\n<p>\u010eal\u0161ou zelenou o\u00e1zou je Horsk\u00fd park. U\u017e 150 rokov tu verejnosti sl\u00fa\u017ei park, v ktorom si vychutn\u00e1te ticho lesa a takmer nedotknut\u00fa pr\u00edrodu, len k\u00fasok od centra mesta. Ukr\u00fdva historick\u00fa hor\u00e1re\u0148, kde okrem zvierat n\u00e1jdete aj kreat\u00edvne ihrisko aj kaviare\u0148. Ne\u010faleko od nej Slovensk\u00e1 n\u00e1rodn\u00e1 gal\u00e9ria spravuje gal\u00e9riu v pr\u00edrode.<\/p>\n<p>Aj v okol\u00ed Bratislavy sa nach\u00e1dza hne\u010f nieko\u013eko lokal\u00edt, na ktor\u00fdch naraz\u00edte na menej \u013eud\u00ed, pr\u00edpadne sa na mieste ocitnete \u00faplne osamote. Vyberte sa na zr\u00facaninu menej zn\u00e1meho hradu Biely Kame\u0148 nad vinohradn\u00edckym meste\u010dkom Sv\u00e4t\u00fd Jur, k \u010darovnej Jarovskej ba\u017eantnici alebo na Mal\u00fd Slav\u00edn.<\/p>\n<p><img loading=\"lazy\" width=\"1920\" height=\"1280\" class=\"alignnone size-full wp-image-133301\" src=\"https:\/\/www.visitbratislava.com\/wp-content\/uploads\/2022\/03\/Jarovska-bazantnica_1920x1280.jpg\" alt=\"\" srcset=\"https:\/\/www.visitbratislava.com\/wp-content\/uploads\/2022\/03\/Jarovska-bazantnica_1920x1280.jpg 1920w, https:\/\/www.visitbratislava.com\/wp-content\/uploads\/2022\/03\/Jarovska-bazantnica_1920x1280-400x267.jpg 400w, https:\/\/www.visitbratislava.com\/wp-content\/uploads\/2022\/03\/Jarovska-bazantnica_1920x1280-800x533.jpg 800w, https:\/\/www.visitbratislava.com\/wp-content\/uploads\/2022\/03\/Jarovska-bazantnica_1920x1280-768x512.jpg 768w, https:\/\/www.visitbratislava.com\/wp-content\/uploads\/2022\/03\/Jarovska-bazantnica_1920x1280-1536x1024.jpg 1536w, https:\/\/www.visitbratislava.com\/wp-content\/uploads\/2022\/03\/Jarovska-bazantnica_1920x1280-200x133.jpg 200w\" sizes=\"(max-width: 1920px) 100vw, 1920px\" \/><\/p>\n<h3>Trhy pln\u00e9 jarn\u00fdch farieb<\/h3>\n<p>A \u010do by to bola jar bez \u017eivota na trhoch, ktor\u00e9 sa denne konaj\u00fa na viacer\u00fdch miestach v meste? Priamo od v\u00fdrobcov si na nich m\u00f4\u017eete k\u00fapi\u0165 \u010derstv\u00e9 dom\u00e1ce v\u00fdrobky, ale aj in\u00fd tovar. V Starej tr\u017enici navy\u0161e n\u00e1jdete ve\u013ek\u00e9 trhy a za n\u00e1v\u0161tevu ur\u010dite stoj\u00ed u\u017e presl\u00e1ven\u00fd klasick\u00fd trh Mileti\u010dka, ktor\u00fd v\u00e1s prekvap\u00ed svojou autentickou atmosf\u00e9rou, mno\u017estvom st\u00e1nkov s \u010derstvou zeleninou a ovoc\u00edm. Podobn\u00fa atmosf\u00e9ru n\u00e1jdete aj na men\u0161om trhu \u017dilinsk\u00e1. Kto by nemal dos\u0165 sviato\u010dn\u00fdch poch\u00fa\u0165ok, alebo si od nich chce odd\u00fdchnu\u0165, m\u00f4\u017ee v bratislavsk\u00fdch uliciach siahnu\u0165 po pestrej ponuke pouli\u010dn\u00e9ho jedla.<\/p>\n<p><img loading=\"lazy\" width=\"1920\" height=\"1280\" class=\"alignnone size-full wp-image-133307\" src=\"https:\/\/www.visitbratislava.com\/wp-content\/uploads\/2022\/03\/Dekan_komparz_leto_jedlo_streetfood_Ruzinov_1920x1280.jpg\" alt=\"\" srcset=\"https:\/\/www.visitbratislava.com\/wp-content\/uploads\/2022\/03\/Dekan_komparz_leto_jedlo_streetfood_Ruzinov_1920x1280.jpg 1920w, https:\/\/www.visitbratislava.com\/wp-content\/uploads\/2022\/03\/Dekan_komparz_leto_jedlo_streetfood_Ruzinov_1920x1280-400x267.jpg 400w, https:\/\/www.visitbratislava.com\/wp-content\/uploads\/2022\/03\/Dekan_komparz_leto_jedlo_streetfood_Ruzinov_1920x1280-800x533.jpg 800w, https:\/\/www.visitbratislava.com\/wp-content\/uploads\/2022\/03\/Dekan_komparz_leto_jedlo_streetfood_Ruzinov_1920x1280-768x512.jpg 768w, https:\/\/www.visitbratislava.com\/wp-content\/uploads\/2022\/03\/Dekan_komparz_leto_jedlo_streetfood_Ruzinov_1920x1280-1536x1024.jpg 1536w, https:\/\/www.visitbratislava.com\/wp-content\/uploads\/2022\/03\/Dekan_komparz_leto_jedlo_streetfood_Ruzinov_1920x1280-200x133.jpg 200w\" sizes=\"(max-width: 1920px) 100vw, 1920px\" \/><\/p>\n","protected":false},"excerpt":{"rendered":"<p>Za Ve\u013ekou nocou nemus\u00edte \u00eds\u0165 na vidiek, pr\u00edjemn\u00e9 vo\u013en\u00e9 chv\u00edle si m\u00f4\u017eete u\u017ei\u0165 aj v meste<\/p>\n","protected":false},"author":32,"featured_media":133182,"parent":0,"menu_order":0,"comment_status":"closed","ping_status":"closed","template":"","meta":[],"acf":[],"_links":{"self":[{"href":"https:\/\/www.visitbratislava.com\/sk\/wp-json\/wp\/v2\/pages\/133169"}],"collection":[{"href":"https:\/\/www.visitbratislava.com\/sk\/wp-json\/wp\/v2\/pages"}],"about":[{"href":"https:\/\/www.visitbratislava.com\/sk\/wp-json\/wp\/v2\/types\/page"}],"author":[{"embeddable":true,"href":"https:\/\/www.visitbratislava.com\/sk\/wp-json\/wp\/v2\/users\/32"}],"replies":[{"embeddable":true,"href":"https:\/\/www.visitbratislava.com\/sk\/wp-json\/wp\/v2\/comments?post=133169"}],"version-history":[{"count":12,"href":"https:\/\/www.visitbratislava.com\/sk\/wp-json\/wp\/v2\/pages\/133169\/revisions"}],"predecessor-version":[{"id":414922,"href":"https:\/\/www.visitbratislava.com\/sk\/wp-json\/wp\/v2\/pages\/133169\/revisions\/414922"}],"wp:featuredmedia":[{"embeddable":true,"href":"https:\/\/www.visitbratislava.com\/sk\/wp-json\/wp\/v2\/media\/133182"}],"wp:attachment":[{"href":"https:\/\/www.visitbratislava.com\/sk\/wp-json\/wp\/v2\/media?parent=133169"}],"curies":[{"name":"wp","href":"https:\/\/api.w.org\/{rel}","templated":true}]}}