{"id":134024,"date":"2022-04-08T16:48:24","date_gmt":"2022-04-08T14:48:24","guid":{"rendered":"https:\/\/www.visitbratislava.com\/?page_id=134024"},"modified":"2026-03-27T09:37:22","modified_gmt":"2026-03-27T08:37:22","slug":"prehliadky-pocas-bratislavskych-mestskych-dni","status":"publish","type":"page","link":"https:\/\/www.visitbratislava.com\/sk\/bratislavske-mestske-dni\/prehliadky-pocas-bratislavskych-mestskych-dni\/","title":{"rendered":"Prehliadky po\u010das Bratislavsk\u00fdch mestsk\u00fdch dn\u00ed"},"content":{"rendered":"<p>Registr\u00e1cia prebehne online cez Tootoot a rezerv\u00e1cie bud\u00fa dostupn\u00e9 <strong>13. apr\u00edla 2026 o 8:00<\/strong>. Po prihl\u00e1sen\u00ed sa na prehliadku, v\u00e1m v potvrdzovacom <strong>e-maily za\u0161leme presn\u00e9 miesto stretnutia<\/strong>.<\/p>\n<h2>Sobotn\u00e9 prehliadky:<\/h2>\n<h3>\u017delezn\u00e1 opona &#8211; cyklov\u00fdlet<\/h3>\n<p><em>25. apr\u00edl 2026 \u2022 10:00<\/em><\/p>\n<p><strong>\u010co sa stalo symbolom \u017eeleznej opony a kto tento symbol vyna\u0161iel a pre\u010do? \u010co v\u0161etko ukr\u00fdvala \u017eelezn\u00e1 opona?<\/strong>\u00a0Zni\u010den\u00e9 osudy a straten\u00e9 \u017eivoty t\u00fdch, ktor\u00ed sa sna\u017eili utiec\u0165 za hranice, bunkre spred 2. svetovej vojny, ale aj star\u00fa osadu, \u010di ob\u013e\u00faben\u00fd hostinec.<\/p>\n<p>Tieto tajomstv\u00e1 \u017eelezn\u00e1 opona ukr\u00fdvala pribli\u017ene 40 rokov a odkryla n\u00e1m ich a\u017e po p\u00e1de komunistick\u00e9ho re\u017eimu. A tak sa m\u00f4\u017eeme postupne dozveda\u0165 o zauj\u00edmavej hist\u00f3rii tohto zabudnut\u00e9ho a v minulosti nepr\u00edstupn\u00e9ho k\u00fata Petr\u017ealky.<\/p>\n<p><iframe id=\"toot-ifr19d2b31c216\" src=\"https:\/\/tootoot.fm\/buy-embedded\/?event-id=69ab4c3e6935d4f754dcd2c2&amp;ifr-id=toot-ifr19d2b31c216&amp;lang=sk&amp;theme=light\" width=\"100%\" frameborder=\"0\" scrolling=\"no\"><\/iframe> <script>!function(e,t,o,r,n){var a,i=t.getElementsByTagName(o)[0],s=\"TootootIframesAsyncLoad\";if(e[s]||(e[s]=[]),t.getElementById(r)){var c=e.TootootIframes;c?c.register(n):e[s].push(n)}else e[s].push(n),(a=t.createElement(o)).id=r,a.src=\"https:\/\/tootoot.fm\/buy-embedded\/host.v2.js\",i.parentNode.insertBefore(a,i)}(window,document,\"script\",\"tootoot-iframe-channel\",\"toot-ifr19d2b31c216\");<\/script><\/p>\n<p><img loading=\"lazy\" width=\"5758\" height=\"2483\" class=\"alignnone size-full wp-image-40237\" src=\"https:\/\/www.visitbratislava.com\/wp-content\/uploads\/2018\/03\/cyklo-3.jpg\" alt=\"\" srcset=\"https:\/\/www.visitbratislava.com\/wp-content\/uploads\/2018\/03\/cyklo-3.jpg 5758w, https:\/\/www.visitbratislava.com\/wp-content\/uploads\/2018\/03\/cyklo-3-400x172.jpg 400w, https:\/\/www.visitbratislava.com\/wp-content\/uploads\/2018\/03\/cyklo-3-768x331.jpg 768w, https:\/\/www.visitbratislava.com\/wp-content\/uploads\/2018\/03\/cyklo-3-800x345.jpg 800w, https:\/\/www.visitbratislava.com\/wp-content\/uploads\/2018\/03\/cyklo-3-200x86.jpg 200w\" sizes=\"(max-width: 5758px) 100vw, 5758px\" \/><\/p>\n<h3>Zn\u00e1me a nezn\u00e1me d\u00e1my bratislavskej hist\u00f3rie<\/h3>\n<p><em>25. apr\u00edl 2026 \u2022 11:00<\/em><\/p>\n<p><strong>Sv\u00e4t\u00e1 Al\u017ebeta Uhorsk\u00e1, M\u00e1ria Ter\u00e9zia, Darina Benc\u00edkov\u00e1, Gizi Fleishmann, Irena Bl\u00fchov\u00e1 a mnoh\u00e9 \u010fal\u0161ie zn\u00e1me a nezn\u00e1me d\u00e1my, ktor\u00e9 vst\u00fapili do na\u0161ej hist\u00f3rie.\u00a0<\/strong><\/p>\n<p>\u017dili v r\u00f4znych obdobiach a poch\u00e1dzali z r\u00f4znych spolo\u010densk\u00fdch vrstiev. Vo svojej dobe urobili nie\u010do v\u00fdznamn\u00e9, no \u010dasom men\u00e1 mnoh\u00fdch z nich upadli do zabudnutia. V\u0161etky urobili nie\u010do, \u010do ovplyvnilo aj n\u00e1\u0161 \u017eivot.<\/p>\n<p><iframe id=\"toot-ifr19d2b3ab342\" src=\"https:\/\/tootoot.fm\/buy-embedded\/?event-id=69ab502f6935d4f754e62c30&amp;ifr-id=toot-ifr19d2b3ab342&amp;lang=sk&amp;theme=light\" width=\"100%\" frameborder=\"0\" scrolling=\"no\"><\/iframe> <script>!function(e,t,o,r,n){var a,i=t.getElementsByTagName(o)[0],s=\"TootootIframesAsyncLoad\";if(e[s]||(e[s]=[]),t.getElementById(r)){var c=e.TootootIframes;c?c.register(n):e[s].push(n)}else e[s].push(n),(a=t.createElement(o)).id=r,a.src=\"https:\/\/tootoot.fm\/buy-embedded\/host.v2.js\",i.parentNode.insertBefore(a,i)}(window,document,\"script\",\"tootoot-iframe-channel\",\"toot-ifr19d2b3ab342\");<\/script><\/p>\n<p><img loading=\"lazy\" class=\"alignnone wp-image-436069 size-full\" src=\"https:\/\/www.visitbratislava.com\/wp-content\/uploads\/2026\/03\/20230422-3M6A1303-1200x680-1-e1774599913358.jpg\" alt=\"\" width=\"1200\" height=\"447\" srcset=\"https:\/\/www.visitbratislava.com\/wp-content\/uploads\/2026\/03\/20230422-3M6A1303-1200x680-1-e1774599913358.jpg 1200w, https:\/\/www.visitbratislava.com\/wp-content\/uploads\/2026\/03\/20230422-3M6A1303-1200x680-1-e1774599913358-400x149.jpg 400w, https:\/\/www.visitbratislava.com\/wp-content\/uploads\/2026\/03\/20230422-3M6A1303-1200x680-1-e1774599913358-800x298.jpg 800w, https:\/\/www.visitbratislava.com\/wp-content\/uploads\/2026\/03\/20230422-3M6A1303-1200x680-1-e1774599913358-768x286.jpg 768w, https:\/\/www.visitbratislava.com\/wp-content\/uploads\/2026\/03\/20230422-3M6A1303-1200x680-1-e1774599913358-200x75.jpg 200w\" sizes=\"(max-width: 1200px) 100vw, 1200px\" \/><\/p>\n<h3>Spoznajte pamiatky Bratislavy hmatom<\/h3>\n<p><em>25. apr\u00edl 2026 \u2022 11:30<\/em><\/p>\n<p><strong>Profesion\u00e1lny sprievodca pribl\u00ed\u017ei \u00fa\u010dastn\u00edkom tejto nev\u0161ednej prehliadky 12 top pamiatok historick\u00e9ho centra mesta, <\/strong>ktor\u00e9 bud\u00fa m\u00f4c\u0165 n\u00e1sledne bli\u017e\u0161ie spozna\u0165 hmatom pomocou haptickej mapy a oto\u010dn\u00fdch 3D kociek.<\/p>\n<p><iframe id=\"toot-ifr19d2b41d2c6\" src=\"https:\/\/tootoot.fm\/buy-embedded\/?event-id=69ab531a5057e0721e1742b8&amp;ifr-id=toot-ifr19d2b41d2c6&amp;lang=sk&amp;theme=light\" width=\"100%\" frameborder=\"0\" scrolling=\"no\"><\/iframe> <script>!function(e,t,o,r,n){var a,i=t.getElementsByTagName(o)[0],s=\"TootootIframesAsyncLoad\";if(e[s]||(e[s]=[]),t.getElementById(r)){var c=e.TootootIframes;c?c.register(n):e[s].push(n)}else e[s].push(n),(a=t.createElement(o)).id=r,a.src=\"https:\/\/tootoot.fm\/buy-embedded\/host.v2.js\",i.parentNode.insertBefore(a,i)}(window,document,\"script\",\"tootoot-iframe-channel\",\"toot-ifr19d2b41d2c6\");<\/script><\/p>\n<p><img loading=\"lazy\" class=\"alignnone wp-image-436624 size-full\" src=\"https:\/\/www.visitbratislava.com\/wp-content\/uploads\/2026\/03\/Lachkovic_BMD_2023_Stare_Mesto_vyhradna_licencia_casovo_neobmedzena-36-e1774599616815.jpg\" alt=\"\" width=\"2400\" height=\"1092\" srcset=\"https:\/\/www.visitbratislava.com\/wp-content\/uploads\/2026\/03\/Lachkovic_BMD_2023_Stare_Mesto_vyhradna_licencia_casovo_neobmedzena-36-e1774599616815.jpg 2400w, https:\/\/www.visitbratislava.com\/wp-content\/uploads\/2026\/03\/Lachkovic_BMD_2023_Stare_Mesto_vyhradna_licencia_casovo_neobmedzena-36-e1774599616815-400x182.jpg 400w, https:\/\/www.visitbratislava.com\/wp-content\/uploads\/2026\/03\/Lachkovic_BMD_2023_Stare_Mesto_vyhradna_licencia_casovo_neobmedzena-36-e1774599616815-800x364.jpg 800w, https:\/\/www.visitbratislava.com\/wp-content\/uploads\/2026\/03\/Lachkovic_BMD_2023_Stare_Mesto_vyhradna_licencia_casovo_neobmedzena-36-e1774599616815-768x349.jpg 768w, https:\/\/www.visitbratislava.com\/wp-content\/uploads\/2026\/03\/Lachkovic_BMD_2023_Stare_Mesto_vyhradna_licencia_casovo_neobmedzena-36-e1774599616815-1536x699.jpg 1536w, https:\/\/www.visitbratislava.com\/wp-content\/uploads\/2026\/03\/Lachkovic_BMD_2023_Stare_Mesto_vyhradna_licencia_casovo_neobmedzena-36-e1774599616815-2048x932.jpg 2048w, https:\/\/www.visitbratislava.com\/wp-content\/uploads\/2026\/03\/Lachkovic_BMD_2023_Stare_Mesto_vyhradna_licencia_casovo_neobmedzena-36-e1774599616815-200x91.jpg 200w, https:\/\/www.visitbratislava.com\/wp-content\/uploads\/2026\/03\/Lachkovic_BMD_2023_Stare_Mesto_vyhradna_licencia_casovo_neobmedzena-36-e1774599616815-184x84.jpg 184w\" sizes=\"(max-width: 2400px) 100vw, 2400px\" \/><\/p>\n<h3 class=\"headline-2\">Dum spiro, admiror. K\u00fdm d\u00fdcham, obdivujem<\/h3>\n<p><em>25. apr\u00edl 2026 \u2022 15:00<\/em><\/p>\n<p><strong>Po\u010f aj ty obdivova\u0165 kr\u00e1su toho, \u010do je vidie\u0165 a m\u00fadros\u0165 toho, \u010do je skryt\u00e9 v historickom centre Bratislavy!\u00a0<\/strong><\/p>\n<p>Spolu odkryjeme v\u00fdznam latinsk\u00fdch n\u00e1pisov, vyryt\u00fdch do kame\u0148a a bronzu, na prie\u010deliach star\u00fdch budov aj na podstavcoch zn\u00e1mych s\u00f4ch. Ktovie, mo\u017eno v\u010faka tomu zm\u00fadrieme.\u00a0<strong>Ale, ak aj nie, ak aj neprospejeme svojmu umu, ur\u010dite ulahod\u00edme svojim o\u010diam, preto\u017ee bratislavsk\u00e9 uli\u010dky, ktor\u00e9 tvoria na\u0161u cestu dejinami mesta, s\u00fa pln\u00e9 vz\u00e1cnej architekt\u00fary a umenia.<\/strong><\/p>\n<p><iframe id=\"toot-ifr19d2e474195\" src=\"https:\/\/tootoot.fm\/buy-embedded\/?event-id=69abdaae6935d4f7548b4207&amp;ifr-id=toot-ifr19d2e474195&amp;lang=sk&amp;theme=light\" width=\"100%\" frameborder=\"0\" scrolling=\"no\"><\/iframe> <script>!function(e,t,o,r,n){var a,i=t.getElementsByTagName(o)[0],s=\"TootootIframesAsyncLoad\";if(e[s]||(e[s]=[]),t.getElementById(r)){var c=e.TootootIframes;c?c.register(n):e[s].push(n)}else e[s].push(n),(a=t.createElement(o)).id=r,a.src=\"https:\/\/tootoot.fm\/buy-embedded\/host.v2.js\",i.parentNode.insertBefore(a,i)}(window,document,\"script\",\"tootoot-iframe-channel\",\"toot-ifr19d2e474195\");<\/script><\/p>\n<p><img loading=\"lazy\" class=\"alignnone wp-image-435400 size-full\" src=\"https:\/\/www.visitbratislava.com\/wp-content\/uploads\/2026\/03\/Martin-Sopinec_nevyhradna-licencia_casovo-neobmedzena_2023_stare-mesto_michalska-e1774598183317.jpg\" alt=\"\" width=\"2400\" height=\"924\" srcset=\"https:\/\/www.visitbratislava.com\/wp-content\/uploads\/2026\/03\/Martin-Sopinec_nevyhradna-licencia_casovo-neobmedzena_2023_stare-mesto_michalska-e1774598183317.jpg 2400w, https:\/\/www.visitbratislava.com\/wp-content\/uploads\/2026\/03\/Martin-Sopinec_nevyhradna-licencia_casovo-neobmedzena_2023_stare-mesto_michalska-e1774598183317-400x154.jpg 400w, https:\/\/www.visitbratislava.com\/wp-content\/uploads\/2026\/03\/Martin-Sopinec_nevyhradna-licencia_casovo-neobmedzena_2023_stare-mesto_michalska-e1774598183317-800x308.jpg 800w, https:\/\/www.visitbratislava.com\/wp-content\/uploads\/2026\/03\/Martin-Sopinec_nevyhradna-licencia_casovo-neobmedzena_2023_stare-mesto_michalska-e1774598183317-768x296.jpg 768w, https:\/\/www.visitbratislava.com\/wp-content\/uploads\/2026\/03\/Martin-Sopinec_nevyhradna-licencia_casovo-neobmedzena_2023_stare-mesto_michalska-e1774598183317-1536x591.jpg 1536w, https:\/\/www.visitbratislava.com\/wp-content\/uploads\/2026\/03\/Martin-Sopinec_nevyhradna-licencia_casovo-neobmedzena_2023_stare-mesto_michalska-e1774598183317-2048x788.jpg 2048w, https:\/\/www.visitbratislava.com\/wp-content\/uploads\/2026\/03\/Martin-Sopinec_nevyhradna-licencia_casovo-neobmedzena_2023_stare-mesto_michalska-e1774598183317-200x77.jpg 200w\" sizes=\"(max-width: 2400px) 100vw, 2400px\" \/><\/p>\n<h3 class=\"headline-2\">Kde bolo v Pre\u0161porku peklo<\/h3>\n<p><em>25. apr\u00edl 2026 \u2022 15:00<\/em><\/p>\n<p><strong>Prehliadka nielen pre deti , ale aj pre dospel\u00fdch o Pre\u0161porsk\u00fdch \u010dertoch. Jeden chcel by\u0165 krampusom, druh\u00fd pot\u00e1pal lode na Dunaji a tret\u00ed&#8230; <\/strong>Pok\u00fasime sa ich spozna\u0165 v legend\u00e1ch na na\u0161ej ceste od hradu do mesta. Mo\u017eno n\u00e1s bud\u00fa doprev\u00e1zda\u0165 Biela a \u010cierna pani. A ke\u010f sa tak aj nestane, uk\u00e1\u017eeme si miesta , kde ich nabud\u00face budete m\u00f4c\u0165 s tro\u0161kou \u0161\u0165astia aspo\u0148 na chv\u00ed\u013eku zbada\u0165.<\/p>\n<p><iframe id=\"toot-ifr19d2e4ebefb\" src=\"https:\/\/tootoot.fm\/buy-embedded\/?event-id=69abde156935d4f754900641&amp;ifr-id=toot-ifr19d2e4ebefb&amp;lang=sk&amp;theme=light\" width=\"100%\" frameborder=\"0\" scrolling=\"no\"><\/iframe> <script>!function(e,t,o,r,n){var a,i=t.getElementsByTagName(o)[0],s=\"TootootIframesAsyncLoad\";if(e[s]||(e[s]=[]),t.getElementById(r)){var c=e.TootootIframes;c?c.register(n):e[s].push(n)}else e[s].push(n),(a=t.createElement(o)).id=r,a.src=\"https:\/\/tootoot.fm\/buy-embedded\/host.v2.js\",i.parentNode.insertBefore(a,i)}(window,document,\"script\",\"tootoot-iframe-channel\",\"toot-ifr19d2e4ebefb\");<\/script><\/p>\n<p><img loading=\"lazy\" width=\"1418\" height=\"458\" class=\"alignnone size-full wp-image-242847\" src=\"https:\/\/www.visitbratislava.com\/wp-content\/uploads\/2023\/05\/Text-vasho-odseku-8-2.png\" alt=\"\" srcset=\"https:\/\/www.visitbratislava.com\/wp-content\/uploads\/2023\/05\/Text-vasho-odseku-8-2.png 1418w, https:\/\/www.visitbratislava.com\/wp-content\/uploads\/2023\/05\/Text-vasho-odseku-8-2-400x129.png 400w, https:\/\/www.visitbratislava.com\/wp-content\/uploads\/2023\/05\/Text-vasho-odseku-8-2-800x258.png 800w, https:\/\/www.visitbratislava.com\/wp-content\/uploads\/2023\/05\/Text-vasho-odseku-8-2-768x248.png 768w, https:\/\/www.visitbratislava.com\/wp-content\/uploads\/2023\/05\/Text-vasho-odseku-8-2-200x65.png 200w\" sizes=\"(max-width: 1418px) 100vw, 1418px\" \/><\/p>\n<h3 class=\"headline-2\">P\u00e1tra\u010d Tino spozn\u00e1va font\u00e1ny Bratislavy<\/h3>\n<p><em>25. apr\u00edl 2026 \u2022 16:00<\/em><\/p>\n<p><strong>V centre mesta n\u00e1jdeme hne\u010f nieko\u013eko zauj\u00edmav\u00fdch font\u00e1n. S\u00fa n\u00e1dherne zdoben\u00e9 sochami, \u010di ornamentami a mnoh\u00e9 z nich zachyt\u00e1vaj\u00fa legendy alebo pripom\u00ednaj\u00fa v\u00fdznamn\u00e9 udalosti z hist\u00f3rie mesta.<\/strong>\u00a0V\u017edy v\u0161ak navodzuj\u00fa atmosf\u00e9ru harm\u00f3nie, pokoja a v letn\u00fdch d\u0148och poskytuj\u00fa pr\u00edjemn\u00e9 osvie\u017eenie.<\/p>\n<p><iframe id=\"toot-ifr19d2e518b93\" src=\"https:\/\/tootoot.fm\/buy-embedded\/?event-id=69abdf2f6935d4f754911466&amp;ifr-id=toot-ifr19d2e518b93&amp;lang=sk&amp;theme=light\" width=\"100%\" frameborder=\"0\" scrolling=\"no\"><\/iframe> <script>!function(e,t,o,r,n){var a,i=t.getElementsByTagName(o)[0],s=\"TootootIframesAsyncLoad\";if(e[s]||(e[s]=[]),t.getElementById(r)){var c=e.TootootIframes;c?c.register(n):e[s].push(n)}else e[s].push(n),(a=t.createElement(o)).id=r,a.src=\"https:\/\/tootoot.fm\/buy-embedded\/host.v2.js\",i.parentNode.insertBefore(a,i)}(window,document,\"script\",\"tootoot-iframe-channel\",\"toot-ifr19d2e518b93\");<\/script><\/p>\n<p><img loading=\"lazy\" width=\"1920\" height=\"630\" class=\"alignnone size-full wp-image-259277\" src=\"https:\/\/www.visitbratislava.com\/wp-content\/uploads\/2023\/09\/Patrac-Tino.jpg\" alt=\"\" srcset=\"https:\/\/www.visitbratislava.com\/wp-content\/uploads\/2023\/09\/Patrac-Tino.jpg 1920w, https:\/\/www.visitbratislava.com\/wp-content\/uploads\/2023\/09\/Patrac-Tino-400x131.jpg 400w, https:\/\/www.visitbratislava.com\/wp-content\/uploads\/2023\/09\/Patrac-Tino-800x263.jpg 800w, https:\/\/www.visitbratislava.com\/wp-content\/uploads\/2023\/09\/Patrac-Tino-768x252.jpg 768w, https:\/\/www.visitbratislava.com\/wp-content\/uploads\/2023\/09\/Patrac-Tino-1536x504.jpg 1536w, https:\/\/www.visitbratislava.com\/wp-content\/uploads\/2023\/09\/Patrac-Tino-200x66.jpg 200w\" sizes=\"(max-width: 1920px) 100vw, 1920px\" \/><\/p>\n<hr \/>\n<h2>Prehliadky v nem\u010dine, angli\u010dtine a ukrajin\u010dine:<\/h2>\n<h3>Bratislava hei\u00dft Sie willkommen!<\/h3>\n<p><em>25. april 2026 \u2022 14:30<\/em><\/p>\n<p><strong>Wissen Sie, wie Bratislava in der Vergangenheit genannt wurde, wann es zur Stadt wurde, welche wertvollen Sch\u00e4tze der Primatialpalast verbirgt und warum anstelle eines Kreuzes eine Krone auf dem Turm der Kathedrale des Heiligen Martin thront?<\/strong><\/p>\n<p>All das und noch vieles mehr erfahren Sie bei unserem gef\u00fchrten Spaziergang durch das historische Stadtzentrum.<\/p>\n<p><strong style=\"font-size: 15pt;\"><iframe id=\"toot-ifr19d2b5a3e0c\" src=\"https:\/\/tootoot.fm\/buy-embedded\/?event-id=69abd7006935d4f754863df1&amp;ifr-id=toot-ifr19d2b5a3e0c&amp;lang=sk&amp;theme=light\" width=\"100%\" frameborder=\"0\" scrolling=\"no\"><\/iframe> <script>!function(e,t,o,r,n){var a,i=t.getElementsByTagName(o)[0],s=\"TootootIframesAsyncLoad\";if(e[s]||(e[s]=[]),t.getElementById(r)){var c=e.TootootIframes;c?c.register(n):e[s].push(n)}else e[s].push(n),(a=t.createElement(o)).id=r,a.src=\"https:\/\/tootoot.fm\/buy-embedded\/host.v2.js\",i.parentNode.insertBefore(a,i)}(window,document,\"script\",\"tootoot-iframe-channel\",\"toot-ifr19d2b5a3e0c\");<\/script><\/strong><\/p>\n<h3>Bratislava Welcomes You<\/h3>\n<p><em>25. april 2026 \u2022 14:30<\/em><\/p>\n<p><strong>Do you know what Bratislava was called in the past, when it became a city, what precious treasures are hidden in the Primate\u2019s Palace, and why there is a crown instead of a cross on the tower of St. Martin\u2019s Cathedral?<\/strong><\/p>\n<p>You will learn all this and much more during our walking tour of the historical city center.<\/p>\n<p><iframe id=\"toot-ifr19d2e3e3288\" src=\"https:\/\/tootoot.fm\/buy-embedded\/?event-id=69abd7f06935d4f75487a51c&amp;ifr-id=toot-ifr19d2e3e3288&amp;lang=sk&amp;theme=light\" width=\"100%\" frameborder=\"0\" scrolling=\"no\"><\/iframe> <script>!function(e,t,o,r,n){var a,i=t.getElementsByTagName(o)[0],s=\"TootootIframesAsyncLoad\";if(e[s]||(e[s]=[]),t.getElementById(r)){var c=e.TootootIframes;c?c.register(n):e[s].push(n)}else e[s].push(n),(a=t.createElement(o)).id=r,a.src=\"https:\/\/tootoot.fm\/buy-embedded\/host.v2.js\",i.parentNode.insertBefore(a,i)}(window,document,\"script\",\"tootoot-iframe-channel\",\"toot-ifr19d2e3e3288\");<\/script><\/p>\n<h3 class=\"headline-2\">\u0411\u0440\u0430\u0442\u0438\u0441\u043b\u0430\u0432\u0430 \u0456 \u0423\u043a\u0440\u0430\u0457\u043d\u0430: \u043f\u043e\u0434\u043e\u0440\u043e\u0436 \u043a\u0440\u0456\u0437\u044c \u0456\u0441\u0442\u043e\u0440\u0456\u044e<\/h3>\n<p><em>25 \u043a\u0432\u0456\u0442\u043d\u044f 2026 \u0440. \u2022 14:30<\/em><\/p>\n<p><strong>\u0417\u0430\u043f\u0440\u043e\u0448\u0443\u0454\u043c\u043e \u043d\u0430 \u043e\u0433\u043b\u044f\u0434\u043e\u0432\u0443 \u0435\u043a\u0441\u043a\u0443\u0440\u0441\u0456\u044e \u0411\u0440\u0430\u0442\u0438\u0441\u043b\u0430\u0432\u043e\u044e, \u0434\u0435 \u043c\u0438 \u0432\u0456\u0434\u043a\u0440\u0438\u0454\u043c\u043e, \u044f\u043a \u0442\u0456\u0441\u043d\u043e \u043f\u0435\u0440\u0435\u043f\u043b\u0435\u043b\u0438\u0441\u044f \u0434\u043e\u043b\u0456 \u0446\u044c\u043e\u0433\u043e \u043c\u0456\u0441\u0442\u0430 \u0442\u0430 \u0423\u043a\u0440\u0430\u0457\u043d\u0438. <\/strong><strong>\u0412\u0443\u043b\u0438\u0446\u0456 \u0442\u0430 \u043f\u043b\u043e\u0449\u0456 \u0440\u043e\u0437\u043a\u0430\u0436\u0443\u0442\u044c \u043f\u0440\u043e \u0441\u043f\u0456\u043b\u044c\u043d\u0456 \u0456\u0441\u0442\u043e\u0440\u0438\u0447\u043d\u0456 \u043f\u043e\u0434\u0456\u0457, \u043a\u0443\u043b\u044c\u0442\u0443\u0440\u043d\u0456 \u0437\u0432\u2019\u044f\u0437\u043a\u0438 \u0442\u0430 \u0432\u0438\u0434\u0430\u0442\u043d\u0438\u0445 \u043b\u044e\u0434\u0435\u0439, \u044f\u043a\u0456 \u043f\u043e\u0454\u0434\u043d\u0443\u0432\u0430\u043b\u0438 \u0446\u0456 \u0440\u0435\u0433\u0456\u043e\u043d\u0438. <\/strong><\/p>\n<p>\u041f\u0440\u043e\u0433\u0443\u043b\u044f\u043d\u043a\u0430 \u0431\u0443\u0434\u0435 \u0446\u0456\u043a\u0430\u0432\u0430 \u0442\u0438\u043c, \u0445\u0442\u043e \u0445\u043e\u0447\u0435 \u043f\u043e\u0431\u0430\u0447\u0438\u0442\u0438 \u043c\u0456\u0441\u0442\u043e \u043d\u0435 \u043b\u0438\u0448\u0435 \u044f\u043a \u0442\u0443\u0440\u0438\u0441\u0442\u0438\u0447\u043d\u0443 \u0430\u0442\u0440\u0430\u043a\u0446\u0456\u044e, \u0430 \u0439 \u044f\u043a \u0447\u0430\u0441\u0442\u0438\u043d\u0443 \u0441\u043f\u0456\u043b\u044c\u043d\u043e\u0457 \u0456\u0441\u0442\u043e\u0440\u0438\u0447\u043d\u043e\u0457 \u0441\u043f\u0430\u0434\u0449\u0438\u043d\u0438.<\/p>\n<p><iframe id=\"toot-ifr19d2e42eb34\" src=\"https:\/\/tootoot.fm\/buy-embedded\/?event-id=69aec1adf76a23cf66abb0f2&amp;ifr-id=toot-ifr19d2e42eb34&amp;lang=sk&amp;theme=light\" width=\"100%\" frameborder=\"0\" scrolling=\"no\"><\/iframe> <script>!function(e,t,o,r,n){var a,i=t.getElementsByTagName(o)[0],s=\"TootootIframesAsyncLoad\";if(e[s]||(e[s]=[]),t.getElementById(r)){var c=e.TootootIframes;c?c.register(n):e[s].push(n)}else e[s].push(n),(a=t.createElement(o)).id=r,a.src=\"https:\/\/tootoot.fm\/buy-embedded\/host.v2.js\",i.parentNode.insertBefore(a,i)}(window,document,\"script\",\"tootoot-iframe-channel\",\"toot-ifr19d2e42eb34\");<\/script><\/p>\n<hr \/>\n<h2>Nede\u013en\u00e9 prehliadky:<\/h2>\n<h3 class=\"headline-2\">Cesty vedy v Pre\u0161porku<\/h3>\n<p><em>26. apr\u00edl 2026 \u2022 10:00<\/em><\/p>\n<p><strong>\u010co priviedlo Edisona a Einsteina do Bratislavy\u00a0? Ktor\u00fd bratislavsk\u00fd rod\u00e1k je pova\u017eovan\u00fd za otca turb\u00edny a je nosite\u013eom Nobelovej ceny za fyziku?\u00a0<\/strong>Ktor\u00fd Slov\u00e1k z\u00edskal vo Washingtone patent za prv\u00e9 r\u00e1diov\u00e9 spojenie na svete? Na tieto a \u010fal\u0161ie ot\u00e1zky sa dozviete odpove\u010f v tematickej vych\u00e1dzke \u201cCesty vedy v Pre\u0161porku\u201d.<\/p>\n<p><iframe id=\"toot-ifr19d2e563a69\" src=\"https:\/\/tootoot.fm\/buy-embedded\/?event-id=69abe1696935d4f7549481f2&amp;ifr-id=toot-ifr19d2e563a69&amp;lang=sk&amp;theme=light\" width=\"100%\" frameborder=\"0\" scrolling=\"no\"><\/iframe> <script>!function(e,t,o,r,n){var a,i=t.getElementsByTagName(o)[0],s=\"TootootIframesAsyncLoad\";if(e[s]||(e[s]=[]),t.getElementById(r)){var c=e.TootootIframes;c?c.register(n):e[s].push(n)}else e[s].push(n),(a=t.createElement(o)).id=r,a.src=\"https:\/\/tootoot.fm\/buy-embedded\/host.v2.js\",i.parentNode.insertBefore(a,i)}(window,document,\"script\",\"tootoot-iframe-channel\",\"toot-ifr19d2e563a69\");<\/script><\/p>\n<p><img loading=\"lazy\" width=\"1418\" height=\"458\" class=\"alignnone size-full wp-image-259271\" src=\"https:\/\/www.visitbratislava.com\/wp-content\/uploads\/2023\/09\/Den-CR-baner-sprievodca.png\" alt=\"\" srcset=\"https:\/\/www.visitbratislava.com\/wp-content\/uploads\/2023\/09\/Den-CR-baner-sprievodca.png 1418w, https:\/\/www.visitbratislava.com\/wp-content\/uploads\/2023\/09\/Den-CR-baner-sprievodca-400x129.png 400w, https:\/\/www.visitbratislava.com\/wp-content\/uploads\/2023\/09\/Den-CR-baner-sprievodca-800x258.png 800w, https:\/\/www.visitbratislava.com\/wp-content\/uploads\/2023\/09\/Den-CR-baner-sprievodca-768x248.png 768w, https:\/\/www.visitbratislava.com\/wp-content\/uploads\/2023\/09\/Den-CR-baner-sprievodca-200x65.png 200w\" sizes=\"(max-width: 1418px) 100vw, 1418px\" \/><\/p>\n<h3>Po stop\u00e1ch Bratislavsk\u00e9ho okr\u00e1\u0161\u013eovacieho spolku<\/h3>\n<p><em>26. apr\u00edl 2026 \u2022 11:00<\/em><\/p>\n<p><strong>Dozvieme sa ve\u013ea zauj\u00edmav\u00fdch vec\u00ed o pomeroch a \u017eivote vo vtedaj\u0161om Pre\u0161porku.\u00a0<\/strong>O osobnostiach a rodin\u00e1ch, ktor\u00e9 nezi\u0161tne venovali \u00fasilie, \u010das aj finan\u010dn\u00e9 prostriedky, aby zo starobyl\u00e9ho Pre\u0161porka vyr\u00e1stla novodob\u00e1 Bratislava. \u00c9ra Henricha Justiho &#8211; azda najlep\u0161\u00ed me\u0161\u0165anosta ak\u00e9ho kedy Bratislava mala.<\/p>\n<p><iframe id=\"toot-ifr19d2e58ca1b\" src=\"https:\/\/tootoot.fm\/buy-embedded\/?event-id=69abe35d6935d4f75496778e&amp;ifr-id=toot-ifr19d2e58ca1b&amp;lang=sk&amp;theme=light\" width=\"100%\" frameborder=\"0\" scrolling=\"no\"><\/iframe> <script>!function(e,t,o,r,n){var a,i=t.getElementsByTagName(o)[0],s=\"TootootIframesAsyncLoad\";if(e[s]||(e[s]=[]),t.getElementById(r)){var c=e.TootootIframes;c?c.register(n):e[s].push(n)}else e[s].push(n),(a=t.createElement(o)).id=r,a.src=\"https:\/\/tootoot.fm\/buy-embedded\/host.v2.js\",i.parentNode.insertBefore(a,i)}(window,document,\"script\",\"tootoot-iframe-channel\",\"toot-ifr19d2e58ca1b\");<\/script><\/p>\n<p><img loading=\"lazy\" width=\"1418\" height=\"458\" class=\"alignnone size-full wp-image-138376\" src=\"https:\/\/www.visitbratislava.com\/wp-content\/uploads\/2022\/05\/Kovac_2022_primacialny-palac_jesen_architektura_turisti_nevyhradna-licencia_banner.jpg\" alt=\"\" srcset=\"https:\/\/www.visitbratislava.com\/wp-content\/uploads\/2022\/05\/Kovac_2022_primacialny-palac_jesen_architektura_turisti_nevyhradna-licencia_banner.jpg 1418w, https:\/\/www.visitbratislava.com\/wp-content\/uploads\/2022\/05\/Kovac_2022_primacialny-palac_jesen_architektura_turisti_nevyhradna-licencia_banner-400x129.jpg 400w, https:\/\/www.visitbratislava.com\/wp-content\/uploads\/2022\/05\/Kovac_2022_primacialny-palac_jesen_architektura_turisti_nevyhradna-licencia_banner-800x258.jpg 800w, https:\/\/www.visitbratislava.com\/wp-content\/uploads\/2022\/05\/Kovac_2022_primacialny-palac_jesen_architektura_turisti_nevyhradna-licencia_banner-768x248.jpg 768w, https:\/\/www.visitbratislava.com\/wp-content\/uploads\/2022\/05\/Kovac_2022_primacialny-palac_jesen_architektura_turisti_nevyhradna-licencia_banner-200x65.jpg 200w\" sizes=\"(max-width: 1418px) 100vw, 1418px\" \/><\/p>\n<h3 class=\"headline-2\">P\u00e1tra\u010d Tino spozn\u00e1va ve\u017ee Bratislavy<\/h3>\n<p class=\"event-in-venue\" style=\"text-align: left;\"><em>26. apr\u00edl 2026 \u2022 14:00<\/em><\/p>\n<div>\n<p><strong>Zistite ako ve\u017ee vznikli, na \u010do sl\u00fa\u017eia a spolu s P\u00e1tra\u010dom Tinom a odbornou sprievodky\u0148ou budete p\u00e1tra\u0165 po r\u00f4znych detailoch na t\u00fdchto ve\u017eiach.\u00a0<\/strong>Nebude potrebn\u00e9 vojs\u0165 dnu, v\u0161etko potrebn\u00e9 spolo\u010dne zist\u00edte zvonka. Pre detsk\u00fdch n\u00e1v\u0161tevn\u00edkov m\u00e1 P\u00e1tra\u010d Tino pripraven\u00fa menovku, bro\u017e\u00farku aj pero.<\/p>\n<p><iframe id=\"toot-ifr19d2e5b484d\" src=\"https:\/\/tootoot.fm\/buy-embedded\/?event-id=69abec5a6935d4f754a16ddb&amp;ifr-id=toot-ifr19d2e5b484d&amp;lang=sk&amp;theme=light\" width=\"100%\" frameborder=\"0\" scrolling=\"no\"><\/iframe> <script>!function(e,t,o,r,n){var a,i=t.getElementsByTagName(o)[0],s=\"TootootIframesAsyncLoad\";if(e[s]||(e[s]=[]),t.getElementById(r)){var c=e.TootootIframes;c?c.register(n):e[s].push(n)}else e[s].push(n),(a=t.createElement(o)).id=r,a.src=\"https:\/\/tootoot.fm\/buy-embedded\/host.v2.js\",i.parentNode.insertBefore(a,i)}(window,document,\"script\",\"tootoot-iframe-channel\",\"toot-ifr19d2e5b484d\");<\/script><\/p>\n<\/div>\n<p><img loading=\"lazy\" width=\"1418\" height=\"458\" class=\"alignnone size-full wp-image-320802\" src=\"https:\/\/www.visitbratislava.com\/wp-content\/uploads\/2015\/04\/Baner-web-mesto.png\" alt=\"\" srcset=\"https:\/\/www.visitbratislava.com\/wp-content\/uploads\/2015\/04\/Baner-web-mesto.png 1418w, https:\/\/www.visitbratislava.com\/wp-content\/uploads\/2015\/04\/Baner-web-mesto-400x129.png 400w, https:\/\/www.visitbratislava.com\/wp-content\/uploads\/2015\/04\/Baner-web-mesto-800x258.png 800w, https:\/\/www.visitbratislava.com\/wp-content\/uploads\/2015\/04\/Baner-web-mesto-768x248.png 768w, https:\/\/www.visitbratislava.com\/wp-content\/uploads\/2015\/04\/Baner-web-mesto-200x65.png 200w\" sizes=\"(max-width: 1418px) 100vw, 1418px\" \/><\/p>\n<h3>Lama\u010d a jeho poklady ako s\u00fa\u010das\u0165 Bratislavy<\/h3>\n<p><em>26. apr\u00edl 2026 \u2022 14:00<\/em><\/p>\n<p>Hist\u00f3ria Lama\u010da je prepojen\u00e1 s\u00a0hist\u00f3riou Bratislavy u\u017e od \u010dias richt\u00e1ra Jakuba.\u00a0<strong>Napriek tomu, \u017ee ide o\u00a0najmen\u0161iu mestsk\u00fa \u010das\u0165, skr\u00fdva malebn\u00e9 uli\u010dky, zauj\u00edmav\u00e9 pr\u00edbehy, tradi\u010dn\u00fa dedinsk\u00fa architekt\u00faru i\u00a0skvosty velik\u00e1nov ak\u00fdmi s\u00fa Michal Milan Harminc, Alojz Rigele \u010di J\u00e1n Kulich.<\/strong><\/p>\n<p>Porozpr\u00e1vame si, odkia\u013e poch\u00e1dza n\u00e1zov tejto mestskej \u010dasti, ako vyzerala osada v\u00a0minulosti, ale aj tajomn\u00fd pr\u00edbeh o mn\u00edchovi z\u00a0Kamz\u00edka. Na z\u00e1ver nahliadneme do kaplnky sv. Roz\u00e1lie, ktor\u00e1 bola postaven\u00e1 z v\u010faky za skon\u010denie moru na konci 17. storo\u010dia.<\/p>\n<p><iframe id=\"toot-ifr19d2e5d3e40\" src=\"https:\/\/tootoot.fm\/buy-embedded\/?event-id=69abf0cd5057e0721eb77572&amp;ifr-id=toot-ifr19d2e5d3e40&amp;lang=sk&amp;theme=light\" width=\"100%\" frameborder=\"0\" scrolling=\"no\"><\/iframe> <script>!function(e,t,o,r,n){var a,i=t.getElementsByTagName(o)[0],s=\"TootootIframesAsyncLoad\";if(e[s]||(e[s]=[]),t.getElementById(r)){var c=e.TootootIframes;c?c.register(n):e[s].push(n)}else e[s].push(n),(a=t.createElement(o)).id=r,a.src=\"https:\/\/tootoot.fm\/buy-embedded\/host.v2.js\",i.parentNode.insertBefore(a,i)}(window,document,\"script\",\"tootoot-iframe-channel\",\"toot-ifr19d2e5d3e40\");<\/script><\/p>\n<p><img loading=\"lazy\" class=\"alignnone wp-image-436632 size-full\" src=\"https:\/\/www.visitbratislava.com\/wp-content\/uploads\/2026\/03\/BTB_BA_Lamac_112020_martina_mlcuchova-10-kostol-jesen-e1774599565309.jpg\" alt=\"\" width=\"2400\" height=\"1152\" srcset=\"https:\/\/www.visitbratislava.com\/wp-content\/uploads\/2026\/03\/BTB_BA_Lamac_112020_martina_mlcuchova-10-kostol-jesen-e1774599565309.jpg 2400w, https:\/\/www.visitbratislava.com\/wp-content\/uploads\/2026\/03\/BTB_BA_Lamac_112020_martina_mlcuchova-10-kostol-jesen-e1774599565309-400x192.jpg 400w, https:\/\/www.visitbratislava.com\/wp-content\/uploads\/2026\/03\/BTB_BA_Lamac_112020_martina_mlcuchova-10-kostol-jesen-e1774599565309-800x384.jpg 800w, https:\/\/www.visitbratislava.com\/wp-content\/uploads\/2026\/03\/BTB_BA_Lamac_112020_martina_mlcuchova-10-kostol-jesen-e1774599565309-768x369.jpg 768w, https:\/\/www.visitbratislava.com\/wp-content\/uploads\/2026\/03\/BTB_BA_Lamac_112020_martina_mlcuchova-10-kostol-jesen-e1774599565309-1536x737.jpg 1536w, https:\/\/www.visitbratislava.com\/wp-content\/uploads\/2026\/03\/BTB_BA_Lamac_112020_martina_mlcuchova-10-kostol-jesen-e1774599565309-2048x983.jpg 2048w, https:\/\/www.visitbratislava.com\/wp-content\/uploads\/2026\/03\/BTB_BA_Lamac_112020_martina_mlcuchova-10-kostol-jesen-e1774599565309-200x96.jpg 200w, https:\/\/www.visitbratislava.com\/wp-content\/uploads\/2026\/03\/BTB_BA_Lamac_112020_martina_mlcuchova-10-kostol-jesen-e1774599565309-384x184.jpg 384w\" sizes=\"(max-width: 2400px) 100vw, 2400px\" \/><\/p>\n<p>* Upozor\u0148ujeme n\u00e1v\u0161tevn\u00edkov a n\u00e1v\u0161tevn\u00ed\u010dky, \u017ee v priebehu festivalu m\u00f4\u017ee by\u0165 vyhotoven\u00fd fotografick\u00fd a\/alebo video z\u00e1znam za \u00fa\u010delom propag\u00e1cie Bratislavy a podujatia.\u00a0<a title=\"https:\/\/www.visitbratislava.com\/sk\/media\/ochrana-osobnych-udajov\/\" href=\"https:\/\/www.visitbratislava.com\/sk\/media\/ochrana-osobnych-udajov\/\" data-auth=\"NotApplicable\" data-linkindex=\"1\">Viac inform\u00e1ci\u00ed<\/a>.<\/p>\n<p><em>Ak sa kapacita napln\u00ed, vyberte si, pros\u00edme, z ostatn\u00fdch mo\u017enost\u00ed. \u010eakujeme za pochopenie a te\u0161\u00edme sa na v\u00e1s!<\/em><\/p>\n","protected":false},"excerpt":{"rendered":"<p>Spoznajte Bratislavu o\u010dami t\u00fdch, ktor\u00ed o nej vedia najviac. Ka\u017ed\u00fd, kto r\u00e1d objavuje, ocen\u00ed bezplatn\u00e9 prehliadky jedn\u00e9ho z najkraj\u0161\u00edch miest Slovenska.<\/p>\n","protected":false},"author":32,"featured_media":333910,"parent":133997,"menu_order":0,"comment_status":"closed","ping_status":"closed","template":"","meta":[],"acf":[],"_links":{"self":[{"href":"https:\/\/www.visitbratislava.com\/sk\/wp-json\/wp\/v2\/pages\/134024"}],"collection":[{"href":"https:\/\/www.visitbratislava.com\/sk\/wp-json\/wp\/v2\/pages"}],"about":[{"href":"https:\/\/www.visitbratislava.com\/sk\/wp-json\/wp\/v2\/types\/page"}],"author":[{"embeddable":true,"href":"https:\/\/www.visitbratislava.com\/sk\/wp-json\/wp\/v2\/users\/32"}],"replies":[{"embeddable":true,"href":"https:\/\/www.visitbratislava.com\/sk\/wp-json\/wp\/v2\/comments?post=134024"}],"version-history":[{"count":70,"href":"https:\/\/www.visitbratislava.com\/sk\/wp-json\/wp\/v2\/pages\/134024\/revisions"}],"predecessor-version":[{"id":436646,"href":"https:\/\/www.visitbratislava.com\/sk\/wp-json\/wp\/v2\/pages\/134024\/revisions\/436646"}],"up":[{"embeddable":true,"href":"https:\/\/www.visitbratislava.com\/sk\/wp-json\/wp\/v2\/pages\/133997"}],"wp:featuredmedia":[{"embeddable":true,"href":"https:\/\/www.visitbratislava.com\/sk\/wp-json\/wp\/v2\/media\/333910"}],"wp:attachment":[{"href":"https:\/\/www.visitbratislava.com\/sk\/wp-json\/wp\/v2\/media?parent=134024"}],"curies":[{"name":"wp","href":"https:\/\/api.w.org\/{rel}","templated":true}]}}