{"id":234221,"date":"2023-04-06T10:55:40","date_gmt":"2023-04-06T08:55:40","guid":{"rendered":"https:\/\/www.visitbratislava.com\/?page_id=234221"},"modified":"2023-04-21T16:08:20","modified_gmt":"2023-04-21T14:08:20","slug":"merch-bratislavy","status":"publish","type":"page","link":"https:\/\/www.visitbratislava.com\/sk\/bratislavske-mestske-dni\/merch-bratislavy\/","title":{"rendered":"Merch Bratislavy!"},"content":{"rendered":"<h2>Bratislava ICONS<\/h2>\n<p>Dizajn poh\u00e1rov vytvorila v\u00fdtvarn\u00ed\u010dka a soch\u00e1rka Nina \u0160o\u0161kov\u00e1. Balenie je prelepen\u00e9 n\u00e1lepkou s kr\u00e1tkym pr\u00edbehom k ikone v sloven\u010dine a angli\u010dtine.<\/p>\n<p><strong>Michalsk\u00e1 br\u00e1na<\/strong> sa zachovala ako jedin\u00e1 zo \u0161tyroch mestsk\u00fdch br\u00e1n. Postaven\u00e1 bola v 14. storo\u010d\u00ed a meno dostala pod\u013ea Kostola sv. Michala, ktor\u00fd st\u00e1l pred \u0148ou. V jej ve\u017ei b\u00fdval str\u00e1\u017enik, ktor\u00fd signalizoval hroziace nebezpe\u010denstvo. Na vrchol ve\u017ee bol v 18. storo\u010d\u00ed umiestnen\u00fd patr\u00f3n mesta, archanjel Michal bojuj\u00faci s drakom a v hlave sochy bola ulo\u017een\u00e1 \u010dasov\u00e1 schr\u00e1nka s dobov\u00fdmi predmetmi.<\/p>\n<p><img loading=\"lazy\" class=\"alignnone wp-image-234231 size-full\" src=\"https:\/\/www.visitbratislava.com\/wp-content\/uploads\/2023\/04\/img12.jpg\" alt=\"\" width=\"437\" height=\"497\" srcset=\"https:\/\/www.visitbratislava.com\/wp-content\/uploads\/2023\/04\/img12.jpg 437w, https:\/\/www.visitbratislava.com\/wp-content\/uploads\/2023\/04\/img12-352x400.jpg 352w, https:\/\/www.visitbratislava.com\/wp-content\/uploads\/2023\/04\/img12-176x200.jpg 176w\" sizes=\"(max-width: 437px) 100vw, 437px\" \/><\/p>\n<p><a href=\"https:\/\/bratislava.sk\/blog\/mesto-bratislava-po-25-rokoch-otvara-pre-ludi-lekaren-u-salvatora\"><strong>Lek\u00e1re\u0148 u Salvatora<\/strong><\/a> vznikla v polovici 17. storo\u010dia v jezuitskom kol\u00e9giu. Nesk\u00f4r pre\u0161la do s\u00fakromn\u00fdch r\u00fak, dostala meno Salvator a patrila medzi najlep\u0161ie bratislavsk\u00e9 lek\u00e1rne. V novorenesan\u010dnej honosnej budove na Panskej ulici 35 s\u00eddlila od roku 1904. Jej fas\u00e1du zdob\u00ed socha Krista Spasite\u013ea od zn\u00e1meho bratislavsk\u00e9ho soch\u00e1ra Alojza Rigeleho. P\u00fdchou lek\u00e1rne bol vz\u00e1cny barokov\u00fd mobili\u00e1r. Ten bol po jej zru\u0161en\u00ed koncom 20. storo\u010dia odvezen\u00fd z Bratislavy, no v roku 2021 sa do mesta vr\u00e1til.<\/p>\n<p><img loading=\"lazy\" class=\"alignnone wp-image-234237 size-full\" src=\"https:\/\/www.visitbratislava.com\/wp-content\/uploads\/2023\/04\/img15.jpg\" alt=\"\" width=\"437\" height=\"489\" srcset=\"https:\/\/www.visitbratislava.com\/wp-content\/uploads\/2023\/04\/img15.jpg 437w, https:\/\/www.visitbratislava.com\/wp-content\/uploads\/2023\/04\/img15-357x400.jpg 357w, https:\/\/www.visitbratislava.com\/wp-content\/uploads\/2023\/04\/img15-179x200.jpg 179w\" sizes=\"(max-width: 437px) 100vw, 437px\" \/><\/p>\n<p><strong>M\u00e1ria Ter\u00e9zia<\/strong> bola uhorskou kr\u00e1\u013eovnou v rokoch 1740-1780 a korunovan\u00e1 bola 25. j\u00fana 1741 v D\u00f3me sv. Martina v Bratislave. V\u00fdnimo\u010dn\u00e1 panovn\u00ed\u010dka dala Bratislavsk\u00fd hrad prestava\u0165 do jeho s\u00fa\u010dasnej podoby, kde sa us\u00eddlila jej dc\u00e9ra M\u00e1ria Krist\u00edna s man\u017eelom. V\u010faka tomu sa do mesta vo zv\u00fd\u0161enej miere s\u0165ahovala \u0161\u013eachta a nastal rozmach stavebnej \u010dinnosti a kult\u00fary. Zb\u00faran\u00edm mestsk\u00fdch hradieb prispela k spojeniu s predmestiami, \u010d\u00edm sa mesto v\u00fdrazne rozr\u00e1stlo.<\/p>\n<p><img loading=\"lazy\" width=\"437\" height=\"476\" class=\"alignnone size-full wp-image-234243\" src=\"https:\/\/www.visitbratislava.com\/wp-content\/uploads\/2023\/04\/img18.jpg\" alt=\"\" srcset=\"https:\/\/www.visitbratislava.com\/wp-content\/uploads\/2023\/04\/img18.jpg 437w, https:\/\/www.visitbratislava.com\/wp-content\/uploads\/2023\/04\/img18-367x400.jpg 367w, https:\/\/www.visitbratislava.com\/wp-content\/uploads\/2023\/04\/img18-184x200.jpg 184w\" sizes=\"(max-width: 437px) 100vw, 437px\" \/><\/p>\n<p>Cena 22 EUR<\/p>\n<h2>Mikiny s mot\u00edvom bratislavskej dla\u017eby<\/h2>\n<p>Vybera\u0165 m\u00f4\u017eete z \u010diernej crewneck mikiny bez kapucne a sivej mikiny hoodie s kapuc\u0148ou. Po vzore in\u00fdch eur\u00f3pskych miest bude ma\u0165 Bratislava vlastn\u00fa dla\u017ebu. Bola navrhnut\u00e1 tak, aby ulice pr\u00edjemne doplnila a pritom neru\u0161ila \u010di nekonkurovala architekt\u00fare mesta ako takej.<\/p>\n<p><img loading=\"lazy\" class=\"alignnone wp-image-234627 size-full\" src=\"https:\/\/www.visitbratislava.com\/wp-content\/uploads\/2023\/04\/MG_2420_web.jpg\" alt=\"\" width=\"1500\" height=\"1000\" srcset=\"https:\/\/www.visitbratislava.com\/wp-content\/uploads\/2023\/04\/MG_2420_web.jpg 1500w, https:\/\/www.visitbratislava.com\/wp-content\/uploads\/2023\/04\/MG_2420_web-400x267.jpg 400w, https:\/\/www.visitbratislava.com\/wp-content\/uploads\/2023\/04\/MG_2420_web-800x533.jpg 800w, https:\/\/www.visitbratislava.com\/wp-content\/uploads\/2023\/04\/MG_2420_web-768x512.jpg 768w, https:\/\/www.visitbratislava.com\/wp-content\/uploads\/2023\/04\/MG_2420_web-200x133.jpg 200w\" sizes=\"(max-width: 1500px) 100vw, 1500px\" \/><\/p>\n<p>Pri tvorbe n\u00e1vrhu dla\u017eby boli in\u0161pir\u00e1ciou ikonick\u00e9 ilustr\u00e1cie a v\u00fdnimo\u010dn\u00fd grafick\u00fd jazyk Miroslava Cip\u00e1ra, \u013dudov\u00edta Fullu a Milana Dobe\u0161a, ktor\u00fdch okrem Bratislavy sp\u00e1jala aj l\u00e1ska ku geometrick\u00fdm tvarom. N\u00e1vrh citlivo odkazuje na ich v\u00fdnimo\u010dn\u00fd vizu\u00e1lny jazyk,\u201c vysvetlil grafick\u00fd dizajn\u00e9r Martin Jen\u010da, ktor\u00fd je spoluautorom bratislavskej dla\u017eby.<\/p>\n<p><img loading=\"lazy\" width=\"580\" height=\"738\" class=\"alignnone size-full wp-image-234249\" src=\"https:\/\/www.visitbratislava.com\/wp-content\/uploads\/2023\/04\/img24.jpg\" alt=\"\" srcset=\"https:\/\/www.visitbratislava.com\/wp-content\/uploads\/2023\/04\/img24.jpg 580w, https:\/\/www.visitbratislava.com\/wp-content\/uploads\/2023\/04\/img24-314x400.jpg 314w, https:\/\/www.visitbratislava.com\/wp-content\/uploads\/2023\/04\/img24-157x200.jpg 157w\" sizes=\"(max-width: 580px) 100vw, 580px\" \/><\/p>\n<p>Cena 39 a 46 EUR<\/p>\n<p><em><strong>Te\u0161\u00edme sa na v\u00e1s v Turistickom informa\u010dnom centre na Klob\u00fa\u010dnickej 2.<\/strong><\/em><\/p>\n<p><em><strong>Merch vytvorilo BKIS v spolupr\u00e1ci s Metropolitn\u00fdm in\u0161tit\u00fatom Bratislavy. <\/strong><\/em><\/p>\n","protected":false},"excerpt":{"rendered":"<p>Nie s\u00fa klasick\u00e9 suven\u00edry ni\u010d pre v\u00e1s? Pr\u00ed\u010fte si do n\u00e1\u0161ho Turistick\u00e9ho informa\u010dn\u00e9ho centra po Bratislavsk\u00fd merch, na ktorom n\u00e1jdete miesta hodn\u00e9 n\u00e1v\u0161tevy<\/p>\n","protected":false},"author":41,"featured_media":234287,"parent":133997,"menu_order":0,"comment_status":"closed","ping_status":"closed","template":"","meta":[],"acf":[],"_links":{"self":[{"href":"https:\/\/www.visitbratislava.com\/sk\/wp-json\/wp\/v2\/pages\/234221"}],"collection":[{"href":"https:\/\/www.visitbratislava.com\/sk\/wp-json\/wp\/v2\/pages"}],"about":[{"href":"https:\/\/www.visitbratislava.com\/sk\/wp-json\/wp\/v2\/types\/page"}],"author":[{"embeddable":true,"href":"https:\/\/www.visitbratislava.com\/sk\/wp-json\/wp\/v2\/users\/41"}],"replies":[{"embeddable":true,"href":"https:\/\/www.visitbratislava.com\/sk\/wp-json\/wp\/v2\/comments?post=234221"}],"version-history":[{"count":19,"href":"https:\/\/www.visitbratislava.com\/sk\/wp-json\/wp\/v2\/pages\/234221\/revisions"}],"predecessor-version":[{"id":238297,"href":"https:\/\/www.visitbratislava.com\/sk\/wp-json\/wp\/v2\/pages\/234221\/revisions\/238297"}],"up":[{"embeddable":true,"href":"https:\/\/www.visitbratislava.com\/sk\/wp-json\/wp\/v2\/pages\/133997"}],"wp:featuredmedia":[{"embeddable":true,"href":"https:\/\/www.visitbratislava.com\/sk\/wp-json\/wp\/v2\/media\/234287"}],"wp:attachment":[{"href":"https:\/\/www.visitbratislava.com\/sk\/wp-json\/wp\/v2\/media?parent=234221"}],"curies":[{"name":"wp","href":"https:\/\/api.w.org\/{rel}","templated":true}]}}