{"id":27734,"date":"2017-01-19T10:02:40","date_gmt":"2017-01-19T09:02:40","guid":{"rendered":"https:\/\/www.visitbratislava.com\/sk\/?page_id=27734"},"modified":"2024-07-08T13:21:02","modified_gmt":"2024-07-08T11:21:02","slug":"top-10-v-bratislave","status":"publish","type":"page","link":"https:\/\/www.visitbratislava.com\/sk\/top-10-v-bratislave\/","title":{"rendered":"Top 10 v Bratislave"},"content":{"rendered":"<p>Bez n\u00e1v\u0161tevy t\u00fdchto turistick\u00fdch atrakci\u00ed sa z\u00a0Bratislavy jednoducho neodch\u00e1dza. Niektor\u00e9 z\u00a0nich s\u00fa \u00faplne zadarmo alebo za prijate\u013en\u00fd poplatok, pri\u010dom m\u00f4\u017eete vyu\u017ei\u0165 aj z\u013eavnen\u00e9 vstupn\u00e9. Najlep\u0161ie v\u0161ak urob\u00edte, ak si zak\u00fapite <a href=\"http:\/\/card.visitbratislava.com\/sk\/\" target=\"_blank\" rel=\"noopener noreferrer\">Bratislava Card City &amp; Region<\/a>. Nielen\u017ee budete Bratislavou cestova\u0165 zadarmo, ale z\u00edskate aj mnoh\u00e9 in\u00e9 v\u00fdhody a\u00a0z\u013eavy.<\/p>\n<hr \/>\n<h2><a href=\"https:\/\/www.visitbratislava.com\/sk\/miesta\/bratislavsky-hrad\/\" target=\"_blank\" rel=\"noopener noreferrer\">1. Bratislavsk\u00fd hrad<\/a><\/h2>\n<p>P\u00f4vodne s\u00eddlo panovn\u00edkov, dnes symbol Bratislavy a s\u00eddlo Historick\u00e9ho m\u00fazea. Z jeho 47 metrov vysokej korunnej ve\u017ee, kde sa kedysi uchov\u00e1vali kr\u00e1\u013eovsk\u00e9 korunova\u010dn\u00e9 klenoty, sa naskyt\u00e1 n\u00e1dhern\u00fd v\u00fdh\u013ead nielen na mesto, ale aj na susediace krajiny.<\/p>\n<p><b>Inform\u00e1cie o vstupnom <a href=\"https:\/\/www.snm.sk\/muzea-snm\/historicke-muzeum\/historicke-muzeum\/navstivte\/vstupne\">tu<\/a><\/b>, s <a href=\"http:\/\/card.visitbratislava.com\/sk\/\" target=\"_blank\" rel=\"noopener noreferrer\">Bratislava CARD<\/a> z\u013eava 100 %<\/p>\n<p><img loading=\"lazy\" width=\"800\" height=\"541\" class=\"size-large wp-image-917 aligncenter\" src=\"https:\/\/www.visitbratislava.com\/wp-content\/uploads\/2014\/11\/HRADnew-800x541.jpg\" alt=\"\" srcset=\"https:\/\/www.visitbratislava.com\/wp-content\/uploads\/2014\/11\/HRADnew-800x541.jpg 800w, https:\/\/www.visitbratislava.com\/wp-content\/uploads\/2014\/11\/HRADnew-400x271.jpg 400w, https:\/\/www.visitbratislava.com\/wp-content\/uploads\/2014\/11\/HRADnew-200x135.jpg 200w, https:\/\/www.visitbratislava.com\/wp-content\/uploads\/2014\/11\/HRADnew.jpg 1181w\" sizes=\"(max-width: 800px) 100vw, 800px\" \/><\/p>\n<hr \/>\n<h2><a href=\"https:\/\/www.visitbratislava.com\/sk\/miesta\/katedrala-sv-martina\/\" target=\"_blank\" rel=\"noopener noreferrer\">2. D\u00f3m sv. Martina<\/a><\/h2>\n<p>Gotick\u00fd trojlo\u010fov\u00fd kostol z 15. storo\u010dia, b\u00fdval\u00fd korunova\u010dn\u00fd chr\u00e1m. Pripomienkou t\u00fdchto sl\u00e1vnych \u010dias je pozl\u00e1ten\u00e1 replika korunova\u010dnej koruny osaden\u00e1 na vrchole katedr\u00e1lnej ve\u017ee vo v\u00fd\u0161ke 85 metrov a v\u00e1\u017eiaca 150 kg.<\/p>\n<p><img loading=\"lazy\" width=\"800\" height=\"533\" class=\"size-large wp-image-73596 aligncenter\" src=\"https:\/\/www.visitbratislava.com\/wp-content\/uploads\/2020\/01\/Dekan-komparz-D\u00f3m-leisure-p\u00e1r-Rudnayovo-goodmood-800x533.jpg\" alt=\"\" srcset=\"https:\/\/www.visitbratislava.com\/wp-content\/uploads\/2020\/01\/Dekan-komparz-D\u00f3m-leisure-p\u00e1r-Rudnayovo-goodmood-800x533.jpg 800w, https:\/\/www.visitbratislava.com\/wp-content\/uploads\/2020\/01\/Dekan-komparz-D\u00f3m-leisure-p\u00e1r-Rudnayovo-goodmood-400x267.jpg 400w, https:\/\/www.visitbratislava.com\/wp-content\/uploads\/2020\/01\/Dekan-komparz-D\u00f3m-leisure-p\u00e1r-Rudnayovo-goodmood-768x512.jpg 768w, https:\/\/www.visitbratislava.com\/wp-content\/uploads\/2020\/01\/Dekan-komparz-D\u00f3m-leisure-p\u00e1r-Rudnayovo-goodmood-200x133.jpg 200w\" sizes=\"(max-width: 800px) 100vw, 800px\" \/><\/p>\n<hr \/>\n<h2><a href=\"https:\/\/www.visitbratislava.com\/sk\/miesta\/stara-radnica\/\" target=\"_blank\" rel=\"noopener noreferrer\">3. Star\u00e1 radnica<\/a><\/h2>\n<p>P\u00f4vodne s\u00eddlo mestskej samospr\u00e1vy, od roku 1868 s\u00eddlo M\u00fazea mesta Bratislavy, najstar\u0161ieho m\u00fazea na Slovensku. Po zdolan\u00ed \u00fazkych schodov ved\u00facich na jej 45 metrov vysok\u00fa ve\u017eu sa v\u00e1m naskytne n\u00e1dhern\u00fd panoramatick\u00fd v\u00fdh\u013ead na Star\u00e9 Mesto.<\/p>\n<p><strong>Inform\u00e1cie o vstupnom <a href=\"https:\/\/muzeumbratislava.sk\/vstupne\">tu<\/a><\/strong>, s <a href=\"http:\/\/card.visitbratislava.com\/sk\/\" target=\"_blank\" rel=\"noopener noreferrer\">Bratislava CARD<\/a>\u00a0z\u013eava 100 %<\/p>\n<h3><img loading=\"lazy\" width=\"800\" height=\"468\" class=\"size-large wp-image-4736 aligncenter\" src=\"https:\/\/www.visitbratislava.com\/wp-content\/uploads\/2015\/04\/viva_musica_namestie_radnica-e1456840058958-800x468.jpg\" alt=\"\" srcset=\"https:\/\/www.visitbratislava.com\/wp-content\/uploads\/2015\/04\/viva_musica_namestie_radnica-e1456840058958-800x468.jpg 800w, https:\/\/www.visitbratislava.com\/wp-content\/uploads\/2015\/04\/viva_musica_namestie_radnica-e1456840058958-400x234.jpg 400w, https:\/\/www.visitbratislava.com\/wp-content\/uploads\/2015\/04\/viva_musica_namestie_radnica-e1456840058958-200x117.jpg 200w, https:\/\/www.visitbratislava.com\/wp-content\/uploads\/2015\/04\/viva_musica_namestie_radnica-e1456840058958-768x449.jpg 768w\" sizes=\"(max-width: 800px) 100vw, 800px\" \/><\/h3>\n<hr \/>\n<h2><a href=\"https:\/\/www.visitbratislava.com\/sk\/miesta\/primacialny-palac\/\" target=\"_blank\" rel=\"noopener noreferrer\">4. Primaci\u00e1lny pal\u00e1c<\/a><\/h2>\n<p>Klasicistick\u00fd pal\u00e1c z 18. storo\u010dia, kde po v\u00ed\u0165azstve Napoleona v bitke pri Slavkove podp\u00edsali z\u00e1stupcovia franc\u00fazskeho a rak\u00faskeho cis\u00e1ra dohodu, ktor\u00e1 vst\u00fapila do dej\u00edn ako Pre\u0161porsk\u00fd mier. V s\u00fa\u010dasnosti je galerijnou expoz\u00edciou uchov\u00e1vaj\u00facou unik\u00e1tnu zbierku 6 anglick\u00fdch tapis\u00e9ri\u00ed zo 17. storo\u010dia a s\u00eddlom prim\u00e1tora hlavn\u00e9ho mesta SR.<\/p>\n<p><strong>Inform\u00e1cie o vstupnom na mieste<\/strong>, s <a href=\"http:\/\/card.visitbratislava.com\/sk\/\" target=\"_blank\" rel=\"noopener noreferrer\">Bratislava CARD <\/a>z\u013eava 20 %<\/p>\n<h3><img loading=\"lazy\" width=\"800\" height=\"515\" class=\"size-large wp-image-25960 aligncenter\" src=\"https:\/\/www.visitbratislava.com\/wp-content\/uploads\/2016\/11\/primacialny-800x515.jpg\" alt=\"\" srcset=\"https:\/\/www.visitbratislava.com\/wp-content\/uploads\/2016\/11\/primacialny-800x515.jpg 800w, https:\/\/www.visitbratislava.com\/wp-content\/uploads\/2016\/11\/primacialny-400x258.jpg 400w, https:\/\/www.visitbratislava.com\/wp-content\/uploads\/2016\/11\/primacialny-768x495.jpg 768w, https:\/\/www.visitbratislava.com\/wp-content\/uploads\/2016\/11\/primacialny-200x129.jpg 200w, https:\/\/www.visitbratislava.com\/wp-content\/uploads\/2016\/11\/primacialny.jpg 1200w\" sizes=\"(max-width: 800px) 100vw, 800px\" \/><\/h3>\n<hr \/>\n<h2><a href=\"https:\/\/www.visitbratislava.com\/sk\/miesta\/eurovea\/\" target=\"_blank\" rel=\"noopener noreferrer\">5. N\u00e1bre\u017eie Eurovea<\/a><strong><br \/>\n<\/strong><\/h2>\n<p>Spojenie promen\u00e1dy pri obchodnom centre, n\u00e1bre\u017eia a\u00a0n\u00e1mestia smeruj\u00faceho k\u00a0divadlu je v\u00fdnimo\u010dn\u00fdm mestsk\u00fdm prvkom. S\u00fa\u010das\u0165ou \u0161tvrte, ktor\u00e1 sa rozrast\u00e1 na modern\u00e9 centrum Bratislavy, je aj nov\u00e1 budova\u00a0<a href=\"https:\/\/www.visitbratislava.com\/sk\/miesta\/nova-budova-snd\/\">Slovensk\u00e9ho n\u00e1rodn\u00e9ho divadla<\/a>\u00a0oblo\u017een\u00e1 bielym travert\u00ednom a n\u00e1kupn\u00e9 stredisko\u00a0<a href=\"https:\/\/www.visitbratislava.com\/sk\/miesta\/eurovea\/\">Eurovea<\/a>. N\u00e1jdete tu nielen vychyten\u00e9 m\u00f3dne zna\u010dky, ale popri n\u00e1kupoch sa m\u00f4\u017eete ob\u010derstvi\u0165 v kaviar\u0148ach alebo re\u0161taur\u00e1ci\u00e1ch na pr\u00edjemnej promen\u00e1de na n\u00e1bre\u017e\u00ed Dunaja s v\u00fdh\u013eadom na Bratislavsk\u00fd hrad.<\/p>\n<p><img loading=\"lazy\" width=\"800\" height=\"533\" class=\"aligncenter size-large wp-image-62821\" src=\"https:\/\/www.visitbratislava.com\/wp-content\/uploads\/2019\/07\/eurovea-danube-fest-2-800x533.jpg\" alt=\"\" srcset=\"https:\/\/www.visitbratislava.com\/wp-content\/uploads\/2019\/07\/eurovea-danube-fest-2-800x533.jpg 800w, https:\/\/www.visitbratislava.com\/wp-content\/uploads\/2019\/07\/eurovea-danube-fest-2-400x267.jpg 400w, https:\/\/www.visitbratislava.com\/wp-content\/uploads\/2019\/07\/eurovea-danube-fest-2-768x512.jpg 768w, https:\/\/www.visitbratislava.com\/wp-content\/uploads\/2019\/07\/eurovea-danube-fest-2-200x133.jpg 200w\" sizes=\"(max-width: 800px) 100vw, 800px\" \/><\/p>\n<hr \/>\n<h2><a href=\"https:\/\/www.visitbratislava.com\/sk\/miesta\/grassalkovichov-palac\/\" target=\"_blank\" rel=\"noopener noreferrer\">6. Grasalkovi\u010dov pal\u00e1c<\/a><\/h2>\n<p>Rokokov\u00fd letn\u00fd pal\u00e1c z 18. storo\u010dia bol v minulost\u00ed zn\u00e1my bohat\u00fdm spolo\u010densk\u00fdm \u017eivotom, koncertoval tu aj sl\u00e1vny Joseph Haydn. Od roku 1996 je s\u00eddlom prezidenta Slovenskej republiky. Na n\u00e1mest\u00ed pred pal\u00e1com n\u00e1jdete Font\u00e1nu mieru a za pal\u00e1com kr\u00e1snu Prezidentsk\u00fa z\u00e1hradu.<\/p>\n<p><img loading=\"lazy\" width=\"800\" height=\"506\" class=\"aligncenter size-full wp-image-103339\" src=\"https:\/\/www.visitbratislava.com\/wp-content\/uploads\/2021\/04\/Molnar_Prezidentsky-palac.jpg\" alt=\"\" srcset=\"https:\/\/www.visitbratislava.com\/wp-content\/uploads\/2021\/04\/Molnar_Prezidentsky-palac.jpg 800w, https:\/\/www.visitbratislava.com\/wp-content\/uploads\/2021\/04\/Molnar_Prezidentsky-palac-400x253.jpg 400w, https:\/\/www.visitbratislava.com\/wp-content\/uploads\/2021\/04\/Molnar_Prezidentsky-palac-768x486.jpg 768w, https:\/\/www.visitbratislava.com\/wp-content\/uploads\/2021\/04\/Molnar_Prezidentsky-palac-200x127.jpg 200w\" sizes=\"(max-width: 800px) 100vw, 800px\" \/><\/p>\n<hr \/>\n<h2><a href=\"https:\/\/www.visitbratislava.com\/sk\/miesta\/modry-kostol\/\" target=\"_blank\" rel=\"noopener noreferrer\">7. Modr\u00fd kostol\u00edk<\/a><\/h2>\n<p>Secesn\u00fd Kostol sv. Al\u017ebety zo za\u010diatku 20. storo\u010dia je charakteristick\u00fd svojou modrou farbou. Vyzna\u010duje sa detailn\u00fdm prepracovan\u00edm fas\u00e1dy s \u010dast\u00fdm pou\u017eit\u00edm mozaiky. Je ob\u013e\u00faben\u00fdm miestom sob\u00e1\u0161ov a\u00a0krstov.<\/p>\n<p><img loading=\"lazy\" width=\"800\" height=\"531\" class=\"size-large wp-image-3519 aligncenter\" src=\"https:\/\/www.visitbratislava.com\/wp-content\/uploads\/2015\/02\/modry_kostolik01-800x531.jpg\" alt=\"Blue Church\" srcset=\"https:\/\/www.visitbratislava.com\/wp-content\/uploads\/2015\/02\/modry_kostolik01-800x531.jpg 800w, https:\/\/www.visitbratislava.com\/wp-content\/uploads\/2015\/02\/modry_kostolik01-400x266.jpg 400w, https:\/\/www.visitbratislava.com\/wp-content\/uploads\/2015\/02\/modry_kostolik01-200x133.jpg 200w\" sizes=\"(max-width: 800px) 100vw, 800px\" \/><\/p>\n<hr \/>\n<h2><a href=\"https:\/\/www.visitbratislava.com\/sk\/miesta\/slavin\/\" target=\"_blank\" rel=\"noopener noreferrer\">8. Slav\u00edn<\/a><\/h2>\n<p>Najv\u00e4\u010d\u0161\u00ed vojnov\u00fd pam\u00e4tn\u00edk v strednej Eur\u00f3pe je v\u010faka svojej v\u00fd\u0161ke 52 metrov jednou z domin\u00e1nt mesta. Je tu pochovan\u00fdch 6 845 vojakov Sovietskej arm\u00e1dy padl\u00fdch pri oslobodzovan\u00ed Bratislavy po\u010das druhej svetovej vojny.<\/p>\n<p><img loading=\"lazy\" width=\"800\" height=\"530\" class=\"size-large wp-image-61741 aligncenter\" src=\"https:\/\/www.visitbratislava.com\/wp-content\/uploads\/2019\/06\/slavin-800x530.jpg\" alt=\"\" srcset=\"https:\/\/www.visitbratislava.com\/wp-content\/uploads\/2019\/06\/slavin-800x530.jpg 800w, https:\/\/www.visitbratislava.com\/wp-content\/uploads\/2019\/06\/slavin-400x265.jpg 400w, https:\/\/www.visitbratislava.com\/wp-content\/uploads\/2019\/06\/slavin-768x509.jpg 768w, https:\/\/www.visitbratislava.com\/wp-content\/uploads\/2019\/06\/slavin-200x132.jpg 200w\" sizes=\"(max-width: 800px) 100vw, 800px\" \/><\/p>\n<hr \/>\n<h2><a href=\"https:\/\/www.visitbratislava.com\/sk\/miesta\/hrad-devin\/\" target=\"_blank\" rel=\"noopener noreferrer\">9. Hrad Dev\u00edn<\/a><\/h2>\n<p>Hradn\u00e1 ruina t\u00fd\u010diaca sa na vysokom brale nad s\u00fatokom riek Dunaja a Moravy patr\u00ed k najv\u00fdznamnej\u0161\u00edm historick\u00fdm a archeologick\u00fdm lokalit\u00e1m v strednej Eur\u00f3pe. Navy\u0161e pon\u00faka o\u010daruj\u00facu pr\u00edrodn\u00fa scen\u00e9riu s neopakovate\u013en\u00fdm v\u00fdh\u013eadom.<\/p>\n<p><strong>Inform\u00e1cie o vstupnom <a href=\"https:\/\/muzeumbratislava.sk\/vstupne\">tu<\/a>, <\/strong>z\u013eava s <a href=\"http:\/\/card.visitbratislava.com\/sk\/\" target=\"_blank\" rel=\"noopener noreferrer\">Bratislava CARD<\/a> 100 %<\/p>\n<p><a href=\"https:\/\/www.visitbratislava.com\/sk\/miesta\/hrad-devin\/\" target=\"_blank\" rel=\"noopener noreferrer\"><img loading=\"lazy\" class=\"wp-image-27761 aligncenter\" src=\"https:\/\/www.visitbratislava.com\/wp-content\/uploads\/2017\/01\/1080047-800x450.jpg\" alt=\"_1080047\" width=\"800\" height=\"450\" srcset=\"https:\/\/www.visitbratislava.com\/wp-content\/uploads\/2017\/01\/1080047-800x450.jpg 800w, https:\/\/www.visitbratislava.com\/wp-content\/uploads\/2017\/01\/1080047-400x225.jpg 400w, https:\/\/www.visitbratislava.com\/wp-content\/uploads\/2017\/01\/1080047-768x432.jpg 768w, https:\/\/www.visitbratislava.com\/wp-content\/uploads\/2017\/01\/1080047-200x113.jpg 200w\" sizes=\"(max-width: 800px) 100vw, 800px\" \/><\/a><\/p>\n<p><a href=\"http:\/\/www.domcentrope.sk\/map_CM\/sk\/index.html?bookmark=Mapa%20s%20pr%C3%ADbehom\"><strong>Ve\u013ekomoravsk\u00e1 misia sv\u00e4t\u00fdch Cyrila a Metoda:<\/strong><\/a> Na tejto tematickej ceste spozn\u00e1te prostredn\u00edctvom <a href=\"http:\/\/www.domcentrope.sk\/map_CM\/sk\/index.html?bookmark=Mobiln%C3%A1%20aplik%C3%A1cia\">\u0161peci\u00e1lnej mobilnej aplik\u00e1cie<\/a> a <a href=\"http:\/\/www.domcentrope.sk\/map_CM\/sk\/index.html?bookmark=Mapa%20s%20pr%C3%ADbehom\">mapy<\/a> s pr\u00edbehom pamiatky a miesta spojen\u00e9 s Ve\u013ekou Moravou nes\u00face odkaz sol\u00fanskych bratov, ktorej s\u00fa\u010das\u0165ou bol aj <strong>Dev\u00edn<\/strong>. Okrem pozn\u00e1vania kult\u00farno-historick\u00fdch pamiatok \u010di pr\u00edrodn\u00fdch jedine\u010dnost\u00ed na tejto ceste spozn\u00e1te aj region\u00e1lnu gastron\u00f3miu \u010di trad\u00edcie, oblastn\u00e9 zvyklosti, lok\u00e1lne produkty a za\u017eijete ve\u013ea dobrodru\u017estva.<a href=\"https:\/\/www.visitbratislava.com\/sk\/miesta\/ufo\/\" target=\"_blank\" rel=\"noopener noreferrer\"><strong><br \/>\n<\/strong><\/a><\/p>\n<hr \/>\n<h2><a href=\"https:\/\/www.visitbratislava.com\/sk\/miesta\/ufo\/\" target=\"_blank\" rel=\"noopener noreferrer\">10. UFO<\/a><\/h2>\n<p>Jedine\u010dn\u00e1 vyhliadka na pyl\u00f3noch Mosta SNP vo v\u00fd\u0161ke 95 metrov s \u00fa\u017easn\u00fdm v\u00fdh\u013eadom na mesto a doh\u013eadnos\u0165ou a\u017e 100 km. Pon\u00faka najkraj\u0161\u00ed z\u00e1pad slnka v Bratislave v kombin\u00e1cii s kulin\u00e1rskym z\u00e1\u017eitkom.<\/p>\n<p><b>Inform\u00e1cie o vstupnom <a href=\"https:\/\/www.u-f-o.sk\/sk\/ufo-vstup-na-vyhliadku.html\">tu<\/a><\/b>, s <a href=\"http:\/\/card.visitbratislava.com\/sk\/\" target=\"_blank\" rel=\"noopener noreferrer\">Bratislava CARD<\/a>\u00a0z\u013eava 25 %<\/p>\n<p><img loading=\"lazy\" width=\"800\" height=\"450\" class=\"size-large wp-image-506 aligncenter\" src=\"https:\/\/www.visitbratislava.com\/wp-content\/uploads\/2014\/09\/hrad-dunaj-ufo-lod-800x450.jpg\" alt=\"Castle, Dunaj, UFO, Boat\" srcset=\"https:\/\/www.visitbratislava.com\/wp-content\/uploads\/2014\/09\/hrad-dunaj-ufo-lod-800x450.jpg 800w, https:\/\/www.visitbratislava.com\/wp-content\/uploads\/2014\/09\/hrad-dunaj-ufo-lod-400x225.jpg 400w, https:\/\/www.visitbratislava.com\/wp-content\/uploads\/2014\/09\/hrad-dunaj-ufo-lod-200x113.jpg 200w\" sizes=\"(max-width: 800px) 100vw, 800px\" \/><\/p>\n<hr \/>\n<p><iframe src=\"https:\/\/www.google.com\/maps\/d\/embed?mid=1JeYaPG-l7wMux-U3Vtl-S95aDqo\" width=\"1000\" height=\"480\"><\/iframe><\/p>\n<h2>\u010eal\u0161ie tipy:<\/h2>\n<h3><a href=\"https:\/\/www.visitbratislava.com\/sk\/miesta\/michalska-brana\/\" target=\"_blank\" rel=\"noopener noreferrer\">Michalsk\u00e1 br\u00e1na<\/a><\/h3>\n<p>Jedin\u00e1 zachovan\u00e1 br\u00e1na mestsk\u00e9ho opevnenia zo 14. storo\u010dia. Z hornej terasy jej 51 metrov vysokej ve\u017ee si mo\u017eno vychutna\u0165 o\u010daruj\u00faci v\u00fdh\u013ead na Bratislavsk\u00fd hrad a Star\u00e9 Mesto. Vo ve\u017ei sa nach\u00e1dza v\u017edy zauj\u00edmav\u00e1 v\u00fdstava.<\/p>\n<p><img loading=\"lazy\" width=\"800\" height=\"533\" class=\"alignnone size-large wp-image-261014\" src=\"https:\/\/www.visitbratislava.com\/wp-content\/uploads\/2023\/09\/Michalska\u2560u-vez\u2560ia_obnoveny\u2560u-exterie\u2560ur_foto-Dominika-Bolga\u2560uc\u2560iova\u2560u2-800x533.jpg\" alt=\"\" srcset=\"https:\/\/www.visitbratislava.com\/wp-content\/uploads\/2023\/09\/Michalska\u2560u-vez\u2560ia_obnoveny\u2560u-exterie\u2560ur_foto-Dominika-Bolga\u2560uc\u2560iova\u2560u2-800x533.jpg 800w, https:\/\/www.visitbratislava.com\/wp-content\/uploads\/2023\/09\/Michalska\u2560u-vez\u2560ia_obnoveny\u2560u-exterie\u2560ur_foto-Dominika-Bolga\u2560uc\u2560iova\u2560u2-400x267.jpg 400w, https:\/\/www.visitbratislava.com\/wp-content\/uploads\/2023\/09\/Michalska\u2560u-vez\u2560ia_obnoveny\u2560u-exterie\u2560ur_foto-Dominika-Bolga\u2560uc\u2560iova\u2560u2-768x512.jpg 768w, https:\/\/www.visitbratislava.com\/wp-content\/uploads\/2023\/09\/Michalska\u2560u-vez\u2560ia_obnoveny\u2560u-exterie\u2560ur_foto-Dominika-Bolga\u2560uc\u2560iova\u2560u2-1536x1024.jpg 1536w, https:\/\/www.visitbratislava.com\/wp-content\/uploads\/2023\/09\/Michalska\u2560u-vez\u2560ia_obnoveny\u2560u-exterie\u2560ur_foto-Dominika-Bolga\u2560uc\u2560iova\u2560u2-200x133.jpg 200w, https:\/\/www.visitbratislava.com\/wp-content\/uploads\/2023\/09\/Michalska\u2560u-vez\u2560ia_obnoveny\u2560u-exterie\u2560ur_foto-Dominika-Bolga\u2560uc\u2560iova\u2560u2.jpg 2048w\" sizes=\"(max-width: 800px) 100vw, 800px\" \/> <span style=\"font-size: 8pt;\"><em>Foto: MMB<\/em><\/span><\/p>\n<h3><a href=\"https:\/\/www.visitbratislava.com\/sk\/miesta\/zidovska-synagoga\/\" target=\"_blank\" rel=\"noopener noreferrer\">Synag\u00f3ga<\/a><\/h3>\n<p>Synag\u00f3ga bola postaven\u00e1 v kubistickom slohu v rokoch 1923 \u2013 1926 pod\u013ea pl\u00e1nov architekta Artura Szalatnaia-Slatinsk\u00e9ho. St\u00e1la expoz\u00edcia \u017didovsk\u00e9ho komunitn\u00e9ho m\u00fazea in\u0161talovan\u00e1 na prvom poschod\u00ed budovy je pre verejnos\u0165 pr\u00edstupn\u00e1 po\u010das letnej sez\u00f3ny.<\/p>\n<p><strong>Vstupn\u00e9<\/strong>: 6 \u20ac,\u00a0s <a href=\"http:\/\/card.visitbratislava.com\/sk\/\" target=\"_blank\" rel=\"noopener noreferrer\">Bratislava Card City &amp; Region<\/a>\u00a0z\u013eava 50 %<\/p>\n<h3><img loading=\"lazy\" width=\"750\" height=\"500\" class=\"size-full wp-image-12327 aligncenter\" src=\"https:\/\/www.visitbratislava.com\/wp-content\/uploads\/2016\/03\/zidovska.jpg\" alt=\"\" srcset=\"https:\/\/www.visitbratislava.com\/wp-content\/uploads\/2016\/03\/zidovska.jpg 750w, https:\/\/www.visitbratislava.com\/wp-content\/uploads\/2016\/03\/zidovska-400x267.jpg 400w, https:\/\/www.visitbratislava.com\/wp-content\/uploads\/2016\/03\/zidovska-200x133.jpg 200w\" sizes=\"(max-width: 750px) 100vw, 750px\" \/><\/h3>\n<h3><a href=\"https:\/\/www.visitbratislava.com\/sk\/miesta\/schoene-naci\/\">Sch\u00f6ne N\u00e1ci<\/a><a href=\"https:\/\/www.visitbratislava.com\/sk\/miesta\/schoene-naci\/\"><br \/>\n<\/a><\/h3>\n<p>Sl\u00e1vny bratislavsk\u00fd excentrik, ktor\u00fd tu \u017eil v\u00a0prvej polovici 20. storo\u010dia a\u00a0svojou eleganciou a\u00a0dobrosrde\u010dnos\u0165ou bol neodmyslite\u013enou s\u00fa\u010das\u0165ou koloritu bratislavsk\u00e9ho korza a\u00a0jeho kaviarn\u00ed.<\/p>\n<p><a href=\"https:\/\/www.visitbratislava.com\/sk\/miesta\/schoene-naci\/\"><img loading=\"lazy\" class=\"wp-image-25728 aligncenter\" src=\"https:\/\/www.visitbratislava.com\/wp-content\/uploads\/2016\/11\/7-foto-brano-molnar-fb-800x472.jpg\" alt=\"7-foto-brano-molnar-fb\" width=\"785\" height=\"463\" srcset=\"https:\/\/www.visitbratislava.com\/wp-content\/uploads\/2016\/11\/7-foto-brano-molnar-fb-800x472.jpg 800w, https:\/\/www.visitbratislava.com\/wp-content\/uploads\/2016\/11\/7-foto-brano-molnar-fb-400x236.jpg 400w, https:\/\/www.visitbratislava.com\/wp-content\/uploads\/2016\/11\/7-foto-brano-molnar-fb-768x453.jpg 768w, https:\/\/www.visitbratislava.com\/wp-content\/uploads\/2016\/11\/7-foto-brano-molnar-fb-200x118.jpg 200w, https:\/\/www.visitbratislava.com\/wp-content\/uploads\/2016\/11\/7-foto-brano-molnar-fb.jpg 1573w\" sizes=\"(max-width: 785px) 100vw, 785px\" \/><\/a><\/p>\n<h3><a href=\"https:\/\/www.visitbratislava.com\/sk\/miesta\/cumil\/\" target=\"_blank\" rel=\"noopener noreferrer\">\u010cumil<\/a><\/h3>\n<p>Bronzov\u00e1 postava mu\u017ea vyk\u00fakaj\u00faceho z kan\u00e1la je nepochybne najfotografovanej\u0161ou sochou v meste.<\/p>\n<p><img loading=\"lazy\" class=\"wp-image-27820 size-large aligncenter\" src=\"https:\/\/www.visitbratislava.com\/wp-content\/uploads\/2017\/01\/10099293406_02cb89635a_b-800x536.jpg\" alt=\"10099293406_02cb89635a_b\" width=\"800\" height=\"536\" srcset=\"https:\/\/www.visitbratislava.com\/wp-content\/uploads\/2017\/01\/10099293406_02cb89635a_b-800x536.jpg 800w, https:\/\/www.visitbratislava.com\/wp-content\/uploads\/2017\/01\/10099293406_02cb89635a_b-400x268.jpg 400w, https:\/\/www.visitbratislava.com\/wp-content\/uploads\/2017\/01\/10099293406_02cb89635a_b-768x515.jpg 768w, https:\/\/www.visitbratislava.com\/wp-content\/uploads\/2017\/01\/10099293406_02cb89635a_b-200x134.jpg 200w, https:\/\/www.visitbratislava.com\/wp-content\/uploads\/2017\/01\/10099293406_02cb89635a_b.jpg 1024w\" sizes=\"(max-width: 800px) 100vw, 800px\" \/><\/p>\n<h3><a href=\"https:\/\/www.visitbratislava.com\/sk\/miesta\/pasaz-mateja-krena\/\" target=\"_blank\" rel=\"noopener noreferrer\">Pas\u00e1\u017e Mateja Kr\u00e9na<\/a><\/h3>\n<p>Jedine\u010dn\u00fd projekt in\u0161talovan\u00fd v P\u00e1lffyho pal\u00e1ci (GMB) dosahuje il\u00faziu nekone\u010dn\u00e9ho priestoru vytvoren\u00e9ho kombin\u00e1ciou kn\u00edh a zrkadiel. In\u0161tal\u00e1cia bola ocenen\u00e1 mnoh\u00fdmi svetov\u00fdmi odborn\u00edkmi, vizualiz\u00e1cie a fotografie boli publikovan\u00e9 v najv\u00fdznamnej\u0161\u00edch svetov\u00fdch magaz\u00ednoch o v\u00fdtvarnom umen\u00ed.<strong><a href=\"https:\/\/www.visitbratislava.com\/sk\/miesta\/pasaz-mateja-krena\/\" target=\"_blank\" rel=\"noopener noreferrer\"><br \/>\n<\/a><\/strong><\/p>\n<p><b>Inform\u00e1cie o vstupnom <a href=\"https:\/\/www.gmb.sk\/navstivte\">tu<\/a><\/b>, s <a href=\"http:\/\/card.visitbratislava.com\/sk\/\" target=\"_blank\" rel=\"noopener noreferrer\">Bratislava CARD<\/a>\u00a0z\u013eava 100 %<\/p>\n<p><img loading=\"lazy\" width=\"800\" height=\"360\" class=\"size-full wp-image-27866 aligncenter\" src=\"https:\/\/www.visitbratislava.com\/wp-content\/uploads\/2017\/01\/gmb-pasaz-mateja-krena-_banner_na_titulku.jpg\" alt=\"gmb-pasaz-mateja-krena-_banner_na_titulku\" srcset=\"https:\/\/www.visitbratislava.com\/wp-content\/uploads\/2017\/01\/gmb-pasaz-mateja-krena-_banner_na_titulku.jpg 800w, https:\/\/www.visitbratislava.com\/wp-content\/uploads\/2017\/01\/gmb-pasaz-mateja-krena-_banner_na_titulku-400x180.jpg 400w, https:\/\/www.visitbratislava.com\/wp-content\/uploads\/2017\/01\/gmb-pasaz-mateja-krena-_banner_na_titulku-768x346.jpg 768w, https:\/\/www.visitbratislava.com\/wp-content\/uploads\/2017\/01\/gmb-pasaz-mateja-krena-_banner_na_titulku-200x90.jpg 200w, https:\/\/www.visitbratislava.com\/wp-content\/uploads\/2017\/01\/gmb-pasaz-mateja-krena-_banner_na_titulku-184x84.jpg 184w\" sizes=\"(max-width: 800px) 100vw, 800px\" \/><\/p>\n","protected":false},"excerpt":{"rendered":"<p>Ak pl\u00e1nujete v\u00fdlet do hlavn\u00e9ho mesta, ur\u010dite by ste nemali vynecha\u0165 tieto TOP pamiatky a atrakcie, ktor\u00e9 robia Bratislavu v\u00fdnimo\u010dnou.\u00a0Prejdite sa Bratislavou od historickej Starej radnice a\u017e po modern\u00e9 UFO.<\/p>\n","protected":false},"author":10,"featured_media":103333,"parent":0,"menu_order":0,"comment_status":"closed","ping_status":"closed","template":"","meta":[],"acf":[],"_links":{"self":[{"href":"https:\/\/www.visitbratislava.com\/sk\/wp-json\/wp\/v2\/pages\/27734"}],"collection":[{"href":"https:\/\/www.visitbratislava.com\/sk\/wp-json\/wp\/v2\/pages"}],"about":[{"href":"https:\/\/www.visitbratislava.com\/sk\/wp-json\/wp\/v2\/types\/page"}],"author":[{"embeddable":true,"href":"https:\/\/www.visitbratislava.com\/sk\/wp-json\/wp\/v2\/users\/10"}],"replies":[{"embeddable":true,"href":"https:\/\/www.visitbratislava.com\/sk\/wp-json\/wp\/v2\/comments?post=27734"}],"version-history":[{"count":25,"href":"https:\/\/www.visitbratislava.com\/sk\/wp-json\/wp\/v2\/pages\/27734\/revisions"}],"predecessor-version":[{"id":302563,"href":"https:\/\/www.visitbratislava.com\/sk\/wp-json\/wp\/v2\/pages\/27734\/revisions\/302563"}],"wp:featuredmedia":[{"embeddable":true,"href":"https:\/\/www.visitbratislava.com\/sk\/wp-json\/wp\/v2\/media\/103333"}],"wp:attachment":[{"href":"https:\/\/www.visitbratislava.com\/sk\/wp-json\/wp\/v2\/media?parent=27734"}],"curies":[{"name":"wp","href":"https:\/\/api.w.org\/{rel}","templated":true}]}}