{"id":319899,"date":"2024-11-29T13:33:41","date_gmt":"2024-11-29T12:33:41","guid":{"rendered":"https:\/\/www.visitbratislava.com\/?page_id=319899"},"modified":"2026-01-07T18:16:05","modified_gmt":"2026-01-07T17:16:05","slug":"top-10-zima-s-bratislava-card","status":"publish","type":"page","link":"https:\/\/www.visitbratislava.com\/sk\/top-10-zima-s-bratislava-card\/","title":{"rendered":"Top 10 tipov, ako naplno vyu\u017ei\u0165 Bratislava Card po\u010das zimy"},"content":{"rendered":"<h2><strong>1. Prejdi sa po\u00a0stop\u00e1ch kr\u00e1\u013eov a rytierov<\/strong><\/h2>\n<p>Zimn\u00e1 Bratislava vie prekvapi\u0165 \u2013 najm\u00e4 tam, kde sa nad mestom t\u00fd\u010dia jej dva najikonickej\u0161ie hrady. <strong data-start=\"315\" data-end=\"399\">Dr\u017eitelia <a href=\"https:\/\/card.visitbratislava.com\/sk\/\" target=\"_blank\" rel=\"noopener\">Bratislava Card<\/a> maj\u00fa vstup na <a href=\"https:\/\/card.visitbratislava.com\/sk\/discount\/snm-historicke-muzeum-bratislavsky-hrad\/\" target=\"_blank\" rel=\"noopener\">Bratislavsk\u00fd hrad<\/a> aj <a href=\"https:\/\/card.visitbratislava.com\/sk\/discount\/hrad-devin\/\" target=\"_blank\" rel=\"noopener\">Dev\u00edn<\/a> \u00faplne zadarmo<\/strong>, tak\u017ee sta\u010d\u00ed pr\u00eds\u0165, nad\u00fdcha\u0165 sa zimn\u00e9ho vzduchu a ponori\u0165 sa do pr\u00edbehov kr\u00e1\u013eov, rytierov a d\u00e1vnych legiend. Ide\u00e1lna kombin\u00e1cia kult\u00fary a atmosf\u00e9ry bez \u010fal\u0161\u00edch v\u00fddavkov.<\/p>\n<p><img loading=\"lazy\" class=\"aligncenter wp-image-386418 size-large\" src=\"https:\/\/www.visitbratislava.com\/wp-content\/uploads\/2025\/12\/M-Kovac_2023_Bratislava_zima_hrad_dron_nevyhradna_licencia_casovo_neobmedzena_kat_A_tagg-7-800x600.jpg\" alt=\"bratislavsk\u00fd hrad v zime\" width=\"800\" height=\"600\" srcset=\"https:\/\/www.visitbratislava.com\/wp-content\/uploads\/2025\/12\/M-Kovac_2023_Bratislava_zima_hrad_dron_nevyhradna_licencia_casovo_neobmedzena_kat_A_tagg-7-800x600.jpg 800w, https:\/\/www.visitbratislava.com\/wp-content\/uploads\/2025\/12\/M-Kovac_2023_Bratislava_zima_hrad_dron_nevyhradna_licencia_casovo_neobmedzena_kat_A_tagg-7-400x300.jpg 400w, https:\/\/www.visitbratislava.com\/wp-content\/uploads\/2025\/12\/M-Kovac_2023_Bratislava_zima_hrad_dron_nevyhradna_licencia_casovo_neobmedzena_kat_A_tagg-7-768x576.jpg 768w, https:\/\/www.visitbratislava.com\/wp-content\/uploads\/2025\/12\/M-Kovac_2023_Bratislava_zima_hrad_dron_nevyhradna_licencia_casovo_neobmedzena_kat_A_tagg-7-1536x1152.jpg 1536w, https:\/\/www.visitbratislava.com\/wp-content\/uploads\/2025\/12\/M-Kovac_2023_Bratislava_zima_hrad_dron_nevyhradna_licencia_casovo_neobmedzena_kat_A_tagg-7-2048x1536.jpg 2048w, https:\/\/www.visitbratislava.com\/wp-content\/uploads\/2025\/12\/M-Kovac_2023_Bratislava_zima_hrad_dron_nevyhradna_licencia_casovo_neobmedzena_kat_A_tagg-7-200x150.jpg 200w, https:\/\/www.visitbratislava.com\/wp-content\/uploads\/2025\/12\/M-Kovac_2023_Bratislava_zima_hrad_dron_nevyhradna_licencia_casovo_neobmedzena_kat_A_tagg-7-600x450.jpg 600w\" sizes=\"(max-width: 800px) 100vw, 800px\" \/><\/p>\n<h2 data-start=\"451\" data-end=\"493\"><strong data-start=\"458\" data-end=\"491\">2. Pozoruj Bratislavsk\u00fa panor\u00e1mu s nadh\u013eadom<\/strong><\/h2>\n<p>Star\u00e9 Mesto m\u00e1 nieko\u013eko miest, kde zima vyzer\u00e1 mimoriadne dobre. <strong data-start=\"685\" data-end=\"753\">S kartou je vstup na <a href=\"https:\/\/card.visitbratislava.com\/sk\/discount\/michalska-veza\/\" target=\"_blank\" rel=\"noopener\">Michalsk\u00fa br\u00e1nu<\/a> aj do <a href=\"https:\/\/card.visitbratislava.com\/sk\/discount\/muzeum-dejin-mesta\/\" target=\"_blank\" rel=\"noopener\">Starej radnice<\/a> zdarma<\/strong>. Vo ve\u017ei \u010dak\u00e1 expoz\u00edcia o jej hist\u00f3rii a na Starej radnici v\u00fdstup na vyhliadku, ktor\u00e1 odhal\u00ed Star\u00e9 Mesto v celej jeho zimnej kr\u00e1se.<\/p>\n<p><img loading=\"lazy\" class=\"aligncenter wp-image-386424 size-large\" src=\"https:\/\/www.visitbratislava.com\/wp-content\/uploads\/2025\/12\/M_Dekan_komparz_zima_vianocne-trhy_stara-radnica_vianocne-trhy-800x533.jpg\" alt=\"stara radnica bratislava vyhliadka v zime\" width=\"800\" height=\"533\" srcset=\"https:\/\/www.visitbratislava.com\/wp-content\/uploads\/2025\/12\/M_Dekan_komparz_zima_vianocne-trhy_stara-radnica_vianocne-trhy-800x533.jpg 800w, https:\/\/www.visitbratislava.com\/wp-content\/uploads\/2025\/12\/M_Dekan_komparz_zima_vianocne-trhy_stara-radnica_vianocne-trhy-400x267.jpg 400w, https:\/\/www.visitbratislava.com\/wp-content\/uploads\/2025\/12\/M_Dekan_komparz_zima_vianocne-trhy_stara-radnica_vianocne-trhy-768x512.jpg 768w, https:\/\/www.visitbratislava.com\/wp-content\/uploads\/2025\/12\/M_Dekan_komparz_zima_vianocne-trhy_stara-radnica_vianocne-trhy-1536x1024.jpg 1536w, https:\/\/www.visitbratislava.com\/wp-content\/uploads\/2025\/12\/M_Dekan_komparz_zima_vianocne-trhy_stara-radnica_vianocne-trhy-2048x1366.jpg 2048w, https:\/\/www.visitbratislava.com\/wp-content\/uploads\/2025\/12\/M_Dekan_komparz_zima_vianocne-trhy_stara-radnica_vianocne-trhy-200x133.jpg 200w\" sizes=\"(max-width: 800px) 100vw, 800px\" \/><\/p>\n<h2 data-start=\"576\" data-end=\"620\"><strong data-start=\"586\" data-end=\"618\">3. Vypo\u010duj si pr\u00edbehy ukryt\u00e9 v uliciach<\/strong><\/h2>\n<p>Objavovanie Bratislavy je e\u0161te z\u00e1bavnej\u0161ie, ke\u010f ho sprev\u00e1dza odborn\u00edk. <strong data-start=\"999\" data-end=\"1074\">Bezplatn\u00e1 <a href=\"https:\/\/card.visitbratislava.com\/sk\/discount\/pesia-prehliadka-centra-mesta\/\" target=\"_blank\" rel=\"noopener\">prehliadka so sprievodcom<\/a> je dostupn\u00e1 len pre dr\u017eite\u013eov karty<\/strong>, pri\u010dom sprievodca prid\u00e1 aj vlastn\u00e9 tipy na miesta, kam sa oplat\u00ed z\u00e1js\u0165 po\u010das zvy\u0161ku pobytu.<\/p>\n<p><img loading=\"lazy\" class=\"aligncenter wp-image-386430 size-large\" src=\"https:\/\/www.visitbratislava.com\/wp-content\/uploads\/2025\/12\/Pesia-prehliadka-mesta-800x533.jpg\" alt=\"sprev\u00e1dzan\u00e1 prehliadka star\u00e9ho mesta\" width=\"800\" height=\"533\" srcset=\"https:\/\/www.visitbratislava.com\/wp-content\/uploads\/2025\/12\/Pesia-prehliadka-mesta-800x533.jpg 800w, https:\/\/www.visitbratislava.com\/wp-content\/uploads\/2025\/12\/Pesia-prehliadka-mesta-400x267.jpg 400w, https:\/\/www.visitbratislava.com\/wp-content\/uploads\/2025\/12\/Pesia-prehliadka-mesta-768x512.jpg 768w, https:\/\/www.visitbratislava.com\/wp-content\/uploads\/2025\/12\/Pesia-prehliadka-mesta-1536x1024.jpg 1536w, https:\/\/www.visitbratislava.com\/wp-content\/uploads\/2025\/12\/Pesia-prehliadka-mesta-2048x1365.jpg 2048w, https:\/\/www.visitbratislava.com\/wp-content\/uploads\/2025\/12\/Pesia-prehliadka-mesta-200x133.jpg 200w\" sizes=\"(max-width: 800px) 100vw, 800px\" \/><\/p>\n<h2 data-start=\"703\" data-end=\"740\"><strong data-start=\"810\" data-end=\"840\">4. Za\u017ei chu\u0165 Bratislavy cez v\u00edno<\/strong><\/h2>\n<p>V 17. storo\u010dn\u00fdch pivniciach \u010dak\u00e1 z\u00e1\u017eitok, ktor\u00fd sa inde len tak nevid\u00ed \u2013 <strong data-start=\"1525\" data-end=\"1568\"><a href=\"https:\/\/card.visitbratislava.com\/sk\/discount\/ochutnavka-slovenskych-vin\/\" target=\"_blank\" rel=\"noopener\">tmav\u00e1 degust\u00e1cia<\/a> troch v\u00edn \u00faplne zdarma (s Bratislava card)<\/strong>. A o p\u00e1r ul\u00edc \u010falej v N\u00e1rodnom sal\u00f3ne v\u00edn \u010dakaj\u00fa <strong data-start=\"1618\" data-end=\"1655\"><a href=\"https:\/\/card.visitbratislava.com\/sk\/discount\/narodny-salon-vin\/\" target=\"_blank\" rel=\"noopener\">riaden\u00e9 degust\u00e1cie<\/a> so z\u013eavou 10 % (s Bratislava card)<\/strong>, vr\u00e1tane legend\u00e1rneho programu <em data-start=\"1687\" data-end=\"1708\">72 v\u00edn za 100 min\u00fat<\/em> v historickej pivnici z 18. storo\u010dia.<\/p>\n<p><img loading=\"lazy\" class=\"aligncenter wp-image-67819 size-large\" src=\"https:\/\/www.visitbratislava.com\/wp-content\/uploads\/2015\/02\/romantika-vino-800x533.jpg\" alt=\"v\u00ednna degust\u00e1cia v pivnici\" width=\"800\" height=\"533\" srcset=\"https:\/\/www.visitbratislava.com\/wp-content\/uploads\/2015\/02\/romantika-vino-800x533.jpg 800w, https:\/\/www.visitbratislava.com\/wp-content\/uploads\/2015\/02\/romantika-vino-400x267.jpg 400w, https:\/\/www.visitbratislava.com\/wp-content\/uploads\/2015\/02\/romantika-vino-768x512.jpg 768w, https:\/\/www.visitbratislava.com\/wp-content\/uploads\/2015\/02\/romantika-vino-200x133.jpg 200w\" sizes=\"(max-width: 800px) 100vw, 800px\" \/><\/p>\n<h2 data-start=\"919\" data-end=\"968\"><strong data-start=\"927\" data-end=\"966\">5. Pokochaj sa umen\u00edm, ktor\u00e9 spestr\u00ed aj zimn\u00e9 dni<\/strong><\/h2>\n<p data-start=\"1797\" data-end=\"2069\">Ke\u010f vonku mrhol\u00ed alebo pad\u00e1 sneh, gal\u00e9rie s\u00fa ide\u00e1lnym \u00fato\u010diskom. <strong data-start=\"1862\" data-end=\"1909\"><a href=\"https:\/\/card.visitbratislava.com\/sk\/discount\/slovenska-narodna-galeria\/\" target=\"_blank\" rel=\"noopener\">Slovensk\u00e1 n\u00e1rodn\u00e1 gal\u00e9ria<\/a> pon\u00faka 50 % z\u013eavu<\/strong>, <strong><a href=\"https:\/\/card.visitbratislava.com\/sk\/discount\/danubiana-meulensteen-art-museum\/\" target=\"_blank\" rel=\"noopener\">Danubiana<\/a><\/strong> a <a href=\"https:\/\/card.visitbratislava.com\/sk\/discount\/galeria-nadbalka\/\" target=\"_blank\" rel=\"noopener\"><strong>Nedbalka<\/strong><\/a> <strong data-start=\"1932\" data-end=\"1940\">20 %<\/strong>, a dve gal\u00e9rie <strong><a href=\"https:\/\/card.visitbratislava.com\/sk\/discount\/galeria-mesta-bratislavy-mirbachov-palac\/\" target=\"_blank\" rel=\"noopener\">GMB \u2013 Mirbachov<\/a><\/strong> aj <a href=\"https:\/\/card.visitbratislava.com\/sk\/discount\/galeria-mesta-bratislavy-palffyho-palac\/\" target=\"_blank\" rel=\"noopener\"><strong>P\u00e1lffyho pal\u00e1c<\/strong><\/a> \u2013 s\u00fa <strong data-start=\"1995\" data-end=\"2031\">pre dr\u017eite\u013eov karty \u00faplne zdarma<\/strong>. Zimn\u00e1 kreat\u00edvna terapia na po\u010dkanie.<\/p>\n<p data-start=\"1797\" data-end=\"2069\"><img loading=\"lazy\" class=\"aligncenter wp-image-102758 size-large\" src=\"https:\/\/www.visitbratislava.com\/wp-content\/uploads\/2015\/05\/galeria-nedbalka-architektura-umenie-1180399-1-800x600.jpg\" alt=\"gal\u00e9ria nedbalka\" width=\"800\" height=\"600\" srcset=\"https:\/\/www.visitbratislava.com\/wp-content\/uploads\/2015\/05\/galeria-nedbalka-architektura-umenie-1180399-1-800x600.jpg 800w, https:\/\/www.visitbratislava.com\/wp-content\/uploads\/2015\/05\/galeria-nedbalka-architektura-umenie-1180399-1-400x300.jpg 400w, https:\/\/www.visitbratislava.com\/wp-content\/uploads\/2015\/05\/galeria-nedbalka-architektura-umenie-1180399-1-768x576.jpg 768w, https:\/\/www.visitbratislava.com\/wp-content\/uploads\/2015\/05\/galeria-nedbalka-architektura-umenie-1180399-1-200x150.jpg 200w, https:\/\/www.visitbratislava.com\/wp-content\/uploads\/2015\/05\/galeria-nedbalka-architektura-umenie-1180399-1-600x450.jpg 600w, https:\/\/www.visitbratislava.com\/wp-content\/uploads\/2015\/05\/galeria-nedbalka-architektura-umenie-1180399-1.jpg 1200w\" sizes=\"(max-width: 800px) 100vw, 800px\" \/><\/p>\n<h2 data-start=\"703\" data-end=\"740\"><strong data-start=\"710\" data-end=\"738\">6. Zohrej si hudbou du\u0161u<\/strong><\/h2>\n<p>Zimn\u00e1 <strong><a href=\"https:\/\/card.visitbratislava.com\/sk\/discount\/slovenska-filharmonia\/\" target=\"_blank\" rel=\"noopener\">filharm\u00f3nia<\/a><\/strong> m\u00e1 svoje \u010daro \u2013 ve\u013ek\u00e9 symfonick\u00e9 koncerty, sviato\u010dn\u00e9 programy a majest\u00e1tna koncertn\u00e1 sie\u0148. <strong data-start=\"1316\" data-end=\"1372\">S kartou je mo\u017en\u00e9 zak\u00fapi\u0165 si vstupenky s 10 % z\u013eavou<\/strong>, tak\u017ee kult\u00farny ve\u010der m\u00f4\u017ee za\u010da\u0165.<\/p>\n<p><img loading=\"lazy\" class=\"aligncenter wp-image-265645 size-large\" src=\"https:\/\/www.visitbratislava.com\/wp-content\/uploads\/2023\/10\/07-SF-Svarovsky-Al-Ashhab-Mendelssohn-foto-\u00a9-A.-Trizuljak-w-800x534.jpg\" alt=\"slovensk\u00e1 filharm\u00f3nia\" width=\"800\" height=\"534\" srcset=\"https:\/\/www.visitbratislava.com\/wp-content\/uploads\/2023\/10\/07-SF-Svarovsky-Al-Ashhab-Mendelssohn-foto-\u00a9-A.-Trizuljak-w-800x534.jpg 800w, https:\/\/www.visitbratislava.com\/wp-content\/uploads\/2023\/10\/07-SF-Svarovsky-Al-Ashhab-Mendelssohn-foto-\u00a9-A.-Trizuljak-w-400x267.jpg 400w, https:\/\/www.visitbratislava.com\/wp-content\/uploads\/2023\/10\/07-SF-Svarovsky-Al-Ashhab-Mendelssohn-foto-\u00a9-A.-Trizuljak-w-768x513.jpg 768w, https:\/\/www.visitbratislava.com\/wp-content\/uploads\/2023\/10\/07-SF-Svarovsky-Al-Ashhab-Mendelssohn-foto-\u00a9-A.-Trizuljak-w-1536x1025.jpg 1536w, https:\/\/www.visitbratislava.com\/wp-content\/uploads\/2023\/10\/07-SF-Svarovsky-Al-Ashhab-Mendelssohn-foto-\u00a9-A.-Trizuljak-w-2048x1367.jpg 2048w, https:\/\/www.visitbratislava.com\/wp-content\/uploads\/2023\/10\/07-SF-Svarovsky-Al-Ashhab-Mendelssohn-foto-\u00a9-A.-Trizuljak-w-200x133.jpg 200w\" sizes=\"(max-width: 800px) 100vw, 800px\" \/><\/p>\n<h2 data-start=\"919\" data-end=\"968\"><strong data-start=\"1050\" data-end=\"1079\">7. Nas\u00fd\u0165 sa chu\u0165ou Pre\u0161porka<\/strong><\/h2>\n<p data-start=\"2105\" data-end=\"2375\">Ni\u010d nezahreje tak dobre ako dobr\u00e9 jedlo. V podnikoch <a href=\"https:\/\/card.visitbratislava.com\/sk\/discount\/restauracia-leberfinger\/\" target=\"_blank\" rel=\"noopener\"><strong>Leberfinger<\/strong><\/a> a <a href=\"https:\/\/card.visitbratislava.com\/sk\/discount\/zylinder-cafe-restaurant\/\" target=\"_blank\" rel=\"noopener\"><strong>Zylinder<\/strong><\/a> \u010dak\u00e1 tradi\u010dn\u00e1 bratislavsk\u00e1 kuchy\u0148a, v <strong><a href=\"https:\/\/card.visitbratislava.com\/sk\/discount\/sky-restaurant-bar\/\" target=\"_blank\" rel=\"noopener\">Sky Bare<\/a><\/strong> modern\u00e9 \u00e1zijsk\u00e9 chute s v\u00fdh\u013eadom na mesto. <strong data-start=\"2271\" data-end=\"2324\">Vo v\u0161etk\u00fdch t\u00fdchto re\u0161taur\u00e1ci\u00e1ch plat\u00ed z\u013eava 10 % (s Bratislava Card)<\/strong>, tak\u017ee aj kulin\u00e1rsky v\u00fdlet zostane pr\u00edjemne tepl\u00fd.<\/p>\n<p data-start=\"2105\" data-end=\"2375\"><img loading=\"lazy\" class=\"aligncenter wp-image-132421 size-large\" src=\"https:\/\/www.visitbratislava.com\/wp-content\/uploads\/2022\/03\/Zdroj_Zylinder_1920x1280-800x533.jpg\" alt=\"zylinder cafe and restaurant\" width=\"800\" height=\"533\" srcset=\"https:\/\/www.visitbratislava.com\/wp-content\/uploads\/2022\/03\/Zdroj_Zylinder_1920x1280-800x533.jpg 800w, https:\/\/www.visitbratislava.com\/wp-content\/uploads\/2022\/03\/Zdroj_Zylinder_1920x1280-400x267.jpg 400w, https:\/\/www.visitbratislava.com\/wp-content\/uploads\/2022\/03\/Zdroj_Zylinder_1920x1280-768x512.jpg 768w, https:\/\/www.visitbratislava.com\/wp-content\/uploads\/2022\/03\/Zdroj_Zylinder_1920x1280-1536x1024.jpg 1536w, https:\/\/www.visitbratislava.com\/wp-content\/uploads\/2022\/03\/Zdroj_Zylinder_1920x1280-200x133.jpg 200w, https:\/\/www.visitbratislava.com\/wp-content\/uploads\/2022\/03\/Zdroj_Zylinder_1920x1280.jpg 1920w\" sizes=\"(max-width: 800px) 100vw, 800px\" \/><\/p>\n<h2 data-start=\"1140\" data-end=\"1185\"><strong data-start=\"1147\" data-end=\"1183\">8. Zober si rodinu za dobrodru\u017estvom<\/strong><\/h2>\n<p data-start=\"2426\" data-end=\"2698\">Rodinn\u00fd program po\u010das zimy nemus\u00ed by\u0165 len o \u010diapkach a \u0161\u00e1loch. <strong data-start=\"2489\" data-end=\"2569\"><a href=\"https:\/\/card.visitbratislava.com\/sk\/discount\/zoo-bratislava\/\" target=\"_blank\" rel=\"noopener\">Zoo Bratislava<\/a>, <a href=\"https:\/\/card.visitbratislava.com\/sk\/discount\/muzeum-dopravy-2\/\" target=\"_blank\" rel=\"noopener\">Dopravn\u00e9 m\u00fazeum<\/a> aj <a href=\"https:\/\/card.visitbratislava.com\/sk\/discount\/snm-prirodovedne-muzeum\/\" target=\"_blank\" rel=\"noopener\">Pr\u00edrodovedn\u00e9 m\u00fazeum<\/a> pon\u00fakaj\u00fa vstup zdarma<\/strong>, a tak sa rodiny m\u00f4\u017eu vybra\u0165 za zvieratami, do sveta dinosaurov alebo medzi historick\u00e9 lokomot\u00edvy bez toho, aby rie\u0161ili vstupn\u00e9.<\/p>\n<p data-start=\"2426\" data-end=\"2698\"><img loading=\"lazy\" class=\"aligncenter wp-image-219751 size-large\" src=\"https:\/\/www.visitbratislava.com\/wp-content\/uploads\/2023\/02\/Dizajn-bez-nazvu-4-800x533.png\" alt=\"pani s lamou bratislava zoo\" width=\"800\" height=\"533\" srcset=\"https:\/\/www.visitbratislava.com\/wp-content\/uploads\/2023\/02\/Dizajn-bez-nazvu-4-800x533.png 800w, https:\/\/www.visitbratislava.com\/wp-content\/uploads\/2023\/02\/Dizajn-bez-nazvu-4-400x267.png 400w, https:\/\/www.visitbratislava.com\/wp-content\/uploads\/2023\/02\/Dizajn-bez-nazvu-4-768x512.png 768w, https:\/\/www.visitbratislava.com\/wp-content\/uploads\/2023\/02\/Dizajn-bez-nazvu-4-1536x1024.png 1536w, https:\/\/www.visitbratislava.com\/wp-content\/uploads\/2023\/02\/Dizajn-bez-nazvu-4-200x133.png 200w, https:\/\/www.visitbratislava.com\/wp-content\/uploads\/2023\/02\/Dizajn-bez-nazvu-4.png 1920w\" sizes=\"(max-width: 800px) 100vw, 800px\" \/><\/p>\n<h2 data-start=\"1140\" data-end=\"1185\"><strong data-start=\"1264\" data-end=\"1297\">9. Objavuj \u010dar\u00e1 regi\u00f3nu<\/strong><\/h2>\n<p data-start=\"2742\" data-end=\"2981\">Zimn\u00fd v\u00fdlet do regi\u00f3nu dok\u00e1\u017ee kr\u00e1sne spestri\u0165 pobyt v meste. <strong data-start=\"2803\" data-end=\"2869\"><a href=\"https:\/\/card.visitbratislava.com\/sk\/discount\/malokarpatske-muzeum-v-pezinku\/\" target=\"_blank\" rel=\"noopener\">Malokarpatsk\u00e9 m\u00fazeum<\/a>, <a href=\"https:\/\/card.visitbratislava.com\/sk\/discount\/prehliadka-slovenskej-ludovej-majoliky\/\" target=\"_blank\" rel=\"noopener\">M\u00fazeum majoliky<\/a> v Modre, aj <a href=\"https:\/\/card.visitbratislava.com\/sk\/discount\/hrad-cerveny-kamen\/\" target=\"_blank\" rel=\"noopener\">\u010cerven\u00fd Kame\u0148<\/a><\/strong> s\u00fa s kartou <strong data-start=\"2882\" data-end=\"2899\">\u00faplne zadarmo<\/strong>, tak\u017ee spozn\u00e1vanie v\u00edn, remesiel a \u0161\u013eachtick\u00fdch pr\u00edbehov je dostupn\u00e9 pre ka\u017ed\u00e9ho.<\/p>\n<p data-start=\"2742\" data-end=\"2981\"><img loading=\"lazy\" class=\"aligncenter wp-image-348867 size-large\" src=\"https:\/\/www.visitbratislava.com\/wp-content\/uploads\/2025\/08\/MalokarpatskeMuzeumPezinok_interier_KlarinLis_102024_martina_mlcuchova-10-800x533.jpeg\" alt=\"malokarpatske muzeum v pezinku\" width=\"800\" height=\"533\" srcset=\"https:\/\/www.visitbratislava.com\/wp-content\/uploads\/2025\/08\/MalokarpatskeMuzeumPezinok_interier_KlarinLis_102024_martina_mlcuchova-10-800x533.jpeg 800w, https:\/\/www.visitbratislava.com\/wp-content\/uploads\/2025\/08\/MalokarpatskeMuzeumPezinok_interier_KlarinLis_102024_martina_mlcuchova-10-400x267.jpeg 400w, https:\/\/www.visitbratislava.com\/wp-content\/uploads\/2025\/08\/MalokarpatskeMuzeumPezinok_interier_KlarinLis_102024_martina_mlcuchova-10-768x512.jpeg 768w, https:\/\/www.visitbratislava.com\/wp-content\/uploads\/2025\/08\/MalokarpatskeMuzeumPezinok_interier_KlarinLis_102024_martina_mlcuchova-10-1536x1024.jpeg 1536w, https:\/\/www.visitbratislava.com\/wp-content\/uploads\/2025\/08\/MalokarpatskeMuzeumPezinok_interier_KlarinLis_102024_martina_mlcuchova-10-200x133.jpeg 200w, https:\/\/www.visitbratislava.com\/wp-content\/uploads\/2025\/08\/MalokarpatskeMuzeumPezinok_interier_KlarinLis_102024_martina_mlcuchova-10.jpeg 1920w\" sizes=\"(max-width: 800px) 100vw, 800px\" \/><\/p>\n<h2 data-start=\"1374\" data-end=\"1416\"><strong data-start=\"1381\" data-end=\"1414\">10. Cesta bez hran\u00edc \u2013 zdarma<\/strong><\/h2>\n<p data-start=\"3021\" data-end=\"3247\">Po\u010das zimy pote\u0161\u00ed aj ka\u017ed\u00fd u\u0161etren\u00fd presun. <strong data-start=\"3065\" data-end=\"3161\">S <a href=\"https:\/\/card.visitbratislava.com\/sk\/digitalna-bratislava-card\/\" target=\"_blank\" rel=\"noopener\">Bratislava Card<\/a> je <a href=\"https:\/\/card.visitbratislava.com\/sk\/discount\/verejna-doprava\/\" target=\"_blank\" rel=\"noopener\">cestovanie<\/a> mestskou hromadnou dopravou aj region\u00e1lnymi autobusmi zdarma<\/strong>, tak\u017ee objavovanie mesta aj okolia je jednoduch\u00e9, pohodln\u00e9 a bez starost\u00ed s l\u00edstkami.<\/p>\n<p><img loading=\"lazy\" class=\"aligncenter wp-image-386438 size-large\" src=\"https:\/\/www.visitbratislava.com\/wp-content\/uploads\/2025\/12\/DPB-03-1-800x533.jpg\" alt=\"viano\u010dn\u00e1 elektri\u010cka v tuneli\" width=\"800\" height=\"533\" srcset=\"https:\/\/www.visitbratislava.com\/wp-content\/uploads\/2025\/12\/DPB-03-1-800x533.jpg 800w, https:\/\/www.visitbratislava.com\/wp-content\/uploads\/2025\/12\/DPB-03-1-400x267.jpg 400w, https:\/\/www.visitbratislava.com\/wp-content\/uploads\/2025\/12\/DPB-03-1-768x512.jpg 768w, https:\/\/www.visitbratislava.com\/wp-content\/uploads\/2025\/12\/DPB-03-1-1536x1024.jpg 1536w, https:\/\/www.visitbratislava.com\/wp-content\/uploads\/2025\/12\/DPB-03-1-2048x1366.jpg 2048w, https:\/\/www.visitbratislava.com\/wp-content\/uploads\/2025\/12\/DPB-03-1-200x133.jpg 200w\" sizes=\"(max-width: 800px) 100vw, 800px\" \/><\/p>\n<p>Viano\u010dn\u00fd tip &#8211; od 27. novembra 2025 do 6. janu\u00e1ra 2026 m\u00e1te na digit\u00e1lnu Bratislava card 10 percent z\u013eavu!<\/p>\n<p><a href=\"https:\/\/card.visitbratislava.com\/sk\/digitalna-bratislava-card\/\" target=\"_blank\" rel=\"noopener\"><img loading=\"lazy\" class=\"aligncenter wp-image-383182 size-large\" src=\"https:\/\/www.visitbratislava.com\/wp-content\/uploads\/2025\/11\/1440x680_BC_appka_nov2025_1-800x378.jpg\" alt=\"z\u013eava10 percent na Bratislava card zima\" width=\"800\" height=\"378\" srcset=\"https:\/\/www.visitbratislava.com\/wp-content\/uploads\/2025\/11\/1440x680_BC_appka_nov2025_1-800x378.jpg 800w, https:\/\/www.visitbratislava.com\/wp-content\/uploads\/2025\/11\/1440x680_BC_appka_nov2025_1-400x189.jpg 400w, https:\/\/www.visitbratislava.com\/wp-content\/uploads\/2025\/11\/1440x680_BC_appka_nov2025_1-768x363.jpg 768w, https:\/\/www.visitbratislava.com\/wp-content\/uploads\/2025\/11\/1440x680_BC_appka_nov2025_1-200x94.jpg 200w, https:\/\/www.visitbratislava.com\/wp-content\/uploads\/2025\/11\/1440x680_BC_appka_nov2025_1.jpg 1440w\" sizes=\"(max-width: 800px) 100vw, 800px\" \/><\/a><\/p>\n","protected":false},"excerpt":{"rendered":"<p>Bratislava Card prin\u00e1\u0161a top zimn\u00e9 z\u00e1\u017eitky \u2013 kult\u00faru, hist\u00f3riu, relax aj jedine\u010dn\u00e9 v\u00fdh\u013eady, ktor\u00e9 si n\u00e1v\u0161tevn\u00edk zamiluje.<\/p>\n","protected":false},"author":41,"featured_media":369988,"parent":0,"menu_order":0,"comment_status":"closed","ping_status":"closed","template":"","meta":[],"acf":[],"_links":{"self":[{"href":"https:\/\/www.visitbratislava.com\/sk\/wp-json\/wp\/v2\/pages\/319899"}],"collection":[{"href":"https:\/\/www.visitbratislava.com\/sk\/wp-json\/wp\/v2\/pages"}],"about":[{"href":"https:\/\/www.visitbratislava.com\/sk\/wp-json\/wp\/v2\/types\/page"}],"author":[{"embeddable":true,"href":"https:\/\/www.visitbratislava.com\/sk\/wp-json\/wp\/v2\/users\/41"}],"replies":[{"embeddable":true,"href":"https:\/\/www.visitbratislava.com\/sk\/wp-json\/wp\/v2\/comments?post=319899"}],"version-history":[{"count":20,"href":"https:\/\/www.visitbratislava.com\/sk\/wp-json\/wp\/v2\/pages\/319899\/revisions"}],"predecessor-version":[{"id":386784,"href":"https:\/\/www.visitbratislava.com\/sk\/wp-json\/wp\/v2\/pages\/319899\/revisions\/386784"}],"wp:featuredmedia":[{"embeddable":true,"href":"https:\/\/www.visitbratislava.com\/sk\/wp-json\/wp\/v2\/media\/369988"}],"wp:attachment":[{"href":"https:\/\/www.visitbratislava.com\/sk\/wp-json\/wp\/v2\/media?parent=319899"}],"curies":[{"name":"wp","href":"https:\/\/api.w.org\/{rel}","templated":true}]}}