{"id":33326,"date":"2017-06-05T08:56:39","date_gmt":"2017-06-05T06:56:39","guid":{"rendered":"https:\/\/www.visitbratislava.com\/?page_id=33326\/"},"modified":"2017-06-05T13:47:35","modified_gmt":"2017-06-05T11:47:35","slug":"kralovska-minulost","status":"publish","type":"page","link":"https:\/\/www.visitbratislava.com\/sk\/korunovacie\/kralovska-minulost\/","title":{"rendered":"Kr\u00e1\u013eovsk\u00e1 minulos\u0165"},"content":{"rendered":"<h3><strong>Korunovan\u00ed panovn\u00edci a\u00a0ich man\u017eelky v\u00a0D\u00f3me sv. Martina<\/strong><\/h3>\n<table>\n<tbody>\n<tr>\n<td width=\"434\"><strong>Obdobie vl\u00e1dy<\/strong><\/td>\n<td width=\"170\"><strong>d\u00e1tum korunov\u00e1cie<\/strong><\/td>\n<\/tr>\n<tr>\n<td width=\"434\">Maximili\u00e1n (1564-1576)<\/td>\n<td width=\"170\">8. 9. 1563<\/td>\n<\/tr>\n<tr>\n<td width=\"434\">M\u00e1ria, jeho man\u017eelka<\/td>\n<td width=\"170\">9. 9. 1563<\/td>\n<\/tr>\n<tr>\n<td width=\"434\">Rudolf\u00a0 (1576-1608)<\/td>\n<td width=\"170\">25. 9. 1572<\/td>\n<\/tr>\n<tr>\n<td width=\"434\">Matej II. (1608-1619)<\/td>\n<td width=\"170\">19. 11. 1608<\/td>\n<\/tr>\n<tr>\n<td width=\"434\">Anna, jeho man\u017eelka<\/td>\n<td width=\"170\">25. 3. 1613<\/td>\n<\/tr>\n<tr>\n<td width=\"434\">Ferdinand II. (1619-1637)<\/td>\n<td width=\"170\">1. 7. 1618<\/td>\n<\/tr>\n<tr>\n<td width=\"434\">M\u00e1ria Anna, prv\u00e1 man\u017eelka Ferdinanda III.<\/td>\n<td width=\"170\">14. 2. 1638<\/td>\n<\/tr>\n<tr>\n<td width=\"434\">Ferdinand IV. (nevl\u00e1dol, zomrel v\u00a0r. 1654)<\/td>\n<td width=\"170\">16. 6. 1647<\/td>\n<\/tr>\n<tr>\n<td width=\"434\">Eleon\u00f3ra Gonzaga, tretia man\u017eelka Ferdinanda III.<\/td>\n<td width=\"170\">6. 6. 1655<\/td>\n<\/tr>\n<tr>\n<td width=\"434\">Leopold I. (1657-1705)<\/td>\n<td width=\"170\">27. 6. 1655<\/td>\n<\/tr>\n<tr>\n<td width=\"434\">Jozef I. (1705-1711)<\/td>\n<td width=\"170\">9. 12. 1687<\/td>\n<\/tr>\n<tr>\n<td width=\"434\">Karol III. (1711-1740)<\/td>\n<td width=\"170\">22. 5. 1712<\/td>\n<\/tr>\n<tr>\n<td width=\"434\">Al\u017ebeta Krist\u00edna, jeho man\u017eelka<\/td>\n<td width=\"170\">18. 10. 1714<\/td>\n<\/tr>\n<tr>\n<td width=\"434\">M\u00e1ria Ter\u00e9zia (1740-1780)<\/td>\n<td width=\"170\">25. 6. 1741<\/td>\n<\/tr>\n<tr>\n<td width=\"434\">Leopold II. (1790-1792)<\/td>\n<td width=\"170\">15. 11. 1790<\/td>\n<\/tr>\n<tr>\n<td width=\"434\">M\u00e1ria Ludovika, tretia man\u017eelka Franti\u0161ka I.<\/td>\n<td width=\"170\">7. 9. 1808<\/td>\n<\/tr>\n<tr>\n<td width=\"434\">Karol\u00edna Augusta, \u0161tvrt\u00e1 man\u017eelka Franti\u0161ka I.<\/td>\n<td width=\"170\">25. 9. 1825<\/td>\n<\/tr>\n<tr>\n<td width=\"434\">Ferdinand V. (1835-1848)<\/td>\n<td width=\"170\">28. 9. 1830<\/td>\n<\/tr>\n<\/tbody>\n<\/table>\n<p><strong>M\u00e1ria Ter\u00e9zia<\/strong><\/p>\n<p>Karol III. (VI.) zomrel bez mu\u017esk\u00fdch potomkov a uhorskou panovn\u00ed\u010dkou sa stala jeho dc\u00e9ra M\u00e1ria Ter\u00e9zia. Aj po jej pomp\u00e9znej korunov\u00e1cii v\u00a0j\u00fani 1741, bolo jej postavenie st\u00e1le neist\u00e9, preto na zasadan\u00ed uhorsk\u00e9ho snemu 11. septembra v\u00a0Bratislave \u017eiadala finan\u010dn\u00fa aj vojensk\u00fa podporu proti svojmu nepriate\u013eovi Fridrichovi Ve\u013ek\u00e9mu. Uhorsk\u00ed magn\u00e1ti ju podporili a v\u00fdkrikom \u201eVitam et sanguinem\u201c prisved\u010dili, \u017ee za kr\u00e1\u013eovn\u00fa a\u00a0na obranu r\u00ed\u0161e s\u00fa ochotn\u00ed obetova\u0165 svoj \u201e\u017eivot a\u00a0krv\u201c. Vplyvn\u00e1 panovn\u00ed\u010dka, ktor\u00e1 bola po\u010das svojej 40-ro\u010dnej vl\u00e1dy inici\u00e1torkou mnoh\u00fdch reforiem dala prestava\u0165 hrad na kr\u00e1\u013eovsk\u00fa rezidenciu a\u00a0na konci svojej vl\u00e1dy povolila zb\u00fara\u0165 \u010das\u0165 mestsk\u00e9ho opevnenia \u010d\u00edm umo\u017enila roz\u0161\u00edrenie mesta.<\/p>\n<p><img loading=\"lazy\" width=\"646\" height=\"800\" class=\"aligncenter size-large wp-image-3206\" src=\"https:\/\/www.visitbratislava.com\/wp-content\/uploads\/2014\/10\/Kaiserin_Maria_Theresia-646x800.jpg\" alt=\"Maria Theresia\" srcset=\"https:\/\/www.visitbratislava.com\/wp-content\/uploads\/2014\/10\/Kaiserin_Maria_Theresia-646x800.jpg 646w, https:\/\/www.visitbratislava.com\/wp-content\/uploads\/2014\/10\/Kaiserin_Maria_Theresia-323x400.jpg 323w, https:\/\/www.visitbratislava.com\/wp-content\/uploads\/2014\/10\/Kaiserin_Maria_Theresia-161x200.jpg 161w, https:\/\/www.visitbratislava.com\/wp-content\/uploads\/2014\/10\/Kaiserin_Maria_Theresia.jpg 1651w\" sizes=\"(max-width: 646px) 100vw, 646px\" \/><\/p>\n","protected":false},"excerpt":{"rendered":"<p>Korunovan\u00ed panovn\u00edci a\u00a0ich man\u017eelky v\u00a0D\u00f3me sv. Martina Obdobie vl\u00e1dy d\u00e1tum korunov\u00e1cie Maximili\u00e1n (1564-1576) 8. 9. 1563 M\u00e1ria, jeho man\u017eelka 9. 9. 1563 Rudolf\u00a0 (1576-1608) 25. 9. 1572 Matej II. (1608-1619) 19. 11. 1608 Anna, jeho man\u017eelka 25. 3. 1613 Ferdinand II. (1619-1637) 1. 7. 1618 M\u00e1ria Anna, prv\u00e1 man\u017eelka Ferdinanda III. 14. 2. 1638 Ferdinand [&hellip;]<\/p>\n","protected":false},"author":10,"featured_media":33332,"parent":33100,"menu_order":0,"comment_status":"closed","ping_status":"closed","template":"","meta":[],"acf":[],"_links":{"self":[{"href":"https:\/\/www.visitbratislava.com\/sk\/wp-json\/wp\/v2\/pages\/33326"}],"collection":[{"href":"https:\/\/www.visitbratislava.com\/sk\/wp-json\/wp\/v2\/pages"}],"about":[{"href":"https:\/\/www.visitbratislava.com\/sk\/wp-json\/wp\/v2\/types\/page"}],"author":[{"embeddable":true,"href":"https:\/\/www.visitbratislava.com\/sk\/wp-json\/wp\/v2\/users\/10"}],"replies":[{"embeddable":true,"href":"https:\/\/www.visitbratislava.com\/sk\/wp-json\/wp\/v2\/comments?post=33326"}],"version-history":[{"count":1,"href":"https:\/\/www.visitbratislava.com\/sk\/wp-json\/wp\/v2\/pages\/33326\/revisions"}],"predecessor-version":[{"id":254721,"href":"https:\/\/www.visitbratislava.com\/sk\/wp-json\/wp\/v2\/pages\/33326\/revisions\/254721"}],"up":[{"embeddable":true,"href":"https:\/\/www.visitbratislava.com\/sk\/wp-json\/wp\/v2\/pages\/33100"}],"wp:featuredmedia":[{"embeddable":true,"href":"https:\/\/www.visitbratislava.com\/sk\/wp-json\/wp\/v2\/media\/33332"}],"wp:attachment":[{"href":"https:\/\/www.visitbratislava.com\/sk\/wp-json\/wp\/v2\/media?parent=33326"}],"curies":[{"name":"wp","href":"https:\/\/api.w.org\/{rel}","templated":true}]}}