{"id":348854,"date":"2025-08-22T17:15:02","date_gmt":"2025-08-22T15:15:02","guid":{"rendered":"https:\/\/www.visitbratislava.com\/?page_id=348854"},"modified":"2025-12-01T14:58:57","modified_gmt":"2025-12-01T13:58:57","slug":"co-zazit-v-bratislave-za-tri-dni","status":"publish","type":"page","link":"https:\/\/www.visitbratislava.com\/sk\/co-zazit-v-bratislave-za-tri-dni\/","title":{"rendered":"\u010co za\u017ei\u0165 v Bratislave za tri dni"},"content":{"rendered":"<h2 data-start=\"309\" data-end=\"344\">De\u0148 1: Ikony historick\u00e9ho centra<\/h2>\n<ul>\n<li data-start=\"346\" data-end=\"1042\"><strong data-start=\"346\" data-end=\"362\">9:00 \u2013 11:00<\/strong>: Historick\u00e9 m\u00fazeum \u2013 Bratislavsk\u00fd hrad &amp; barokov\u00e1 z\u00e1hrada (zadarmo s Bratislava Card)<\/li>\n<li data-start=\"346\" data-end=\"1042\"><strong data-start=\"451\" data-end=\"468\">11:15 \u2013 11:45<\/strong>: Katedr\u00e1la sv. Martina \u2013 krypty, ch\u00f3r, klenotnica (zadarmo s Bratislava Card)<\/li>\n<li data-start=\"346\" data-end=\"1042\"><strong data-start=\"549\" data-end=\"566\">12:00 \u2013 13:45<\/strong>: Obed v Zylinder Cafe Restaurant (z\u013eava 10 % s Bratislava Card)<\/li>\n<li data-start=\"346\" data-end=\"1042\"><strong data-start=\"633\" data-end=\"650\">14:00 \u2013 15:15<\/strong>: Pe\u0161ia prehliadka star\u00e9ho mesta so sprievodcom (zadarmo s Bratislava Card, denne o 14:00)<\/li>\n<li data-start=\"346\" data-end=\"1042\"><strong data-start=\"743\" data-end=\"760\">15:30 \u2013 16:45<\/strong>: Gal\u00e9ria mesta Bratislavy \u2013 Mirbachov pal\u00e1c (zadarmo s Bratislava Card)<\/li>\n<li data-start=\"346\" data-end=\"1042\"><strong data-start=\"835\" data-end=\"852\">16:45 \u2013 18:00<\/strong>: Star\u00e1 mestsk\u00e1 radnica \u2013 historick\u00e9 m\u00fazeum a vyhliadka z ve\u017ee (zadarmo s Bratislava Card)<\/li>\n<li data-start=\"346\" data-end=\"1042\"><strong data-start=\"945\" data-end=\"962\">18:15 \u2013 ve\u010der<\/strong>: Sky Bar Restaurant \u2013 v\u00fdh\u013eady na osvetlen\u00e9 mesto (z\u013eava 10 % s Bratislava Card)<\/li>\n<\/ul>\n<p>Prv\u00fd de\u0148 odpor\u00fa\u010dame za\u010da\u0165 na <a href=\"https:\/\/card.visitbratislava.com\/sk\/discount\/snm-historicke-muzeum-bratislavsky-hrad\/\" target=\"_blank\" rel=\"noopener\"><strong>Bratislavskom hrade<\/strong><\/a> s jeho barokovou z\u00e1hradou a panoramatick\u00fdmi v\u00fdh\u013eadmi. \u010ealej pokra\u010dujte do <a href=\"https:\/\/card.visitbratislava.com\/sk\/discount\/katedrala-sv-martina\/\" target=\"_blank\" rel=\"noopener\"><strong>Katedr\u00e1ly sv. Martina<\/strong><\/a>, kde boli korunovan\u00ed uhorsk\u00ed kr\u00e1li, a zastavte sa na tradi\u010dn\u00fa pre\u0161porsk\u00fa kuchy\u0148u v <a href=\"https:\/\/card.visitbratislava.com\/sk\/discount\/zylinder-cafe-restaurant\/\" target=\"_blank\" rel=\"noopener\"><strong>Zylinder Cafe Restaurant<\/strong><\/a>. Poobede si u\u017eijete <strong><a href=\"https:\/\/card.visitbratislava.com\/sk\/discount\/pesia-prehliadka-centra-mesta\/\" target=\"_blank\" rel=\"noopener\">bezplatn\u00fa prehliadku <\/a><\/strong>star\u00e9ho mesta so sprievodcom a n\u00e1sledne nav\u0161t\u00edvite <a href=\"https:\/\/card.visitbratislava.com\/sk\/discount\/galeria-mesta-bratislavy-mirbachov-palac\/\" target=\"_blank\" rel=\"noopener\"><strong>Mirbachov pal\u00e1c<\/strong><\/a> aj <a href=\"https:\/\/card.visitbratislava.com\/sk\/discount\/muzeum-dejin-mesta\/\" target=\"_blank\" rel=\"noopener\"><strong>Star\u00fa mestsk\u00fa radnicu<\/strong><\/a> s vyhliadkou z ve\u017ee. De\u0148 zakon\u010dite v <a href=\"https:\/\/card.visitbratislava.com\/sk\/discount\/sky-restaurant-bar\/\" target=\"_blank\" rel=\"noopener\"><strong>Sky Bar &amp; Restaurant<\/strong><\/a>, kde sa spoj\u00ed modern\u00e1 kuchy\u0148a s nezabudnute\u013en\u00fdm v\u00fdh\u013eadom na osvetlen\u00e9 mesto.<\/p>\n<p><a href=\"https:\/\/www.visitbratislava.com\/sk\/co-vidiet-v-bratislave-za-1-den\/\" target=\"_blank\" rel=\"noopener\"><strong>Detailnej\u0161\u00ed popis prv\u00e9ho d\u0148a n\u00e1jdete TU.<\/strong><\/a><\/p>\n<p><img loading=\"lazy\" class=\"alignnone wp-image-348818 size-large\" src=\"https:\/\/www.visitbratislava.com\/wp-content\/uploads\/2025\/08\/38_Kovac_2022_katedrala-sv-martina_leto_zapad-slnka_stare-mesto_stara-radnica_nevyhradna-licencia-800x600.jpg\" alt=\"katedr\u00e1la sv. martina\" width=\"800\" height=\"600\" srcset=\"https:\/\/www.visitbratislava.com\/wp-content\/uploads\/2025\/08\/38_Kovac_2022_katedrala-sv-martina_leto_zapad-slnka_stare-mesto_stara-radnica_nevyhradna-licencia-800x600.jpg 800w, https:\/\/www.visitbratislava.com\/wp-content\/uploads\/2025\/08\/38_Kovac_2022_katedrala-sv-martina_leto_zapad-slnka_stare-mesto_stara-radnica_nevyhradna-licencia-400x300.jpg 400w, https:\/\/www.visitbratislava.com\/wp-content\/uploads\/2025\/08\/38_Kovac_2022_katedrala-sv-martina_leto_zapad-slnka_stare-mesto_stara-radnica_nevyhradna-licencia-768x576.jpg 768w, https:\/\/www.visitbratislava.com\/wp-content\/uploads\/2025\/08\/38_Kovac_2022_katedrala-sv-martina_leto_zapad-slnka_stare-mesto_stara-radnica_nevyhradna-licencia-1536x1152.jpg 1536w, https:\/\/www.visitbratislava.com\/wp-content\/uploads\/2025\/08\/38_Kovac_2022_katedrala-sv-martina_leto_zapad-slnka_stare-mesto_stara-radnica_nevyhradna-licencia-2048x1536.jpg 2048w, https:\/\/www.visitbratislava.com\/wp-content\/uploads\/2025\/08\/38_Kovac_2022_katedrala-sv-martina_leto_zapad-slnka_stare-mesto_stara-radnica_nevyhradna-licencia-200x150.jpg 200w, https:\/\/www.visitbratislava.com\/wp-content\/uploads\/2025\/08\/38_Kovac_2022_katedrala-sv-martina_leto_zapad-slnka_stare-mesto_stara-radnica_nevyhradna-licencia-600x450.jpg 600w\" sizes=\"(max-width: 800px) 100vw, 800px\" \/><\/p>\n<h2 data-start=\"1617\" data-end=\"1650\"><strong>De\u0148 2: Dev\u00edn, Dunaj a panor\u00e1my<\/strong><\/h2>\n<ul>\n<li data-start=\"1652\" data-end=\"2013\"><strong data-start=\"1652\" data-end=\"1669\">10:00 \u2013 11:30<\/strong>: Jednosmern\u00e1 plavba na Dev\u00edn (z\u013eava 20 % s Bratislava Card)<\/li>\n<li data-start=\"1652\" data-end=\"2013\"><strong data-start=\"1732\" data-end=\"1749\">11:30 \u2013 13:30<\/strong>: Hrad Dev\u00edn (zadarmo s Bratislava Card)<\/li>\n<li data-start=\"1652\" data-end=\"2013\"><strong data-start=\"1792\" data-end=\"1809\">13:30 \u2013 15:00<\/strong>: Obed v okol\u00ed hradu Dev\u00edn alebo ZOO<\/li>\n<li data-start=\"1652\" data-end=\"2013\"><strong data-start=\"1848\" data-end=\"1865\">15:00 \u2013 19:00<\/strong>: Bratislavsk\u00e1 ZOO (zadarmo s Bratislava Card)<\/li>\n<li data-start=\"1652\" data-end=\"2013\"><strong data-start=\"1914\" data-end=\"1931\">19:30 \u2013 ve\u010der<\/strong>: UFO Restaurant \u2013 ve\u010dera s panoramatick\u00fdm v\u00fdh\u013eadom (z\u013eava 10 % s Bratislava Card)<\/li>\n<\/ul>\n<p>Druh\u00fd de\u0148 v\u00e1s zavedie na vlny Dunaja \u2013 <a href=\"https:\/\/card.visitbratislava.com\/sk\/discount\/plavby-po-dunaji\/\" target=\"_blank\" rel=\"noopener\"><strong>plavba na Dev\u00edn<\/strong><\/a> pon\u00faka kr\u00e1sne poh\u013eady na panor\u00e1mu mesta i okolit\u00fa krajinu dunajsk\u00fdch lesov. Po zakotven\u00ed v\u00e1s \u010dak\u00e1 kr\u00e1tka prech\u00e1dzka popri rieke a\u017e na <a href=\"https:\/\/card.visitbratislava.com\/sk\/discount\/hrad-devin\/\" target=\"_blank\" rel=\"noopener\"><strong>hrad Dev\u00edn<\/strong><\/a>, symbol slobody a n\u00e1rodnej hist\u00f3rie. Po prehliadke si doprajte obed v\u00a0okol\u00ed hradu, alebo nesk\u00f4r v\u00a0ZOO. Popoludnie patr\u00ed <a href=\"https:\/\/card.visitbratislava.com\/sk\/discount\/zoo-bratislava\/\" target=\"_blank\" rel=\"noopener\"><strong>Bratislavskej ZOO<\/strong><\/a>, ktor\u00e1 je ob\u013e\u00faben\u00e1 nielen u rod\u00edn s de\u0165mi, ale na svoje si pr\u00eddu v\u0161etci milovn\u00edci zvierat a pr\u00edrody. Ve\u010der zakon\u010dite v ikonickej <a href=\"https:\/\/card.visitbratislava.com\/sk\/discount\/ufo-restaurant-bar\/\" target=\"_blank\" rel=\"noopener\"><strong>re\u0161taur\u00e1cii a\u00a0vyhliadke UFO<\/strong><\/a> na Moste SNP, kde sa sp\u00e1ja gastronomick\u00fd z\u00e1\u017eitok s jedn\u00fdm z najlep\u0161\u00edch v\u00fdh\u013eadov na mesto. Ke\u010f\u017ee ide o ve\u013emi ob\u013e\u00faben\u00e9 miesto, odpor\u00fa\u010dame si rezerv\u00e1ciu urobi\u0165 vopred.<\/p>\n<p><img loading=\"lazy\" class=\"alignnone wp-image-348812 size-large\" src=\"https:\/\/www.visitbratislava.com\/wp-content\/uploads\/2025\/08\/devin-vyhlad-panorama-dunaj-green-800x450.jpg\" alt=\"dev\u00edn hrad poh\u013ead z dronu\" width=\"800\" height=\"450\" srcset=\"https:\/\/www.visitbratislava.com\/wp-content\/uploads\/2025\/08\/devin-vyhlad-panorama-dunaj-green-800x450.jpg 800w, https:\/\/www.visitbratislava.com\/wp-content\/uploads\/2025\/08\/devin-vyhlad-panorama-dunaj-green-400x225.jpg 400w, https:\/\/www.visitbratislava.com\/wp-content\/uploads\/2025\/08\/devin-vyhlad-panorama-dunaj-green-768x432.jpg 768w, https:\/\/www.visitbratislava.com\/wp-content\/uploads\/2025\/08\/devin-vyhlad-panorama-dunaj-green-1536x864.jpg 1536w, https:\/\/www.visitbratislava.com\/wp-content\/uploads\/2025\/08\/devin-vyhlad-panorama-dunaj-green-2048x1152.jpg 2048w, https:\/\/www.visitbratislava.com\/wp-content\/uploads\/2025\/08\/devin-vyhlad-panorama-dunaj-green-200x113.jpg 200w\" sizes=\"(max-width: 800px) 100vw, 800px\" \/><\/p>\n<h2 data-start=\"2453\" data-end=\"2495\"><strong>Praktick\u00e9 inform\u00e1cie \u2013 plavba na Dev\u00edn<\/strong><\/h2>\n<ul data-start=\"2496\" data-end=\"2707\">\n<li data-start=\"2496\" data-end=\"2539\">\n<p data-start=\"2498\" data-end=\"2539\">N\u00e1stup na lo\u010f: <strong data-start=\"2513\" data-end=\"2539\">15 min\u00fat pred odchodom<\/strong><\/p>\n<\/li>\n<li data-start=\"2496\" data-end=\"2539\">\n<p data-start=\"2498\" data-end=\"2539\">Z\u013eava: <strong data-start=\"2549\" data-end=\"2575\">20 % s <a href=\"https:\/\/card.visitbratislava.com\/sk\/\" target=\"_blank\" rel=\"noopener\">Bratislava Card<\/a><\/strong><\/p>\n<\/li>\n<li data-start=\"2576\" data-end=\"2618\">\n<p data-start=\"2578\" data-end=\"2618\">Minim\u00e1lny po\u010det cestuj\u00facich: <strong data-start=\"2607\" data-end=\"2618\">30 os\u00f4b<\/strong><\/p>\n<\/li>\n<li data-start=\"2619\" data-end=\"2707\">\n<p data-start=\"2621\" data-end=\"2707\">Odchody: z Osobn\u00e9ho pr\u00edstavu na Fajnorovom n\u00e1bre\u017e\u00ed (\u010d\u00edslo pont\u00f3nu na svetelnej tabuli)<\/p>\n<\/li>\n<\/ul>\n<p data-start=\"2709\" data-end=\"2744\"><strong data-start=\"2709\" data-end=\"2744\">Cestovn\u00fd poriadok pod\u013ea sez\u00f3ny:<\/strong><\/p>\n<ul data-start=\"2745\" data-end=\"2871\">\n<li data-start=\"2745\" data-end=\"2784\">\n<p data-start=\"2747\" data-end=\"2784\">Jar: denne (okrem pondelka) o 10:00<\/p>\n<\/li>\n<li data-start=\"2785\" data-end=\"2808\">\n<p data-start=\"2787\" data-end=\"2808\">Leto: 10:00 a 14:00<\/p>\n<\/li>\n<li data-start=\"2809\" data-end=\"2842\">\n<p data-start=\"2811\" data-end=\"2842\">Jese\u0148: v\u00edkendy o 9:00 a 13:00<\/p>\n<\/li>\n<li data-start=\"2843\" data-end=\"2871\">\n<p data-start=\"2845\" data-end=\"2871\">November: v\u00edkendy o 9:00<\/p>\n<\/li>\n<\/ul>\n<p data-start=\"2873\" data-end=\"3022\">Viac inform\u00e1ci\u00ed n\u00e1jdete na webe <a href=\"http:\/\/www.lod.sk\" target=\"_blank\" rel=\"noopener\">www.lod.sk<\/a>.<\/p>\n<p data-start=\"2873\" data-end=\"3022\">Z <strong>Dev\u00edna<\/strong> odpor\u00fa\u010dame tax\u00edk (Uber, Bolt, Hopin) do ZOO. Zo <strong>ZOO<\/strong> sa do centra dostanete autobusom \u010d. 37 na Most SNP \u2013 odtia\u013e je to p\u00e1r min\u00fat pe\u0161o do UFO.<\/p>\n<h2 data-start=\"3029\" data-end=\"3070\"><strong>De\u0148 3: Mal\u00e9 Karpaty a vin\u00e1rsky Pezinok<\/strong><\/h2>\n<ul>\n<li data-start=\"3072\" data-end=\"3516\"><strong data-start=\"3072\" data-end=\"3089\">11:00 \u2013 13:30<\/strong>: Hrad \u010cerven\u00fd Kame\u0148 \u2013 prehliadka (zadarmo s Bratislava Card)<\/li>\n<li data-start=\"3072\" data-end=\"3516\"><strong data-start=\"3153\" data-end=\"3170\">13:30 \u2013 15:00<\/strong>: Presun do Pezinka a obed v Pezinskom Pre\u0161i (z\u013eava 10 % s Bratislava Card)<\/li>\n<li data-start=\"3072\" data-end=\"3516\"><strong data-start=\"3248\" data-end=\"3265\">15:00 \u2013 16:30<\/strong>: Malokarpatsk\u00e9 m\u00fazeum (zadarmo s Bratislava Card)<\/li>\n<li data-start=\"3072\" data-end=\"3516\"><strong data-start=\"3318\" data-end=\"3335\">16:30 \u2013 17:30<\/strong>: Presun sp\u00e4\u0165 do Bratislavy (zadarmo s Bratislava Card)<\/li>\n<li data-start=\"3072\" data-end=\"3516\"><strong data-start=\"3393\" data-end=\"3410\">17:30 \u2013 18:00<\/strong>: Prech\u00e1dzka Sadom Janka Kr\u00e1\u013ea<\/li>\n<li data-start=\"3072\" data-end=\"3516\"><strong data-start=\"3443\" data-end=\"3460\">18:00 \u2013 ve\u010der<\/strong>: Re\u0161taur\u00e1cia Leberfinger (z\u013eava 10 % s Bratislava Card)<\/li>\n<\/ul>\n<p>Tret\u00ed de\u0148 v\u00e1m odpor\u00fa\u010dame v\u00fdlet za hranice Bratislavy \u2013 smerom do Mal\u00fdch Karp\u00e1t. Najsk\u00f4r v\u00e1s \u010dak\u00e1 majest\u00e1tny hrad <a href=\"https:\/\/card.visitbratislava.com\/sk\/discount\/hrad-cerveny-kamen\/\" target=\"_blank\" rel=\"noopener\"><strong>\u010cerven\u00fd Kame\u0148<\/strong><\/a> s bohatou hist\u00f3riou a jednou z najv\u00e4\u010d\u0161\u00edch renesan\u010dn\u00fdch pivn\u00edc v Eur\u00f3pe. Po prehliadke pokra\u010dujte do vin\u00e1rskeho mesta\u010dka Pezinok kde si ochutnajte lok\u00e1lnu gastron\u00f3miu v <a href=\"https:\/\/card.visitbratislava.com\/sk\/discount\/restauracia-pezinsky-pres\/\" target=\"_blank\" rel=\"noopener\"><strong>re\u0161taur\u00e1cii Pezinsk\u00fd Pre\u0161<\/strong><\/a>. Re\u0161taur\u00e1cia v\u00e1s o\u010dar\u00ed svojou origin\u00e1lnou historickou atmosf\u00e9rou a ponukou najlep\u0161\u00edch v\u00edn Malokarpatsk\u00e9ho regi\u00f3nu. N\u00e1sledne nav\u0161t\u00edvite <a href=\"https:\/\/card.visitbratislava.com\/sk\/discount\/malokarpatske-muzeum-v-pezinku\/\" target=\"_blank\" rel=\"noopener\"><strong>Malokarpatsk\u00e9 m\u00fazeum<\/strong><\/a> so zameran\u00edm na vinohradn\u00edctvo a trad\u00edcie regi\u00f3nu. Podve\u010der sa vr\u00e1tite sp\u00e4\u0165 do Bratislavy, a u\u017eite si prech\u00e1dzku popri Dunaji a v <a href=\"https:\/\/www.visitbratislava.com\/sk\/miesta\/sad-janka-krala\/\" target=\"_blank\" rel=\"noopener\"><strong>Sade Janka Kr\u00e1\u013ea<\/strong><\/a> \u2013 najstar\u0161\u00edm verejn\u00fdm parkom v strednej Eur\u00f3pe. De\u0148 zakon\u010dite v <a href=\"https:\/\/card.visitbratislava.com\/sk\/discount\/restauracia-leberfinger\/\" target=\"_blank\" rel=\"noopener\"><strong>re\u0161taur\u00e1cii Leberfinger<\/strong><\/a>, ktor\u00e1 pon\u00faka tradi\u010dn\u00e9 bratislavsk\u00e9 \u0161peciality s v\u00fdh\u013eadom na Dunaj.<\/p>\n<p>Tak\u00fdto program v Bratislave a regi\u00f3ne by v\u00e1s zvy\u010dajne st\u00e1l viac ako <strong>134 eur<\/strong>, no s <a href=\"https:\/\/card.visitbratislava.com\/sk\/\" target=\"_blank\" rel=\"noopener\"><strong>Bratislava Card<\/strong><\/a> m\u00e1te v\u0161etky tieto a mnoh\u00e9 \u010fal\u0161ie vstupy zdarma. Tak nev\u00e1hajte a za\u017eite s nami Bratislavu naplno!<\/p>\n<p><img loading=\"lazy\" class=\"alignnone wp-image-348861 size-large\" src=\"https:\/\/www.visitbratislava.com\/wp-content\/uploads\/2025\/08\/cerveny-kamen-800x600.jpg\" alt=\"\u010derven\u00fd kame\u0148\" width=\"800\" height=\"600\" srcset=\"https:\/\/www.visitbratislava.com\/wp-content\/uploads\/2025\/08\/cerveny-kamen-800x600.jpg 800w, https:\/\/www.visitbratislava.com\/wp-content\/uploads\/2025\/08\/cerveny-kamen-400x300.jpg 400w, https:\/\/www.visitbratislava.com\/wp-content\/uploads\/2025\/08\/cerveny-kamen-768x576.jpg 768w, https:\/\/www.visitbratislava.com\/wp-content\/uploads\/2025\/08\/cerveny-kamen-1536x1152.jpg 1536w, https:\/\/www.visitbratislava.com\/wp-content\/uploads\/2025\/08\/cerveny-kamen-2048x1536.jpg 2048w, https:\/\/www.visitbratislava.com\/wp-content\/uploads\/2025\/08\/cerveny-kamen-200x150.jpg 200w, https:\/\/www.visitbratislava.com\/wp-content\/uploads\/2025\/08\/cerveny-kamen-600x450.jpg 600w\" sizes=\"(max-width: 800px) 100vw, 800px\" \/><\/p>\n<h2 data-start=\"3993\" data-end=\"4027\"><strong>Praktick\u00e9 inform\u00e1cie \u2013 doprava<\/strong><\/h2>\n<p>Odpor\u00fa\u010dame vyu\u017ei\u0165 autobus \u010d\u00edslo 540 z autobusovej stanice Bratislava AS po zast\u00e1vku \u010cast\u00e1, \u010cerven\u00fd Kame\u0148. Cesta trv\u00e1 pribli\u017ene hodinu a pol. Autobusy odch\u00e1dzaj\u00fa od 6:30 r\u00e1no v dvojhodinov\u00fdch intervaloch a\u017e do 12:30, no pre istotu si overte aktu\u00e1lny cestovn\u00fd poriadok na str\u00e1nke <a href=\"http:\/\/www.cp.sk\" target=\"_blank\" rel=\"noopener\">www.cp.sk<\/a>. Prehliadky hradu sa po\u010das letnej sez\u00f3ny (j\u00fan \u2013 september) za\u010d\u00ednaj\u00fa ka\u017ed\u00fa cel\u00fa hodinu od deviatej r\u00e1no, mimo sez\u00f3ny (okt\u00f3ber \u2013 apr\u00edl) ka\u017ed\u00e9 dve hodiny od pol desiatej. Prehliadka trv\u00e1 pribli\u017ene 75 min\u00fat. Zo zast\u00e1vky \u010cast\u00e1, \u010cerven\u00fd kame\u0148 chod\u00ed spoj 555 ka\u017ed\u00e9 2 hodiny za\u010d\u00ednaj\u00fac od 8:02 do Pezinka. Vyst\u00fapi\u0165 treba na zast\u00e1vke Pezinok, Radni\u010dn\u00e9 n\u00e1mestie. M\u00fazeum je 5 min\u00fat ch\u00f4dze od zast\u00e1vky. Prehliadka malokarpatsk\u00e9ho m\u00fazea trv\u00e1 pribli\u017ene 60 \u2013 90 min\u00fat. Zo zast\u00e1vky Pezinok, Radni\u010dn\u00e9 n\u00e1mestie sa n\u00e1sledne vr\u00e1tite autobusom 555, 540 alebo 565 priamo sp\u00e4\u0165 do Bratislavy. Ak nechcete vyu\u017ei\u0165 verejn\u00fa dopravu, prenajmite si na tento de\u0148 auto, alebo vyu\u017eite tax\u00edk (Uber, Bolt alebo Hopin taxi).<\/p>\n<div class=\"grid-container\"><div class=\"grid-container__item\"><div class=\"block\"><a href=\"https:\/\/www.visitbratislava.com\/wp-content\/uploads\/2025\/08\/hrad-vyhlad-1-800x533.jpg\" data-fancybox=\"gallery\" data-caption=\"Bratislavsk\u00fd hrad\"><div class=\"background\"><img src=\"https:\/\/www.visitbratislava.com\/wp-content\/uploads\/2025\/08\/hrad-vyhlad-1-800x533.jpg\" alt=\"foto\"\/><\/div><div class=\"overlay filter-blue\"><div class=\"content\"><span class=\"zoom-button\"><\/span><\/div><\/div><\/a><\/div><\/div><div class=\"grid-container__item\"><div class=\"block\"><a href=\"https:\/\/www.visitbratislava.com\/wp-content\/uploads\/2025\/08\/Kovac_2022_katedrala-sv-martina_architektura_jesen_obloha_lavicka_nevyhradna-licencia-800x525.jpg\" data-fancybox=\"gallery\" data-caption=\"Katedr\u00e1la Sv. Martina\"><div class=\"background\" style=\"background-image: url(https:\/\/www.visitbratislava.com\/wp-content\/uploads\/2025\/08\/Kovac_2022_katedrala-sv-martina_architektura_jesen_obloha_lavicka_nevyhradna-licencia-800x525.jpg)\"><\/div><div class=\"overlay filter-green\"><div class=\"content\"><span class=\"zoom-button\"><\/span><\/div><\/div><\/a><\/div><\/div><div class=\"grid-container__item\"><div class=\"block\" ><a href=\"https:\/\/www.visitbratislava.com\/wp-content\/uploads\/2025\/08\/zylinder1.jpg\" data-fancybox=\"gallery\" data-caption=\"Zylinder Cafe Restaurant\"><div class=\"background\" style=\"background-image: url(https:\/\/www.visitbratislava.com\/wp-content\/uploads\/2025\/08\/zylinder1.jpg)\"><\/div><div class=\"overlay filter-orange\"><div class=\"content\"><span class=\"zoom-button\"><\/span><\/div><\/div><\/a><\/div><\/div><div class=\"grid-container__item\"><div class=\"block\"><a href=\"https:\/\/www.visitbratislava.com\/wp-content\/uploads\/2025\/08\/Dekan_2021_leto_komparz_sprievodca_tic_vyhradna-800x533.jpg\" data-fancybox=\"gallery\" data-caption=\"Prehliadka star\u00e9ho mesta\"><div class=\"background\" style=\"background-image: url(https:\/\/www.visitbratislava.com\/wp-content\/uploads\/2025\/08\/Dekan_2021_leto_komparz_sprievodca_tic_vyhradna-800x533.jpg)\"><\/div><div class=\"overlay filter-purple\"><div class=\"content\"><span class=\"zoom-button\"><\/span><\/div><\/div><\/a><\/div><\/div><div class=\"grid-container__item more\"><div class=\"block\" ><a class=\"more-link\"><div class=\"content show-more-gallery\"><span class=\"icon-camera\"><\/span><div class=\"title empathized\">&plus;11 Fotky<\/div><\/div><\/a><\/div><\/div><div class=\"d-none\"><div class=\"block block-inside image\"><a href=\"https:\/\/www.visitbratislava.com\/wp-content\/uploads\/2025\/08\/Martin-Sopinec_nevyhradna-licencia_casovo-neobmedzena_2023_stare-mesto_mirbachov-palac-3-800x533.jpg\" data-fancybox=\"gallery\" data-caption=\"Mirbachov pal\u00e1c\"><div class=\"background\" data-equalizer-block=\"4\"><img src=\"https:\/\/www.visitbratislava.com\/wp-content\/uploads\/2025\/08\/Martin-Sopinec_nevyhradna-licencia_casovo-neobmedzena_2023_stare-mesto_mirbachov-palac-3-384x384.jpg\" class=\"attachment-medium-crop size-medium-crop\" alt=\"Mirbachov pal\u00e1c\" loading=\"lazy\" data-interchange=\"[https:\/\/www.visitbratislava.com\/wp-content\/uploads\/2025\/08\/Martin-Sopinec_nevyhradna-licencia_casovo-neobmedzena_2023_stare-mesto_mirbachov-palac-3-384x384.jpg, (default)], [https:\/\/www.visitbratislava.com\/wp-content\/uploads\/2025\/08\/Martin-Sopinec_nevyhradna-licencia_casovo-neobmedzena_2023_stare-mesto_mirbachov-palac-3-384x384.jpg, (small)]\" title=\"Martin Sopinec_nevyhradna licencia_casovo neobmedzena_2023_stare mesto_mirbachov palac (3)\" srcset=\"https:\/\/www.visitbratislava.com\/wp-content\/uploads\/2025\/08\/Martin-Sopinec_nevyhradna-licencia_casovo-neobmedzena_2023_stare-mesto_mirbachov-palac-3-384x384.jpg 384w, https:\/\/www.visitbratislava.com\/wp-content\/uploads\/2025\/08\/Martin-Sopinec_nevyhradna-licencia_casovo-neobmedzena_2023_stare-mesto_mirbachov-palac-3-150x150.jpg 150w, https:\/\/www.visitbratislava.com\/wp-content\/uploads\/2025\/08\/Martin-Sopinec_nevyhradna-licencia_casovo-neobmedzena_2023_stare-mesto_mirbachov-palac-3-184x184.jpg 184w, https:\/\/www.visitbratislava.com\/wp-content\/uploads\/2025\/08\/Martin-Sopinec_nevyhradna-licencia_casovo-neobmedzena_2023_stare-mesto_mirbachov-palac-3-784x784.jpg 784w\" sizes=\"(max-width: 384px) 100vw, 384px\" \/><\/div><div class=\"overlay invert filter filter-blue\"><div class=\"content\"><span class=\"zoom-button\"><\/span><\/div><\/div><\/a><\/div><\/div><div class=\"d-none\"><div class=\"block block-inside image\"><a href=\"https:\/\/www.visitbratislava.com\/wp-content\/uploads\/2025\/08\/Crot-Prod_2022_dron_leto_stara-radnica_stare-mesto_downtown_most-apollo_hlavne-namestie_nevyhradna-licencia-800x533.jpg\" data-fancybox=\"gallery\" data-caption=\"Star\u00e1 mestsk\u00e1 radnica\"><div class=\"background\" data-equalizer-block=\"4\"><img src=\"https:\/\/www.visitbratislava.com\/wp-content\/uploads\/2025\/08\/Crot-Prod_2022_dron_leto_stara-radnica_stare-mesto_downtown_most-apollo_hlavne-namestie_nevyhradna-licencia-384x384.jpg\" class=\"attachment-medium-crop size-medium-crop\" alt=\"\u010do robi\u0165 v bratislave - Star\u00e1 mestsk\u00e1 radnica\" loading=\"lazy\" data-interchange=\"[https:\/\/www.visitbratislava.com\/wp-content\/uploads\/2025\/08\/Crot-Prod_2022_dron_leto_stara-radnica_stare-mesto_downtown_most-apollo_hlavne-namestie_nevyhradna-licencia-384x384.jpg, (default)], [https:\/\/www.visitbratislava.com\/wp-content\/uploads\/2025\/08\/Crot-Prod_2022_dron_leto_stara-radnica_stare-mesto_downtown_most-apollo_hlavne-namestie_nevyhradna-licencia-384x384.jpg, (small)]\" title=\"Crot Prod_2022_dron_leto_stara radnica_stare mesto_downtown_most apollo_hlavne namestie_nevyhradna licencia\" srcset=\"https:\/\/www.visitbratislava.com\/wp-content\/uploads\/2025\/08\/Crot-Prod_2022_dron_leto_stara-radnica_stare-mesto_downtown_most-apollo_hlavne-namestie_nevyhradna-licencia-384x384.jpg 384w, https:\/\/www.visitbratislava.com\/wp-content\/uploads\/2025\/08\/Crot-Prod_2022_dron_leto_stara-radnica_stare-mesto_downtown_most-apollo_hlavne-namestie_nevyhradna-licencia-150x150.jpg 150w, https:\/\/www.visitbratislava.com\/wp-content\/uploads\/2025\/08\/Crot-Prod_2022_dron_leto_stara-radnica_stare-mesto_downtown_most-apollo_hlavne-namestie_nevyhradna-licencia-184x184.jpg 184w, https:\/\/www.visitbratislava.com\/wp-content\/uploads\/2025\/08\/Crot-Prod_2022_dron_leto_stara-radnica_stare-mesto_downtown_most-apollo_hlavne-namestie_nevyhradna-licencia-784x784.jpg 784w\" sizes=\"(max-width: 384px) 100vw, 384px\" \/><\/div><div class=\"overlay invert filter filter-green\"><div class=\"content\"><span class=\"zoom-button\"><\/span><\/div><\/div><\/a><\/div><\/div><div class=\"d-none\"><div class=\"block block-inside image\"><a href=\"https:\/\/www.visitbratislava.com\/wp-content\/uploads\/2025\/08\/romantika-hrad-dom-skybar_komparz_-1-800x533.jpg\" data-fancybox=\"gallery\" data-caption=\"Sky Bar Restaurant\"><div class=\"background\" data-equalizer-block=\"4\"><img src=\"https:\/\/www.visitbratislava.com\/wp-content\/uploads\/2025\/08\/romantika-hrad-dom-skybar_komparz_-1-384x384.jpg\" class=\"attachment-medium-crop size-medium-crop\" alt=\"Sky Bar Restaurant\" loading=\"lazy\" data-interchange=\"[https:\/\/www.visitbratislava.com\/wp-content\/uploads\/2025\/08\/romantika-hrad-dom-skybar_komparz_-1-384x384.jpg, (default)], [https:\/\/www.visitbratislava.com\/wp-content\/uploads\/2025\/08\/romantika-hrad-dom-skybar_komparz_-1-384x384.jpg, (small)]\" title=\"romantika, hrad, dom, skybar_komparz_ (1)\" srcset=\"https:\/\/www.visitbratislava.com\/wp-content\/uploads\/2025\/08\/romantika-hrad-dom-skybar_komparz_-1-384x384.jpg 384w, https:\/\/www.visitbratislava.com\/wp-content\/uploads\/2025\/08\/romantika-hrad-dom-skybar_komparz_-1-150x150.jpg 150w, https:\/\/www.visitbratislava.com\/wp-content\/uploads\/2025\/08\/romantika-hrad-dom-skybar_komparz_-1-184x184.jpg 184w, https:\/\/www.visitbratislava.com\/wp-content\/uploads\/2025\/08\/romantika-hrad-dom-skybar_komparz_-1-784x784.jpg 784w\" sizes=\"(max-width: 384px) 100vw, 384px\" \/><\/div><div class=\"overlay invert filter filter-fiord\"><div class=\"content\"><span class=\"zoom-button\"><\/span><\/div><\/div><\/a><\/div><\/div><div class=\"d-none\"><div class=\"block block-inside image\"><a href=\"https:\/\/www.visitbratislava.com\/wp-content\/uploads\/2025\/08\/Brano-Molnar_vyhradna-licencia_hrad_lod_dunaj_fajnorovo-nabrezie_leto-800x533.jpg\" data-fancybox=\"gallery\" data-caption=\"plavba na Dev\u00edn\"><div class=\"background\" data-equalizer-block=\"4\"><img src=\"https:\/\/www.visitbratislava.com\/wp-content\/uploads\/2025\/08\/Brano-Molnar_vyhradna-licencia_hrad_lod_dunaj_fajnorovo-nabrezie_leto-384x384.jpg\" class=\"attachment-medium-crop size-medium-crop\" alt=\"plavba na Dev\u00edn\" loading=\"lazy\" data-interchange=\"[https:\/\/www.visitbratislava.com\/wp-content\/uploads\/2025\/08\/Brano-Molnar_vyhradna-licencia_hrad_lod_dunaj_fajnorovo-nabrezie_leto-384x384.jpg, (default)], [https:\/\/www.visitbratislava.com\/wp-content\/uploads\/2025\/08\/Brano-Molnar_vyhradna-licencia_hrad_lod_dunaj_fajnorovo-nabrezie_leto-384x384.jpg, (small)]\" title=\"Brano Molnar_vyhradna licencia_hrad_lod_dunaj_fajnorovo nabrezie_leto\" srcset=\"https:\/\/www.visitbratislava.com\/wp-content\/uploads\/2025\/08\/Brano-Molnar_vyhradna-licencia_hrad_lod_dunaj_fajnorovo-nabrezie_leto-384x384.jpg 384w, https:\/\/www.visitbratislava.com\/wp-content\/uploads\/2025\/08\/Brano-Molnar_vyhradna-licencia_hrad_lod_dunaj_fajnorovo-nabrezie_leto-150x150.jpg 150w, https:\/\/www.visitbratislava.com\/wp-content\/uploads\/2025\/08\/Brano-Molnar_vyhradna-licencia_hrad_lod_dunaj_fajnorovo-nabrezie_leto-184x184.jpg 184w, https:\/\/www.visitbratislava.com\/wp-content\/uploads\/2025\/08\/Brano-Molnar_vyhradna-licencia_hrad_lod_dunaj_fajnorovo-nabrezie_leto-784x784.jpg 784w\" sizes=\"(max-width: 384px) 100vw, 384px\" \/><\/div><div class=\"overlay invert filter filter-dark-blue\"><div class=\"content\"><span class=\"zoom-button\"><\/span><\/div><\/div><\/a><\/div><\/div><div class=\"d-none\"><div class=\"block block-inside image\"><a href=\"https:\/\/www.visitbratislava.com\/wp-content\/uploads\/2025\/08\/Crot-Prod_2022_dron_hrad_devin_leto_green_dunaj_nevyhradna-licencia-800x534.jpg\" data-fancybox=\"gallery\" data-caption=\"Hrad Dev\u00edn\"><div class=\"background\" data-equalizer-block=\"4\"><img src=\"https:\/\/www.visitbratislava.com\/wp-content\/uploads\/2025\/08\/Crot-Prod_2022_dron_hrad_devin_leto_green_dunaj_nevyhradna-licencia-384x384.jpg\" class=\"attachment-medium-crop size-medium-crop\" alt=\"\u010do robi\u0165 v bratislave - Hrad Dev\u00edn\" loading=\"lazy\" data-interchange=\"[https:\/\/www.visitbratislava.com\/wp-content\/uploads\/2025\/08\/Crot-Prod_2022_dron_hrad_devin_leto_green_dunaj_nevyhradna-licencia-384x384.jpg, (default)], [https:\/\/www.visitbratislava.com\/wp-content\/uploads\/2025\/08\/Crot-Prod_2022_dron_hrad_devin_leto_green_dunaj_nevyhradna-licencia-384x384.jpg, (small)]\" title=\"Crot Prod_2022_dron_hrad_devin_leto_green_dunaj_nevyhradna licencia\" srcset=\"https:\/\/www.visitbratislava.com\/wp-content\/uploads\/2025\/08\/Crot-Prod_2022_dron_hrad_devin_leto_green_dunaj_nevyhradna-licencia-384x384.jpg 384w, https:\/\/www.visitbratislava.com\/wp-content\/uploads\/2025\/08\/Crot-Prod_2022_dron_hrad_devin_leto_green_dunaj_nevyhradna-licencia-150x150.jpg 150w, https:\/\/www.visitbratislava.com\/wp-content\/uploads\/2025\/08\/Crot-Prod_2022_dron_hrad_devin_leto_green_dunaj_nevyhradna-licencia-184x184.jpg 184w, https:\/\/www.visitbratislava.com\/wp-content\/uploads\/2025\/08\/Crot-Prod_2022_dron_hrad_devin_leto_green_dunaj_nevyhradna-licencia-784x784.jpg 784w\" sizes=\"(max-width: 384px) 100vw, 384px\" \/><\/div><div class=\"overlay invert filter filter-red\"><div class=\"content\"><span class=\"zoom-button\"><\/span><\/div><\/div><\/a><\/div><\/div><div class=\"d-none\"><div class=\"block block-inside image\"><a href=\"https:\/\/www.visitbratislava.com\/wp-content\/uploads\/2025\/08\/dve-surikaty_zoo-bratislava__Resampled-800x618.jpg\" data-fancybox=\"gallery\" data-caption=\"Bratislava Zoo\"><div class=\"background\" data-equalizer-block=\"4\"><img src=\"https:\/\/www.visitbratislava.com\/wp-content\/uploads\/2025\/08\/dve-surikaty_zoo-bratislava__Resampled-384x384.jpg\" class=\"attachment-medium-crop size-medium-crop\" alt=\"Bratislava Zoo\" loading=\"lazy\" data-interchange=\"[https:\/\/www.visitbratislava.com\/wp-content\/uploads\/2025\/08\/dve-surikaty_zoo-bratislava__Resampled-384x384.jpg, (default)], [https:\/\/www.visitbratislava.com\/wp-content\/uploads\/2025\/08\/dve-surikaty_zoo-bratislava__Resampled-384x384.jpg, (small)]\" title=\"dve-surikaty_zoo-bratislava__Resampled\" srcset=\"https:\/\/www.visitbratislava.com\/wp-content\/uploads\/2025\/08\/dve-surikaty_zoo-bratislava__Resampled-384x384.jpg 384w, https:\/\/www.visitbratislava.com\/wp-content\/uploads\/2025\/08\/dve-surikaty_zoo-bratislava__Resampled-150x150.jpg 150w, https:\/\/www.visitbratislava.com\/wp-content\/uploads\/2025\/08\/dve-surikaty_zoo-bratislava__Resampled-184x184.jpg 184w, https:\/\/www.visitbratislava.com\/wp-content\/uploads\/2025\/08\/dve-surikaty_zoo-bratislava__Resampled-784x784.jpg 784w\" sizes=\"(max-width: 384px) 100vw, 384px\" \/><\/div><div class=\"overlay invert filter filter-orange\"><div class=\"content\"><span class=\"zoom-button\"><\/span><\/div><\/div><\/a><\/div><\/div><div class=\"d-none\"><div class=\"block block-inside image\"><a href=\"https:\/\/www.visitbratislava.com\/wp-content\/uploads\/2025\/08\/Kovac_Bratislava-Bratislavsky-hrad_UFO_Dunaj_panorama_Katedrala-sv-martina-800x533.jpg\" data-fancybox=\"gallery\" data-caption=\"UFO restaurant\"><div class=\"background\" data-equalizer-block=\"4\"><img src=\"https:\/\/www.visitbratislava.com\/wp-content\/uploads\/2025\/08\/Kovac_Bratislava-Bratislavsky-hrad_UFO_Dunaj_panorama_Katedrala-sv-martina-384x384.jpg\" class=\"attachment-medium-crop size-medium-crop\" alt=\"ufo restauracia\" loading=\"lazy\" data-interchange=\"[https:\/\/www.visitbratislava.com\/wp-content\/uploads\/2025\/08\/Kovac_Bratislava-Bratislavsky-hrad_UFO_Dunaj_panorama_Katedrala-sv-martina-384x384.jpg, (default)], [https:\/\/www.visitbratislava.com\/wp-content\/uploads\/2025\/08\/Kovac_Bratislava-Bratislavsky-hrad_UFO_Dunaj_panorama_Katedrala-sv-martina-384x384.jpg, (small)]\" title=\"Kov\u00e1\u010d_Bratislava Bratislavsk\u00fd hrad_UFO_Dunaj_panor\u00e1ma_Katedrala sv martina\" srcset=\"https:\/\/www.visitbratislava.com\/wp-content\/uploads\/2025\/08\/Kovac_Bratislava-Bratislavsky-hrad_UFO_Dunaj_panorama_Katedrala-sv-martina-384x384.jpg 384w, https:\/\/www.visitbratislava.com\/wp-content\/uploads\/2025\/08\/Kovac_Bratislava-Bratislavsky-hrad_UFO_Dunaj_panorama_Katedrala-sv-martina-150x150.jpg 150w, https:\/\/www.visitbratislava.com\/wp-content\/uploads\/2025\/08\/Kovac_Bratislava-Bratislavsky-hrad_UFO_Dunaj_panorama_Katedrala-sv-martina-184x184.jpg 184w, https:\/\/www.visitbratislava.com\/wp-content\/uploads\/2025\/08\/Kovac_Bratislava-Bratislavsky-hrad_UFO_Dunaj_panorama_Katedrala-sv-martina-784x784.jpg 784w\" sizes=\"(max-width: 384px) 100vw, 384px\" \/><\/div><div class=\"overlay invert filter filter-brown\"><div class=\"content\"><span class=\"zoom-button\"><\/span><\/div><\/div><\/a><\/div><\/div><div class=\"d-none\"><div class=\"block block-inside image\"><a href=\"https:\/\/www.visitbratislava.com\/wp-content\/uploads\/2025\/08\/IMG_20240808_151118-800x600.jpg\" data-fancybox=\"gallery\" data-caption=\"Modr\u00e1 sie\u0148 na \u010cervenom Kameni\"><div class=\"background\" data-equalizer-block=\"4\"><img src=\"https:\/\/www.visitbratislava.com\/wp-content\/uploads\/2025\/08\/IMG_20240808_151118-384x384.jpg\" class=\"attachment-medium-crop size-medium-crop\" alt=\"modra sien na cervenom kameni\" loading=\"lazy\" data-interchange=\"[https:\/\/www.visitbratislava.com\/wp-content\/uploads\/2025\/08\/IMG_20240808_151118-384x384.jpg, (default)], [https:\/\/www.visitbratislava.com\/wp-content\/uploads\/2025\/08\/IMG_20240808_151118-384x384.jpg, (small)]\" title=\"IMG_20240808_151118\" srcset=\"https:\/\/www.visitbratislava.com\/wp-content\/uploads\/2025\/08\/IMG_20240808_151118-384x384.jpg 384w, https:\/\/www.visitbratislava.com\/wp-content\/uploads\/2025\/08\/IMG_20240808_151118-150x150.jpg 150w, https:\/\/www.visitbratislava.com\/wp-content\/uploads\/2025\/08\/IMG_20240808_151118-184x184.jpg 184w, https:\/\/www.visitbratislava.com\/wp-content\/uploads\/2025\/08\/IMG_20240808_151118-784x784.jpg 784w\" sizes=\"(max-width: 384px) 100vw, 384px\" \/><\/div><div class=\"overlay invert filter filter-purple\"><div class=\"content\"><span class=\"zoom-button\"><\/span><\/div><\/div><\/a><\/div><\/div><div class=\"d-none\"><div class=\"block block-inside image\"><a href=\"https:\/\/www.visitbratislava.com\/wp-content\/uploads\/2025\/08\/MalokarpatskeMuzeumPezinok_interier_KlarinLis_102024_martina_mlcuchova-10-800x533.jpeg\" data-fancybox=\"gallery\" data-caption=\"Malokarpatsk\u00e9 m\u00fazeum\"><div class=\"background\" data-equalizer-block=\"4\"><img src=\"https:\/\/www.visitbratislava.com\/wp-content\/uploads\/2025\/08\/MalokarpatskeMuzeumPezinok_interier_KlarinLis_102024_martina_mlcuchova-10-384x384.jpeg\" class=\"attachment-medium-crop size-medium-crop\" alt=\"malokarpatske muzeum v pezinku\" loading=\"lazy\" data-interchange=\"[https:\/\/www.visitbratislava.com\/wp-content\/uploads\/2025\/08\/MalokarpatskeMuzeumPezinok_interier_KlarinLis_102024_martina_mlcuchova-10-384x384.jpeg, (default)], [https:\/\/www.visitbratislava.com\/wp-content\/uploads\/2025\/08\/MalokarpatskeMuzeumPezinok_interier_KlarinLis_102024_martina_mlcuchova-10-384x384.jpeg, (small)]\" title=\"MalokarpatskeMuzeumPezinok_interier_KlarinLis_102024_martina_mlcuchova-10\" srcset=\"https:\/\/www.visitbratislava.com\/wp-content\/uploads\/2025\/08\/MalokarpatskeMuzeumPezinok_interier_KlarinLis_102024_martina_mlcuchova-10-384x384.jpeg 384w, https:\/\/www.visitbratislava.com\/wp-content\/uploads\/2025\/08\/MalokarpatskeMuzeumPezinok_interier_KlarinLis_102024_martina_mlcuchova-10-150x150.jpeg 150w, https:\/\/www.visitbratislava.com\/wp-content\/uploads\/2025\/08\/MalokarpatskeMuzeumPezinok_interier_KlarinLis_102024_martina_mlcuchova-10-184x184.jpeg 184w, https:\/\/www.visitbratislava.com\/wp-content\/uploads\/2025\/08\/MalokarpatskeMuzeumPezinok_interier_KlarinLis_102024_martina_mlcuchova-10-784x784.jpeg 784w\" sizes=\"(max-width: 384px) 100vw, 384px\" \/><\/div><div class=\"overlay invert filter filter-blue\"><div class=\"content\"><span class=\"zoom-button\"><\/span><\/div><\/div><\/a><\/div><\/div><div class=\"d-none\"><div class=\"block block-inside image\"><a href=\"https:\/\/www.visitbratislava.com\/wp-content\/uploads\/2025\/08\/leberfinger01-1024x682-1-800x533.jpg\" data-fancybox=\"gallery\" data-caption=\"Re\u0161taur\u00e1cia Leberfinger\"><div class=\"background\" data-equalizer-block=\"4\"><img src=\"https:\/\/www.visitbratislava.com\/wp-content\/uploads\/2025\/08\/leberfinger01-1024x682-1-384x384.jpg\" class=\"attachment-medium-crop size-medium-crop\" alt=\"Re\u0161taur\u00e1cia Leberfinger\" loading=\"lazy\" data-interchange=\"[https:\/\/www.visitbratislava.com\/wp-content\/uploads\/2025\/08\/leberfinger01-1024x682-1-384x384.jpg, (default)], [https:\/\/www.visitbratislava.com\/wp-content\/uploads\/2025\/08\/leberfinger01-1024x682-1-384x384.jpg, (small)]\" title=\"leberfinger01-1024x682\" srcset=\"https:\/\/www.visitbratislava.com\/wp-content\/uploads\/2025\/08\/leberfinger01-1024x682-1-384x384.jpg 384w, https:\/\/www.visitbratislava.com\/wp-content\/uploads\/2025\/08\/leberfinger01-1024x682-1-150x150.jpg 150w, https:\/\/www.visitbratislava.com\/wp-content\/uploads\/2025\/08\/leberfinger01-1024x682-1-184x184.jpg 184w\" sizes=\"(max-width: 384px) 100vw, 384px\" \/><\/div><div class=\"overlay invert filter filter-green\"><div class=\"content\"><span class=\"zoom-button\"><\/span><\/div><\/div><\/a><\/div><\/div><div class=\"d-none\"><div class=\"block block-inside image\"><a href=\"https:\/\/www.visitbratislava.com\/wp-content\/uploads\/2025\/09\/24696_114155848594623_6565107_n.jpg\" data-fancybox=\"gallery\" data-caption=\"Re\u0161taur\u00e1cia Pezinsk\u00fd Pre\u0161\"><div class=\"background\" data-equalizer-block=\"4\"><img src=\"https:\/\/www.visitbratislava.com\/wp-content\/uploads\/2025\/09\/24696_114155848594623_6565107_n-384x384.jpg\" class=\"attachment-medium-crop size-medium-crop\" alt=\"Re\u0161taur\u00e1cia Pezinsk\u00fd Pre\u0161\" loading=\"lazy\" data-interchange=\"[https:\/\/www.visitbratislava.com\/wp-content\/uploads\/2025\/09\/24696_114155848594623_6565107_n-384x384.jpg, (default)], [https:\/\/www.visitbratislava.com\/wp-content\/uploads\/2025\/09\/24696_114155848594623_6565107_n-384x384.jpg, (small)]\" title=\"24696_114155848594623_6565107_n\" srcset=\"https:\/\/www.visitbratislava.com\/wp-content\/uploads\/2025\/09\/24696_114155848594623_6565107_n-384x384.jpg 384w, https:\/\/www.visitbratislava.com\/wp-content\/uploads\/2025\/09\/24696_114155848594623_6565107_n-150x150.jpg 150w, https:\/\/www.visitbratislava.com\/wp-content\/uploads\/2025\/09\/24696_114155848594623_6565107_n-184x184.jpg 184w\" sizes=\"(max-width: 384px) 100vw, 384px\" \/><\/div><div class=\"overlay invert filter filter-fiord\"><div class=\"content\"><span class=\"zoom-button\"><\/span><\/div><\/div><\/a><\/div><\/div><\/div>\n","protected":false},"excerpt":{"rendered":"<p>Objav Bratislavu za 3 dni: historick\u00e9 centrum, v\u00fdlet na Dev\u00edn, Mal\u00e9 Karpaty, Pezinok a z\u00e1\u017eitky pln\u00e9 kult\u00fary, pr\u00edrody a gastron\u00f3mie.<\/p>\n","protected":false},"author":23,"featured_media":351326,"parent":0,"menu_order":0,"comment_status":"closed","ping_status":"closed","template":"","meta":[],"acf":[],"_links":{"self":[{"href":"https:\/\/www.visitbratislava.com\/sk\/wp-json\/wp\/v2\/pages\/348854"}],"collection":[{"href":"https:\/\/www.visitbratislava.com\/sk\/wp-json\/wp\/v2\/pages"}],"about":[{"href":"https:\/\/www.visitbratislava.com\/sk\/wp-json\/wp\/v2\/types\/page"}],"author":[{"embeddable":true,"href":"https:\/\/www.visitbratislava.com\/sk\/wp-json\/wp\/v2\/users\/23"}],"replies":[{"embeddable":true,"href":"https:\/\/www.visitbratislava.com\/sk\/wp-json\/wp\/v2\/comments?post=348854"}],"version-history":[{"count":8,"href":"https:\/\/www.visitbratislava.com\/sk\/wp-json\/wp\/v2\/pages\/348854\/revisions"}],"predecessor-version":[{"id":382600,"href":"https:\/\/www.visitbratislava.com\/sk\/wp-json\/wp\/v2\/pages\/348854\/revisions\/382600"}],"wp:featuredmedia":[{"embeddable":true,"href":"https:\/\/www.visitbratislava.com\/sk\/wp-json\/wp\/v2\/media\/351326"}],"wp:attachment":[{"href":"https:\/\/www.visitbratislava.com\/sk\/wp-json\/wp\/v2\/media?parent=348854"}],"curies":[{"name":"wp","href":"https:\/\/api.w.org\/{rel}","templated":true}]}}