{"id":381471,"date":"2025-11-21T09:17:13","date_gmt":"2025-11-21T08:17:13","guid":{"rendered":"https:\/\/www.visitbratislava.com\/?page_id=381471"},"modified":"2025-12-08T11:06:04","modified_gmt":"2025-12-08T10:06:04","slug":"bratislavska-vianocna-elektricka","status":"publish","type":"page","link":"https:\/\/www.visitbratislava.com\/sk\/bratislavska-vianocna-elektricka\/","title":{"rendered":"Bratislavsk\u00e1 Viano\u010dn\u00e1 elektri\u010dka"},"content":{"rendered":"<h2 data-start=\"387\" data-end=\"459\"><strong>Mestsk\u00e1 atrakcia, ktor\u00e1 patr\u00ed k adventu<\/strong><\/h2>\n<p data-start=\"461\" data-end=\"784\">Spolu s pr\u00edchodom adventn\u00e9ho obdobia sa do ul\u00edc hlavn\u00e9ho mesta op\u00e4\u0165 vr\u00e1ti ob\u013e\u00faben\u00e1 Viano\u010dn\u00e1 elektri\u010dka. Dopravn\u00fd podnik Bratislava aj tento rok pl\u00e1nuje nadviaza\u0165 na \u00faspe\u0161n\u00fd koncept z minul\u00e9ho roka, ale namiesto elektri\u010dky bude po uliciach prem\u00e1va\u0165 cel\u00e1 <strong>viano\u010dn\u00e1 flotila &#8211; <\/strong>2 elektri\u010dky, trolejbus a autobus.<\/p>\n<p data-start=\"786\" data-end=\"1038\">Jazdy Viano\u010dn\u00fdch elektri\u010diek bud\u00fa <strong data-start=\"818\" data-end=\"831\">bezplatn\u00e9<\/strong> a dostupn\u00e9 pre \u0161irok\u00fa verejnos\u0165. Viano\u010dn\u00fd autobus a trolejbus bud\u00fa pod be\u017enou tarifou. Tohtoro\u010dn\u00e1 novinka je hudobn\u00e1 elektri\u010dka, ktor\u00e1 bude prem\u00e1va\u0165 ka\u017ed\u00fa nede\u013eu. Cestuj\u00faci sa m\u00f4\u017eu te\u0161i\u0165 na komorn\u00e9 koncerty \u017densk\u00e9ho spev\u00e1ckeho zboru Canens, Katar\u00edny Ko\u0161\u010dovej s Danielom \u0160pinerom, Tamary Kramar a na z\u00e1ver pon\u00fakne svoj \u0161peci\u00e1lny silvestrovsk\u00fd warm-up set Otec Mirec.<\/p>\n<p data-start=\"786\" data-end=\"1038\"><img loading=\"lazy\" class=\"aligncenter wp-image-386103 size-large\" src=\"https:\/\/www.visitbratislava.com\/wp-content\/uploads\/2025\/12\/DPB-02-800x533.jpg\" alt=\"Viano\u010dn\u00e1 flotila 2025\" width=\"800\" height=\"533\" srcset=\"https:\/\/www.visitbratislava.com\/wp-content\/uploads\/2025\/12\/DPB-02-800x533.jpg 800w, https:\/\/www.visitbratislava.com\/wp-content\/uploads\/2025\/12\/DPB-02-400x267.jpg 400w, https:\/\/www.visitbratislava.com\/wp-content\/uploads\/2025\/12\/DPB-02-768x512.jpg 768w, https:\/\/www.visitbratislava.com\/wp-content\/uploads\/2025\/12\/DPB-02-1536x1024.jpg 1536w, https:\/\/www.visitbratislava.com\/wp-content\/uploads\/2025\/12\/DPB-02-2048x1366.jpg 2048w, https:\/\/www.visitbratislava.com\/wp-content\/uploads\/2025\/12\/DPB-02-200x133.jpg 200w\" sizes=\"(max-width: 800px) 100vw, 800px\" \/><\/p>\n<p data-start=\"786\" data-end=\"1038\">V\u0161etky koncerty bud\u00fa rovnako ako minul\u00fd rok povinne miestenkov\u00e9, aby si ka\u017ed\u00fd cestuj\u00faci vedel vychutna\u0165 jazdu v pohodl\u00ed a posedia\u010dky. L\u00edstky na koncerty bud\u00fa v predaji za symbolick\u00fa sumu a cel\u00fd v\u00fd\u0165a\u017eok z predaja venuje Dopravn\u00fd podnik Bratislava na podporu Centra soci\u00e1lnych slu\u017eieb Javorinsk\u00e1.<\/p>\n<p data-start=\"786\" data-end=\"1038\">Viac inform\u00e1ci\u00ed n\u00e1jdte na webe <a href=\"https:\/\/dpb.sk\/\" target=\"_blank\" rel=\"noopener\">www.dpb.sk<\/a>.<\/p>\n<p data-start=\"786\" data-end=\"1038\">Viano\u010dn\u00e1 flotila bude prem\u00e1va\u0165 v term\u00edne od <strong>5. decembra 2025<\/strong> do <strong>6. janu\u00e1ra 2026<\/strong>, teda od Mikul\u00e1\u0161a a\u017e do Troch kr\u00e1\u013eov. Jedinou v\u00fdnimkou bude \u0160tedr\u00fd de\u0148, kedy Viano\u010dn\u00e1 elektri\u010dka prem\u00e1va\u0165 nebude.<\/p>\n<h2 data-start=\"1040\" data-end=\"1082\"><strong>Rozpr\u00e1vkov\u00fd dizajn a jedine\u010dn\u00e1 v\u00fdzdoba<\/strong><\/h2>\n<p data-start=\"1084\" data-end=\"1360\">Vlajkovou lo\u010fou celej viano\u010dnej flotily DPB je Hudobn\u00e1 Viano\u010dn\u00e1 elektri\u010dka s vizu\u00e1lom od talentovanej dizajn\u00e9rky Saki Matsumoto. Do polepu vozidla premietla sc\u00e9ny zo zn\u00e1mych viano\u010dn\u00fdch piesn\u00ed a hrav\u00fa farebn\u00fa paletu, ktor\u00e1 vynikne najm\u00e4 po zotmen\u00ed v kombin\u00e1cii so svetelnou v\u00fdzdobou.<\/p>\n<p data-start=\"1084\" data-end=\"1360\"><img loading=\"lazy\" class=\"aligncenter wp-image-386109 size-large\" src=\"https:\/\/www.visitbratislava.com\/wp-content\/uploads\/2025\/12\/DPB-06-800x533.jpg\" alt=\"interi\u00e9r hlavnej viano\u010dnej elektri\u010dky\" width=\"800\" height=\"533\" srcset=\"https:\/\/www.visitbratislava.com\/wp-content\/uploads\/2025\/12\/DPB-06-800x533.jpg 800w, https:\/\/www.visitbratislava.com\/wp-content\/uploads\/2025\/12\/DPB-06-400x267.jpg 400w, https:\/\/www.visitbratislava.com\/wp-content\/uploads\/2025\/12\/DPB-06-768x512.jpg 768w, https:\/\/www.visitbratislava.com\/wp-content\/uploads\/2025\/12\/DPB-06-1536x1024.jpg 1536w, https:\/\/www.visitbratislava.com\/wp-content\/uploads\/2025\/12\/DPB-06-2048x1366.jpg 2048w, https:\/\/www.visitbratislava.com\/wp-content\/uploads\/2025\/12\/DPB-06-200x133.jpg 200w\" sizes=\"(max-width: 800px) 100vw, 800px\" \/><\/p>\n<p data-start=\"1362\" data-end=\"1741\">E\u0161te silnej\u0161\u00ed z\u00e1\u017eitok pon\u00fakne interi\u00e9r elektri\u010dky, kde cestuj\u00faci uc\u00edtia v\u00f4\u0148u \u017eiv\u00e9ho strom\u010deka a z\u00e1rove\u0148 sa bud\u00fa m\u00f4c\u0165 sta\u0165 spolutvorcami v\u00fdzdoby prostredn\u00edctvom vlastn\u00fdch viano\u010dn\u00fdch \u017eelan\u00ed. Sviato\u010dn\u00fa atmosf\u00e9ru dopln\u00ed ob\u013e\u00faben\u00e1 Detsk\u00e1 viano\u010dn\u00e1 gal\u00e9ria s kresbami det\u00ed kolegov z DPB. Po\u010das j\u00e1zd bud\u00fa z reproduktorov znie\u0165 zn\u00e1me viano\u010dn\u00e9 koledy a piesne.<\/p>\n<h2 data-start=\"2432\" data-end=\"2462\"><strong>Trasy viano\u010dnej flotily<\/strong><\/h2>\n<p data-start=\"2464\" data-end=\"2740\">Trasa Viano\u010dnej elektri\u010dky povedie okruhom v centre mesta so \u0161tartom na <strong>zast\u00e1vke Jesensk\u00e9ho.<\/strong> Vozidl\u00e1 n\u00e1sledne obsl\u00fa\u017eia zast\u00e1vky Centrum, Kapuc\u00ednska, Chatam S\u00f3fer, Vodn\u00e1 ve\u017ea, Most SNP s n\u00e1vratom na Jesensk\u00e9ho. Viano\u010dn\u00e1 elektri\u010dka bude prem\u00e1va\u0165 od 5. decembra 2025 a\u017e do 6. janu\u00e1ra 2026 ka\u017ed\u00fd pracovn\u00fd de\u0148 od 16:00 do 20:00 a ka\u017ed\u00fd v\u00edkend od 12:00 do 20:00. Jedinou v\u00fdnimkou bude \u0160tedr\u00fd de\u0148, kedy Viano\u010dn\u00e1 elektri\u010dka prem\u00e1va\u0165 nebude. Jazda viano\u010dn\u00fdmi elektri\u010dkami po\u010das \u0161tandardn\u00fdch j\u00e1zd bude bezplatn\u00e1. Viano\u010dn\u00fd autobus a trolejbus bud\u00fa pod be\u017enou tarifou. Viac inform\u00e1ci\u00ed oh\u013eadom viano\u010dnej flotily n\u00e1jdete na str\u00e1nke organiz\u00e1tora <a href=\"https:\/\/dpb.sk\/vianoce\" target=\"_blank\" rel=\"noopener\">dpb.sk\/vianoce<\/a><\/p>\n<div class=\"grid-container\"><div class=\"grid-container__item\"><div class=\"block\"><a href=\"https:\/\/www.visitbratislava.com\/wp-content\/uploads\/2025\/12\/DPB-05-800x533.jpg\" data-fancybox=\"gallery\" data-caption=\"\"><div class=\"background\"><img src=\"https:\/\/www.visitbratislava.com\/wp-content\/uploads\/2025\/12\/DPB-05-800x533.jpg\" alt=\"foto\"\/><\/div><div class=\"overlay filter-blue\"><div class=\"content\"><span class=\"zoom-button\"><\/span><\/div><\/div><\/a><\/div><\/div><div class=\"grid-container__item\"><div class=\"block\"><a href=\"https:\/\/www.visitbratislava.com\/wp-content\/uploads\/2025\/12\/DPB-04-800x533.jpg\" data-fancybox=\"gallery\" data-caption=\"\"><div class=\"background\" style=\"background-image: url(https:\/\/www.visitbratislava.com\/wp-content\/uploads\/2025\/12\/DPB-04-800x533.jpg)\"><\/div><div class=\"overlay filter-green\"><div class=\"content\"><span class=\"zoom-button\"><\/span><\/div><\/div><\/a><\/div><\/div><div class=\"grid-container__item more\"><\/div><\/div>\n","protected":false},"excerpt":{"rendered":"<p>Viano\u010dn\u00e1 elektri\u010dka op\u00e4\u0165 roz\u017eiari ulice Bratislavy rozpr\u00e1vkovou atmosf\u00e9rou. <\/p>\n","protected":false},"author":23,"featured_media":386097,"parent":0,"menu_order":0,"comment_status":"closed","ping_status":"closed","template":"","meta":[],"acf":[],"_links":{"self":[{"href":"https:\/\/www.visitbratislava.com\/sk\/wp-json\/wp\/v2\/pages\/381471"}],"collection":[{"href":"https:\/\/www.visitbratislava.com\/sk\/wp-json\/wp\/v2\/pages"}],"about":[{"href":"https:\/\/www.visitbratislava.com\/sk\/wp-json\/wp\/v2\/types\/page"}],"author":[{"embeddable":true,"href":"https:\/\/www.visitbratislava.com\/sk\/wp-json\/wp\/v2\/users\/23"}],"replies":[{"embeddable":true,"href":"https:\/\/www.visitbratislava.com\/sk\/wp-json\/wp\/v2\/comments?post=381471"}],"version-history":[{"count":8,"href":"https:\/\/www.visitbratislava.com\/sk\/wp-json\/wp\/v2\/pages\/381471\/revisions"}],"predecessor-version":[{"id":386414,"href":"https:\/\/www.visitbratislava.com\/sk\/wp-json\/wp\/v2\/pages\/381471\/revisions\/386414"}],"wp:featuredmedia":[{"embeddable":true,"href":"https:\/\/www.visitbratislava.com\/sk\/wp-json\/wp\/v2\/media\/386097"}],"wp:attachment":[{"href":"https:\/\/www.visitbratislava.com\/sk\/wp-json\/wp\/v2\/media?parent=381471"}],"curies":[{"name":"wp","href":"https:\/\/api.w.org\/{rel}","templated":true}]}}