{"id":40207,"date":"2018-03-12T16:30:50","date_gmt":"2018-03-12T15:30:50","guid":{"rendered":"https:\/\/www.visitbratislava.com\/?page_id=40207\/"},"modified":"2024-03-04T16:22:16","modified_gmt":"2024-03-04T15:22:16","slug":"sportovajar","status":"publish","type":"page","link":"https:\/\/www.visitbratislava.com\/sk\/sportovajar\/","title":{"rendered":"\u0160portov\u00e1 jar v Bratislave"},"content":{"rendered":"<h3><a href=\"https:\/\/www.visitbratislava.com\/sk\/podujatia\/csob-bratislava-marathon\/\" target=\"_blank\" rel=\"noopener\"><strong>\u010cSOB Bratislava Marathon<\/strong><\/a><\/h3>\n<p>Marat\u00f3n, ktor\u00fd sa prv\u00fdkr\u00e1t uskuto\u010dnil v\u00a0roku 2006 pod n\u00e1zvom Bratislavsk\u00fd mestsk\u00fd marat\u00f3n, je dnes u\u017e neodl\u00fa\u010dite\u013enou s\u00fa\u010das\u0165ou \u0161portov\u00e9ho ducha hlavn\u00e9ho mesta. Atmosf\u00e9ru marat\u00f3nu pod\u010diarkuje dobro\u010dinn\u00fd z\u00e1mer. S\u00fa\u010das\u0165ou podujatia s\u00fa aj soci\u00e1lne projekty pod ozna\u010den\u00edm 43. Kilometer, ktor\u00e9 podporuj\u00fa zdravotne \u010di soci\u00e1lne znev\u00fdhodnen\u00e9 deti a\u00a0ml\u00e1de\u017e.<\/p>\n<p>Okrem hlavnej discipl\u00edny \u010cSOB marat\u00f3nu (42,195 km), si be\u017eci m\u00f4\u017eu vybra\u0165 z nieko\u013ek\u00fdch \u010fal\u0161\u00edch, u\u017e tradi\u010dn\u00fdch, discipl\u00edn: Desiatka (10 km), minimarat\u00f3n (4,2 km), detsk\u00e9 behy (300 m \u2013 800 m), preteky lez\u00fa\u0148ov (5 m). polmarat\u00f3n (21,098 km), \u0161tafetov\u00fd polmarat\u00f3n (21,098km), \u0161tafetov\u00fd marat\u00f3n (42,195km).<\/p>\n<p><img loading=\"lazy\" class=\"alignnone wp-image-39391 size-large\" src=\"https:\/\/www.visitbratislava.com\/wp-content\/uploads\/2017\/10\/CSOB-Marathon-2018-start_8-800x534.jpg\" alt=\"\" width=\"800\" height=\"534\" srcset=\"https:\/\/www.visitbratislava.com\/wp-content\/uploads\/2017\/10\/CSOB-Marathon-2018-start_8-800x534.jpg 800w, https:\/\/www.visitbratislava.com\/wp-content\/uploads\/2017\/10\/CSOB-Marathon-2018-start_8-400x267.jpg 400w, https:\/\/www.visitbratislava.com\/wp-content\/uploads\/2017\/10\/CSOB-Marathon-2018-start_8-768x513.jpg 768w, https:\/\/www.visitbratislava.com\/wp-content\/uploads\/2017\/10\/CSOB-Marathon-2018-start_8-200x133.jpg 200w\" sizes=\"(max-width: 800px) 100vw, 800px\" \/><\/p>\n<h3><a href=\"https:\/\/www.visitbratislava.com\/sk\/podujatia\/narodny-beh-devin-bratislava\/\" target=\"_blank\" rel=\"noopener\"><strong>N\u00c1RODN\u00dd BEH DEV\u00cdN \u2013 BRATISLAVA\u00a0<\/strong><\/a><\/h3>\n<p>Tento najstar\u0161\u00ed cestn\u00fd beh a\u00a0z\u00e1rove\u0148 najstar\u0161ie atletick\u00e9 podujatie na Slovensku za\u010dalo v\u00a0roku 1921. Prv\u00e9 ro\u010dn\u00edky mali len zop\u00e1r be\u017ecov a tis\u00edce nad\u0161en\u00fdch div\u00e1kov. Pre Bratislavu to bola v\u017edy ve\u013ek\u00e1 udalos\u0165.<\/p>\n<p>Tri desa\u0165ro\u010dia s \u201eve\u013ek\u00fdm\u201c Dev\u00ednom usporad\u00fava organiz\u00e1tor na skr\u00e1tenej vzdialenosti aj \u201emal\u00fd\u201c Dev\u00edn pre \u017eiakov a\u00a0rekrea\u010dn\u00fdch be\u017ecov, aby sa propagoval beh ako prirodzen\u00e1 pohybov\u00e1 aktivita dostupn\u00e1 skuto\u010dne pre v\u0161etk\u00fdch. N\u00e1rodn\u00fd beh je \u0161pecifick\u00fd t\u00fdm, \u017ee sa ho z\u00fa\u010dast\u0148uj\u00fa v\u00fdborn\u00ed be\u017eci, ktor\u00ed s\u00fa be\u017eeckou \u0161pi\u010dkou v\u00a0atletickom svete spolu s tis\u00edckami amat\u00e9rskych be\u017ecov, pre ktor\u00fdch je tento pretek jedin\u00fdm v roku, ktor\u00e9ho sa z\u00a0akejsi be\u017eeckej cti z\u00fa\u010dast\u0148uj\u00fa.<\/p>\n<p><img loading=\"lazy\" class=\"alignnone wp-image-40214 size-large\" src=\"https:\/\/www.visitbratislava.com\/wp-content\/uploads\/2018\/03\/beh-devin-3-800x534.jpg\" alt=\"\" width=\"800\" height=\"534\" srcset=\"https:\/\/www.visitbratislava.com\/wp-content\/uploads\/2018\/03\/beh-devin-3-800x534.jpg 800w, https:\/\/www.visitbratislava.com\/wp-content\/uploads\/2018\/03\/beh-devin-3-400x267.jpg 400w, https:\/\/www.visitbratislava.com\/wp-content\/uploads\/2018\/03\/beh-devin-3-768x513.jpg 768w, https:\/\/www.visitbratislava.com\/wp-content\/uploads\/2018\/03\/beh-devin-3-200x134.jpg 200w\" sizes=\"(max-width: 800px) 100vw, 800px\" \/><\/p>\n<h3><a href=\"https:\/\/www.visitbratislava.com\/sk\/cyklovylety\/\" target=\"_blank\" rel=\"noopener\"><strong>ZA\u017dITE BRATISLAVU NA BICYKLI<\/strong><\/a><\/h3>\n<p>Jedine na bicykli m\u00f4\u017eete po\u010das jedn\u00e9ho v\u00fdletu spozna\u0165 r\u00f4zne podoby Bratislavy: najstar\u0161\u00ed mestsk\u00fd park, najv\u00e4\u010d\u0161ie slovensk\u00e9 s\u00eddlisko (Petr\u017ealka), modern\u00e9 \u0161tvrte na n\u00e1bre\u017e\u00ed,\u00a0<a href=\"https:\/\/www.visitbratislava.com\/sk\/miesta\/hrad-devin\/\" target=\"_blank\" rel=\"noopener\">hrad Dev\u00edn<\/a> t\u00fd\u010diaci sa nad s\u00fatokom riek Dunaja a Moravy, kde svoje stopy zanechali Kelti, Rimania i Slovania. Preveziete sa cez panensk\u00fa\u00a0pr\u00edrodu nivy rieky Moravy\u00a0na hraniciach s Rak\u00faskom, uvid\u00edte zbytky\u00a0\u017deleznej opony i bunkre z 2. svet. vojny\u00a0a svetozn\u00e1mu lokalitu fos\u00edli\u00ed\u00a0Sandberg. Cestou sp\u00e4\u0165 do mesta si zopakujete\u00a0Bratislavu z paluby vyhliadkovej lode,\u00a0ktorou sa vr\u00e1tite do centre mesta.<br \/>\n<img loading=\"lazy\" class=\"alignnone wp-image-40218 size-large\" src=\"https:\/\/www.visitbratislava.com\/wp-content\/uploads\/2018\/03\/cyklo-green-male-karpaty-2-800x533.jpg\" alt=\"\" width=\"800\" height=\"533\" srcset=\"https:\/\/www.visitbratislava.com\/wp-content\/uploads\/2018\/03\/cyklo-green-male-karpaty-2-800x533.jpg 800w, https:\/\/www.visitbratislava.com\/wp-content\/uploads\/2018\/03\/cyklo-green-male-karpaty-2-400x267.jpg 400w, https:\/\/www.visitbratislava.com\/wp-content\/uploads\/2018\/03\/cyklo-green-male-karpaty-2-768x512.jpg 768w, https:\/\/www.visitbratislava.com\/wp-content\/uploads\/2018\/03\/cyklo-green-male-karpaty-2-200x133.jpg 200w\" sizes=\"(max-width: 800px) 100vw, 800px\" \/><\/p>\n<h3><strong>TURISTIKA V\u00a0MAL\u00ddCH KARPATOCH<\/strong><\/h3>\n<p>Bratislava za pekn\u00e9ho po\u010dasia pon\u00faka pr\u00edle\u017eitos\u0165 vyjs\u0165 na <strong>Kolibu a\u00a0vrch <a href=\"https:\/\/www.visitbratislava.com\/sk\/miesta\/kamzik\/\" target=\"_blank\" rel=\"noopener\">Kamz\u00edk<\/a><\/strong>. Ak sa vyd\u00e1te po stop\u00e1ch \u010dervenej turistickej zna\u010dky dostanete sa k\u00a0drevenej rozh\u013eadni. Nach\u00e1dza sa na Americkej l\u00fake v\u00a0bl\u00edzkosti telev\u00edznej ve\u017ee Kamz\u00edk. Z\u00a0jej vrchu m\u00f4\u017eete vidie\u0165 n\u00e1dhern\u00fa panor\u00e1mu mesta, ktor\u00e1 sa m\u00f4\u017ee zaradi\u0165 medzi najkraj\u0161ie v\u00fdh\u013eady v\u00a0Bratislave. Cesta k rozh\u013eadni vedie cez les a\u00a0trv\u00e1 pribli\u017ene 15 min\u00fat.<\/p>\n<p>\u010eal\u0161\u00edm vy\u0161\u0161ie polo\u017een\u00fdm bodom, ktor\u00fd stoj\u00ed za n\u00e1v\u0161tevu je <strong>Sandberg<\/strong>. Sandberg je pozostatok morsk\u00e9ho \u00fatesu, ktor\u00fd sa tu nach\u00e1dzal pred 14 a\u017e 16 mili\u00f3nmi rokov a\u00a0le\u017e\u00ed takmer na hraniciach s\u00a0Rak\u00faskom. Pieskov\u00fd vrch je najz\u00e1padnej\u0161\u00edm v\u00fdbe\u017ekom Dev\u00ednskych Karp\u00e1t. Na jar sa v\u00a0okol\u00ed Sandbergu objavia koberce pestrofarebn\u00fdch kvetov, ktor\u00e9 ulahodia nejedn\u00e9mu oku, v\u00a0kombin\u00e1cii s\u00a0kr\u00e1snym v\u00fdh\u013eadom na nivu rieky Moravy, hrad Dev\u00edn a na Rak\u00fasko. V\u00a0pr\u00edpade priazniv\u00e9ho po\u010dasia je vidie\u0165 aj Alpy.<\/p>\n<p><img loading=\"lazy\" class=\"alignnone wp-image-40222 size-large\" src=\"https:\/\/www.visitbratislava.com\/wp-content\/uploads\/2018\/03\/male-karpaty-green-4-800x533.jpg\" alt=\"\" width=\"800\" height=\"533\" srcset=\"https:\/\/www.visitbratislava.com\/wp-content\/uploads\/2018\/03\/male-karpaty-green-4-800x533.jpg 800w, https:\/\/www.visitbratislava.com\/wp-content\/uploads\/2018\/03\/male-karpaty-green-4-400x267.jpg 400w, https:\/\/www.visitbratislava.com\/wp-content\/uploads\/2018\/03\/male-karpaty-green-4-768x512.jpg 768w, https:\/\/www.visitbratislava.com\/wp-content\/uploads\/2018\/03\/male-karpaty-green-4-200x133.jpg 200w\" sizes=\"(max-width: 800px) 100vw, 800px\" \/><\/p>\n","protected":false},"excerpt":{"rendered":"<p>Na jar Bratislava okrem zelen\u00fdch parkov, kult\u00farnych prehliadok a slne\u010dn\u00fdch n\u00e1mest\u00ed pon\u00faka atrakt\u00edvne mo\u017enosti aj pre \u0161portov\u00fdch nad\u0161encov. Zapoji\u0165 sa m\u00f4\u017eete s\u00fa\u0165a\u017ene do najstar\u0161ieho atletick\u00e9ho podujatia na Slovensku, u\u017ei\u0165 si Bratislavu na ob\u013e\u00faben\u00fdch cyklotras\u00e1ch a dobi\u0165 energiu mnoh\u00fdmi in\u00fdmi aktivitami.\u00a0<\/p>\n","protected":false},"author":21,"featured_media":40237,"parent":0,"menu_order":0,"comment_status":"closed","ping_status":"closed","template":"","meta":[],"acf":[],"_links":{"self":[{"href":"https:\/\/www.visitbratislava.com\/sk\/wp-json\/wp\/v2\/pages\/40207"}],"collection":[{"href":"https:\/\/www.visitbratislava.com\/sk\/wp-json\/wp\/v2\/pages"}],"about":[{"href":"https:\/\/www.visitbratislava.com\/sk\/wp-json\/wp\/v2\/types\/page"}],"author":[{"embeddable":true,"href":"https:\/\/www.visitbratislava.com\/sk\/wp-json\/wp\/v2\/users\/21"}],"replies":[{"embeddable":true,"href":"https:\/\/www.visitbratislava.com\/sk\/wp-json\/wp\/v2\/comments?post=40207"}],"version-history":[{"count":3,"href":"https:\/\/www.visitbratislava.com\/sk\/wp-json\/wp\/v2\/pages\/40207\/revisions"}],"predecessor-version":[{"id":283885,"href":"https:\/\/www.visitbratislava.com\/sk\/wp-json\/wp\/v2\/pages\/40207\/revisions\/283885"}],"wp:featuredmedia":[{"embeddable":true,"href":"https:\/\/www.visitbratislava.com\/sk\/wp-json\/wp\/v2\/media\/40237"}],"wp:attachment":[{"href":"https:\/\/www.visitbratislava.com\/sk\/wp-json\/wp\/v2\/media?parent=40207"}],"curies":[{"name":"wp","href":"https:\/\/api.w.org\/{rel}","templated":true}]}}