{"id":40265,"date":"2018-03-13T13:41:38","date_gmt":"2018-03-13T12:41:38","guid":{"rendered":"https:\/\/www.visitbratislava.com\/?page_id=40265\/"},"modified":"2026-03-26T17:36:35","modified_gmt":"2026-03-26T16:36:35","slug":"top10jarnychzazitkov","status":"publish","type":"page","link":"https:\/\/www.visitbratislava.com\/sk\/top10jarnychzazitkov\/","title":{"rendered":"Top 10 jarn\u00fdch z\u00e1\u017eitkov"},"content":{"rendered":"<h2>1. Prehliadky mesta Bratislava<\/h2>\n<p>Jar je ide\u00e1lna na prehliadky mesta. Pe\u0161ie t\u00fary, tematick\u00e9 ve\u010dern\u00e9 prehliadky, cyklot\u00fary \u010di mestsk\u00fd vl\u00e1\u010dik v\u00e1m umo\u017enia spozna\u0165 hist\u00f3riu, architekt\u00faru a zauj\u00edmavosti Bratislavy. Prehliadky s\u00fa vhodn\u00e9 pre ka\u017ed\u00e9ho, kto chce objavova\u0165 Bratislavu.<\/p>\n<p><img loading=\"lazy\" class=\"aligncenter wp-image-35567\" src=\"https:\/\/www.visitbratislava.com\/wp-content\/uploads\/2017\/08\/taste-bratislava-city-tour-titulna.png\" alt=\"prehliadka Bratislavy na Hviezdoslavovom n\u00e1mest\u00ed\" width=\"800\" height=\"410\" srcset=\"https:\/\/www.visitbratislava.com\/wp-content\/uploads\/2017\/08\/taste-bratislava-city-tour-titulna.png 700w, https:\/\/www.visitbratislava.com\/wp-content\/uploads\/2017\/08\/taste-bratislava-city-tour-titulna-400x205.png 400w, https:\/\/www.visitbratislava.com\/wp-content\/uploads\/2017\/08\/taste-bratislava-city-tour-titulna-200x103.png 200w\" sizes=\"(max-width: 800px) 100vw, 800px\" \/><\/p>\n<h2>2. Bratislavsk\u00e1 ZOO na jar<\/h2>\n<p>Bratislavsk\u00e1 <a href=\"https:\/\/www.visitbratislava.com\/sk\/miesta\/zoo\/\" target=\"_blank\" rel=\"noopener\">ZOO <\/a>je skvelou vo\u013ebou na jarn\u00fd program pre cel\u00fa rodinu. Na rozlohe pribli\u017ene 96 hekt\u00e1rov tu \u017eije mno\u017estvo druhov zvierat, od \u0161eliem cez zebry a \u017eirafy a\u017e po prim\u00e1ty a vlky. ZOO pon\u00faka aj vzdel\u00e1vacie programy a podujatia pre \u0161koly a \u0161irok\u00fa verejnos\u0165, tak\u017ee n\u00e1v\u0161teva je skvelou kombin\u00e1ciou z\u00e1bavy a u\u010denia.<\/p>\n<p><img loading=\"lazy\" class=\"aligncenter wp-image-435416 size-medium\" src=\"https:\/\/www.visitbratislava.com\/wp-content\/uploads\/2026\/03\/DSC02810-400x267.jpg\" alt=\"zoo, \u0165ava, Bratislava\" width=\"400\" height=\"267\" srcset=\"https:\/\/www.visitbratislava.com\/wp-content\/uploads\/2026\/03\/DSC02810-400x267.jpg 400w, https:\/\/www.visitbratislava.com\/wp-content\/uploads\/2026\/03\/DSC02810-800x533.jpg 800w, https:\/\/www.visitbratislava.com\/wp-content\/uploads\/2026\/03\/DSC02810-768x512.jpg 768w, https:\/\/www.visitbratislava.com\/wp-content\/uploads\/2026\/03\/DSC02810-1536x1024.jpg 1536w, https:\/\/www.visitbratislava.com\/wp-content\/uploads\/2026\/03\/DSC02810-2048x1365.jpg 2048w, https:\/\/www.visitbratislava.com\/wp-content\/uploads\/2026\/03\/DSC02810-200x133.jpg 200w\" sizes=\"(max-width: 400px) 100vw, 400px\" \/><\/p>\n<h2>3. Plavby po Dunaji<\/h2>\n<p>Plavby po Dunaji s\u00fa unik\u00e1tnou formou, ako spozna\u0165 Bratislavu z inej perspekt\u00edvy. Trasy ved\u00fa okolo historick\u00e9ho centra, popod mosty a k zr\u00facanin\u00e1m hradu Dev\u00edn pri s\u00fatoku Dunaja a Moravy. Po\u010das jarnej sez\u00f3ny sa plavby konaj\u00fa takmer denne, pon\u00fakaj\u00fac panoramatick\u00fd poh\u013ead na Bratislavsk\u00fd hrad a n\u00e1bre\u017eie. <strong><a href=\"https:\/\/www.visitbratislava.com\/sk\/sluzby\/plavby-po-dunaji\/\" target=\"_blank\" rel=\"noopener\">Viac inform\u00e1ci\u00ed o plavb\u00e1ch po Dunaji.<\/a><\/strong><\/p>\n<p><img loading=\"lazy\" class=\"wp-image-18355 size-large aligncenter\" src=\"https:\/\/www.visitbratislava.com\/wp-content\/uploads\/2016\/06\/hrad_dunaj_ufo_lod-800x450.jpg\" alt=\"\" width=\"800\" height=\"450\" srcset=\"https:\/\/www.visitbratislava.com\/wp-content\/uploads\/2016\/06\/hrad_dunaj_ufo_lod-800x450.jpg 800w, https:\/\/www.visitbratislava.com\/wp-content\/uploads\/2016\/06\/hrad_dunaj_ufo_lod-400x225.jpg 400w, https:\/\/www.visitbratislava.com\/wp-content\/uploads\/2016\/06\/hrad_dunaj_ufo_lod-768x432.jpg 768w, https:\/\/www.visitbratislava.com\/wp-content\/uploads\/2016\/06\/hrad_dunaj_ufo_lod-200x113.jpg 200w\" sizes=\"(max-width: 800px) 100vw, 800px\" \/><\/p>\n<h2>4. Kult\u00farne podujatia v Bratislave<\/h2>\n<p>V\u00a0hlavnom meste je aj na jar kult\u00farny program v\u00a0<a href=\"https:\/\/www.visitbratislava.com\/sk\/miesta\/slovenske-narodne-divadlo\/\" target=\"_blank\" rel=\"noopener\">Slovenskom n\u00e1rodnom divadle<\/a> a\u00a0<a href=\"https:\/\/www.visitbratislava.com\/sk\/miesta\/slovenska-filharmonia\/\" target=\"_blank\" rel=\"noopener\">Slovenskej filharm\u00f3nii<\/a> nabit\u00fd. Pr\u00ed\u010fte si pozrie\u0165 fenomen\u00e1lny<a href=\"https:\/\/snd.sk\/program\" target=\"_blank\" rel=\"noopener\"> balet, \u010dinohry alebo operu<\/a>. V meste sa konaj\u00fa aj men\u0161ie koncerty, v\u00fdstavy a umeleck\u00e9 podujatia, ktor\u00e9 spr\u00edjemnia jarn\u00e9 dni a obohatia n\u00e1v\u0161tevn\u00edkov o kult\u00farne z\u00e1\u017eitky.<\/p>\n<p><img loading=\"lazy\" class=\"aligncenter wp-image-435423 size-large\" src=\"https:\/\/www.visitbratislava.com\/wp-content\/uploads\/2026\/03\/fontana-800x533.jpg\" alt=\"Slovensk\u00e9 n\u00e1rodn\u00e9 divadlo\" width=\"800\" height=\"533\" srcset=\"https:\/\/www.visitbratislava.com\/wp-content\/uploads\/2026\/03\/fontana-800x533.jpg 800w, https:\/\/www.visitbratislava.com\/wp-content\/uploads\/2026\/03\/fontana-400x267.jpg 400w, https:\/\/www.visitbratislava.com\/wp-content\/uploads\/2026\/03\/fontana-768x512.jpg 768w, https:\/\/www.visitbratislava.com\/wp-content\/uploads\/2026\/03\/fontana-1536x1024.jpg 1536w, https:\/\/www.visitbratislava.com\/wp-content\/uploads\/2026\/03\/fontana-2048x1365.jpg 2048w, https:\/\/www.visitbratislava.com\/wp-content\/uploads\/2026\/03\/fontana-200x133.jpg 200w\" sizes=\"(max-width: 800px) 100vw, 800px\" \/><\/p>\n<p data-start=\"209\" data-end=\"616\">Na jar sa organizuj\u00fa aj <a href=\"https:\/\/www.visitbratislava.com\/sk\/podujatia\/bratislavske-mestske-dni\/\" target=\"_blank\" rel=\"noopener\"><strong data-start=\"480\" data-end=\"508\">Bratislavsk\u00e9 mestsk\u00e9 dni<\/strong><\/a>, ktor\u00e9 pon\u00fakaj\u00fa kult\u00farny program, hudbu, pouli\u010dn\u00e9 divadlo, tvoriv\u00e9 dielne a mno\u017estvo z\u00e1\u017eitkov pre rodiny.<\/p>\n<p data-start=\"209\" data-end=\"616\"><img loading=\"lazy\" class=\"aligncenter wp-image-435429 size-large\" src=\"https:\/\/www.visitbratislava.com\/wp-content\/uploads\/2026\/03\/Lachkovic_2022_BMD-2022_vyhradna-licencia_casovo-neobmedzena_narodne-divadlo-800x450.jpg\" alt=\"\" width=\"800\" height=\"450\" srcset=\"https:\/\/www.visitbratislava.com\/wp-content\/uploads\/2026\/03\/Lachkovic_2022_BMD-2022_vyhradna-licencia_casovo-neobmedzena_narodne-divadlo-800x450.jpg 800w, https:\/\/www.visitbratislava.com\/wp-content\/uploads\/2026\/03\/Lachkovic_2022_BMD-2022_vyhradna-licencia_casovo-neobmedzena_narodne-divadlo-400x225.jpg 400w, https:\/\/www.visitbratislava.com\/wp-content\/uploads\/2026\/03\/Lachkovic_2022_BMD-2022_vyhradna-licencia_casovo-neobmedzena_narodne-divadlo-768x432.jpg 768w, https:\/\/www.visitbratislava.com\/wp-content\/uploads\/2026\/03\/Lachkovic_2022_BMD-2022_vyhradna-licencia_casovo-neobmedzena_narodne-divadlo-1536x864.jpg 1536w, https:\/\/www.visitbratislava.com\/wp-content\/uploads\/2026\/03\/Lachkovic_2022_BMD-2022_vyhradna-licencia_casovo-neobmedzena_narodne-divadlo-2048x1152.jpg 2048w, https:\/\/www.visitbratislava.com\/wp-content\/uploads\/2026\/03\/Lachkovic_2022_BMD-2022_vyhradna-licencia_casovo-neobmedzena_narodne-divadlo-200x113.jpg 200w\" sizes=\"(max-width: 800px) 100vw, 800px\" \/><\/p>\n<h2>5. Bicyklovanie a cyklotrasy v Bratislave<\/h2>\n<p>Prv\u00e9 teplej\u0161ie dni ka\u017edoro\u010dne vyl\u00e1kaj\u00fa desiatky cyklistov na ob\u013e\u00faben\u00e9 <a href=\"https:\/\/www.visitbratislava.com\/sk\/cyklovylety\/\" target=\"_blank\" rel=\"noopener\">bratislavsk\u00e9 cyklotrasy<\/a>. Mesto pon\u00faka tematick\u00e9 cyklot\u00fary, na ktor\u00fdch spozn\u00e1te hist\u00f3riu Bratislavy, ale aj trasy pre n\u00e1ro\u010dnej\u0161\u00edch. \u00a0Okolo Dunaja vedie viacero<a href=\"https:\/\/www.visitbratislava.com\/sk\/cyklovylety\/\" target=\"_blank\" rel=\"noopener\">\u00a0cyklistick\u00fdch tr\u00e1s<\/a>, ktor\u00e9 sp\u00e1jaj\u00fa Bratislavu so susedn\u00fdm Rak\u00faskom, Ma\u010farskom a \u010ceskou republikou a okrem cyklistov ich \u010dasto vyu\u017e\u00edvaj\u00fa aj kor\u010duliari.<\/p>\n<p><img loading=\"lazy\" class=\"aligncenter wp-image-280229 size-large\" src=\"https:\/\/www.visitbratislava.com\/wp-content\/uploads\/2023\/04\/VC2EMUD-800x534.jpg\" alt=\"cyklotrasa Bratislava\" width=\"800\" height=\"534\" srcset=\"https:\/\/www.visitbratislava.com\/wp-content\/uploads\/2023\/04\/VC2EMUD-800x534.jpg 800w, https:\/\/www.visitbratislava.com\/wp-content\/uploads\/2023\/04\/VC2EMUD-400x267.jpg 400w, https:\/\/www.visitbratislava.com\/wp-content\/uploads\/2023\/04\/VC2EMUD-768x512.jpg 768w, https:\/\/www.visitbratislava.com\/wp-content\/uploads\/2023\/04\/VC2EMUD-1536x1025.jpg 1536w, https:\/\/www.visitbratislava.com\/wp-content\/uploads\/2023\/04\/VC2EMUD-2048x1366.jpg 2048w, https:\/\/www.visitbratislava.com\/wp-content\/uploads\/2023\/04\/VC2EMUD-200x133.jpg 200w\" sizes=\"(max-width: 800px) 100vw, 800px\" \/><\/p>\n<h2>6. Botanick\u00e1 z\u00e1hrada<\/h2>\n<p>Aj v\u00a0hlavnom meste n\u00e1jdete kus exotiky. V\u00a0<a href=\"https:\/\/www.visitbratislava.com\/sk\/miesta\/botanicka-zahrada\/\" target=\"_blank\" rel=\"noopener\">Botanickej z\u00e1hrade<\/a>, ktor\u00e1 bola prvou svojho druhu na Slovensku, na rozlohe pribli\u017ene 7,5 hekt\u00e1ra n\u00e1jdete 5 tis\u00edc najm\u00e4 cudzokrajn\u00fdch druhov rastl\u00edn, 150 druhov vy\u0161\u013eachten\u00fdch ru\u017e\u00ed, tropick\u00e9 a\u00a0subtropick\u00e9 rastliny, kaktusy, palmy a\u00a0mnoh\u00e9 in\u00e9.<\/p>\n<p>Sez\u00f3na od 1.4. do 31.10. Pondelok a\u017e nede\u013ea 9:00 \u2013 18:00. Sklen\u00edky Pondelok a\u017e piatok 9:00 \u2013 15:00 Sobota a nede\u013ea 9:00 \u2013 18:00.<\/p>\n<p><img loading=\"lazy\" width=\"800\" height=\"533\" class=\"size-large wp-image-61466 aligncenter\" src=\"https:\/\/www.visitbratislava.com\/wp-content\/uploads\/2019\/06\/botanicka-800x533.jpg\" alt=\"\" srcset=\"https:\/\/www.visitbratislava.com\/wp-content\/uploads\/2019\/06\/botanicka-800x533.jpg 800w, https:\/\/www.visitbratislava.com\/wp-content\/uploads\/2019\/06\/botanicka-400x267.jpg 400w, https:\/\/www.visitbratislava.com\/wp-content\/uploads\/2019\/06\/botanicka-768x512.jpg 768w, https:\/\/www.visitbratislava.com\/wp-content\/uploads\/2019\/06\/botanicka-200x133.jpg 200w, https:\/\/www.visitbratislava.com\/wp-content\/uploads\/2019\/06\/botanicka.jpg 2048w\" sizes=\"(max-width: 800px) 100vw, 800px\" \/><\/p>\n<h2>7. Parky<\/h2>\n<p><a href=\"https:\/\/www.visitbratislava.com\/sk\/miesta\/zelezna-studienka\/\" target=\"_blank\" rel=\"noopener\"><strong>\u017delezn\u00e1 studienka<\/strong><\/a> patr\u00ed medzi najzn\u00e1mej\u0161ie bratislavsk\u00e9 rekrea\u010dn\u00e9 lokality. Je s\u00fa\u010das\u0165ou Bratislavsk\u00e9ho lesoparku. Nach\u00e1dza sa na ju\u017enom okraji chr\u00e1nenej oblasti Mal\u00e9 Karpaty. Pretek\u00e1 \u0148ou potok Vydrica, ktor\u00fd v strednej \u010dasti toku z\u00e1sobuje vodou \u0161tyri rybn\u00edky. V bl\u00edzkosti hlavn\u00e9ho toku s\u00fa pramene, studni\u010dky a zamokren\u00e9 plochy. Na \u017deleznej studienke sa m\u00f4\u017eete odviez\u0165 seda\u010dkovou lanovkou na Kamz\u00edk a vychutna\u0165 si v\u00fdh\u013ead zo 186 metrovej v\u00fd\u0161ky.<\/p>\n<p><img loading=\"lazy\" width=\"800\" height=\"533\" class=\"size-large wp-image-2519 aligncenter\" src=\"https:\/\/www.visitbratislava.com\/wp-content\/uploads\/2015\/04\/zelezna-studienka-lanovka-800x533.jpg\" alt=\"\" srcset=\"https:\/\/www.visitbratislava.com\/wp-content\/uploads\/2015\/04\/zelezna-studienka-lanovka-800x533.jpg 800w, https:\/\/www.visitbratislava.com\/wp-content\/uploads\/2015\/04\/zelezna-studienka-lanovka-400x267.jpg 400w, https:\/\/www.visitbratislava.com\/wp-content\/uploads\/2015\/04\/zelezna-studienka-lanovka-200x133.jpg 200w, https:\/\/www.visitbratislava.com\/wp-content\/uploads\/2015\/04\/zelezna-studienka-lanovka.jpg 1200w\" sizes=\"(max-width: 800px) 100vw, 800px\" \/><\/p>\n<p><strong>Sad Janka Kr\u00e1\u013ea<\/strong> je najstar\u0161\u00ed verejn\u00fd park v strednej Eur\u00f3pe a jeden z najstar\u0161\u00edch stredoeur\u00f3pskych parkov v\u00f4bec. Nach\u00e1dza sa v bratislavskej Petr\u017ealke a m\u00e1 rozlohu 42 hekt\u00e1rov. V s\u00fa\u010dasnosti m\u00e1 park kult\u00farno-spolo\u010densk\u00fa funkciu, sl\u00fa\u017ei ako oddychov\u00e9 a stret\u00e1vacie miesto. V\u0161etky vekov\u00e9 skupiny ho vyu\u017e\u00edvaj\u00fa na r\u00f4zne \u0161portov\u00e9 aktivity. Mohutn\u00e9 vz\u00e1cne stromy dop\u013a\u0148a drobn\u00e1 architekt\u00fara. Najv\u00fdznamnej\u0161\u00edm architektonick\u00fdm prvkom je jedine\u010dn\u00fd z\u00e1hradn\u00fd alt\u00e1nok, ktor\u00fd bol p\u00f4vodne ve\u017eou franti\u0161k\u00e1nskeho kostola. Ne\u010faleko parku si m\u00f4\u017eete vychutna\u0165 kr\u00e1sny v\u00fdh\u013ead na Bratislavu z n\u00e1bre\u017eia Dunaja.<\/p>\n<p><img loading=\"lazy\" width=\"800\" height=\"533\" class=\"size-large wp-image-43227 aligncenter\" src=\"https:\/\/www.visitbratislava.com\/wp-content\/uploads\/2018\/05\/Hudba-v-Sade-800x533.jpg\" alt=\"\" srcset=\"https:\/\/www.visitbratislava.com\/wp-content\/uploads\/2018\/05\/Hudba-v-Sade-800x533.jpg 800w, https:\/\/www.visitbratislava.com\/wp-content\/uploads\/2018\/05\/Hudba-v-Sade-400x267.jpg 400w, https:\/\/www.visitbratislava.com\/wp-content\/uploads\/2018\/05\/Hudba-v-Sade-768x512.jpg 768w, https:\/\/www.visitbratislava.com\/wp-content\/uploads\/2018\/05\/Hudba-v-Sade-200x133.jpg 200w\" sizes=\"(max-width: 800px) 100vw, 800px\" \/><\/p>\n<p><strong><a href=\"https:\/\/www.visitbratislava.com\/sk\/miesta\/horsky-park\/\" target=\"_blank\" rel=\"noopener\">Horsk\u00fd park<\/a><\/strong> vznikol na z\u00e1padnom okraji mesta v roku 1868 \u00fapravou u\u017e jestvuj\u00faceho lesn\u00e9ho prostredia. Koncom 19. storo\u010dia bolo do parku vys\u00e1dzan\u00fdch mnoho nov\u00fdch druhov stromov ako napr\u00edklad skupiny tisov, l\u00edp, platanov a r\u00f4zne cudzokrajn\u00e9 ihli\u010dnany. Dnes k parku patr\u00ed neodmyslite\u013ene aj historick\u00e1 hor\u00e1re\u0148 Horsk\u00fd park, ktor\u00e1 sa stala vyh\u013ead\u00e1van\u00fdm miestom odpo\u010dinku, stret\u00e1vania sa \u013eud\u00ed a origin\u00e1lnym kult\u00farnym centrom Bratislavy. Jej s\u00fa\u010das\u0165ou je aj z\u00e1hrada s detsk\u00fdm ihriskom a libresso s vynikaj\u00facou k\u00e1vou a tradi\u010dn\u00fdmi bratislavsk\u00fdmi orechov\u00fdmi a makov\u00fdmi ro\u017ekami.<\/p>\n<p><img loading=\"lazy\" class=\"wp-image-37081 size-large aligncenter\" src=\"https:\/\/www.visitbratislava.com\/wp-content\/uploads\/2015\/04\/horsky-park-horaren-800x450.jpg\" alt=\"\" width=\"800\" height=\"450\" srcset=\"https:\/\/www.visitbratislava.com\/wp-content\/uploads\/2015\/04\/horsky-park-horaren-800x450.jpg 800w, https:\/\/www.visitbratislava.com\/wp-content\/uploads\/2015\/04\/horsky-park-horaren-400x225.jpg 400w, https:\/\/www.visitbratislava.com\/wp-content\/uploads\/2015\/04\/horsky-park-horaren-768x432.jpg 768w, https:\/\/www.visitbratislava.com\/wp-content\/uploads\/2015\/04\/horsky-park-horaren-200x113.jpg 200w\" sizes=\"(max-width: 800px) 100vw, 800px\" \/><\/p>\n<p>Na jar nevynechajte ani rozkvitnut\u00fa<strong> Barokov\u00fa z\u00e1hradu <\/strong><a href=\"https:\/\/www.visitbratislava.com\/sk\/miesta\/bratislavsky-hrad\/\" target=\"_blank\" rel=\"noopener\"><strong>Bratislavsk\u00e9ho hradu<\/strong><\/a>, na ktorej boli vysaden\u00e9 desiatky strieborn\u00fdch l\u00edp, \u017eiv\u00e9 ploty a\u00a0viac ako tis\u00edc jarni\u010diek a\u00a0letni\u010diek. Z\u00e1hrada bola navrhnut\u00e1 pod\u013ea historick\u00fdch podkladov, ktor\u00e9 architekt navrhol pre M\u00e1riu Ter\u00e9ziu. Okrem pestr\u00fdch kvetov ju zdob\u00ed font\u00e1na a\u00a0sochy.<\/p>\n<p><img loading=\"lazy\" class=\"wp-image-37198 size-large aligncenter\" src=\"https:\/\/www.visitbratislava.com\/wp-content\/uploads\/2017\/10\/bratislava-castle-garden-hrad-zahrada-800x413.jpg\" alt=\"\" width=\"800\" height=\"413\" srcset=\"https:\/\/www.visitbratislava.com\/wp-content\/uploads\/2017\/10\/bratislava-castle-garden-hrad-zahrada-800x413.jpg 800w, https:\/\/www.visitbratislava.com\/wp-content\/uploads\/2017\/10\/bratislava-castle-garden-hrad-zahrada-400x206.jpg 400w, https:\/\/www.visitbratislava.com\/wp-content\/uploads\/2017\/10\/bratislava-castle-garden-hrad-zahrada-768x396.jpg 768w, https:\/\/www.visitbratislava.com\/wp-content\/uploads\/2017\/10\/bratislava-castle-garden-hrad-zahrada-200x103.jpg 200w, https:\/\/www.visitbratislava.com\/wp-content\/uploads\/2017\/10\/bratislava-castle-garden-hrad-zahrada.jpg 2048w\" sizes=\"(max-width: 800px) 100vw, 800px\" \/><\/p>\n<h2>8. Trhy a lok\u00e1lne produkty<\/h2>\n<p>Ka\u017ed\u00fa sobotu sa v\u00a0budove ru\u0161nej <a href=\"https:\/\/www.visitbratislava.com\/sk\/miesta\/stara-trznica\/\" target=\"_blank\" rel=\"noopener\">Starej tr\u017enice<\/a> kon\u00e1 trh sez\u00f3nnych potrav\u00edn. Okrem n\u00e1kupu \u010derstv\u00fdch plod\u00edn a v\u00fdrobkov miestnych pestovate\u013eov a remeseln\u00edkov s\u00fa s\u00fa\u010das\u0165ou trhov aj sprievodn\u00e9 aktivity a predstavenia pre deti aj dospel\u00fdch.<\/p>\n<p><img loading=\"lazy\" width=\"800\" height=\"534\" class=\"size-large wp-image-214422 aligncenter\" src=\"https:\/\/www.visitbratislava.com\/wp-content\/uploads\/2015\/05\/Trh-Piac-Markt-001-800x534.jpg\" alt=\"\" srcset=\"https:\/\/www.visitbratislava.com\/wp-content\/uploads\/2015\/05\/Trh-Piac-Markt-001-800x534.jpg 800w, https:\/\/www.visitbratislava.com\/wp-content\/uploads\/2015\/05\/Trh-Piac-Markt-001-400x267.jpg 400w, https:\/\/www.visitbratislava.com\/wp-content\/uploads\/2015\/05\/Trh-Piac-Markt-001-768x513.jpg 768w, https:\/\/www.visitbratislava.com\/wp-content\/uploads\/2015\/05\/Trh-Piac-Markt-001-200x134.jpg 200w, https:\/\/www.visitbratislava.com\/wp-content\/uploads\/2015\/05\/Trh-Piac-Markt-001.jpg 1200w\" sizes=\"(max-width: 800px) 100vw, 800px\" \/><\/p>\n<h2>9. Ve\u013ek\u00e1 noc v Bratislave<\/h2>\n<p>U\u017eite si tradi\u010dn\u00e9 sviatky jari pr\u00e1ve u n\u00e1s! Spozn\u00e1te kult\u00faru a atraktivity hlavn\u00e9ho mesta a regi\u00f3nu, za\u017eijete miestne <a href=\"https:\/\/www.visitbratislava.com\/sk\/6-tipov-ako-stravit-velku-noc-v-bratislave\/\" target=\"_blank\" rel=\"noopener\">ve\u013ekono\u010dn\u00e9 zvyky a kult\u00faru<\/a>. A nielen to, kvalitn\u00e1 region\u00e1lna gastron\u00f3mia, zna\u010dkov\u00e9 v\u00edna ocenen\u00e9 na svetov\u00fdch s\u00fa\u0165a\u017eiach a lok\u00e1lne remeseln\u00e9 pivovary ur\u010dite pote\u0161ia Va\u0161e chu\u0165ov\u00e9 poh\u00e1riky. Z\u00e1rove\u0148 V\u00e1m pon\u00fakame v\u00fdlet do Malokarpatsk\u00e9ho regi\u00f3nu \u2013 regi\u00f3nu v\u00edna a \u013eudovej majoliky.<\/p>\n<h3><img loading=\"lazy\" width=\"800\" height=\"258\" class=\"size-large wp-image-52893 aligncenter\" src=\"https:\/\/www.visitbratislava.com\/wp-content\/uploads\/2019\/01\/easter2019-featured-image_ver2-800x258.jpg\" alt=\"\" srcset=\"https:\/\/www.visitbratislava.com\/wp-content\/uploads\/2019\/01\/easter2019-featured-image_ver2-800x258.jpg 800w, https:\/\/www.visitbratislava.com\/wp-content\/uploads\/2019\/01\/easter2019-featured-image_ver2-400x129.jpg 400w, https:\/\/www.visitbratislava.com\/wp-content\/uploads\/2019\/01\/easter2019-featured-image_ver2-768x248.jpg 768w, https:\/\/www.visitbratislava.com\/wp-content\/uploads\/2019\/01\/easter2019-featured-image_ver2-200x65.jpg 200w, https:\/\/www.visitbratislava.com\/wp-content\/uploads\/2019\/01\/easter2019-featured-image_ver2.jpg 1418w\" sizes=\"(max-width: 800px) 100vw, 800px\" \/><\/h3>\n<h2>10. Vyhliadky a adrenal\u00edn<\/h2>\n<p>Odv\u00e1\u017elivci si na jar v Bratislave m\u00f4\u017eu vysk\u00fa\u0161a\u0165 <a href=\"https:\/\/www.visitbratislava.com\/sk\/miesta\/skywalk-ufo\/\">adrenal\u00ednov\u00fd z\u00e1\u017eitok vo v\u00fd\u0161ke 85 metrov<\/a>. Odv\u00e1\u017elivci m\u00f4\u017eu vyu\u017ei\u0165 360-stup\u0148ov\u00fa vyhliadku z ve\u017ee UFO, ktor\u00e1 pon\u00faka panoramatick\u00fd poh\u013ead na mesto a Dunaj z v\u00fd\u0161ky 85 metrov. Prech\u00e1dzka okolo vyhliadkovej plo\u0161iny je nezabudnute\u013en\u00fdm jarn\u00fdm z\u00e1\u017eitkom pre ka\u017ed\u00e9ho n\u00e1v\u0161tevn\u00edka.<\/p>\n<p><img loading=\"lazy\" class=\"wp-image-222336 size-large aligncenter\" src=\"https:\/\/www.visitbratislava.com\/wp-content\/uploads\/2023\/02\/zdronu_Petrzalka_UFO_Dunaj_skywalk_dron_nevyhradna-licencia-casovo-neobmedzena-800x599.jpg\" alt=\"\" width=\"800\" height=\"599\" srcset=\"https:\/\/www.visitbratislava.com\/wp-content\/uploads\/2023\/02\/zdronu_Petrzalka_UFO_Dunaj_skywalk_dron_nevyhradna-licencia-casovo-neobmedzena-800x599.jpg 800w, https:\/\/www.visitbratislava.com\/wp-content\/uploads\/2023\/02\/zdronu_Petrzalka_UFO_Dunaj_skywalk_dron_nevyhradna-licencia-casovo-neobmedzena-400x299.jpg 400w, https:\/\/www.visitbratislava.com\/wp-content\/uploads\/2023\/02\/zdronu_Petrzalka_UFO_Dunaj_skywalk_dron_nevyhradna-licencia-casovo-neobmedzena-768x575.jpg 768w, https:\/\/www.visitbratislava.com\/wp-content\/uploads\/2023\/02\/zdronu_Petrzalka_UFO_Dunaj_skywalk_dron_nevyhradna-licencia-casovo-neobmedzena-1536x1150.jpg 1536w, https:\/\/www.visitbratislava.com\/wp-content\/uploads\/2023\/02\/zdronu_Petrzalka_UFO_Dunaj_skywalk_dron_nevyhradna-licencia-casovo-neobmedzena-2048x1533.jpg 2048w, https:\/\/www.visitbratislava.com\/wp-content\/uploads\/2023\/02\/zdronu_Petrzalka_UFO_Dunaj_skywalk_dron_nevyhradna-licencia-casovo-neobmedzena-200x150.jpg 200w, https:\/\/www.visitbratislava.com\/wp-content\/uploads\/2023\/02\/zdronu_Petrzalka_UFO_Dunaj_skywalk_dron_nevyhradna-licencia-casovo-neobmedzena-600x450.jpg 600w\" sizes=\"(max-width: 800px) 100vw, 800px\" \/><\/p>\n<p>&nbsp;<\/p>\n","protected":false},"excerpt":{"rendered":"<p>Bratislava sa na jar men\u00ed a o\u017e\u00edva farbami kvetov a slne\u010dn\u00fdm svetlom. Dunaj sa prebud\u00ed k \u017eivotu, historick\u00e9 centrum l\u00e1ka na prech\u00e1dzky a atmosf\u00e9ru pln\u00fa hist\u00f3rie, a zelen\u00e9 parky priv\u00edtaj\u00fa n\u00e1v\u0161tevn\u00edkov r\u00f4znymi aktivitami. Mesto pon\u00faka mno\u017estvo jarn\u00fdch trhov, kult\u00farnych podujat\u00ed a vonkaj\u0161\u00edch z\u00e1\u017eitkov, ktor\u00e9 ocenia rodiny aj jednotlivci.<\/p>\n","protected":false},"author":21,"featured_media":40316,"parent":0,"menu_order":0,"comment_status":"closed","ping_status":"closed","template":"","meta":[],"acf":[],"_links":{"self":[{"href":"https:\/\/www.visitbratislava.com\/sk\/wp-json\/wp\/v2\/pages\/40265"}],"collection":[{"href":"https:\/\/www.visitbratislava.com\/sk\/wp-json\/wp\/v2\/pages"}],"about":[{"href":"https:\/\/www.visitbratislava.com\/sk\/wp-json\/wp\/v2\/types\/page"}],"author":[{"embeddable":true,"href":"https:\/\/www.visitbratislava.com\/sk\/wp-json\/wp\/v2\/users\/21"}],"replies":[{"embeddable":true,"href":"https:\/\/www.visitbratislava.com\/sk\/wp-json\/wp\/v2\/comments?post=40265"}],"version-history":[{"count":16,"href":"https:\/\/www.visitbratislava.com\/sk\/wp-json\/wp\/v2\/pages\/40265\/revisions"}],"predecessor-version":[{"id":436614,"href":"https:\/\/www.visitbratislava.com\/sk\/wp-json\/wp\/v2\/pages\/40265\/revisions\/436614"}],"wp:featuredmedia":[{"embeddable":true,"href":"https:\/\/www.visitbratislava.com\/sk\/wp-json\/wp\/v2\/media\/40316"}],"wp:attachment":[{"href":"https:\/\/www.visitbratislava.com\/sk\/wp-json\/wp\/v2\/media?parent=40265"}],"curies":[{"name":"wp","href":"https:\/\/api.w.org\/{rel}","templated":true}]}}