{"id":43090,"date":"2018-05-25T09:59:16","date_gmt":"2018-05-25T07:59:16","guid":{"rendered":"https:\/\/www.visitbratislava.com\/?page_id=43090\/"},"modified":"2018-06-01T13:02:06","modified_gmt":"2018-06-01T11:02:06","slug":"objav-jedinecne-umenie-kulturu","status":"publish","type":"page","link":"https:\/\/www.visitbratislava.com\/sk\/objav-jedinecne-umenie-kulturu\/","title":{"rendered":"Objav jedine\u010dn\u00e9 umenie a kult\u00faru"},"content":{"rendered":"<p>Si milovn\u00edkom umenia a\u00a0kult\u00fary, no nie si ve\u013ek\u00fdm fan\u00fa\u0161ikom extr\u00e9mnych radov \u010di\u00a0vysok\u00fdch cien\u00a0 v\u00a0m\u00faze\u00e1ch a\u00a0gal\u00e9ri\u00e1ch? Potom je Bratislava spr\u00e1vna vo\u013eba! Vychutnaj si neopakovate\u013en\u00e9 umenie v\u00a0Bratislave bez zbyto\u010dn\u00fdch obmedzen\u00ed.<\/p>\n<p><img loading=\"lazy\" width=\"800\" height=\"450\" class=\"alignnone size-large wp-image-43538\" src=\"https:\/\/www.visitbratislava.com\/wp-content\/uploads\/2018\/05\/1600x900_maria7-800x450.jpg\" alt=\"\" srcset=\"https:\/\/www.visitbratislava.com\/wp-content\/uploads\/2018\/05\/1600x900_maria7-800x450.jpg 800w, https:\/\/www.visitbratislava.com\/wp-content\/uploads\/2018\/05\/1600x900_maria7-400x225.jpg 400w, https:\/\/www.visitbratislava.com\/wp-content\/uploads\/2018\/05\/1600x900_maria7-768x432.jpg 768w, https:\/\/www.visitbratislava.com\/wp-content\/uploads\/2018\/05\/1600x900_maria7-200x113.jpg 200w, https:\/\/www.visitbratislava.com\/wp-content\/uploads\/2018\/05\/1600x900_maria7.jpg 1600w\" sizes=\"(max-width: 800px) 100vw, 800px\" \/><\/p>\n<p>Nechaj sa uchv\u00e1ti\u0165 ok\u00faz\u013euj\u00facimi mel\u00f3diami, p\u00f4vabn\u00fdm tancom a dych vyr\u00e1\u017eaj\u00facimi hereck\u00fdmi v\u00fdkonmi. Kr\u00e1\u010daj po stop\u00e1ch hist\u00f3rie a odha\u013e v\u00fdnimo\u010dn\u00fa s\u00fa\u010dasnos\u0165. Umenie a kult\u00fara maj\u00fa v Bratislave hlboko zakorenen\u00fa trad\u00edciu, nie nadarmo sa toto mesto prirovn\u00e1va k star\u0161\u00edm sestr\u00e1m: Viedni a Prahe.<\/p>\n<h3>Ak si chce\u0161 u\u017ei\u0165 top kult\u00faru, ur\u010dite nevynechaj:<\/h3>\n<ul>\n<li><strong>Slovensk\u00e9 n\u00e1rodn\u00e9 divadlo<\/strong><\/li>\n<\/ul>\n<p>Historick\u00e1 budova Slovensk\u00e9ho n\u00e1rodn\u00e9ho divadla bola postaven\u00e1 v neorenesan\u010dnom \u0161t\u00fdle v roku 1886 ako Mestsk\u00e9 divadlo, pod\u013ea n\u00e1vrhu viedensk\u00fdch architektov F. Fellnera a H. Helmera.\u00a0Dodnes pon\u00faka opern\u00e1 sc\u00e9na SND tie najlep\u0161ie klasick\u00e9 predstavenia. V\u00a0j\u00fani si m\u00f4\u017ee\u0161 navy\u0161e vychutna\u0165 Festival eur\u00f3pskeho divadla Eurokontext.sk, ktor\u00fd zdru\u017euje to najlep\u0161ie z\u00a0opery a\u00a0baletu na medzin\u00e1rodnej \u00farovni.<\/p>\n<p><img loading=\"lazy\" width=\"800\" height=\"533\" class=\"alignnone size-large wp-image-2033\" src=\"https:\/\/www.visitbratislava.com\/wp-content\/uploads\/2014\/11\/balet_snd_luskacik-800x533.jpg\" alt=\"\" srcset=\"https:\/\/www.visitbratislava.com\/wp-content\/uploads\/2014\/11\/balet_snd_luskacik-800x533.jpg 800w, https:\/\/www.visitbratislava.com\/wp-content\/uploads\/2014\/11\/balet_snd_luskacik-400x267.jpg 400w, https:\/\/www.visitbratislava.com\/wp-content\/uploads\/2014\/11\/balet_snd_luskacik-200x133.jpg 200w\" sizes=\"(max-width: 800px) 100vw, 800px\" \/><\/p>\n<ul>\n<li><strong>Slovensk\u00e9 filharm\u00f3nia<\/strong><\/li>\n<\/ul>\n<p>V\u00a0hudbe nezaost\u00e1va ani Slovensk\u00e1 filharm\u00f3nia, centrum hudobn\u00e9ho \u017eivota Bratislavy, zalo\u017een\u00e1 v\u00a0roku 1949. Je pravideln\u00fdm hos\u0165om v\u00fdznamn\u00fdch eur\u00f3pskych hudobn\u00fdch p\u00f3di\u00ed a festivalov.<\/p>\n<p><img class=\"alignnone size-large wp-image-15219\" src=\"https:\/\/www.visitbratislava.com\/wp-content\/uploads\/2016\/04\/filh1-800x496.jpg\" alt=\"\" \/><\/p>\n<ul>\n<li><strong>Gal\u00e9ria Nedbalka<\/strong><\/li>\n<\/ul>\n<p>Gal\u00e9ria m\u00e1 vo svojej zbierke viac ne\u017e 500 diel slovensk\u00fdch v\u00fdtvarn\u00fdch velik\u00e1nov. Na pr\u00edzem\u00ed sa organizuj\u00fa kr\u00e1tkodob\u00e9 v\u00fdstavy s\u00fa\u010dasn\u00fdch slovensk\u00fdch umelcov. Vo v\u00fdstavn\u00fdch priestoroch je na \u0161tyroch poschodiach vytvoren\u00e1 st\u00e1la expoz\u00edcia venovan\u00e1 zrodu a v\u00fdvinu v\u00fdtvarnej moderny Slovenska, ktor\u00e1 pod\u00e1va obraz o dejin\u00e1ch maliarstva a soch\u00e1rstva na Slovensku v 20. storo\u010d\u00ed.<\/p>\n<p><img loading=\"lazy\" class=\"alignnone wp-image-11682\" src=\"https:\/\/www.visitbratislava.com\/wp-content\/uploads\/2015\/05\/nedbalka4.png\" alt=\"\" width=\"800\" height=\"420\" srcset=\"https:\/\/www.visitbratislava.com\/wp-content\/uploads\/2015\/05\/nedbalka4.png 600w, https:\/\/www.visitbratislava.com\/wp-content\/uploads\/2015\/05\/nedbalka4-400x210.png 400w, https:\/\/www.visitbratislava.com\/wp-content\/uploads\/2015\/05\/nedbalka4-200x105.png 200w\" sizes=\"(max-width: 800px) 100vw, 800px\" \/><\/p>\n<ul>\n<li><strong>Danubiana Meulensteen Art Museum<\/strong><\/li>\n<\/ul>\n<p>Gal\u00e9ria Danubiana vynik\u00e1 nie len svojou unik\u00e1tnou polohou na polostrove, ale aj v\u00fdstavami toho najlep\u0161ieho od slovensk\u00fdch a zahrani\u010dn\u00fdch autorov. Dostane\u0161 sa k nej autobusom alebo si m\u00f4\u017ee\u0161 urobi\u0165 z\u00e1\u017eitkov\u00fd v\u00fdlet lo\u010fou.<\/p>\n<p><img loading=\"lazy\" width=\"800\" height=\"482\" class=\"alignnone size-large wp-image-18352\" src=\"https:\/\/www.visitbratislava.com\/wp-content\/uploads\/2016\/06\/Danubiana_peninsula-800x482.jpg\" alt=\"\" srcset=\"https:\/\/www.visitbratislava.com\/wp-content\/uploads\/2016\/06\/Danubiana_peninsula-800x482.jpg 800w, https:\/\/www.visitbratislava.com\/wp-content\/uploads\/2016\/06\/Danubiana_peninsula-400x241.jpg 400w, https:\/\/www.visitbratislava.com\/wp-content\/uploads\/2016\/06\/Danubiana_peninsula-768x463.jpg 768w, https:\/\/www.visitbratislava.com\/wp-content\/uploads\/2016\/06\/Danubiana_peninsula-200x121.jpg 200w\" sizes=\"(max-width: 800px) 100vw, 800px\" \/><\/p>\n<p>Miestni obyvatelia \u017eij\u00fa kult\u00farou po\u010das cel\u00e9ho roka. Aj leto v\u00a0Bratislave je charakteristick\u00e9 mno\u017estvom neodmyslite\u013en\u00fdch podujat\u00ed. Medzi tie najlep\u0161ie patr\u00ed:<\/p>\n<ul>\n<li><strong>Kult\u00farne leto a Hradn\u00e9 sl\u00e1vnosti<\/strong><\/li>\n<\/ul>\n<p>Najv\u00e4\u010d\u0161\u00ed mestsk\u00fd festival\u00a0Kult\u00farne leto a hradn\u00e9 sl\u00e1vnosti Bratislava\u00a0aj v roku 2018 pl\u00e1nuje z Bratislavy vytvori\u0165 sc\u00e9nu pln\u00fa multi\u017e\u00e1nrov\u00fdch programov pre obyvate\u013eov, ale aj letn\u00fdch n\u00e1v\u0161tevn\u00edkov hlavn\u00e9ho mesta. Pre div\u00e1kov bud\u00fa u\u017e od za\u010diatku j\u00fana pripraven\u00e9 nov\u00e9 projekty aj festivalov\u00e9 st\u00e1lice.<\/p>\n<p>Kedy: j\u00fan \u2013 september 2018<\/p>\n<p><img loading=\"lazy\" width=\"800\" height=\"533\" class=\"alignnone size-large wp-image-12719\" src=\"https:\/\/www.visitbratislava.com\/wp-content\/uploads\/2016\/03\/DSC_8319-800x533.jpg\" alt=\"\" srcset=\"https:\/\/www.visitbratislava.com\/wp-content\/uploads\/2016\/03\/DSC_8319-800x533.jpg 800w, https:\/\/www.visitbratislava.com\/wp-content\/uploads\/2016\/03\/DSC_8319-400x267.jpg 400w, https:\/\/www.visitbratislava.com\/wp-content\/uploads\/2016\/03\/DSC_8319-768x512.jpg 768w, https:\/\/www.visitbratislava.com\/wp-content\/uploads\/2016\/03\/DSC_8319-200x133.jpg 200w\" sizes=\"(max-width: 800px) 100vw, 800px\" \/><\/p>\n<ul>\n<li><strong>Bratislavsk\u00e9 korunova\u010dn\u00e9 dni<\/strong><\/li>\n<\/ul>\n<p>Sl\u00e1vnu kr\u00e1\u013eovsk\u00fa minulos\u0165 Bratislavy si v\u00a0tomto roku pripomenieme s\u00e9riou podujat\u00ed v\u00a0trvan\u00ed cel\u00e9ho t\u00fd\u017ed\u0148a. Paralelne s\u00a0rak\u00faskymi a\u00a0ma\u010farsk\u00fdmi aktivitami sa aj Bratislava zapoj\u00ed do osl\u00e1v 301. v\u00fdro\u010dia narodenia M\u00e1rie Ter\u00e9zie, jednej z\u00a0najv\u00fdraznej\u0161\u00edch osobnost\u00ed dej\u00edn, ktor\u00e1 bola korunovan\u00e1 v\u00a0Bratislave v roku 1741.<\/p>\n<p>Kedy: 22. \u2013 29. j\u00fan 2018<\/p>\n<p><img loading=\"lazy\" width=\"800\" height=\"533\" class=\"alignnone size-large wp-image-43183\" src=\"https:\/\/www.visitbratislava.com\/wp-content\/uploads\/2018\/05\/Korunovacie-Spodniakova1_sowa_mont-800x533.jpg\" alt=\"\" srcset=\"https:\/\/www.visitbratislava.com\/wp-content\/uploads\/2018\/05\/Korunovacie-Spodniakova1_sowa_mont-800x533.jpg 800w, https:\/\/www.visitbratislava.com\/wp-content\/uploads\/2018\/05\/Korunovacie-Spodniakova1_sowa_mont-400x267.jpg 400w, https:\/\/www.visitbratislava.com\/wp-content\/uploads\/2018\/05\/Korunovacie-Spodniakova1_sowa_mont-768x512.jpg 768w, https:\/\/www.visitbratislava.com\/wp-content\/uploads\/2018\/05\/Korunovacie-Spodniakova1_sowa_mont-200x133.jpg 200w\" sizes=\"(max-width: 800px) 100vw, 800px\" \/><\/p>\n<ul>\n<li><strong>VIVA MUSICA! 2018<\/strong><\/li>\n<\/ul>\n<p>Viva Musica! festival svojim n\u00e1v\u0161tevn\u00edkom ka\u017ed\u00fd rok prin\u00e1\u0161a exkluz\u00edvne hudobn\u00e9 projekty v\u00a0podan\u00ed \u0161pi\u010dkov\u00fdch dom\u00e1cich a svetov\u00fdch umelcov, ale aj koncerty pln\u00e9 nen\u00fatenej z\u00e1bavy. Od svojho prv\u00e9ho ro\u010dn\u00edka pon\u00faka \u013eu\u010fom to najlep\u0161ie z klasickej hudby formou pr\u00ed\u0165a\u017elivou pre v\u0161etk\u00fdch \u2013 na netradi\u010dn\u00fdch miestach, v netradi\u010dn\u00fdch kontextoch a bez nutnosti plati\u0165 vstupn\u00e9 na niektor\u00e9 koncerty. Tento koncept sa stretol s ve\u013ek\u00fdm \u00faspechom: Viva Musica! festival je dnes najv\u00e4\u010d\u0161\u00edm medzin\u00e1rodn\u00fdm letn\u00fdm hudobn\u00fdm festivalom v Bratislave.<\/p>\n<p>Kedy: j\u00fan \u2013 august 2018<\/p>\n<p><img loading=\"lazy\" width=\"800\" height=\"533\" class=\"alignnone size-large wp-image-12676\" src=\"https:\/\/www.visitbratislava.com\/wp-content\/uploads\/2016\/03\/vivamusica_konzerva_28-800x533.png\" alt=\"\" srcset=\"https:\/\/www.visitbratislava.com\/wp-content\/uploads\/2016\/03\/vivamusica_konzerva_28-800x533.png 800w, https:\/\/www.visitbratislava.com\/wp-content\/uploads\/2016\/03\/vivamusica_konzerva_28-400x267.png 400w, https:\/\/www.visitbratislava.com\/wp-content\/uploads\/2016\/03\/vivamusica_konzerva_28-768x512.png 768w, https:\/\/www.visitbratislava.com\/wp-content\/uploads\/2016\/03\/vivamusica_konzerva_28-200x133.png 200w, https:\/\/www.visitbratislava.com\/wp-content\/uploads\/2016\/03\/vivamusica_konzerva_28.png 1600w\" sizes=\"(max-width: 800px) 100vw, 800px\" \/><\/p>\n<p>Neobmedzuj sa a\u00a0za\u017ei v\u0161etko naplno a\u00a0v\u00fdhodne! Kult\u00farne z\u00e1\u017eitky zn\u00e1sob\u00ed\u0161 s\u00a0<a href=\"http:\/\/card.visitbratislava.com\/sk\/\" target=\"_blank\" rel=\"noopener\">Bratislava CARD City &amp; Region<\/a>.<\/p>\n","protected":false},"excerpt":{"rendered":"<p>Si milovn\u00edkom umenia a\u00a0kult\u00fary, no nie si ve\u013ek\u00fdm fan\u00fa\u0161ikom extr\u00e9mnych radov \u010di\u00a0vysok\u00fdch cien\u00a0 v\u00a0m\u00faze\u00e1ch a\u00a0gal\u00e9ri\u00e1ch? Potom je Bratislava spr\u00e1vna vo\u013eba! Vychutnaj si neopakovate\u013en\u00e9 umenie v\u00a0Bratislave bez zbyto\u010dn\u00fdch obmedzen\u00ed. Nechaj sa uchv\u00e1ti\u0165 ok\u00faz\u013euj\u00facimi mel\u00f3diami, p\u00f4vabn\u00fdm tancom a dych vyr\u00e1\u017eaj\u00facimi hereck\u00fdmi v\u00fdkonmi. Kr\u00e1\u010daj po stop\u00e1ch hist\u00f3rie a odha\u013e v\u00fdnimo\u010dn\u00fa s\u00fa\u010dasnos\u0165. Umenie a kult\u00fara maj\u00fa v Bratislave hlboko [&hellip;]<\/p>\n","protected":false},"author":10,"featured_media":43607,"parent":0,"menu_order":0,"comment_status":"closed","ping_status":"closed","template":"","meta":[],"acf":[],"_links":{"self":[{"href":"https:\/\/www.visitbratislava.com\/sk\/wp-json\/wp\/v2\/pages\/43090"}],"collection":[{"href":"https:\/\/www.visitbratislava.com\/sk\/wp-json\/wp\/v2\/pages"}],"about":[{"href":"https:\/\/www.visitbratislava.com\/sk\/wp-json\/wp\/v2\/types\/page"}],"author":[{"embeddable":true,"href":"https:\/\/www.visitbratislava.com\/sk\/wp-json\/wp\/v2\/users\/10"}],"replies":[{"embeddable":true,"href":"https:\/\/www.visitbratislava.com\/sk\/wp-json\/wp\/v2\/comments?post=43090"}],"version-history":[{"count":0,"href":"https:\/\/www.visitbratislava.com\/sk\/wp-json\/wp\/v2\/pages\/43090\/revisions"}],"wp:featuredmedia":[{"embeddable":true,"href":"https:\/\/www.visitbratislava.com\/sk\/wp-json\/wp\/v2\/media\/43607"}],"wp:attachment":[{"href":"https:\/\/www.visitbratislava.com\/sk\/wp-json\/wp\/v2\/media?parent=43090"}],"curies":[{"name":"wp","href":"https:\/\/api.w.org\/{rel}","templated":true}]}}