{"id":48495,"date":"2018-09-26T13:31:30","date_gmt":"2018-09-26T11:31:30","guid":{"rendered":"https:\/\/www.visitbratislava.com\/?page_id=48495\/"},"modified":"2025-04-01T14:13:03","modified_gmt":"2025-04-01T12:13:03","slug":"bezbarierova-bratislava","status":"publish","type":"page","link":"https:\/\/www.visitbratislava.com\/sk\/bezbarierova-bratislava\/","title":{"rendered":"Bezbari\u00e9rov\u00e1 Bratislava"},"content":{"rendered":"<p><a href=\"https:\/\/www.visitbratislava.com\/wp-content\/uploads\/2025\/03\/Bez_barier_v_Bratislave_zoznam_budov_12_24.pdf\" target=\"_blank\" rel=\"noopener\">Komplexn\u00fd sprievodca<\/a><\/p>\n<h3><strong>Pohyb po centre mesta<\/strong><\/h3>\n<p>Povrch v\u00e4\u010d\u0161iny ul\u00edc v historickom centre mesta umo\u017e\u0148uje bezprobl\u00e9mov\u00fd presun, av\u0161ak na uliciach s historickou dla\u017ebou je potrebn\u00e9 po\u010d\u00edta\u0165 s nerovn\u00fdm ter\u00e9nom, obrubn\u00edkmi a n\u00e1ro\u010dnej\u0161\u00edm presunom.<\/p>\n<h3><strong>Cestovanie verejnou dopravou<\/strong><\/h3>\n<p><strong>Plne bezbari\u00e9rov\u00e9 linky s\u00fa v cestovn\u00fdch poriadkoch ozna\u010den\u00e9 symbolom voz\u00ed\u010dkara pri \u010d\u00edsle danej linky<\/strong>. V\u00a0pr\u00edpade, ak na linke prem\u00e1vaj\u00fa aj nebezbari\u00e9rov\u00e9 spoje, s\u00fa bezbari\u00e9rov\u00e9 spoje ozna\u010den\u00e9 v\u00a0cestovn\u00fdch poriadkoch symbolom voz\u00ed\u010dkara pri \u010dasovom \u00fadaji.<\/p>\n<p>Vodi\u010d na po\u017eiadanie umo\u017en\u00ed cestuj\u00facemu n\u00e1stup a v\u00fdstup vysunut\u00edm plo\u0161iny. Cestuj\u00faci je povinn\u00fd v\u010das ozn\u00e1mi\u0165 vodi\u010dovi \u00famysel vyst\u00fapi\u0165 na nasleduj\u00facej zast\u00e1vke stla\u010den\u00edm tla\u010didla so symbolom voz\u00ed\u010dkara.<\/p>\n<p>Slovensk\u00ed ob\u010dania &#8211; dr\u017eitelia preukazu \u0164ZP a\u00a0\u0164ZP-S maj\u00fa n\u00e1rok na 50%-n\u00fa z\u013eavu z\u00a0ceny cestovn\u00e9ho l\u00edstka. <strong>Zdravotne postihnut\u00ed ob\u010dania in\u00fdch kraj\u00edn si pri cestovan\u00ed verejnou dopravou musia k\u00fapi\u0165 cestovn\u00fd l\u00edstok za pln\u00fa sumu.<\/strong> Zdravotne postihnut\u00ed ob\u010dania kraj\u00edn E\u00da do 6 rokov cestuj\u00fa zadarmo, ob\u010dania vo veku od 6 do 16 rokov a ob\u010dania nad 62 rokov maj\u00fa n\u00e1rok na 50%-n\u00fa z\u013eavu z ceny cestovn\u00e9ho l\u00edstka. Pri kontrole je potrebn\u00e9 preuk\u00e1za\u0165 vek dokladom toto\u017enosti.<\/p>\n<p>Viac priamo na str\u00e1nke Dopravn\u00e9ho podniku mesta Bratislavy<a href=\"https:\/\/imhd.sk\/ba\/doc\/sk\/10002\/Bezbarierova-doprava\" target=\"_blank\" rel=\"noopener\"> TU<\/a>.<\/p>\n<h3><strong>Parkovanie v centre mesta<\/strong><\/h3>\n<p>Na parkovac\u00edch miestach pre zdravotne postihnut\u00fdch ozna\u010den\u00fdch \u201eP R\u00e9serv\u00e9\u201c a symbolom voz\u00ed\u010dkara smie zaparkova\u0165 len dr\u017eite\u013e preukazu \u0164ZP a \u0164ZP-S s platn\u00fdm Eur\u00f3pskym parkovac\u00edm preukazom, ktor\u00fd mus\u00ed by\u0165 vidite\u013ene umiestnen\u00fd na prednom, pr\u00edp. zadnom skle vozidla. <strong>Bez parkovacieho preukazu nie je mo\u017en\u00e9 parkova\u0165 na takto vyzna\u010den\u00fdch miestach.<\/strong><\/p>\n<p>Parkovacie miesta pre zdravotne postihnut\u00fdch sa spravidla nach\u00e1dzaj\u00fa pred a v bl\u00edzkosti \u00faradov, in\u0161tit\u00faci\u00ed \u010di n\u00e1kupn\u00fdch centier. Ak s\u00fa vyhraden\u00e9 parkovacie miesta obsaden\u00e9, parkovanie na in\u00fdch parkovac\u00edch miestach u\u017e nie je bezplatn\u00e9 a je potrebn\u00e9 k\u00fapi\u0165 si pr\u00edslu\u0161n\u00fd parkovac\u00ed l\u00edstok.<\/p>\n<p><strong>Eur\u00f3psky parkovac\u00ed preukaz (vzor)<\/strong><\/p>\n<p><img loading=\"lazy\" class=\"alignnone wp-image-209733 size-medium\" src=\"https:\/\/www.visitbratislava.com\/wp-content\/uploads\/2022\/12\/1534359982-2018.parkovaci.preukaz.ztp_.ts_-400x245.jpg\" alt=\"\" width=\"400\" height=\"245\" srcset=\"https:\/\/www.visitbratislava.com\/wp-content\/uploads\/2022\/12\/1534359982-2018.parkovaci.preukaz.ztp_.ts_-400x245.jpg 400w, https:\/\/www.visitbratislava.com\/wp-content\/uploads\/2022\/12\/1534359982-2018.parkovaci.preukaz.ztp_.ts_-800x490.jpg 800w, https:\/\/www.visitbratislava.com\/wp-content\/uploads\/2022\/12\/1534359982-2018.parkovaci.preukaz.ztp_.ts_-768x470.jpg 768w, https:\/\/www.visitbratislava.com\/wp-content\/uploads\/2022\/12\/1534359982-2018.parkovaci.preukaz.ztp_.ts_-200x123.jpg 200w, https:\/\/www.visitbratislava.com\/wp-content\/uploads\/2022\/12\/1534359982-2018.parkovaci.preukaz.ztp_.ts_.jpg 1200w\" sizes=\"(max-width: 400px) 100vw, 400px\" \/><\/p>\n<h3><strong>Bezbari\u00e9rov\u00e9 parkovacie gar\u00e1\u017ee v centre<\/strong><\/h3>\n<p><strong>Gar\u00e1\u017e Centrum \ud83d\udccd<\/strong> Ur\u0161ul\u00ednska 6665, v\u00fd\u0165ah a plo\u0161ina pre imobiln\u00fdch.<\/p>\n<p><strong>Gar\u00e1\u017e Opera<\/strong> <strong>\ud83d\udccd<\/strong> Jesensk\u00e9ho 6143\/4C, z\u00e1chytn\u00e9 stojany a rampy pre invalidn\u00e9 voz\u00edky.<\/p>\n<h3><strong>Pamiatky, m\u00faze\u00e1 a gal\u00e9rie<\/strong><\/h3>\n<p>V\u00e4\u010d\u0161ina pamiatok a kostolov v historickom centre mesta neumo\u017e\u0148uje bezbari\u00e9rov\u00fd pr\u00edstup. Vzh\u013eadom na okolit\u00fd ter\u00e9n odpor\u00fa\u010dame aj pri ni\u017e\u0161ie uveden\u00fdch bezbari\u00e9rov\u00fdch objektoch n\u00e1v\u0161tevu so sprievodom.<\/p>\n<p><a href=\"https:\/\/www.visitbratislava.com\/sk\/miesta\/bratislavsky-hrad\/\" target=\"_blank\" rel=\"noopener noreferrer\"><strong>Bratislavsk\u00fd hrad \u2013 Historick\u00e9 m\u00fazeum<\/strong><\/a><\/p>\n<ul>\n<li>are\u00e1l hradu m\u00e1 bezbari\u00e9rov\u00fd pr\u00edstup, chodn\u00edk v\u0161ak vedie do kopca<\/li>\n<li>v pr\u00edpade manu\u00e1lneho typu invalidn\u00e9ho voz\u00edka odpor\u00fa\u010dame n\u00e1v\u0161tevu so sprievodom<\/li>\n<li>pred vstupom do m\u00fazea je potrebn\u00e9 ohl\u00e1si\u0165 sa v pokladni a pracovn\u00edk n\u00e1sledne otvor\u00ed samostatn\u00fd bo\u010dn\u00fd vchod<\/li>\n<li>priestory m\u00fazea s\u00fa bezbari\u00e9rov\u00e9 (v\u00fd\u0165ah) s v\u00fdnimkou Korunnej ve\u017ee a klenotnice<\/li>\n<li>v priestoroch m\u00fazea sa nach\u00e1dzaj\u00fa aj bezbari\u00e9rov\u00e9 toalety<\/li>\n<li>m\u00fazeum akceptuje slovensk\u00e9 aj medzin\u00e1rodn\u00e9 preukazy \u0164ZP a \u0164ZP-S<\/li>\n<li>bezplatn\u00fd vstup<\/li>\n<\/ul>\n<p><a href=\"https:\/\/www.visitbratislava.com\/sk\/miesta\/hrad-devin\/\" target=\"_blank\" rel=\"noopener noreferrer\"><strong>Hrad Dev\u00edn<\/strong><\/a><\/p>\n<ul>\n<li>are\u00e1l hradu m\u00e1 bezbari\u00e9rov\u00fd pr\u00edstup po stredn\u00e9 n\u00e1dvorie, chodn\u00edk v\u0161ak vedie do kopca<\/li>\n<li>v pr\u00edpade manu\u00e1lneho typu invalidn\u00e9ho voz\u00edka odpor\u00fa\u010dame n\u00e1v\u0161tevu so sprievodom<\/li>\n<li>Horn\u00fd hrad nem\u00e1 bezbari\u00e9rov\u00fd pr\u00edstup<\/li>\n<li>m\u00fazeum akceptuje slovensk\u00e9 aj medzin\u00e1rodn\u00e9 preukazy \u0164ZP a \u0164ZP-S<\/li>\n<li>bezplatn\u00fd vstup<\/li>\n<\/ul>\n<p><img loading=\"lazy\" width=\"800\" height=\"450\" class=\"aligncenter size-large wp-image-1810\" src=\"https:\/\/www.visitbratislava.com\/wp-content\/uploads\/2014\/10\/letecka-devin-800x450.jpg\" alt=\"\" \/><\/p>\n<p><a href=\"https:\/\/www.visitbratislava.com\/sk\/miesta\/stara-radnica\/\" target=\"_blank\" rel=\"noopener noreferrer\"><strong>Star\u00e1 radnica \u2013 Expoz\u00edcia dej\u00edn mesta<\/strong><\/a><\/p>\n<ul>\n<li>bezbari\u00e9rov\u00fd pr\u00edstup aj presun medzi poschodiami (v\u00fd\u0165ah)<\/li>\n<li>ve\u017ea s vyhliadkou je nepr\u00edstupn\u00e1<\/li>\n<li>m\u00fazeum akceptuje slovensk\u00e9 aj medzin\u00e1rodn\u00e9 preukazy \u0164ZP a \u0164ZP-S<\/li>\n<li>bezplatn\u00fd vstup<\/li>\n<\/ul>\n<p><a href=\"https:\/\/www.visitbratislava.com\/sk\/miesta\/primacialny-palac\/\" target=\"_blank\" rel=\"noopener noreferrer\"><strong>Primaci\u00e1lny pal\u00e1c<\/strong><\/a><\/p>\n<ul>\n<li>pri vstupe do pal\u00e1ca je potrebn\u00e9 ohl\u00e1si\u0165 sa na vr\u00e1tnici, n\u00e1sledne pracovn\u00edk spr\u00edstupn\u00ed slu\u017eobn\u00fd v\u00fd\u0165ah z tretieho n\u00e1dvoria<\/li>\n<li>gal\u00e9ria akceptuje len slovensk\u00e9 preukazy \u0164ZP a \u0164ZP-S<\/li>\n<li>bezplatn\u00fd vstup<\/li>\n<li><a href=\"https:\/\/www.visitbratislava.com\/wp-content\/uploads\/2021\/02\/primacialny_palac_bezbarierovy_vstup_mapka.pdf\" target=\"_blank\" rel=\"noopener\">mapka<\/a> bezbari\u00e9rovej trasy a vstupu<\/li>\n<\/ul>\n<p><img loading=\"lazy\" class=\"alignnone wp-image-209753 \" src=\"https:\/\/www.visitbratislava.com\/wp-content\/uploads\/2022\/12\/Kovac_2022_primacialny-palac_jesen_architektura_turisti_nevyhradna-licencia-scaled.jpg\" alt=\"\" width=\"884\" height=\"590\" srcset=\"https:\/\/www.visitbratislava.com\/wp-content\/uploads\/2022\/12\/Kovac_2022_primacialny-palac_jesen_architektura_turisti_nevyhradna-licencia-scaled.jpg 2560w, https:\/\/www.visitbratislava.com\/wp-content\/uploads\/2022\/12\/Kovac_2022_primacialny-palac_jesen_architektura_turisti_nevyhradna-licencia-400x267.jpg 400w, https:\/\/www.visitbratislava.com\/wp-content\/uploads\/2022\/12\/Kovac_2022_primacialny-palac_jesen_architektura_turisti_nevyhradna-licencia-800x533.jpg 800w, https:\/\/www.visitbratislava.com\/wp-content\/uploads\/2022\/12\/Kovac_2022_primacialny-palac_jesen_architektura_turisti_nevyhradna-licencia-768x512.jpg 768w, https:\/\/www.visitbratislava.com\/wp-content\/uploads\/2022\/12\/Kovac_2022_primacialny-palac_jesen_architektura_turisti_nevyhradna-licencia-1536x1024.jpg 1536w, https:\/\/www.visitbratislava.com\/wp-content\/uploads\/2022\/12\/Kovac_2022_primacialny-palac_jesen_architektura_turisti_nevyhradna-licencia-2048x1365.jpg 2048w, https:\/\/www.visitbratislava.com\/wp-content\/uploads\/2022\/12\/Kovac_2022_primacialny-palac_jesen_architektura_turisti_nevyhradna-licencia-200x133.jpg 200w\" sizes=\"(max-width: 884px) 100vw, 884px\" \/><\/p>\n<p><a href=\"https:\/\/www.visitbratislava.com\/sk\/miesta\/modry-kostol\/\" target=\"_blank\" rel=\"noopener noreferrer\"><strong>Modr\u00fd kostol<\/strong><\/a><\/p>\n<ul>\n<li>kostol m\u00e1 bezbari\u00e9rov\u00fd pr\u00edstup z bo\u010dnej strany<\/li>\n<li>otvoren\u00fd je len pred a po\u010das sv\u00e4t\u00fdch om\u0161\u00ed, t.j. od pondelka do soboty v \u010dasoch 6.30 &#8211; 7.30 a 17.30 &#8211; 19.00 a v nede\u013eu v \u010dasoch 7.30 &#8211; 12.00 a 17.30 &#8211; 19.00<\/li>\n<li>bezplatn\u00fd vstup<\/li>\n<\/ul>\n<p><a href=\"https:\/\/www.visitbratislava.com\/sk\/miesta\/ufo\/\" target=\"_blank\" rel=\"noopener noreferrer\"><strong>Vyhliadka UFO na Moste SNP<\/strong><\/a><\/p>\n<ul>\n<li>pr\u00edstup na recepciu nie je bezbari\u00e9rov\u00fd, ak je n\u00e1v\u0161tevn\u00edk bez sprievodu, je potrebn\u00e9 ohl\u00e1si\u0165 sa na vr\u00e1tnici telefonicky na +421 2 6252 0300<\/li>\n<li>vyhliadka nie je pr\u00edstupn\u00e1<\/li>\n<li>re\u0161taur\u00e1cia m\u00e1 bezbari\u00e9rov\u00fd pr\u00edstup<\/li>\n<li>akceptovan\u00e9 s\u00fa slovensk\u00e9 aj medzin\u00e1rodn\u00e9 preukazy \u0164ZP a \u0164ZP-S<\/li>\n<li>bezplatn\u00fd vstup<\/li>\n<\/ul>\n<p><img loading=\"lazy\" class=\"alignnone wp-image-209740\" src=\"https:\/\/www.visitbratislava.com\/wp-content\/uploads\/2022\/12\/ufo-vyhlad-dunaj-hrad-scaled.jpg\" alt=\"\" width=\"933\" height=\"525\" srcset=\"https:\/\/www.visitbratislava.com\/wp-content\/uploads\/2022\/12\/ufo-vyhlad-dunaj-hrad-scaled.jpg 2560w, https:\/\/www.visitbratislava.com\/wp-content\/uploads\/2022\/12\/ufo-vyhlad-dunaj-hrad-400x225.jpg 400w, https:\/\/www.visitbratislava.com\/wp-content\/uploads\/2022\/12\/ufo-vyhlad-dunaj-hrad-800x450.jpg 800w, https:\/\/www.visitbratislava.com\/wp-content\/uploads\/2022\/12\/ufo-vyhlad-dunaj-hrad-768x432.jpg 768w, https:\/\/www.visitbratislava.com\/wp-content\/uploads\/2022\/12\/ufo-vyhlad-dunaj-hrad-1536x864.jpg 1536w, https:\/\/www.visitbratislava.com\/wp-content\/uploads\/2022\/12\/ufo-vyhlad-dunaj-hrad-2048x1152.jpg 2048w, https:\/\/www.visitbratislava.com\/wp-content\/uploads\/2022\/12\/ufo-vyhlad-dunaj-hrad-200x113.jpg 200w\" sizes=\"(max-width: 933px) 100vw, 933px\" \/><\/p>\n<p><a href=\"https:\/\/www.visitbratislava.com\/sk\/miesta\/slovenska-narodna-galeria\/\" target=\"_blank\" rel=\"noopener noreferrer\"><strong>Slovensk\u00e1 n\u00e1rodn\u00e1 gal\u00e9ria<\/strong><\/a><\/p>\n<ul>\n<li>bezbari\u00e9rov\u00fd pr\u00edstup aj presun medzi poschodiami (v\u00fd\u0165ah)<\/li>\n<li>bezplatn\u00fd vstup<\/li>\n<\/ul>\n<p><a href=\"https:\/\/www.visitbratislava.com\/sk\/miesta\/galeria-nedbalka\/\" target=\"_blank\" rel=\"noopener noreferrer\"><strong>Gal\u00e9ria Nedbalka<\/strong><\/a><\/p>\n<ul>\n<li>\u010diasto\u010dne bezbari\u00e9rov\u00fd pr\u00edstup \u2013 schod zo strany ulice a tie\u017e pred vstupom na recepciu<\/li>\n<li>v pr\u00edpade manu\u00e1lneho typu invalidn\u00e9ho voz\u00edka odpor\u00fa\u010dame n\u00e1v\u0161tevu so sprievodom<\/li>\n<li>bezbari\u00e9rov\u00fd presun medzi poschodiami (v\u00fd\u0165ah)<\/li>\n<li>gal\u00e9ria akceptuje slovensk\u00e9 aj medzin\u00e1rodn\u00e9 preukazy \u0164ZP a \u0164ZP-S<\/li>\n<li>bezplatn\u00fd vstup<strong><em>\u00a0<\/em><\/strong><\/li>\n<\/ul>\n<p><a href=\"https:\/\/www.visitbratislava.com\/sk\/miesta\/danubiana\/\" target=\"_blank\" rel=\"noopener noreferrer\"><strong>Danubiana Meulensteen Art Museum<\/strong><\/a><\/p>\n<ul>\n<li>bezbari\u00e9rov\u00fd pr\u00edstup aj presun medzi poschodiami (v\u00fd\u0165ah)<\/li>\n<li>gal\u00e9ria akceptuje slovensk\u00e9 aj medzin\u00e1rodn\u00e9 preukazy \u0164ZP a \u0164ZP-S<\/li>\n<li>bezplatn\u00fd vstup<\/li>\n<\/ul>\n<p><img loading=\"lazy\" width=\"800\" height=\"482\" class=\"size-large wp-image-60888 aligncenter\" src=\"https:\/\/www.visitbratislava.com\/wp-content\/uploads\/2019\/06\/Danubiana-800x482.jpg\" alt=\"\" srcset=\"https:\/\/www.visitbratislava.com\/wp-content\/uploads\/2019\/06\/Danubiana-800x482.jpg 800w, https:\/\/www.visitbratislava.com\/wp-content\/uploads\/2019\/06\/Danubiana-400x241.jpg 400w, https:\/\/www.visitbratislava.com\/wp-content\/uploads\/2019\/06\/Danubiana-768x463.jpg 768w, https:\/\/www.visitbratislava.com\/wp-content\/uploads\/2019\/06\/Danubiana-200x121.jpg 200w\" sizes=\"(max-width: 800px) 100vw, 800px\" \/><\/p>\n<h3><strong>Bezbari\u00e9rov\u00e9 verejn\u00e9 toalety v centre mesta<\/strong><\/h3>\n<ul>\n<li><strong>Ur\u0161ul\u00ednska ulica<\/strong> &#8211; za budovou Magistr\u00e1tu, vstup oproti vjazdu do Gar\u00e1\u017ee Centrum<\/li>\n<li><strong>Otv\u00e1racie hodiny:<\/strong> Po &#8211; Ne 9:00 &#8211; 21:00 (po\u010das vybran\u00fdch sviatkov m\u00f4\u017eu by\u0165 zatvoren\u00e9)<\/li>\n<\/ul>\n<h3><strong>Vybran\u00e9 bezbari\u00e9rov\u00e9 hotely v centre mesta<\/strong><\/h3>\n<ul>\n<li><a href=\"https:\/\/www.grandriverpark.sk\/\" target=\"_blank\" rel=\"noopener noreferrer\">GRAND HOTEL RIVER PARK<\/a>, A LUXURY COLLECTION HOTEL*****<\/li>\n<li><a href=\"https:\/\/www.sheratonbratislava.sk\/\" target=\"_blank\" rel=\"noopener noreferrer\">SHERATON BRATISLAVA HOTEL<\/a>*****<\/li>\n<li><a href=\"https:\/\/www.radissonblu.com\/en\" target=\"_blank\" rel=\"noopener noreferrer\">RADISSON BLU CARLTON HOTEL<\/a>****<\/li>\n<li><a href=\"https:\/\/www.parkinn.com\/\" target=\"_blank\" rel=\"noopener noreferrer\">PARK INN DANUBE HOTEL<\/a>****<\/li>\n<li><a href=\"https:\/\/cpbratislava.sk\/sk\/\" target=\"_blank\" rel=\"noopener noreferrer\">HOTEL CROWNE PLAZA<\/a>****<\/li>\n<li><a href=\"https:\/\/hoteltatra.sk\/\" target=\"_blank\" rel=\"noopener noreferrer\">HOTEL TATRA<\/a>****<\/li>\n<li><a href=\"https:\/\/www.lofthotel.sk\/sk\">HOTEL LOFT BRATISLAVA<\/a>****<\/li>\n<li><a href=\"https:\/\/www.danubiagate.sk\/sk\/\">HOTEL DANUBIA GATE<\/a>****<\/li>\n<li><a href=\"http:\/\/www.hotelsaffron.sk\/\" target=\"_blank\" rel=\"noopener noreferrer\">HOTEL SAFFRON<\/a>****<\/li>\n<li><a href=\"https:\/\/www.hotelmatysak.sk\/\" target=\"_blank\" rel=\"noopener noreferrer\">HOTEL MATY\u0160\u00c1K<\/a>***<\/li>\n<li><a href=\"https:\/\/bivio.sk\/sk\/\">BIVIO HOTEL<\/a>***<\/li>\n<\/ul>\n<p>Viac bezbari\u00e9rov\u00fdch ubytovac\u00edch zariaden\u00ed v meste n\u00e1jdete na <a href=\"http:\/\/www.booking.com\" target=\"_blank\" rel=\"noopener noreferrer\">www.booking.com<\/a><em>. <\/em><\/p>\n<h3><strong>Vybran\u00e9 bezbari\u00e9rov\u00e9 re\u0161taur\u00e1cie<\/strong><\/h3>\n<p>V\u00e4\u010d\u0161ina re\u0161taur\u00e1ci\u00ed v centre mesta neumo\u017e\u0148uje bezbari\u00e9rov\u00fd vstup a taktie\u017e nedisponuje ani bezbari\u00e9rov\u00fdmi toaletami. Po\u010das letn\u00fdch mesiacov maj\u00fa mnoh\u00e9 re\u0161taur\u00e1cie v historickom centre mesta zriaden\u00e9 letn\u00e9 terasy s bezbari\u00e9rov\u00fdm pr\u00edstupom. Bezbari\u00e9rov\u00e9 re\u0161taur\u00e1cie n\u00e1jdete aj v n\u00e1kupn\u00fdch centr\u00e1ch.<\/p>\n<ul>\n<li><a href=\"https:\/\/www.visitbratislava.com\/sk\/miesta\/aucafe\/\" target=\"_blank\" rel=\"noopener noreferrer\"><strong>Aucaf\u00e9<\/strong><\/a> \u2013 bezbari\u00e9rov\u00fd pr\u00edstup, bezbari\u00e9rov\u00e9 WC<\/li>\n<li><a href=\"https:\/\/www.visitbratislava.com\/sk\/miesta\/restauracia-savoy-2\/\" target=\"_blank\" rel=\"noopener noreferrer\"><strong>Savoy Restaurant<\/strong><\/a> \u2013 bezbari\u00e9rov\u00fd pr\u00edstup, bezbari\u00e9rov\u00e9 WC<\/li>\n<li><a href=\"https:\/\/www.grillandwine.sk\/\" target=\"_blank\" rel=\"noopener noreferrer\"><strong>Re\u0161taur\u00e1cia Grill &amp; Wine v Hoteli Maty\u0161\u00e1k<\/strong><\/a> \u2013 bezbari\u00e9rov\u00fd pr\u00edstup, bezbari\u00e9rov\u00e9 WC<\/li>\n<\/ul>\n","protected":false},"excerpt":{"rendered":"<p>Bratislava pon\u00faka viacero mo\u017enost\u00ed objavova\u0165 mesto aj n\u00e1v\u0161tevn\u00edkom s pohybov\u00fdmi obmedzeniami, preto\u017ee v hlavnom meste je v\u00edtan\u00fd ka\u017ed\u00fd.<\/p>\n","protected":false},"author":21,"featured_media":333059,"parent":0,"menu_order":0,"comment_status":"closed","ping_status":"closed","template":"","meta":[],"acf":[],"_links":{"self":[{"href":"https:\/\/www.visitbratislava.com\/sk\/wp-json\/wp\/v2\/pages\/48495"}],"collection":[{"href":"https:\/\/www.visitbratislava.com\/sk\/wp-json\/wp\/v2\/pages"}],"about":[{"href":"https:\/\/www.visitbratislava.com\/sk\/wp-json\/wp\/v2\/types\/page"}],"author":[{"embeddable":true,"href":"https:\/\/www.visitbratislava.com\/sk\/wp-json\/wp\/v2\/users\/21"}],"replies":[{"embeddable":true,"href":"https:\/\/www.visitbratislava.com\/sk\/wp-json\/wp\/v2\/comments?post=48495"}],"version-history":[{"count":20,"href":"https:\/\/www.visitbratislava.com\/sk\/wp-json\/wp\/v2\/pages\/48495\/revisions"}],"predecessor-version":[{"id":333174,"href":"https:\/\/www.visitbratislava.com\/sk\/wp-json\/wp\/v2\/pages\/48495\/revisions\/333174"}],"wp:featuredmedia":[{"embeddable":true,"href":"https:\/\/www.visitbratislava.com\/sk\/wp-json\/wp\/v2\/media\/333059"}],"wp:attachment":[{"href":"https:\/\/www.visitbratislava.com\/sk\/wp-json\/wp\/v2\/media?parent=48495"}],"curies":[{"name":"wp","href":"https:\/\/api.w.org\/{rel}","templated":true}]}}