{"id":48609,"date":"2018-10-01T15:08:52","date_gmt":"2018-10-01T13:08:52","guid":{"rendered":"https:\/\/www.visitbratislava.com\/?page_id=48609\/"},"modified":"2021-07-02T13:27:17","modified_gmt":"2021-07-02T11:27:17","slug":"zidovska-bratislava","status":"publish","type":"page","link":"https:\/\/www.visitbratislava.com\/sk\/zidovska-bratislava\/","title":{"rendered":"\u017didovsk\u00e1 Bratislava"},"content":{"rendered":"\r\n<p>Hist\u00f3ria \u017eidov v\u00a0meste sa bohu\u017eia\u013e nevyhla trag\u00e9di\u00e1m, \u010di u\u017e v\u00a0podobe ich vyhnania, zahynutia po\u010das holokaustu a\u00a0ni\u010denia \u017eidovsk\u00e9ho dedi\u010dstva po\u010das komunistick\u00e9ho re\u017eimu.<\/p>\r\n\r\n\r\n\r\n<p><strong>Dodnes v\u0161ak v\u00a0meste \u017eidovsk\u00fdch obyvate\u013eov a\u00a0ich kult\u00faru pripom\u00edna mnoho budov, ul\u00edc \u010di pam\u00e4tn\u00edkov, ktor\u00e9 v\u00a0sebe skr\u00fdvaj\u00fa kus hist\u00f3rie.<\/strong>\u00a0Viete, kde sa nach\u00e1dza skryt\u00e1 br\u00e1na synag\u00f3gy zo 14. storo\u010dia \u010di ako vyzer\u00e1 pam\u00e4tn\u00edk holokaustu v Bratislave? Spoznajte tie najv\u00fdznamnej\u0161ie miesta sp\u00e1jaj\u00face sa so \u017eidovskou kult\u00farou:<\/p>\r\n<p><iframe src=\"https:\/\/www.google.com\/maps\/d\/embed?mid=1V9chj4xwzXpPk1C5pyVCWNvMHWHa6A4l\" width=\"800\" height=\"480\"><span data-mce-type=\"bookmark\" style=\"display: inline-block; width: 0px; overflow: hidden; line-height: 0;\" class=\"mce_SELRES_start\">\ufeff<\/span><\/iframe><\/p>\r\n\r\n\r\n\r\n\r\n\r\n<h2><a href=\"http:\/\/www.chatamsofer.sk\/sk\/uvod\/\" target=\"_blank\" rel=\"noopener\">Pam\u00e4tn\u00edk Chatama Sof\u00e9ra<\/a><\/h2>\r\n\r\n\r\n\r\n<p>Pam\u00e4tn\u00edk sl\u00e1vneho \u017eidovsk\u00e9ho u\u010denca Chatama S\u00f3fera (1762-1839). Okrem jeho hrobky sa tu nach\u00e1dza \u010fal\u0161\u00edch 22 hrobov v\u00fdznamn\u00fdch osobnost\u00ed \u017eidovskej komunity.<\/p>\r\n<p><strong>Kde:\u00a0<\/strong>N\u00e1bre\u017eie arm\u00e1dneho gener\u00e1la Ludvika Svobodu 20<\/p>\r\n<p><img loading=\"lazy\" class=\"alignnone wp-image-67127 size-large\" src=\"https:\/\/www.visitbratislava.com\/wp-content\/uploads\/2019\/10\/chatam_sofer01-800x531.jpg\" alt=\"\" width=\"800\" height=\"531\" \/><\/p>\r\n\r\n\r\n\r\n<h2><a href=\"http:\/\/www.synagogue.sk\/sk\/uvod\" target=\"_blank\" rel=\"noopener\">Synag\u00f3ga<\/a><\/h2>\r\n\r\n\r\n\r\n<p>Posledn\u00e1 zachovan\u00e1 synag\u00f3ga bola postaven\u00e1 v rokoch 1923-1926 pod\u013ea projektov architekta Artura Szalatnaia-Slatinsk\u00e9ho. Synag\u00f3ga sa v uli\u010dnej fronte prezentuje monument\u00e1lnym st\u013aporad\u00edm, ktor\u00e9 m\u00e1 sedem pilierov. V interi\u00e9ri sa sn\u00fabi nov\u00e1torsk\u00e1 \u017eelezobet\u00f3nov\u00e1 kon\u0161trukcia a dobov\u00e9 kubistick\u00e9 detaily s historizuj\u00facimi prvkami.Synag\u00f3ga m\u00e1 priestory na \u0161t\u00fadium i priestory pre men\u0161ie spolo\u010densk\u00e9 zhroma\u017edenia a, samozrejme, \u0161atne a toalety. Synag\u00f3ga dodnes sl\u00fa\u017ei svojmu p\u00f4vodn\u00e9mu \u00fa\u010delu. V are\u00e1li bude postupne umiestnen\u00fdch nieko\u013eko pam\u00e4tn\u00fdch tab\u00fa\u013e venovan\u00fdch spomienke na obete holokaustu.<\/p>\r\n<p><strong>Kde:<\/strong>\u00a0Heydukova ulica 11<\/p>\r\n<p><img loading=\"lazy\" class=\"alignnone wp-image-67163 size-large\" src=\"https:\/\/www.visitbratislava.com\/wp-content\/uploads\/2019\/10\/synagogue-800x450.jpg\" alt=\"\" width=\"800\" height=\"450\" srcset=\"https:\/\/www.visitbratislava.com\/wp-content\/uploads\/2019\/10\/synagogue-800x450.jpg 800w, https:\/\/www.visitbratislava.com\/wp-content\/uploads\/2019\/10\/synagogue-400x225.jpg 400w, https:\/\/www.visitbratislava.com\/wp-content\/uploads\/2019\/10\/synagogue-768x432.jpg 768w, https:\/\/www.visitbratislava.com\/wp-content\/uploads\/2019\/10\/synagogue-200x113.jpg 200w, https:\/\/www.visitbratislava.com\/wp-content\/uploads\/2019\/10\/synagogue.jpg 1920w\" sizes=\"(max-width: 800px) 100vw, 800px\" \/><\/p>\r\n\r\n\r\n\r\n<h2><a href=\"http:\/\/www.synagogue.sk\/sk\/uvod\" target=\"_blank\" rel=\"noopener\">\u017didovsk\u00e9 komunitn\u00e9 m\u00fazeum<\/a><\/h2>\r\n\r\n\r\n\r\n<p>\u017didovsk\u00e9 komunitn\u00e9 m\u00fazeum sa venuje hist\u00f3rii a kult\u00fare \u017eidovskej komunity v Bratislave\u00a0a regi\u00f3ne. St\u00e1la expoz\u00edcia \u017didia v Bratislave a ich dedi\u010dstvo je in\u0161talovan\u00e1 na prvom poschod\u00ed\u00a0synag\u00f3gy, ktor\u00e1 dodnes sl\u00fa\u017ei ako miesto \u017eidovsk\u00fdch bohoslu\u017eieb.<\/p>\r\n<p><strong>Kde:<\/strong>\u00a0Heydukova 11-13<\/p>\r\n<p><img loading=\"lazy\" width=\"800\" height=\"527\" class=\"alignnone size-large wp-image-48644\" src=\"https:\/\/www.visitbratislava.com\/wp-content\/uploads\/2018\/10\/zidovske-komunitne-muzeum-orezane-800x527.jpg\" alt=\"\" srcset=\"https:\/\/www.visitbratislava.com\/wp-content\/uploads\/2018\/10\/zidovske-komunitne-muzeum-orezane-800x527.jpg 800w, https:\/\/www.visitbratislava.com\/wp-content\/uploads\/2018\/10\/zidovske-komunitne-muzeum-orezane-400x264.jpg 400w, https:\/\/www.visitbratislava.com\/wp-content\/uploads\/2018\/10\/zidovske-komunitne-muzeum-orezane-768x506.jpg 768w, https:\/\/www.visitbratislava.com\/wp-content\/uploads\/2018\/10\/zidovske-komunitne-muzeum-orezane-200x132.jpg 200w\" sizes=\"(max-width: 800px) 100vw, 800px\" \/><\/p>\r\n<h2><a href=\"http:\/\/www.jewishbratislava.sk\/sk\/geto\/\" target=\"_blank\" rel=\"noopener\">Stredovek\u00e9 geto<\/a><\/h2>\r\n\r\n\r\n\r\n<p>V\u00a0Bratislave sa v\u00a013.-14. storo\u010d\u00ed nach\u00e1dzalo \u017didovsk\u00e9 geto. \u017didia v\u00a0tom \u010dase mohli \u017ei\u0165 na \u00fazem\u00ed hradbami opevnen\u00e9ho slobodn\u00e9ho kr\u00e1\u013eovstva mesta. P\u00f4vodn\u00fa \u010das\u0165 stredovek\u00e9ho opevnenia n\u00e1jdete dodnes medzi kl\u00e1\u0161torom ur\u0161ul\u00ednok a\u00a0vstupmi do b\u00fdval\u00e9ho obchodn\u00e9ho domu Dunaj a\u00a0ministerstva kult\u00fary.<\/p>\r\n<p><strong>Kde:<\/strong> Nedbalova ulica<\/p>\r\n<p><img loading=\"lazy\" class=\"alignnone wp-image-67159 size-large\" src=\"https:\/\/www.visitbratislava.com\/wp-content\/uploads\/2019\/10\/stredoveke-geto-800x450.jpg\" alt=\"\" width=\"800\" height=\"450\" srcset=\"https:\/\/www.visitbratislava.com\/wp-content\/uploads\/2019\/10\/stredoveke-geto-800x450.jpg 800w, https:\/\/www.visitbratislava.com\/wp-content\/uploads\/2019\/10\/stredoveke-geto-400x225.jpg 400w, https:\/\/www.visitbratislava.com\/wp-content\/uploads\/2019\/10\/stredoveke-geto-768x432.jpg 768w, https:\/\/www.visitbratislava.com\/wp-content\/uploads\/2019\/10\/stredoveke-geto-200x113.jpg 200w, https:\/\/www.visitbratislava.com\/wp-content\/uploads\/2019\/10\/stredoveke-geto.jpg 1920w\" sizes=\"(max-width: 800px) 100vw, 800px\" \/><\/p>\r\n\r\n\r\n\r\n<h2><a href=\"http:\/\/www.snm.sk\/?muzeum-zidovskej-kultury-uvodna-stranka\" target=\"_blank\" rel=\"noopener\">M\u00fazeum \u017didovskej kult\u00fary<\/a><\/h2>\r\n\r\n\r\n\r\n<p>Poslan\u00edm m\u00fazea je uchov\u00e1va\u0165 a propagova\u0165 \u017eidovsk\u00fa kult\u00faru a umenie na Slovensku.\u00a0\u010cinnos\u0165 m\u00fazea je zameran\u00e1 na prezent\u00e1ciu duchovnej a hmotnej \u017eidovskej kult\u00fary a dokument\u00e1ciu\u00a0holokaustu na Slovensku. Jeho snahou je zachr\u00e1ni\u0165 pred zni\u010den\u00edm, zabudnut\u00edm\u00a0alebo v\u00fdvozom do zahrani\u010dia trojrozmern\u00e9 judaik\u00e1 a in\u00e9 dokumenty.<\/p>\r\n<p><strong>Kde:<\/strong>\u00a0\u017didovsk\u00e1 17<\/p>\r\n<p><img loading=\"lazy\" class=\"alignnone wp-image-67143 size-large\" src=\"https:\/\/www.visitbratislava.com\/wp-content\/uploads\/2019\/10\/muzeum-zidovskej-kultury-800x533.jpg\" alt=\"\" width=\"800\" height=\"533\" srcset=\"https:\/\/www.visitbratislava.com\/wp-content\/uploads\/2019\/10\/muzeum-zidovskej-kultury.jpg 800w, https:\/\/www.visitbratislava.com\/wp-content\/uploads\/2019\/10\/muzeum-zidovskej-kultury-400x267.jpg 400w, https:\/\/www.visitbratislava.com\/wp-content\/uploads\/2019\/10\/muzeum-zidovskej-kultury-768x512.jpg 768w, https:\/\/www.visitbratislava.com\/wp-content\/uploads\/2019\/10\/muzeum-zidovskej-kultury-200x133.jpg 200w\" sizes=\"(max-width: 800px) 100vw, 800px\" \/><\/p>\r\n\r\n\r\n\r\n<h2><a href=\"http:\/\/www.jewishbratislava.sk\/sk\/stredoveka-synagoga\/\" target=\"_blank\" rel=\"noopener\">Port\u00e1l stredovekej synag\u00f3gy<\/a><\/h2>\r\n\r\n\r\n\r\n<p>Skryt\u00fdm miestom je gotick\u00fd vstupn\u00fd port\u00e1l \u2013 jedin\u00fd uchovan\u00fd pozostatok zo stredovekej bratislavskej synag\u00f3gy. Spom\u00ednala sa u\u017e v\u00a0roku 1335, Benedikt XII. informoval ostrihomsk\u00e9ho arcibiskupa, \u017ee cisterci\u00e1nski mn\u00edsi sa s\u0165a\u017eovali na ru\u0161iv\u00fd hluk z tejto synag\u00f3gy. V roku 1360 boli \u017eidia prv\u00fdkr\u00e1t vyhnan\u00ed z Bratislavy a synag\u00f3ga bola premenen\u00e1 na Kaplnku Bo\u017eieho tela.<\/p>\r\n<p><strong>Kde:<\/strong> Pansk\u00e1 11<\/p>\r\n<p><img loading=\"lazy\" class=\"alignnone wp-image-67155 size-large\" src=\"https:\/\/www.visitbratislava.com\/wp-content\/uploads\/2019\/10\/portal-stredoveka-synagoga-orezana-800x554.jpg\" alt=\"\" width=\"800\" height=\"554\" srcset=\"https:\/\/www.visitbratislava.com\/wp-content\/uploads\/2019\/10\/portal-stredoveka-synagoga-orezana-800x554.jpg 800w, https:\/\/www.visitbratislava.com\/wp-content\/uploads\/2019\/10\/portal-stredoveka-synagoga-orezana-400x277.jpg 400w, https:\/\/www.visitbratislava.com\/wp-content\/uploads\/2019\/10\/portal-stredoveka-synagoga-orezana-768x532.jpg 768w, https:\/\/www.visitbratislava.com\/wp-content\/uploads\/2019\/10\/portal-stredoveka-synagoga-orezana-200x139.jpg 200w, https:\/\/www.visitbratislava.com\/wp-content\/uploads\/2019\/10\/portal-stredoveka-synagoga-orezana.jpg 1199w\" sizes=\"(max-width: 800px) 100vw, 800px\" \/><\/p>\r\n\r\n\r\n\r\n<h2><a href=\"http:\/\/www.jewishbratislava.sk\/sk\/pamatnik-holokaustu\/\" target=\"_blank\" rel=\"noopener\">Pam\u00e4tn\u00edk holokaustu<\/a><\/h2>\r\n\r\n\r\n\r\n<p>Memori\u00e1l vybudovan\u00fd v\u00a0roku 1996 na pamiatku 105\u00a0000 obet\u00ed holokaustu zo Slovenska sp\u00e1ja dve spomienky. Samotn\u00fd holokaust a\u00a0neologick\u00fa synag\u00f3gu. S\u00fa\u010das\u0165ou pam\u00e4tn\u00edka je plastika D\u00e1vidovej hviezdy a\u00a0\u010dierna silueta zni\u010denej synag\u00f3gy.<\/p>\r\n<p><strong>Kde:<\/strong> Rybn\u00e9 n\u00e1mestie<\/p>\r\n<p><img loading=\"lazy\" class=\"alignnone wp-image-67151 size-large\" src=\"https:\/\/www.visitbratislava.com\/wp-content\/uploads\/2019\/10\/pamatnik-holokaustu-800x450.jpg\" alt=\"\" width=\"800\" height=\"450\" srcset=\"https:\/\/www.visitbratislava.com\/wp-content\/uploads\/2019\/10\/pamatnik-holokaustu-800x450.jpg 800w, https:\/\/www.visitbratislava.com\/wp-content\/uploads\/2019\/10\/pamatnik-holokaustu-400x225.jpg 400w, https:\/\/www.visitbratislava.com\/wp-content\/uploads\/2019\/10\/pamatnik-holokaustu-768x432.jpg 768w, https:\/\/www.visitbratislava.com\/wp-content\/uploads\/2019\/10\/pamatnik-holokaustu-200x113.jpg 200w, https:\/\/www.visitbratislava.com\/wp-content\/uploads\/2019\/10\/pamatnik-holokaustu.jpg 1920w\" sizes=\"(max-width: 800px) 100vw, 800px\" \/><\/p>\r\n\r\n\r\n\r\n<h2><a href=\"http:\/\/www.jewishbratislava.sk\/sk\/zidovska-ulica\/\" target=\"_blank\" rel=\"noopener\">\u017didovsk\u00e1 ulica<\/a><\/h2>\r\n\r\n\r\n\r\n<p>Jedin\u00fdm miestom, kde sa smeli \u017eidia us\u00eddli\u0165, bola \u017didovsk\u00e1 ulica zn\u00e1ma aj ako Judengasse. Ne\u0161lo o\u00a0mestsk\u00e9 \u00fazemie, ale podhradie a\u00a0jeho obyvatelia boli poddan\u00fdmi. \u00a0P\u00e1lffyovci dovolili \u017eidom us\u00eddli\u0165 sa tu v roku 1599 a a\u017e do roku 1840 smeli b\u00fdva\u0165 iba na tejto ulici. Ulica mala dve br\u00e1ny, ktor\u00e9 na noc zatv\u00e1rali mestsk\u00ed str\u00e1\u017enici. Po prijat\u00ed Z\u00e1kona \u010d. XXIX v roku 1840, ktor\u00fd \u017eidom priniesol reziden\u010dn\u00fa slobodu, prosperuj\u00face \u017eidovsk\u00e9 rodiny sa pres\u00eddlili do in\u00fdch \u010dast\u00ed mesta. Po\u017eiar v\u00a0roku 1913 sp\u00f4sobil ch\u00e1tranie tejto \u0161tvrti a jej\u00a0definit\u00edvnym koncom bola v\u00fdstavba Mosta SNP v\u00a0\u0161es\u0165desiatych rokoch.<\/p>\r\n<p><strong>Kde:<\/strong> \u017didovsk\u00e1 ulica<\/p>\r\n<p><img loading=\"lazy\" class=\"alignnone wp-image-67167 size-large\" src=\"https:\/\/www.visitbratislava.com\/wp-content\/uploads\/2019\/10\/zidovska-ulica-800x450.jpg\" alt=\"\" width=\"800\" height=\"450\" srcset=\"https:\/\/www.visitbratislava.com\/wp-content\/uploads\/2019\/10\/zidovska-ulica-800x450.jpg 800w, https:\/\/www.visitbratislava.com\/wp-content\/uploads\/2019\/10\/zidovska-ulica-400x225.jpg 400w, https:\/\/www.visitbratislava.com\/wp-content\/uploads\/2019\/10\/zidovska-ulica-768x432.jpg 768w, https:\/\/www.visitbratislava.com\/wp-content\/uploads\/2019\/10\/zidovska-ulica-200x113.jpg 200w, https:\/\/www.visitbratislava.com\/wp-content\/uploads\/2019\/10\/zidovska-ulica.jpg 1920w\" sizes=\"(max-width: 800px) 100vw, 800px\" \/><\/p>\r\n\r\n\r\n\r\n\r\n\r\n<h2><a href=\"http:\/\/www.jewishbratislava.sk\/sk\/jesiva\/\" target=\"_blank\" rel=\"noopener\">Bratislavsk\u00e1 je\u0161iva<\/a><\/h2>\r\n\r\n\r\n\r\n<p class=\"has-regular-font-size\">Viete, \u017ee v\u00a0Bratislave bola jedna z\u00a0najv\u00fdznamnej\u0161\u00edch in\u0161tit\u00faci\u00ed \u017eidovsk\u00e9ho vzdel\u00e1vania? Bratislavsk\u00fa je\u0161ivu, zn\u00e1mu aj ako Pre\u0161porsk\u00e1 je\u0161iva, videol Chatam Sofer a\u00a0n\u00e1sledne tri gener\u00e1cie jeho potmkov. Srdcom je\u0161ivy bola tzv. \u0160iur \u0161tube (posluch\u00e1re\u0148), kde prebiehalo denn\u00e9 \u0161t\u00fadium a\u00a0modlitby. Budova bola zb\u00faran\u00e1 v\u00a060. rokoch 20. storo\u010dia a\u00a0dnes tu stoj\u00ed obytn\u00fd dom. \u010cinnos\u0165 Pre\u0161porskej je\u0161ivy obnovili v\u00a0Izraeli.<\/p>\r\n\r\n\r\n\r\n<h2><a href=\"http:\/\/www.jewishcemetery.sk\/sk\/ortodoxny-cintorin\/\" target=\"_blank\" rel=\"noopener\">Ortodoxn\u00fd cintor\u00edn<\/a><\/h2>\r\n\r\n\r\n\r\n<p>Miesto, kde s\u00fa pochovan\u00ed v\u00fdznamn\u00ed bratislavsk\u00ed ortodoxn\u00ed rab\u00edni, medzi nimi aj syn a\u00a0vnuk Chatama Sofera, sa nach\u00e1dza na svahu nad Dunajom. Zauj\u00edmav\u00fdm prvkom cintor\u00edna je dom sm\u00fatku. Interi\u00e9r obradnej siene je nezdoben\u00fd s\u00a0terazzovou podlahou s\u00a0\u010dierno-bielym \u0161achovnicov\u00fdm mot\u00edvom.<\/p>\r\n<p><strong>Kde:<\/strong> \u017di\u017ekova 36<\/p>\r\n<p><img loading=\"lazy\" class=\"alignnone wp-image-67147 size-large\" src=\"https:\/\/www.visitbratislava.com\/wp-content\/uploads\/2019\/10\/ortodoxny-cintorin-800x450.jpg\" alt=\"\" width=\"800\" height=\"450\" srcset=\"https:\/\/www.visitbratislava.com\/wp-content\/uploads\/2019\/10\/ortodoxny-cintorin-800x450.jpg 800w, https:\/\/www.visitbratislava.com\/wp-content\/uploads\/2019\/10\/ortodoxny-cintorin-400x225.jpg 400w, https:\/\/www.visitbratislava.com\/wp-content\/uploads\/2019\/10\/ortodoxny-cintorin-768x432.jpg 768w, https:\/\/www.visitbratislava.com\/wp-content\/uploads\/2019\/10\/ortodoxny-cintorin-200x113.jpg 200w, https:\/\/www.visitbratislava.com\/wp-content\/uploads\/2019\/10\/ortodoxny-cintorin.jpg 1920w\" sizes=\"(max-width: 800px) 100vw, 800px\" \/><\/p>\r\n<p>Viac inform\u00e1ci\u00ed o pamiatkach, hist\u00f3rii a \u017eidovskej komunite n\u00e1jdete na <a href=\"http:\/\/www.jewishbratislava.sk\/sk\/uvod\/\" target=\"_blank\" rel=\"noopener\">www.jewishbratislava.sk<\/a><\/p>\r\n<p>Extra tip: Chcete spozna\u0165 zo \u017eidovskej kult\u00fary \u010do najviac v sprievode odborn\u00edka? Vysk\u00fa\u0161ajte prehliadku <a href=\"https:\/\/www.visitbratislava.com\/sk\/sluzby\/zidovska-bratislava\/\" target=\"_blank\" rel=\"noopener\">\u017didovsk\u00e1 Bratislava<\/a>.<\/p>\r\n","protected":false},"excerpt":{"rendered":"<p>Bratislava bola po cel\u00e9 st\u00e1ro\u010dia v\u00fdznamn\u00fdm centrom \u017eidovsk\u00e9ho \u017eivota a\u00a0vzdelanosti. <\/p>\n","protected":false},"author":21,"featured_media":73621,"parent":0,"menu_order":0,"comment_status":"closed","ping_status":"closed","template":"","meta":[],"acf":[],"_links":{"self":[{"href":"https:\/\/www.visitbratislava.com\/sk\/wp-json\/wp\/v2\/pages\/48609"}],"collection":[{"href":"https:\/\/www.visitbratislava.com\/sk\/wp-json\/wp\/v2\/pages"}],"about":[{"href":"https:\/\/www.visitbratislava.com\/sk\/wp-json\/wp\/v2\/types\/page"}],"author":[{"embeddable":true,"href":"https:\/\/www.visitbratislava.com\/sk\/wp-json\/wp\/v2\/users\/21"}],"replies":[{"embeddable":true,"href":"https:\/\/www.visitbratislava.com\/sk\/wp-json\/wp\/v2\/comments?post=48609"}],"version-history":[{"count":0,"href":"https:\/\/www.visitbratislava.com\/sk\/wp-json\/wp\/v2\/pages\/48609\/revisions"}],"wp:featuredmedia":[{"embeddable":true,"href":"https:\/\/www.visitbratislava.com\/sk\/wp-json\/wp\/v2\/media\/73621"}],"wp:attachment":[{"href":"https:\/\/www.visitbratislava.com\/sk\/wp-json\/wp\/v2\/media?parent=48609"}],"curies":[{"name":"wp","href":"https:\/\/api.w.org\/{rel}","templated":true}]}}