{"id":65430,"date":"2019-09-11T16:59:10","date_gmt":"2019-09-11T14:59:10","guid":{"rendered":"https:\/\/www.visitbratislava.com\/?page_id=65430\/"},"modified":"2024-08-01T15:17:36","modified_gmt":"2024-08-01T13:17:36","slug":"slava-kralovi-bratislava-ozije-korunovaciou","status":"publish","type":"page","link":"https:\/\/www.visitbratislava.com\/sk\/vlog\/slava-kralovi-bratislava-ozije-korunovaciou\/","title":{"rendered":"Po stop\u00e1ch kr\u00e1\u013eov v Bratislave"},"content":{"rendered":"<p><iframe src=\"https:\/\/www.youtube.com\/embed\/TNfWxsIJBUc\" width=\"1000\" height=\"500\" frameborder=\"0\" allowfullscreen=\"allowfullscreen\"><span data-mce-type=\"bookmark\" style=\"display: inline-block; width: 0px; overflow: hidden; line-height: 0;\" class=\"mce_SELRES_start\">\ufeff<\/span><span data-mce-type=\"bookmark\" style=\"display: inline-block; width: 0px; overflow: hidden; line-height: 0;\" class=\"mce_SELRES_start\">\ufeff<\/span><\/iframe><\/p>\n<p><span style=\"font-weight: 400;\">V uliciach mesta je ru\u0161no. Ka\u017ed\u00fd chce vidie\u0165 nov\u00e9ho kr\u00e1\u013ea, uchyti\u0165 si aspo\u0148 jednu z rozhadzovan\u00fdch minc\u00ed, vypi\u0165 si \u010derven\u00e9ho v\u00edna, ktor\u00e9 pr\u00fadom te\u010die z mestskej font\u00e1ny \u010di ochutna\u0165 pe\u010den\u00e9ho vola. <strong>Korunova\u010dn\u00e9 dni uhorsk\u00fdch panovn\u00edkov<\/strong> v stredoveku presl\u00e1vili Bratislavu a v s\u00fa\u010dasnosti ich m\u00f4\u017eu za\u017ei\u0165 n\u00e1v\u0161tevn\u00edci ka\u017ed\u00fd rok.<\/span><\/p>\n<blockquote><p><span style=\"font-weight: 400;\">\u00a0<\/span><span style=\"font-weight: 400;\">\u201eJe d\u00f4le\u017eit\u00e9, aby si Bratislava pripom\u00ednala svoju minulos\u0165, preto\u017ee bez minulosti nie je bud\u00facnos\u0165. Ke\u010f sa vtedaj\u0161\u00ed Pre\u0161porok stal korunova\u010dn\u00fdm mestom, svoj\u00edm spolo\u010densk\u00fdm v\u00fdznamom sa zaradil medzi tak\u00e9 mest\u00e1 ako je Reme\u0161, Lond\u00fdn, Praha \u010di Viede\u0148,\u201c povedal historik Vladim\u00edr Tom\u010d\u00edk.<\/span><\/p><\/blockquote>\n<p><span style=\"font-weight: 400;\">Toto top podujatie sa do Pre\u0161porka presunulo v roku 1563 ke\u010f sa korunov\u00e1cia Maximili\u00e1na Habsbursk\u00e9ho nemohla kona\u0165 v tradi\u010dnom korunova\u010dnom meste Stoli\u010dn\u00fd Belehrad. To sa po prehranej bitke pri Moh\u00e1\u010di v roku 1526 ocitlo pod nadvl\u00e1dou Osmanskej r\u00ed\u0161e.<\/span><\/p>\n<p><img loading=\"lazy\" class=\"alignnone wp-image-64981 size-large\" src=\"https:\/\/www.visitbratislava.com\/wp-content\/uploads\/2019\/01\/Korunovacny-sprievod-800x533.jpg\" alt=\"\" width=\"800\" height=\"533\" \/><\/p>\n<h3><strong>Korunova\u010dn\u00e9 dni<\/strong><\/h3>\n<p><span style=\"font-weight: 400;\">Po\u010das <a href=\"https:\/\/www.visitbratislava.com\/sk\/bratislavske-korunovacne-dni\/\" target=\"_blank\" rel=\"noopener\"><strong>Bratislavsk\u00fdch korunova\u010dn\u00fdch dn\u00ed<\/strong> <\/a>za\u017eijete ve\u013ekolep\u00fd kult\u00farny program, divadeln\u00e9 predstavenia, v\u00fdstavy, koncerty, dobov\u00e9 hry \u010di korunova\u010dn\u00fd jarmok dobov\u00fdch remesiel. Ur\u010dite sa oplat\u00ed pr\u00eds\u0165.<\/span><\/p>\n<blockquote><p>Samotn\u00fd korunova\u010dn\u00fd sprievod sa zv\u00e4\u010da kon\u00e1 v sobotu. V dobov\u00fdch kost\u00fdmoch a s korunova\u010dn\u00fdmi ins\u00edgniami za\u010dne svoju dvojhodinov\u00fa p\u00fa\u0165 popoludn\u00ed na Bratislavskom hrade. K sprievodu sa m\u00f4\u017eu prida\u0165 aj okoloid\u00faci Bratislav\u010dania a turisti.<\/p><\/blockquote>\n<p><img loading=\"lazy\" class=\"alignnone wp-image-64953 size-full\" src=\"https:\/\/www.visitbratislava.com\/wp-content\/uploads\/2019\/01\/9.jpg\" alt=\"\" width=\"789\" height=\"526\" srcset=\"https:\/\/www.visitbratislava.com\/wp-content\/uploads\/2019\/01\/9.jpg 789w, https:\/\/www.visitbratislava.com\/wp-content\/uploads\/2019\/01\/9-400x267.jpg 400w, https:\/\/www.visitbratislava.com\/wp-content\/uploads\/2019\/01\/9-768x512.jpg 768w, https:\/\/www.visitbratislava.com\/wp-content\/uploads\/2019\/01\/9-200x133.jpg 200w\" sizes=\"(max-width: 789px) 100vw, 789px\" \/><\/p>\n<h3><strong>Vydajte sa po stop\u00e1ch kr\u00e1\u013eov<\/strong><\/h3>\n<p><span style=\"font-weight: 400;\">Sl\u00e1vnu hist\u00f3riu mesta si v\u0161ak v Bratislave mo\u017eno vychutna\u0165 po\u010das cel\u00e9ho roka. Korunova\u010dn\u00e1 trasa vyzna\u010den\u00e1 bronzov\u00fdmi zna\u010dkami s korunkou na dla\u017ebe v\u00e1s zavedie na autentick\u00e9 miesta spojen\u00e9 s korunov\u00e1ciami.<\/span><\/p>\n<blockquote><p>Ich v\u00fdnimo\u010dnos\u0165 dodnes pripom\u00edna pozl\u00e1ten\u00e1 koruna na ve\u017ei <strong><a href=\"https:\/\/www.visitbratislava.com\/sk\/miesta\/katedrala-sv-martina\/\" target=\"_blank\" rel=\"noopener\">D\u00f3mu Sv. Martina<\/a><\/strong> s \u00factyhodnou hmotnos\u0165ou 160 kg. Dokonca sa traduje, \u017ee na podu\u0161ku na ktorej je umiestnen\u00e1 koruna na ve\u017ei sa zmest\u00ed konsk\u00fd voz. Netreba v\u0161ak tomu veri\u0165. Jej rozmer je \u201clen\u201d 1,35 x 1,35 metra.<\/p><\/blockquote>\n<p><img loading=\"lazy\" class=\"alignnone wp-image-65502 size-large\" src=\"https:\/\/www.visitbratislava.com\/wp-content\/uploads\/2019\/09\/PGH51338.MOV.07_49_13_12.Still001-1-800x450.jpg\" alt=\"\" width=\"800\" height=\"450\" srcset=\"https:\/\/www.visitbratislava.com\/wp-content\/uploads\/2019\/09\/PGH51338.MOV.07_49_13_12.Still001-1-800x450.jpg 800w, https:\/\/www.visitbratislava.com\/wp-content\/uploads\/2019\/09\/PGH51338.MOV.07_49_13_12.Still001-1-400x225.jpg 400w, https:\/\/www.visitbratislava.com\/wp-content\/uploads\/2019\/09\/PGH51338.MOV.07_49_13_12.Still001-1-768x432.jpg 768w, https:\/\/www.visitbratislava.com\/wp-content\/uploads\/2019\/09\/PGH51338.MOV.07_49_13_12.Still001-1-200x113.jpg 200w\" sizes=\"(max-width: 800px) 100vw, 800px\" \/><\/p>\n<p><span style=\"font-weight: 400;\">Ak patr\u00edte medzi pozorn\u00fdch turistov, zaujme v\u00e1s v presbyt\u00e9riu d\u00f3mu zoznam panovn\u00edkov a panovn\u00ed\u010diek, ktor\u00ed tu boli korunovan\u00ed. Ke\u010f ho autori ma\u013eovali na stenu po\u010das regotiz\u00e1cie kostola v 19. storo\u010d\u00ed ani netu\u0161ili, \u017ee spravili \u0161tyri chyby. Aby ste ich odhalili, je dobr\u00e9 ur\u010dite vedie\u0165, \u017ee v Bratislave bolo do roku 1830 <strong>korunovan\u00fdch jeden\u00e1s\u0165 kr\u00e1\u013eov a sedem kr\u00e1\u013eovien.<\/strong><\/span><\/p>\n<p><span style=\"font-weight: 400;\">\u010eal\u0161\u00edmi miestami spojen\u00fdmi s korunov\u00e1ciami s\u00fa franti\u0161k\u00e1nsky kostol a hrad. V kostole si m\u00f4\u017eete predstavi\u0165, ako tu panovn\u00edk povy\u0161oval \u0161\u013eachticov do rytierskeho stavu a na hrade sa dostanete do ve\u017ee, kde boli ulo\u017een\u00e9 korunova\u010dn\u00e9 klenoty. Dodnes sa tu nach\u00e1dza <strong>k\u00f3pia sv\u00e4to\u0161tefanskej koruny<\/strong>.<\/span><\/p>\n<p><img loading=\"lazy\" class=\"alignnone wp-image-65506 size-large\" src=\"https:\/\/www.visitbratislava.com\/wp-content\/uploads\/2019\/09\/PGH51364.MOV.08_35_23_06.Still001-1-800x450.jpg\" alt=\"\" width=\"800\" height=\"450\" srcset=\"https:\/\/www.visitbratislava.com\/wp-content\/uploads\/2019\/09\/PGH51364.MOV.08_35_23_06.Still001-1-800x450.jpg 800w, https:\/\/www.visitbratislava.com\/wp-content\/uploads\/2019\/09\/PGH51364.MOV.08_35_23_06.Still001-1-400x225.jpg 400w, https:\/\/www.visitbratislava.com\/wp-content\/uploads\/2019\/09\/PGH51364.MOV.08_35_23_06.Still001-1-768x432.jpg 768w, https:\/\/www.visitbratislava.com\/wp-content\/uploads\/2019\/09\/PGH51364.MOV.08_35_23_06.Still001-1-200x113.jpg 200w\" sizes=\"(max-width: 800px) 100vw, 800px\" \/><\/p>\n<p>&nbsp;<\/p>\n","protected":false},"excerpt":{"rendered":"<p>\ufeff\ufeff V uliciach mesta je ru\u0161no. Ka\u017ed\u00fd chce vidie\u0165 nov\u00e9ho kr\u00e1\u013ea, uchyti\u0165 si aspo\u0148 jednu z rozhadzovan\u00fdch minc\u00ed, vypi\u0165 si \u010derven\u00e9ho v\u00edna, ktor\u00e9 pr\u00fadom te\u010die z mestskej font\u00e1ny \u010di ochutna\u0165 pe\u010den\u00e9ho vola. Korunova\u010dn\u00e9 dni uhorsk\u00fdch panovn\u00edkov v stredoveku presl\u00e1vili Bratislavu a v s\u00fa\u010dasnosti ich m\u00f4\u017eu za\u017ei\u0165 n\u00e1v\u0161tevn\u00edci ka\u017ed\u00fd rok. \u00a0\u201eJe d\u00f4le\u017eit\u00e9, aby si Bratislava pripom\u00ednala [&hellip;]<\/p>\n","protected":false},"author":25,"featured_media":65488,"parent":46397,"menu_order":0,"comment_status":"closed","ping_status":"closed","template":"","meta":[],"acf":[],"_links":{"self":[{"href":"https:\/\/www.visitbratislava.com\/sk\/wp-json\/wp\/v2\/pages\/65430"}],"collection":[{"href":"https:\/\/www.visitbratislava.com\/sk\/wp-json\/wp\/v2\/pages"}],"about":[{"href":"https:\/\/www.visitbratislava.com\/sk\/wp-json\/wp\/v2\/types\/page"}],"author":[{"embeddable":true,"href":"https:\/\/www.visitbratislava.com\/sk\/wp-json\/wp\/v2\/users\/25"}],"replies":[{"embeddable":true,"href":"https:\/\/www.visitbratislava.com\/sk\/wp-json\/wp\/v2\/comments?post=65430"}],"version-history":[{"count":6,"href":"https:\/\/www.visitbratislava.com\/sk\/wp-json\/wp\/v2\/pages\/65430\/revisions"}],"predecessor-version":[{"id":305281,"href":"https:\/\/www.visitbratislava.com\/sk\/wp-json\/wp\/v2\/pages\/65430\/revisions\/305281"}],"up":[{"embeddable":true,"href":"https:\/\/www.visitbratislava.com\/sk\/wp-json\/wp\/v2\/pages\/46397"}],"wp:featuredmedia":[{"embeddable":true,"href":"https:\/\/www.visitbratislava.com\/sk\/wp-json\/wp\/v2\/media\/65488"}],"wp:attachment":[{"href":"https:\/\/www.visitbratislava.com\/sk\/wp-json\/wp\/v2\/media?parent=65430"}],"curies":[{"name":"wp","href":"https:\/\/api.w.org\/{rel}","templated":true}]}}