{"id":66546,"date":"2019-09-24T13:46:55","date_gmt":"2019-09-24T11:46:55","guid":{"rendered":"https:\/\/www.visitbratislava.com\/?page_id=66546\/"},"modified":"2024-06-14T08:49:29","modified_gmt":"2024-06-14T06:49:29","slug":"na-navstevu-top-atrakcii-vam-v-bratislave-bude-stacit-par-krokov","status":"publish","type":"page","link":"https:\/\/www.visitbratislava.com\/sk\/vlog\/na-navstevu-top-atrakcii-vam-v-bratislave-bude-stacit-par-krokov\/","title":{"rendered":"Na n\u00e1v\u0161tevu top atrakci\u00ed v\u00e1m v Bratislave bude sta\u010di\u0165 p\u00e1r krokov"},"content":{"rendered":"<p><iframe src=\"https:\/\/www.youtube.com\/embed\/XOaKpteH90I\" width=\"1000\" height=\"500\" frameborder=\"0\" allowfullscreen=\"allowfullscreen\"><span data-mce-type=\"bookmark\" style=\"display: inline-block; width: 0px; overflow: hidden; line-height: 0;\" class=\"mce_SELRES_start\">\ufeff<\/span><\/iframe><\/p>\n<p>Pri prech\u00e1dzke od starobyl\u00e9ho hradu cez \u00fatuln\u00e9 historick\u00e9 centrum a\u017e po dunajsk\u00e9 n\u00e1bre\u017eie kon\u010diace v modernom n\u00e1kupnom centre <a href=\"https:\/\/www.visitbratislava.com\/sk\/miesta\/eurovea\/\" target=\"_blank\" rel=\"noopener\">Eurovea<\/a> v\u00e1m neunikne ni\u010d d\u00f4le\u017eit\u00e9. N\u00e1v\u0161tevu mesta si v\u0161ak napl\u00e1nujte na viac dn\u00ed. Tak si budete m\u00f4c\u0165 u\u017ei\u0165 aj sl\u00e1vnostn\u00fa atmosf\u00e9ru koncertu v historickej <a href=\"https:\/\/www.visitbratislava.com\/sk\/miesta\/reduta\/\" target=\"_blank\" rel=\"noopener\">Redute<\/a> alebo balet \u010di operu v <a href=\"https:\/\/www.visitbratislava.com\/sk\/miesta\/slovenske-narodne-divadlo\/\" target=\"_blank\" rel=\"noopener\">Slovenskom n\u00e1rodnom divadle<\/a>.<\/p>\n<p><img loading=\"lazy\" class=\"alignnone wp-image-66587 size-large\" src=\"https:\/\/www.visitbratislava.com\/wp-content\/uploads\/2019\/09\/UFO-3-2-800x534.jpg\" alt=\"\" width=\"800\" height=\"534\" srcset=\"https:\/\/www.visitbratislava.com\/wp-content\/uploads\/2019\/09\/UFO-3-2-800x534.jpg 800w, https:\/\/www.visitbratislava.com\/wp-content\/uploads\/2019\/09\/UFO-3-2-400x267.jpg 400w, https:\/\/www.visitbratislava.com\/wp-content\/uploads\/2019\/09\/UFO-3-2-768x513.jpg 768w, https:\/\/www.visitbratislava.com\/wp-content\/uploads\/2019\/09\/UFO-3-2-200x134.jpg 200w\" sizes=\"(max-width: 800px) 100vw, 800px\" \/><\/p>\n<h3>Najprv na hrad<\/h3>\n<p><a href=\"https:\/\/www.visitbratislava.com\/sk\/miesta\/bratislavsky-hrad\/\" target=\"_blank\" rel=\"noopener\">Bratislavsk\u00fd hrad<\/a> v tvare obr\u00e1ten\u00e9ho stol\u010deka bol svedkom mnoh\u00fdch historick\u00fdch udalost\u00ed. Po rozsiahlej rekon\u0161trukcii m\u00e1 dnes op\u00e4\u0165 podobu barokov\u00e9ho reprezenta\u010dn\u00e9ho s\u00eddla, ktor\u00fa mu vtla\u010dila M\u00e1ria Ter\u00e9zia v druhej polovici 18. storo\u010dia. Jeho n\u00e1dvoria dnes o\u017e\u00edvaj\u00fa koncertmi klasickej hudby, ale aj divadeln\u00fdmi predstaveniami. Jeden z najkraj\u0161\u00edch v\u00fdh\u013eadov na mesto si u\u017eijete z jeho v\u00fdchodnej terasy. Od nej je to len na skok do barokovej franc\u00fazskej z\u00e1hrady obnovenej pod\u013ea p\u00f4vodn\u00fdch pl\u00e1nov architekta M\u00e1rie Ter\u00e9zie.<\/p>\n<h3>Skywalk alebo prech\u00e1dzka v oblakoch<\/h3>\n<p>\u00daplne in\u00fd z\u00e1\u017eitok pon\u00faka Most SNP. Ak v\u00e1m nesta\u010d\u00ed panoramatick\u00fd v\u00fdh\u013ead z terasy nad <a href=\"https:\/\/www.visitbratislava.com\/sk\/miesta\/ufo\/\" target=\"_blank\" rel=\"noopener\">re\u0161taur\u00e1ciou UFO<\/a> vo v\u00fd\u0161ke 95 metrov, prejdite sa po \u00fazkej okennej r\u00edmse re\u0161taur\u00e1cie a vychutnajte si v\u00fdh\u013ead a\u017e do vzdialenosti 100 kilometrov. Podobn\u00fa adrenal\u00ednov\u00fa atrakciu m\u00e1 v Eur\u00f3pe u\u017e len est\u00f3nsky Tallinn.<\/p>\n<blockquote><p>J\u00e1n Pavl\u00edk je jedn\u00fdm z odv\u00e1\u017elivcov, ktor\u00ed si <a href=\"https:\/\/www.visitbratislava.com\/sk\/miesta\/skywalk-ufo\/\" target=\"_blank\" rel=\"noopener\">Skywalk<\/a> vysk\u00fa\u0161ali. \u201eSrdce som mal a\u017e niekde v krku a o \u017eal\u00fadku ani nehovor\u00edm. Tak\u00fdto n\u00e1val adrenal\u00ednu som e\u0161te neza\u017eil,\u201c povedal po n\u00e1vrate do bezpe\u010dia. Ak je pre v\u00e1s prech\u00e1dzka v oblakoch pr\u00edli\u0161 adrenal\u00ednov\u00e1, ochutnajte aspo\u0148 origin\u00e1lne kulin\u00e1rske \u0161peciality pripravovan\u00e9 s fant\u00e1ziou a citom pre harm\u00f3niu chut\u00ed v <a href=\"https:\/\/www.visitbratislava.com\/sk\/miesta\/ufo\/\" target=\"_blank\" rel=\"noopener\">re\u0161taur\u00e1cii UFO<\/a>.<\/p><\/blockquote>\n<p><img loading=\"lazy\" class=\"alignnone wp-image-66575 size-large\" src=\"https:\/\/www.visitbratislava.com\/wp-content\/uploads\/2019\/09\/Modr\u00fd-kostol\u00edk-800x534.jpg\" alt=\"\" width=\"800\" height=\"534\" srcset=\"https:\/\/www.visitbratislava.com\/wp-content\/uploads\/2019\/09\/Modr\u00fd-kostol\u00edk-800x534.jpg 800w, https:\/\/www.visitbratislava.com\/wp-content\/uploads\/2019\/09\/Modr\u00fd-kostol\u00edk-400x267.jpg 400w, https:\/\/www.visitbratislava.com\/wp-content\/uploads\/2019\/09\/Modr\u00fd-kostol\u00edk-768x513.jpg 768w, https:\/\/www.visitbratislava.com\/wp-content\/uploads\/2019\/09\/Modr\u00fd-kostol\u00edk-200x134.jpg 200w\" sizes=\"(max-width: 800px) 100vw, 800px\" \/><\/p>\n<h3>Hist\u00f3ria zbl\u00edzka<\/h3>\n<p>Milovn\u00edci hist\u00f3rie by ur\u010dite mali zamieri\u0165 do <a href=\"https:\/\/www.visitbratislava.com\/sk\/miesta\/stara-radnica\/\" target=\"_blank\" rel=\"noopener\">Starej radnice<\/a>. Pre mnoh\u00fdch je prekvapen\u00edm v tom, ako p\u00fatavo pribli\u017euje hist\u00f3riu mesta a \u017eivot jeho obyvate\u013eov. Dobu, ke\u010f bolo mesto e\u0161te chr\u00e1nen\u00e9 stredovek\u00fdmi hradbami, pripom\u00edna jeho posledn\u00e1 zachovan\u00e1 ve\u017ea pomenovan\u00e1 po archanjelovi Michalovi. Na ve\u017eu radnice aj na <a href=\"https:\/\/www.visitbratislava.com\/sk\/miesta\/michalska-brana\/\" target=\"_blank\" rel=\"noopener\">Michalsk\u00fa ve\u017eu<\/a> sa oplat\u00ed vyjs\u0165 aj kv\u00f4li skvel\u00fdm v\u00fdh\u013eadom na historick\u00e9 jadro mesta.<\/p>\n<blockquote><p>Pre obdivovate\u013eov sakr\u00e1lnych pamiatok s\u00fa top atrakciami gotick\u00fd korunova\u010dn\u00fd <a href=\"https:\/\/www.visitbratislava.com\/sk\/miesta\/katedrala-sv-martina\/\" target=\"_blank\" rel=\"noopener\">D\u00f3m Sv. Martina<\/a> a romantick\u00fd secesn\u00fd kostol Sv. Al\u017ebety, zn\u00e1my ako <a href=\"https:\/\/www.visitbratislava.com\/sk\/miesta\/modry-kostol\/\" target=\"_blank\" rel=\"noopener\">Modr\u00fd kostol\u00edk<\/a>. Osvie\u017ei v\u00e1s poh\u013ead na \u017eiarivo modr\u00fa fas\u00e1du s modrou majolikou a pravidelne sa opakuj\u00facimi pr\u00edrodn\u00fdmi mot\u00edvmi. \u0160iroko \u010faleko podobn\u00e9 miesto jednoducho nen\u00e1jdete.<\/p><\/blockquote>\n<p><img loading=\"lazy\" class=\"alignnone wp-image-66567 size-large\" src=\"https:\/\/www.visitbratislava.com\/wp-content\/uploads\/2019\/09\/PGH52078.MOV.13_32_12_32.Still001-800x450.jpg\" alt=\"\" width=\"800\" height=\"450\" srcset=\"https:\/\/www.visitbratislava.com\/wp-content\/uploads\/2019\/09\/PGH52078.MOV.13_32_12_32.Still001-800x450.jpg 800w, https:\/\/www.visitbratislava.com\/wp-content\/uploads\/2019\/09\/PGH52078.MOV.13_32_12_32.Still001-400x225.jpg 400w, https:\/\/www.visitbratislava.com\/wp-content\/uploads\/2019\/09\/PGH52078.MOV.13_32_12_32.Still001-768x432.jpg 768w, https:\/\/www.visitbratislava.com\/wp-content\/uploads\/2019\/09\/PGH52078.MOV.13_32_12_32.Still001-200x113.jpg 200w\" sizes=\"(max-width: 800px) 100vw, 800px\" \/><\/p>\n<p><a href=\"https:\/\/www.visitbratislava.com\/sk\/miesta\/galeria-nedbalka\/\" target=\"_blank\" rel=\"noopener\">Gal\u00e9rie Nedbalka<\/a> v centre mesta \u010di <a href=\"https:\/\/www.visitbratislava.com\/sk\/miesta\/danubiana\/\" target=\"_blank\" rel=\"noopener\">Danubiana<\/a> na rie\u010dnom polostrove s\u00fa popri svojich bohat\u00fdch zbierkach modern\u00e9ho umenia uk\u00e1\u017ekami v\u00fdnimo\u010dnej architekt\u00fary. Zatia\u013e \u010do Nedbalka pripom\u00edna mnoh\u00fdm Guggenheimovo m\u00fazeum v New Yorku, Danubiana v\u00e1s o\u010dar\u00ed svojou polohou na polostrove uprostred Dunaja.<\/p>\n<p><a href=\"https:\/\/www.visitbratislava.com\/sk\/miesta\/danubiana\/\" target=\"_blank\" rel=\"noopener\">Danubiana<\/a> spolu so zr\u00facaninou <a href=\"https:\/\/www.visitbratislava.com\/sk\/miesta\/hrad-devin\/\" target=\"_blank\" rel=\"noopener\">hradu Dev\u00edn<\/a> na brale pri s\u00fatoku riek Dunaj a Morava s\u00fa jedin\u00fdmi top atrakciami mimo historick\u00e9ho centra mesta. Dr\u017eitelia turistickej karty <a href=\"http:\/\/card.visitbratislava.com\/sk\/\" target=\"_blank\" rel=\"noopener\">Bratislava CARD City &amp; Region<\/a> sa v\u0161ak k nim dostan\u00fa hromadnou dopravou \u00faplne zadarmo. Navy\u0161e karta pon\u00faka na vstupn\u00e9 vo viacer\u00fdch top atrakci\u00e1ch z\u013eavu (v niektor\u00fdch a\u017e vo v\u00fd\u0161ke 100 %).<\/p>\n<p><img loading=\"lazy\" class=\"alignnone wp-image-66571 size-large\" src=\"https:\/\/www.visitbratislava.com\/wp-content\/uploads\/2019\/09\/Danubiana-1-800x534.jpg\" alt=\"\" width=\"800\" height=\"534\" srcset=\"https:\/\/www.visitbratislava.com\/wp-content\/uploads\/2019\/09\/Danubiana-1-800x534.jpg 800w, https:\/\/www.visitbratislava.com\/wp-content\/uploads\/2019\/09\/Danubiana-1-400x267.jpg 400w, https:\/\/www.visitbratislava.com\/wp-content\/uploads\/2019\/09\/Danubiana-1-768x513.jpg 768w, https:\/\/www.visitbratislava.com\/wp-content\/uploads\/2019\/09\/Danubiana-1-200x134.jpg 200w\" sizes=\"(max-width: 800px) 100vw, 800px\" \/><\/p>\n<p><img loading=\"lazy\" class=\"alignnone wp-image-66579 size-large\" src=\"https:\/\/www.visitbratislava.com\/wp-content\/uploads\/2019\/09\/Nedbalka-2-800x534.jpg\" alt=\"\" width=\"800\" height=\"534\" srcset=\"https:\/\/www.visitbratislava.com\/wp-content\/uploads\/2019\/09\/Nedbalka-2-800x534.jpg 800w, https:\/\/www.visitbratislava.com\/wp-content\/uploads\/2019\/09\/Nedbalka-2-400x267.jpg 400w, https:\/\/www.visitbratislava.com\/wp-content\/uploads\/2019\/09\/Nedbalka-2-768x513.jpg 768w, https:\/\/www.visitbratislava.com\/wp-content\/uploads\/2019\/09\/Nedbalka-2-200x134.jpg 200w\" sizes=\"(max-width: 800px) 100vw, 800px\" \/><\/p>\n<h3>Ve\u010der v n\u00e1ru\u010d\u00ed umenia<\/h3>\n<p>N\u00e1v\u0161teva mesta by nebola kompletn\u00e1 bez ve\u010dern\u00e9ho koncertn\u00e9ho alebo divadeln\u00e9ho predstavenia. Ur\u010dite si vyberiete z bohatej ponuky koncertov <a href=\"https:\/\/www.visitbratislava.com\/sk\/miesta\/slovenska-filharmonia\/\" target=\"_blank\" rel=\"noopener\">Slovenskej filharm\u00f3nie<\/a> v ned\u00e1vno zrekon\u0161truovanej <a href=\"https:\/\/www.visitbratislava.com\/sk\/miesta\/reduta\/\" target=\"_blank\" rel=\"noopener\">Redute<\/a> alebo \u010dinohern\u00fdch, opern\u00fdch \u010di baletn\u00fdch predstaven\u00ed <a href=\"https:\/\/www.visitbratislava.com\/sk\/miesta\/slovenske-narodne-divadlo\/\" target=\"_blank\" rel=\"noopener\">Slovensk\u00e9ho n\u00e1rodn\u00e9ho divadla<\/a>.<\/p>\n<p><img loading=\"lazy\" class=\"alignnone wp-image-66583 size-large\" src=\"https:\/\/www.visitbratislava.com\/wp-content\/uploads\/2019\/09\/Radnica-2-800x534.jpg\" alt=\"\" width=\"800\" height=\"534\" srcset=\"https:\/\/www.visitbratislava.com\/wp-content\/uploads\/2019\/09\/Radnica-2-800x534.jpg 800w, https:\/\/www.visitbratislava.com\/wp-content\/uploads\/2019\/09\/Radnica-2-400x267.jpg 400w, https:\/\/www.visitbratislava.com\/wp-content\/uploads\/2019\/09\/Radnica-2-768x513.jpg 768w, https:\/\/www.visitbratislava.com\/wp-content\/uploads\/2019\/09\/Radnica-2-200x134.jpg 200w\" sizes=\"(max-width: 800px) 100vw, 800px\" \/><\/p>\n","protected":false},"excerpt":{"rendered":"<p>Bratislava je mal\u00fdm ve\u013ek\u00fdm mestom, kde sa pamiatky a atrakcie nach\u00e1dzaj\u00fa bl\u00edzko seba. Na presuny medzi nimi tak neminiete zbyto\u010dne ve\u013ea \u010dasu a energie.<\/p>\n","protected":false},"author":25,"featured_media":66620,"parent":46397,"menu_order":0,"comment_status":"closed","ping_status":"closed","template":"","meta":[],"acf":[],"_links":{"self":[{"href":"https:\/\/www.visitbratislava.com\/sk\/wp-json\/wp\/v2\/pages\/66546"}],"collection":[{"href":"https:\/\/www.visitbratislava.com\/sk\/wp-json\/wp\/v2\/pages"}],"about":[{"href":"https:\/\/www.visitbratislava.com\/sk\/wp-json\/wp\/v2\/types\/page"}],"author":[{"embeddable":true,"href":"https:\/\/www.visitbratislava.com\/sk\/wp-json\/wp\/v2\/users\/25"}],"replies":[{"embeddable":true,"href":"https:\/\/www.visitbratislava.com\/sk\/wp-json\/wp\/v2\/comments?post=66546"}],"version-history":[{"count":2,"href":"https:\/\/www.visitbratislava.com\/sk\/wp-json\/wp\/v2\/pages\/66546\/revisions"}],"predecessor-version":[{"id":299541,"href":"https:\/\/www.visitbratislava.com\/sk\/wp-json\/wp\/v2\/pages\/66546\/revisions\/299541"}],"up":[{"embeddable":true,"href":"https:\/\/www.visitbratislava.com\/sk\/wp-json\/wp\/v2\/pages\/46397"}],"wp:featuredmedia":[{"embeddable":true,"href":"https:\/\/www.visitbratislava.com\/sk\/wp-json\/wp\/v2\/media\/66620"}],"wp:attachment":[{"href":"https:\/\/www.visitbratislava.com\/sk\/wp-json\/wp\/v2\/media?parent=66546"}],"curies":[{"name":"wp","href":"https:\/\/api.w.org\/{rel}","templated":true}]}}