{"id":71155,"date":"2019-11-22T16:23:14","date_gmt":"2019-11-22T15:23:14","guid":{"rendered":"https:\/\/www.visitbratislava.com\/?page_id=71155\/"},"modified":"2019-11-28T15:53:31","modified_gmt":"2019-11-28T14:53:31","slug":"novinky-na-vianocnom-hlavnom-trhu","status":"publish","type":"page","link":"https:\/\/www.visitbratislava.com\/sk\/novinky-na-vianocnom-hlavnom-trhu\/","title":{"rendered":"Novinky na Viano\u010dnom hlavnom trhu"},"content":{"rendered":"<p>Viano\u010dn\u00fd hlavn\u00fd trh je zameran\u00fd na kvalitu, ekol\u00f3giu, bezpe\u010dnos\u0165, ale i\u00a0vizu\u00e1lnu atrakt\u00edvnos\u0165. \u00a0Spolu so sprievodn\u00fdm kult\u00farnym programom m\u00e1 maxim\u00e1lne reflektova\u0165 pr\u00edjemn\u00fa viano\u010dn\u00fa atmosf\u00e9ru v meste. Okrem toho bude Viano\u010dn\u00fd hlavn\u00fd trh pom\u00e1ha\u0165 \u013eudom a pr\u00edrode a absol\u00fatnou novinkou bude mo\u017enos\u0165 bezhotovostnej platby kartou a mobilom.<\/p>\n<h3><strong>Viano\u010dn\u00fd hlavn\u00fd trh pom\u00e1ha turistom<\/strong><\/h3>\n<p>Rovnako ako po minul\u00e9 roky, aj tento rok n\u00e1jdete na Viano\u010dnom hlavnom trhu infost\u00e1nok.\u00a0Dom\u00e1ci i zahrani\u010dn\u00ed n\u00e1v\u0161tevn\u00edci Bratislavy sa tak m\u00f4\u017eu priamo na trhoch informova\u0165 o na\u0161om hlavnom meste \u010di ochutna\u0165 bratislavsk\u00e9 ro\u017eky.<\/p>\n<h3><strong>Viano\u010dn\u00fd hlavn\u00fd trh pom\u00e1ha pr\u00edrode<\/strong><\/h3>\n<p>Tohtoro\u010dnou ve\u013ekou novinkou je \u201ezero waste\u201c, \u010di\u017ee snaha predch\u00e1dza\u0165 vzniku odpadu a\u00a0tie\u017e snaha o jeho zni\u017eovanie. Za t\u00fdmto \u00fa\u010delom sa na trhu bud\u00fa pou\u017e\u00edva\u0165 v\u00fdlu\u010dne vratn\u00e9 poh\u00e1re a\u00a0kompostovate\u013en\u00e9 riady.<\/p>\n<h3><strong>Viano\u010dn\u00fd hlavn\u00fd trh je bezhotovostn\u00fd<\/strong><\/h3>\n<p>N\u00e1v\u0161tevn\u00edci trhu maj\u00fa po prv\u00fdkr\u00e1t mo\u017enos\u0165 plati\u0165 bezhotovostne platobn\u00fdmi kartami \u010di mobilmi v\u00a0ka\u017edom st\u00e1nku.<\/p>\n<h3><strong>Viano\u010dn\u00fd hlavn\u00fd trh pom\u00e1ha \u013eu\u010fom<\/strong><\/h3>\n<p>V\u010faka partnerom m\u00e1 Viano\u010dn\u00fd hlavn\u00fd trh tento rok aj dobro\u010dinn\u00fd rozmer.\u00a0 Za ka\u017ed\u00fa platbu sa v\u00a0r\u00e1mci akcie \u201eGood Pay\u201c odvedie 1 cent na \u00fa\u010det pre zdru\u017eenie N\u00e1vrat, ktor\u00e9 ich pou\u017eije na stabilizovanie domova pre rodiny s de\u0165mi formou podpory b\u00fdvania a priebe\u017en\u00e9ho sprev\u00e1dzania rodiny. V\u00a0z\u00e1vislosti od uskuto\u010dnenia platobn\u00fdch transakci\u00ed poskytne Slovensk\u00e1 sporite\u013ena aj jednorazov\u00fd dar.<\/p>\n<h3><strong>Viano\u010dn\u00fd hlavn\u00fd trh je bezpe\u010dn\u00fd<\/strong><\/h3>\n<p>Na bezpe\u010dnos\u0165 po\u010das trhu bude dohliada\u0165 pol\u00edcia, ktor\u00e1 nav\u00fd\u0161ila svoje denn\u00e9 hliadky v\u00a0centre mesta a\u00a0jeho \u0161ir\u0161om okol\u00ed. Po\u010das trvania Viano\u010dn\u00e9ho hlavn\u00e9ho trhu bud\u00fa policajn\u00e9 zlo\u017eky dohliada\u0165 na bezpe\u010dnos\u0165 n\u00e1v\u0161tevn\u00edkov a\u00a0poriadok v\u00a0uliciach. Na bezpe\u010dnos\u0165 po\u010das konania trhu bude dohliada\u0165 aj protipo\u017eiarna asisten\u010dn\u00e1 hliadka.<\/p>\n<div class=\"grid-container\"><div class=\"grid-container__item\"><div class=\"block\"><a href=\"https:\/\/www.visitbratislava.com\/wp-content\/uploads\/2019\/11\/Viano\u010dn\u00e9-trhy-by-BTB-6-800x533.jpg\" data-fancybox=\"gallery\" data-caption=\"\"><div class=\"background\"><img src=\"https:\/\/www.visitbratislava.com\/wp-content\/uploads\/2019\/11\/Viano\u010dn\u00e9-trhy-by-BTB-6-800x533.jpg\" alt=\"foto\"\/><\/div><div class=\"overlay filter-blue\"><div class=\"content\"><span class=\"zoom-button\"><\/span><\/div><\/div><\/a><\/div><\/div><div class=\"grid-container__item\"><div class=\"block\"><a href=\"https:\/\/www.visitbratislava.com\/wp-content\/uploads\/2019\/11\/Viano\u010dn\u00e9-trhy-by-BTB-7-800x533.jpg\" data-fancybox=\"gallery\" data-caption=\"\"><div class=\"background\" style=\"background-image: url(https:\/\/www.visitbratislava.com\/wp-content\/uploads\/2019\/11\/Viano\u010dn\u00e9-trhy-by-BTB-7-800x533.jpg)\"><\/div><div class=\"overlay filter-green\"><div class=\"content\"><span class=\"zoom-button\"><\/span><\/div><\/div><\/a><\/div><\/div><div class=\"grid-container__item\"><div class=\"block\" ><a href=\"https:\/\/www.visitbratislava.com\/wp-content\/uploads\/2019\/11\/Infost\u00e1nok-na-Trhoch-3-800x533.jpg\" data-fancybox=\"gallery\" data-caption=\"\"><div class=\"background\" style=\"background-image: url(https:\/\/www.visitbratislava.com\/wp-content\/uploads\/2019\/11\/Infost\u00e1nok-na-Trhoch-3-800x533.jpg)\"><\/div><div class=\"overlay filter-orange\"><div class=\"content\"><span class=\"zoom-button\"><\/span><\/div><\/div><\/a><\/div><\/div><div class=\"grid-container__item\"><div class=\"block\"><a href=\"https:\/\/www.visitbratislava.com\/wp-content\/uploads\/2019\/11\/Viano\u010dn\u00e9-trhy-by-BTB-1-800x533.jpg\" data-fancybox=\"gallery\" data-caption=\"\"><div class=\"background\" style=\"background-image: url(https:\/\/www.visitbratislava.com\/wp-content\/uploads\/2019\/11\/Viano\u010dn\u00e9-trhy-by-BTB-1-800x533.jpg)\"><\/div><div class=\"overlay filter-purple\"><div class=\"content\"><span class=\"zoom-button\"><\/span><\/div><\/div><\/a><\/div><\/div><div class=\"grid-container__item more\"><div class=\"block\" ><a class=\"more-link\"><div class=\"content show-more-gallery\"><span class=\"icon-camera\"><\/span><div class=\"title empathized\">&plus;2 Fotky<\/div><\/div><\/a><\/div><\/div><div class=\"d-none\"><div class=\"block block-inside image\"><a href=\"https:\/\/www.visitbratislava.com\/wp-content\/uploads\/2019\/11\/Infost\u00e1nok-na-Trhoch-2-800x533.jpg\" data-fancybox=\"gallery\" data-caption=\"\"><div class=\"background\" data-equalizer-block=\"4\"><img src=\"https:\/\/www.visitbratislava.com\/wp-content\/uploads\/2019\/11\/Infost\u00e1nok-na-Trhoch-2-384x384.jpg\" class=\"attachment-medium-crop size-medium-crop\" alt=\"\" loading=\"lazy\" data-interchange=\"[https:\/\/www.visitbratislava.com\/wp-content\/uploads\/2019\/11\/Infost\u00e1nok-na-Trhoch-2-384x384.jpg, (default)], [https:\/\/www.visitbratislava.com\/wp-content\/uploads\/2019\/11\/Infost\u00e1nok-na-Trhoch-2-384x384.jpg, (small)]\" title=\"Infost\u00e1nok na Trhoch (2)\" srcset=\"https:\/\/www.visitbratislava.com\/wp-content\/uploads\/2019\/11\/Infost\u00e1nok-na-Trhoch-2-384x384.jpg 384w, https:\/\/www.visitbratislava.com\/wp-content\/uploads\/2019\/11\/Infost\u00e1nok-na-Trhoch-2-150x150.jpg 150w, https:\/\/www.visitbratislava.com\/wp-content\/uploads\/2019\/11\/Infost\u00e1nok-na-Trhoch-2-184x184.jpg 184w, https:\/\/www.visitbratislava.com\/wp-content\/uploads\/2019\/11\/Infost\u00e1nok-na-Trhoch-2-784x784.jpg 784w\" sizes=\"(max-width: 384px) 100vw, 384px\" \/><\/div><div class=\"overlay invert filter filter-blue\"><div class=\"content\"><span class=\"zoom-button\"><\/span><\/div><\/div><\/a><\/div><\/div><div class=\"d-none\"><div class=\"block block-inside image\"><a href=\"https:\/\/www.visitbratislava.com\/wp-content\/uploads\/2019\/11\/Viano\u010dn\u00e9-trhy-by-BTB-3-800x533.jpg\" data-fancybox=\"gallery\" data-caption=\"\"><div class=\"background\" data-equalizer-block=\"4\"><img src=\"https:\/\/www.visitbratislava.com\/wp-content\/uploads\/2019\/11\/Viano\u010dn\u00e9-trhy-by-BTB-3-384x384.jpg\" class=\"attachment-medium-crop size-medium-crop\" alt=\"\" loading=\"lazy\" data-interchange=\"[https:\/\/www.visitbratislava.com\/wp-content\/uploads\/2019\/11\/Viano\u010dn\u00e9-trhy-by-BTB-3-384x384.jpg, (default)], [https:\/\/www.visitbratislava.com\/wp-content\/uploads\/2019\/11\/Viano\u010dn\u00e9-trhy-by-BTB-3-384x384.jpg, (small)]\" title=\"Viano\u010dn\u00e9 trhy by BTB (3)\" srcset=\"https:\/\/www.visitbratislava.com\/wp-content\/uploads\/2019\/11\/Viano\u010dn\u00e9-trhy-by-BTB-3-384x384.jpg 384w, https:\/\/www.visitbratislava.com\/wp-content\/uploads\/2019\/11\/Viano\u010dn\u00e9-trhy-by-BTB-3-150x150.jpg 150w, https:\/\/www.visitbratislava.com\/wp-content\/uploads\/2019\/11\/Viano\u010dn\u00e9-trhy-by-BTB-3-184x184.jpg 184w, https:\/\/www.visitbratislava.com\/wp-content\/uploads\/2019\/11\/Viano\u010dn\u00e9-trhy-by-BTB-3-784x784.jpg 784w\" sizes=\"(max-width: 384px) 100vw, 384px\" \/><\/div><div class=\"overlay invert filter filter-green\"><div class=\"content\"><span class=\"zoom-button\"><\/span><\/div><\/div><\/a><\/div><\/div><\/div>\n","protected":false},"excerpt":{"rendered":"<p>V\u00a0historickom centre Bratislavy m\u00f4\u017eete op\u00e4\u0165 za\u017ei\u0165 t\u00fa prav\u00fa viano\u010dn\u00fa atmosf\u00e9ru. Na Hlavnom a\u00a0Franti\u0161k\u00e1nskom n\u00e1mest\u00ed sa u\u017e tradi\u010dne konaj\u00fa viano\u010dn\u00e9 trhy, tentoraz pod in\u00fdm menom a v\u00a0novom koncepte.<\/p>\n","protected":false},"author":25,"featured_media":37979,"parent":0,"menu_order":0,"comment_status":"closed","ping_status":"closed","template":"","meta":[],"acf":[],"_links":{"self":[{"href":"https:\/\/www.visitbratislava.com\/sk\/wp-json\/wp\/v2\/pages\/71155"}],"collection":[{"href":"https:\/\/www.visitbratislava.com\/sk\/wp-json\/wp\/v2\/pages"}],"about":[{"href":"https:\/\/www.visitbratislava.com\/sk\/wp-json\/wp\/v2\/types\/page"}],"author":[{"embeddable":true,"href":"https:\/\/www.visitbratislava.com\/sk\/wp-json\/wp\/v2\/users\/25"}],"replies":[{"embeddable":true,"href":"https:\/\/www.visitbratislava.com\/sk\/wp-json\/wp\/v2\/comments?post=71155"}],"version-history":[{"count":0,"href":"https:\/\/www.visitbratislava.com\/sk\/wp-json\/wp\/v2\/pages\/71155\/revisions"}],"wp:featuredmedia":[{"embeddable":true,"href":"https:\/\/www.visitbratislava.com\/sk\/wp-json\/wp\/v2\/media\/37979"}],"wp:attachment":[{"href":"https:\/\/www.visitbratislava.com\/sk\/wp-json\/wp\/v2\/media?parent=71155"}],"curies":[{"name":"wp","href":"https:\/\/api.w.org\/{rel}","templated":true}]}}